{"id":4187,"date":"2024-12-05T09:31:02","date_gmt":"2024-12-05T08:31:02","guid":{"rendered":"https:\/\/www.cacp-villaperochon.com\/the-library\/"},"modified":"2026-03-30T15:45:00","modified_gmt":"2026-03-30T13:45:00","slug":"the-library","status":"publish","type":"page","link":"https:\/\/www.cacp-villaperochon.com\/en\/resources\/the-library\/","title":{"rendered":"The library"},"content":{"rendered":"\n<div class=\"wp-block-uagb-container uagb-block-fa03bbfa alignfull uagb-is-root-container\"><div class=\"uagb-container-inner-blocks-wrap\">\n<div class=\"wp-block-uagb-container swiper-rjpi-container uagb-block-f7ea2535 alignfull uagb-is-root-container\"><div class=\"uagb-container-inner-blocks-wrap\">\n<div class=\"wp-block-uagb-advanced-heading uagb-block-b0a44478\"><h1 class=\"uagb-heading-text\"><strong>The<\/strong> Villa P\u00e9rochon <strong>library<\/strong><br\/><\/h1><\/div>\n<\/div><\/div>\n<\/div><\/div>\n\n<div class=\"wp-block-uagb-container uagb-block-c12b1b56 alignfull uagb-is-root-container\"><div class=\"uagb-container-inner-blocks-wrap\">\n<div class=\"wp-block-uagb-container uagb-block-bcb3c903\">\n<div class=\"wp-block-uagb-advanced-heading uagb-block-b3a55beb\"><p class=\"uagb-heading-text\">The Villa P\u00e9rochon offers a library of over 1,000 books on contemporary photography. Monographs, exhibition catalogs and theoretical works are available for consultation at the Villa reception desk, and can be borrowed free of charge by members of the association.   <\/p><\/div>\n\n\n\n<div class=\"wp-block-uagb-advanced-heading uagb-block-49ac897c\"><p class=\"uagb-heading-text\">Discover the library&#8217;s new releases and favourites!<\/p><\/div>\n<\/div>\n\n\n\n<div class=\"wp-block-uagb-container uagb-block-67657c54\">\n<div class=\"wp-block-uagb-image uagb-block-487f3acd wp-block-uagb-image--layout-default wp-block-uagb-image--effect-static wp-block-uagb-image--align-none\"><figure class=\"wp-block-uagb-image__figure\"><img decoding=\"async\" srcset=\"https:\/\/www.cacp-villaperochon.com\/wp-content\/uploads\/2025\/08\/bibliotheque-1.jpg ,https:\/\/www.cacp-villaperochon.com\/wp-content\/uploads\/2025\/08\/bibliotheque-1.jpg 780w, https:\/\/www.cacp-villaperochon.com\/wp-content\/uploads\/2025\/08\/bibliotheque-1.jpg 360w\" sizes=\"auto, (max-width: 480px) 150px\" src=\"https:\/\/www.cacp-villaperochon.com\/wp-content\/uploads\/2025\/08\/bibliotheque-1.jpg\" alt=\"\" class=\"uag-image-3220\" width=\"1000\" height=\"964\" title=\"library\" loading=\"lazy\" role=\"img\"><\/figure><\/div>\n<\/div>\n<\/div><\/div>\n\n<div class=\"wp-block-uagb-container uagb-block-f7ecf081 alignfull uagb-is-root-container\"><div class=\"uagb-container-inner-blocks-wrap\">\n<div class=\"wp-block-uagb-advanced-heading uagb-block-073357df\"><h2 class=\"uagb-heading-text\">Favourite<\/h2><\/div>\n<\/div><\/div>\n\n<div class=\"wp-block-uagb-container uagb-layout-grid uagb-block-a738800d alignfull uagb-is-root-container\"><div class=\"uagb-container-inner-blocks-wrap\">\n<div class=\"wp-block-uagb-container uagb-layout-flex uagb-block-19f329fd\">\n<div class=\"wp-block-uagb-image aligncenter uagb-block-91f34402 wp-block-uagb-image--layout-default wp-block-uagb-image--effect-static wp-block-uagb-image--align-center\"><figure class=\"wp-block-uagb-image__figure\"><img decoding=\"async\" srcset=\"https:\/\/www.cacp-villaperochon.com\/wp-content\/uploads\/2025\/12\/simon-vanstenwinckel-livre-bibliotheque.jpg ,https:\/\/www.cacp-villaperochon.com\/wp-content\/uploads\/2025\/12\/simon-vanstenwinckel-livre-bibliotheque.jpg 780w, https:\/\/www.cacp-villaperochon.com\/wp-content\/uploads\/2025\/12\/simon-vanstenwinckel-livre-bibliotheque.jpg 360w\" sizes=\"auto, (max-width: 480px) 150px\" src=\"https:\/\/www.cacp-villaperochon.com\/wp-content\/uploads\/2025\/12\/simon-vanstenwinckel-livre-bibliotheque.jpg\" alt=\"Book \"Aux ombres\", Simon Vanstenwinckel\" class=\"uag-image-3453\" width=\"900\" height=\"600\" title=\"Book \"Aux ombres\", Simon Vanstenwinckel\" loading=\"lazy\" role=\"img\"><\/figure><\/div>\n\n\n\n<div class=\"wp-block-uagb-advanced-heading uagb-block-698788b7\"><h2 class=\"uagb-heading-text\">To the shadows<\/h2><\/div>\n\n\n\n<div class=\"wp-block-uagb-advanced-heading uagb-block-10bdf1dd\"><p class=\"uagb-heading-text\">Simon Vansteenwinckel &#8211; lamaindonne<\/p><\/div>\n\n\n\n<div class=\"wp-block-uagb-advanced-heading uagb-block-e2c014ed\"><p class=\"uagb-heading-text\">Every December, members of the Lakota (Sioux) tribes of North and South Dakota undertake a 450 km ride in memory of the Wounded Knee massacre in 1890. Despite very precarious living conditions on their reservations, marked by poverty, violence and limited access to basic resources, their resilience, spirituality and pride remain intact. This spiritual ride, Omaka Tokatakiya (Future Generations Ride), is a transmission ritual where elders and young people share knowledge, traditions and collective strength, far from media stereotypes.  <\/p><\/div>\n\n\n\n<p><strong>This book won the Prix Nadar &#8211; Gens d&#8217;images 2025.<\/strong><br\/>Available for consultation at the Villa P\u00e9rochon reception desk.<br\/><a href=\"https:\/\/www.lamaindonne.fr\/produit\/aux-ombres\/\" target=\"_blank\" rel=\"noreferrer noopener\">Order from the publisher&#8217;s website.<\/a><\/p>\n<\/div>\n<\/div><\/div>\n\n<div class=\"wp-block-uagb-container uagb-block-04c5cb46 alignfull uagb-is-root-container\"><div class=\"uagb-container-inner-blocks-wrap\">\n<div class=\"wp-block-uagb-advanced-heading uagb-block-86f91ab9\"><h2 class=\"uagb-heading-text\">On sale at the Villa P\u00e9rochon reception desk<\/h2><\/div>\n<\/div><\/div>\n\n<div class=\"wp-block-uagb-container uagb-layout-grid uagb-block-23f205d5 alignfull uagb-is-root-container\"><div class=\"uagb-container-inner-blocks-wrap\">\n<div class=\"wp-block-uagb-container uagb-layout-flex uagb-block-cd5b76fd\">\n<div class=\"wp-block-uagb-image aligncenter uagb-block-eb0abec8 wp-block-uagb-image--layout-default wp-block-uagb-image--effect-static wp-block-uagb-image--align-center\"><figure class=\"wp-block-uagb-image__figure\"><img decoding=\"async\" srcset=\"https:\/\/www.cacp-villaperochon.com\/wp-content\/uploads\/2025\/12\/pak-livre-bibliotheque.jpg ,https:\/\/www.cacp-villaperochon.com\/wp-content\/uploads\/2025\/12\/pak-livre-bibliotheque.jpg 780w, https:\/\/www.cacp-villaperochon.com\/wp-content\/uploads\/2025\/12\/pak-livre-bibliotheque.jpg 360w\" sizes=\"auto, (max-width: 480px) 150px\" src=\"https:\/\/www.cacp-villaperochon.com\/wp-content\/uploads\/2025\/12\/pak-livre-bibliotheque.jpg\" alt=\"Book \"The Firm\", Richard Pak\" class=\"uag-image-3452\" width=\"900\" height=\"600\" title=\"Book \"The Firm\", Richard Pak\" loading=\"lazy\" role=\"img\"><\/figure><\/div>\n\n\n\n<div class=\"wp-block-uagb-advanced-heading uagb-block-c3567637\"><h2 class=\"uagb-heading-text\">The Firm<\/h2><\/div>\n\n\n\n<div class=\"wp-block-uagb-advanced-heading uagb-block-97807ffd\"><p class=\"uagb-heading-text\">Richard Pak &#8211; Atelier EXB<\/p><\/div>\n\n\n\n<div class=\"wp-block-uagb-advanced-heading uagb-block-fd1776a9\"><p class=\"uagb-heading-text\">Tristan da Cunha, a tiny volcanic island measuring just under 100 square kilometers, was discovered in 1506 by the Portuguese navigator of the same name. Photographer Richard Pak&#8217;s book <em>La Firme<\/em> tells the singular story of the community that gradually settled on this remote island, how it evolved and passed on its idealistic founding principles of equality and sharing over the generations. The book is the culmination of a long-term documentary project in which the photographer lived in immersion with this community. The visual corpus is complemented by extracts from the photographer&#8217;s logbook. In this way, Richard Pak questions the meaning and limits of this utopian regime based on mutual aid and sharing in today&#8217;s context.<br\/>An essay by Michel Poivert recontextualizes this work in the history of photography, while geographer Marie Redon, who has already collaborated with the artist, provides a more scientific perspective on the geological and geopolitical context of this volcanic archipelago.    <\/p><\/div>\n\n\n\n<p><em>As part of the<a href=\"https:\/\/www.cacp-villaperochon.com\/agenda\/expo-prix-photo-sciences-4\/\" data-type=\"agenda\" data-id=\"3299\">Prix Photographie &amp; Sciences exhibition<\/a>.<\/em><br\/><strong>45 euros<\/strong><\/p>\n<\/div>\n\n\n\n<div class=\"wp-block-uagb-container uagb-layout-flex uagb-block-51011ee6\">\n<div class=\"wp-block-uagb-image aligncenter uagb-block-a52850f0 wp-block-uagb-image--layout-default wp-block-uagb-image--effect-static wp-block-uagb-image--align-center\"><figure class=\"wp-block-uagb-image__figure\"><img decoding=\"async\" srcset=\"https:\/\/www.cacp-villaperochon.com\/wp-content\/uploads\/2025\/12\/lomabrdi-livre-bibliotheque.jpg ,https:\/\/www.cacp-villaperochon.com\/wp-content\/uploads\/2025\/12\/lomabrdi-livre-bibliotheque.jpg 780w, https:\/\/www.cacp-villaperochon.com\/wp-content\/uploads\/2025\/12\/lomabrdi-livre-bibliotheque.jpg 360w\" sizes=\"auto, (max-width: 480px) 150px\" src=\"https:\/\/www.cacp-villaperochon.com\/wp-content\/uploads\/2025\/12\/lomabrdi-livre-bibliotheque.jpg\" alt=\"Book \"L'inachev\u00e9\", Julien Lombardi\" class=\"uag-image-3451\" width=\"900\" height=\"600\" title=\"Book \"L'inachev\u00e9\", Julien Lombardi\" loading=\"lazy\" role=\"img\"><\/figure><\/div>\n\n\n\n<div class=\"wp-block-uagb-advanced-heading uagb-block-ee11dd9a\"><h2 class=\"uagb-heading-text\">The unfinished<\/h2><\/div>\n\n\n\n<div class=\"wp-block-uagb-advanced-heading uagb-block-d8ea3012\"><p class=\"uagb-heading-text\">Julien Lombardi &#8211; The beak in the air<\/p><\/div>\n\n\n\n<div class=\"wp-block-uagb-advanced-heading uagb-block-f57eb5a9\"><p class=\"uagb-heading-text\">Since the collapse of the Soviet Union in 1991, Armenia has been in transit between two states, evolving on the margins, with its own temporality. It remains outside the flow of images, and it is precisely this void, this missing part, that photographer Julien Lombardi, himself of Armenian origin, questions. The failing memory of this young republic is superimposed on his own, truncated by the displacement and exile of the diaspora. How can we document what no longer exists or has not yet happened?   <br\/>These photographs are fragmented settings and spaces that can become the backdrop for future actions. Like the territory that inspires them, they are the receptacle of a new story to be written, suggesting that the unfinished is the stage for a multitude of possibilities. <\/p><\/div>\n\n\n\n<p><em>As part of the<a href=\"https:\/\/www.cacp-villaperochon.com\/agenda\/expo-prix-photo-sciences-4\/\" data-type=\"agenda\" data-id=\"3299\">Prix Photographie &amp; Sciences exhibition<\/a>.<\/em><br\/><strong>24 euros<\/strong><\/p>\n<\/div>\n\n\n\n<div class=\"wp-block-uagb-container uagb-layout-flex uagb-block-10ddd1ff\">\n<div class=\"wp-block-uagb-image aligncenter uagb-block-b344be79 wp-block-uagb-image--layout-default wp-block-uagb-image--effect-static wp-block-uagb-image--align-center\"><figure class=\"wp-block-uagb-image__figure\"><img decoding=\"async\" srcset=\"https:\/\/www.cacp-villaperochon.com\/wp-content\/uploads\/2025\/12\/jeanne-jeunesse-livre-bibliotheque.jpg ,https:\/\/www.cacp-villaperochon.com\/wp-content\/uploads\/2025\/12\/jeanne-jeunesse-livre-bibliotheque.jpg 780w, https:\/\/www.cacp-villaperochon.com\/wp-content\/uploads\/2025\/12\/jeanne-jeunesse-livre-bibliotheque.jpg 360w\" sizes=\"auto, (max-width: 480px) 150px\" src=\"https:\/\/www.cacp-villaperochon.com\/wp-content\/uploads\/2025\/12\/jeanne-jeunesse-livre-bibliotheque.jpg\" alt=\"Fanzine \"Jeunesse niortaise\", Jeanne Lucas\" class=\"uag-image-3449\" width=\"900\" height=\"600\" title=\"Fanzine \"Jeunesse niortaise\", Jeanne Lucas\" loading=\"lazy\" role=\"img\"><\/figure><\/div>\n\n\n\n<div class=\"wp-block-uagb-advanced-heading uagb-block-f5133684\"><h2 class=\"uagb-heading-text\">Jeunesse niortaise<\/h2><\/div>\n\n\n\n<div class=\"wp-block-uagb-advanced-heading uagb-block-3a51dc60\"><p class=\"uagb-heading-text\">Jeanne Lucas &#8211; Self-publishing<\/p><\/div>\n\n\n\n<div class=\"wp-block-uagb-advanced-heading uagb-block-ce84a3c3\"><p class=\"uagb-heading-text\">Niort is ranked as one of France&#8217;s most livable cities for families. While adults are quick to praise the quality of life they find here, is this also true of their children? At an age when we dream of adventure and novelty, could Niort be the city of boredom?  <br\/>In her Jeunesse niortaise series, photographer Jeanne Lucas recounts the intimate daily lives of fifteen teenagers aged 14 to 18 who live or go to school in the &#8220;insurance capital&#8221; of France. From the secrecy of their bedrooms to the backstage at their parties, she plunges us into the unexplored world of the alpha generation. A generation that knows how to put words to its ailments and is wary of social networks.  <br\/><br\/><em>This fanzine is the first chapter in a 3-year-long project.<\/em><\/p><\/div>\n\n\n\n<p><strong>5 euros<\/strong><\/p>\n<\/div>\n\n\n\n<div class=\"wp-block-uagb-container uagb-layout-flex uagb-block-126df411\">\n<div class=\"wp-block-uagb-image aligncenter uagb-block-ffa2d752 wp-block-uagb-image--layout-default wp-block-uagb-image--effect-static wp-block-uagb-image--align-center\"><figure class=\"wp-block-uagb-image__figure\"><img decoding=\"async\" srcset=\"https:\/\/www.cacp-villaperochon.com\/wp-content\/uploads\/2025\/12\/jeanne-politique-livre-bibliotheque.jpg ,https:\/\/www.cacp-villaperochon.com\/wp-content\/uploads\/2025\/12\/jeanne-politique-livre-bibliotheque.jpg 780w, https:\/\/www.cacp-villaperochon.com\/wp-content\/uploads\/2025\/12\/jeanne-politique-livre-bibliotheque.jpg 360w\" sizes=\"auto, (max-width: 480px) 150px\" src=\"https:\/\/www.cacp-villaperochon.com\/wp-content\/uploads\/2025\/12\/jeanne-politique-livre-bibliotheque.jpg\" alt=\"Book \"Politique\", Jeanne Lucas\" class=\"uag-image-3450\" width=\"900\" height=\"600\" title=\"Book \"Politique\", Jeanne Lucas\" loading=\"lazy\" role=\"img\"><\/figure><\/div>\n\n\n\n<div class=\"wp-block-uagb-advanced-heading uagb-block-b0116b3a\"><h2 class=\"uagb-heading-text\">Policy<\/h2><\/div>\n\n\n\n<div class=\"wp-block-uagb-advanced-heading uagb-block-446d4860\"><p class=\"uagb-heading-text\">Jeanne Lucas &#8211; Rue du bouquet<\/p><\/div>\n\n\n\n<div class=\"wp-block-uagb-advanced-heading uagb-block-5636a35a\"><p class=\"uagb-heading-text\">With <em>Politique<\/em>, young photographer Jeanne Lucas gives a voice to sex workers, who are all too often invisible or fantasized about. Refusing to be appropriated, she works with them to create free, political images that challenge the way we look at them and assert their right to exist. <\/p><\/div>\n\n\n\n<p><strong>40 euros<\/strong><\/p>\n<\/div>\n\n\n\n<div class=\"wp-block-uagb-container uagb-layout-flex uagb-block-c97ac7e3\">\n<div class=\"wp-block-uagb-image aligncenter uagb-block-5aaa52f9 wp-block-uagb-image--layout-default wp-block-uagb-image--effect-static wp-block-uagb-image--align-center\"><figure class=\"wp-block-uagb-image__figure\"><img decoding=\"async\" srcset=\"https:\/\/www.cacp-villaperochon.com\/wp-content\/uploads\/2025\/12\/interstices-livre-bibliotheque.jpg ,https:\/\/www.cacp-villaperochon.com\/wp-content\/uploads\/2025\/12\/interstices-livre-bibliotheque.jpg 780w, https:\/\/www.cacp-villaperochon.com\/wp-content\/uploads\/2025\/12\/interstices-livre-bibliotheque.jpg 360w\" sizes=\"auto, (max-width: 480px) 150px\" src=\"https:\/\/www.cacp-villaperochon.com\/wp-content\/uploads\/2025\/12\/interstices-livre-bibliotheque.jpg\" alt=\"Book \"Les interstices\", Fr\u00e9d\u00e9ric Stucin\" class=\"uag-image-3448\" width=\"900\" height=\"600\" title=\"Book \"Les interstices\", Fr\u00e9d\u00e9ric Stucin\" loading=\"lazy\" role=\"img\"><\/figure><\/div>\n\n\n\n<div class=\"wp-block-uagb-advanced-heading uagb-block-8c88b74a\"><h2 class=\"uagb-heading-text\">The gaps<\/h2><\/div>\n\n\n\n<div class=\"wp-block-uagb-advanced-heading uagb-block-6d274549\"><p class=\"uagb-heading-text\">Fr\u00e9d\u00e9ric Stucin \/ Ondine Millot &#8211; Filigranes<\/p><\/div>\n\n\n\n<div class=\"wp-block-uagb-advanced-heading uagb-block-38c51de7\"><p class=\"uagb-heading-text\">Autumn 2020, photographer Fr\u00e9d\u00e9ric Stucin opens the door of La P&#8217;tite Caf\u00e8te in Niort. Adjacent to the hospital&#8217;s psychiatric ward, this is a place where patients can come to spend a moment, have a drink, eat an ice cream, watch a game on TV, chat with each other or with the nursing staff. One week a month, the photographer will invite them to create, together, &#8220;real dream portraits&#8221;. A photograph that tells their story, that says what they want to say about themselves at that moment. The aim of this project is to ensure that the outside view is no longer an obstacle, but rather an opportunity to share. That patients should be seen rather than looked at. Interspersed between the portraits are views of the premises, P&#8217;tite Caf\u00e8te and the psychiatric unit as a whole, as well as some astonishing archive photographs found in the department&#8217;s boxes.      <\/p><\/div>\n\n\n\n<p><em>A project run by the Villa P\u00e9rochon with the psychiatric department of the Niort hospital.<\/em><br\/><strong>30 euros<\/strong><\/p>\n<\/div>\n\n\n\n<div class=\"wp-block-uagb-container uagb-layout-flex uagb-block-8f7e2d1d\">\n<div class=\"wp-block-uagb-image aligncenter uagb-block-67cd745f wp-block-uagb-image--layout-default wp-block-uagb-image--effect-static wp-block-uagb-image--align-center\"><figure class=\"wp-block-uagb-image__figure\"><img decoding=\"async\" srcset=\"https:\/\/www.cacp-villaperochon.com\/wp-content\/uploads\/2025\/12\/villa-livre-bibliotheque.jpg ,https:\/\/www.cacp-villaperochon.com\/wp-content\/uploads\/2025\/12\/villa-livre-bibliotheque.jpg 780w, https:\/\/www.cacp-villaperochon.com\/wp-content\/uploads\/2025\/12\/villa-livre-bibliotheque.jpg 360w\" sizes=\"auto, (max-width: 480px) 150px\" src=\"https:\/\/www.cacp-villaperochon.com\/wp-content\/uploads\/2025\/12\/villa-livre-bibliotheque.jpg\" alt=\"Book \"Dans la maison d'un prix Goncourt\" (In the house of a Goncourt Prize winner)\" class=\"uag-image-3454\" width=\"900\" height=\"600\" title=\"Book \"Dans la maison d'un prix Goncourt\" (In the house of a Goncourt Prize winner)\" loading=\"lazy\" role=\"img\"><\/figure><\/div>\n\n\n\n<div class=\"wp-block-uagb-advanced-heading uagb-block-e1cf87b5\"><h2 class=\"uagb-heading-text\">In the house of a Goncourt<\/h2><\/div>\n\n\n\n<div class=\"wp-block-uagb-advanced-heading uagb-block-7417ed8f\"><p class=\"uagb-heading-text\">Fabien Bonnet \/ Alexandre Giraud &#8211; Gestes \u00c9ditions<\/p><\/div>\n\n\n\n<div class=\"wp-block-uagb-advanced-heading uagb-block-db651f06\"><p class=\"uagb-heading-text\">For many, Ernest P\u00e9rochon is a street, a school, a lyc\u00e9e, a media library&#8230; But what do we know today, in his beloved Poitevin region, about the schoolteacher who suddenly became a household name thanks to the Prix Goncourt? At best, perhaps, that his novel, which won the prize in 1920, was entitled <em>N\u00eane<\/em>. The Centre d&#8217;art photographique contemporain de Niort has moved into the house the writer lived in from 1927 until his death in 1942, and has given itself &#8211; fittingly &#8211; the lovely name of &#8220;Villa P\u00e9rochon&#8221;. This house with its romantic destiny was generously donated by his heirs to the City of Niort, on condition that it become a place of culture. It has a rich history, having welcomed many of the intellectuals of its time, and lived through some difficult times during the Second World War. Fabien Bonnet tells the story of these places, and of those who frequented them in P\u00e9rochon&#8217;s glorious time, thanks to the numerous and vivid personal memories of Ernest P\u00e9rochon&#8217;s children. A literary bridge between two eras, this book, illustrated with never-before-seen archive images and contemporary photos by Alexandre Giraud, links the lost days with those of the present.         <\/p><\/div>\n\n\n\n<p><strong>8 euros<\/strong><\/p>\n<\/div>\n<\/div><\/div>\n","protected":false},"excerpt":{"rendered":"<p>The Villa P\u00e9rochon library The Villa P\u00e9rochon offers a library of over 1,000 books on contemporary photography. Monographs, exhibition catalogs [&hellip;]<\/p>\n","protected":false},"author":1,"featured_media":0,"parent":4183,"menu_order":26,"comment_status":"closed","ping_status":"closed","template":"","meta":{"inline_featured_image":false,"_uag_custom_page_level_css":"","site-sidebar-layout":"default","site-content-layout":"","ast-site-content-layout":"","site-content-style":"default","site-sidebar-style":"default","ast-global-header-display":"","ast-banner-title-visibility":"","ast-main-header-display":"","ast-hfb-above-header-display":"","ast-hfb-below-header-display":"","ast-hfb-mobile-header-display":"","site-post-title":"","ast-breadcrumbs-content":"","ast-featured-img":"","footer-sml-layout":"","ast-disable-related-posts":"","theme-transparent-header-meta":"","adv-header-id-meta":"","stick-header-meta":"","header-above-stick-meta":"","header-main-stick-meta":"","header-below-stick-meta":"","astra-migrate-meta-layouts":"default","ast-page-background-enabled":"default","ast-page-background-meta":{"desktop":{"background-color":"var(--ast-global-color-4)","background-image":"","background-repeat":"repeat","background-position":"center center","background-size":"auto","background-attachment":"scroll","background-type":"","background-media":"","overlay-type":"","overlay-color":"","overlay-opacity":"","overlay-gradient":""},"tablet":{"background-color":"","background-image":"","background-repeat":"repeat","background-position":"center center","background-size":"auto","background-attachment":"scroll","background-type":"","background-media":"","overlay-type":"","overlay-color":"","overlay-opacity":"","overlay-gradient":""},"mobile":{"background-color":"","background-image":"","background-repeat":"repeat","background-position":"center center","background-size":"auto","background-attachment":"scroll","background-type":"","background-media":"","overlay-type":"","overlay-color":"","overlay-opacity":"","overlay-gradient":""}},"ast-content-background-meta":{"desktop":{"background-color":"var(--ast-global-color-5)","background-image":"","background-repeat":"repeat","background-position":"center center","background-size":"auto","background-attachment":"scroll","background-type":"","background-media":"","overlay-type":"","overlay-color":"","overlay-opacity":"","overlay-gradient":""},"tablet":{"background-color":"var(--ast-global-color-5)","background-image":"","background-repeat":"repeat","background-position":"center center","background-size":"auto","background-attachment":"scroll","background-type":"","background-media":"","overlay-type":"","overlay-color":"","overlay-opacity":"","overlay-gradient":""},"mobile":{"background-color":"var(--ast-global-color-5)","background-image":"","background-repeat":"repeat","background-position":"center center","background-size":"auto","background-attachment":"scroll","background-type":"","background-media":"","overlay-type":"","overlay-color":"","overlay-opacity":"","overlay-gradient":""}},"footnotes":""},"class_list":["post-4187","page","type-page","status-publish","hentry"],"uagb_featured_image_src":{"full":false,"thumbnail":false,"medium":false,"medium_large":false,"large":false,"1536x1536":false,"2048x2048":false},"uagb_author_info":{"display_name":"admin","author_link":"https:\/\/www.cacp-villaperochon.com\/en\/author\/admin\/"},"uagb_comment_info":0,"uagb_excerpt":"The Villa P\u00e9rochon library The Villa P\u00e9rochon offers a library of over 1,000 books on contemporary photography. Monographs, exhibition catalogs [&hellip;]","_links":{"self":[{"href":"https:\/\/www.cacp-villaperochon.com\/en\/wp-json\/wp\/v2\/pages\/4187","targetHints":{"allow":["GET"]}}],"collection":[{"href":"https:\/\/www.cacp-villaperochon.com\/en\/wp-json\/wp\/v2\/pages"}],"about":[{"href":"https:\/\/www.cacp-villaperochon.com\/en\/wp-json\/wp\/v2\/types\/page"}],"author":[{"embeddable":true,"href":"https:\/\/www.cacp-villaperochon.com\/en\/wp-json\/wp\/v2\/users\/1"}],"replies":[{"embeddable":true,"href":"https:\/\/www.cacp-villaperochon.com\/en\/wp-json\/wp\/v2\/comments?post=4187"}],"version-history":[{"count":5,"href":"https:\/\/www.cacp-villaperochon.com\/en\/wp-json\/wp\/v2\/pages\/4187\/revisions"}],"predecessor-version":[{"id":4200,"href":"https:\/\/www.cacp-villaperochon.com\/en\/wp-json\/wp\/v2\/pages\/4187\/revisions\/4200"}],"up":[{"embeddable":true,"href":"https:\/\/www.cacp-villaperochon.com\/en\/wp-json\/wp\/v2\/pages\/4183"}],"wp:attachment":[{"href":"https:\/\/www.cacp-villaperochon.com\/en\/wp-json\/wp\/v2\/media?parent=4187"}],"curies":[{"name":"wp","href":"https:\/\/api.w.org\/{rel}","templated":true}]}}