{"id":4147,"date":"2024-12-05T09:24:29","date_gmt":"2024-12-05T08:24:29","guid":{"rendered":"https:\/\/www.cacp-villaperochon.com\/the-events\/"},"modified":"2026-03-30T15:44:46","modified_gmt":"2026-03-30T13:44:46","slug":"the-events","status":"publish","type":"page","link":"https:\/\/www.cacp-villaperochon.com\/en\/les-rencontres-2\/the-events\/","title":{"rendered":"The events"},"content":{"rendered":"\n<div class=\"wp-block-uagb-container uagb-block-1cdd5915 alignfull uagb-is-root-container\"><div class=\"uagb-container-inner-blocks-wrap\">\n<div class=\"wp-block-uagb-advanced-heading uagb-block-9a9dc623\"><h1 class=\"uagb-heading-text\"><strong>Meetings<\/strong> <br\/>Events<\/h1><\/div>\n<\/div><\/div>\n\n<div class=\"wp-block-uagb-container uagb-block-f7ecf081 alignfull uagb-is-root-container\"><div class=\"uagb-container-inner-blocks-wrap\">\n<div class=\"wp-block-uagb-container uagb-block-24bc1d79 alignfull uagb-is-root-container\"><div class=\"uagb-container-inner-blocks-wrap\">\n<div class=\"wp-block-uagb-advanced-heading uagb-block-f67b8085\"><p class=\"uagb-heading-text\">Les Rencontres de la jeune photographie internationale doesn&#8217;t stop at exhibitions.  <br\/>From April 16 to 19, we offer an opening weekend punctuated by meetings, screenings and festive evenings. And to give you time to discover our exhibitions at your own pace, all venues will be open on Sunday April 19 from 2pm to 6pm.  <\/p><\/div>\n<\/div><\/div>\n<\/div><\/div>\n\n<div class=\"wp-block-uagb-container uagb-block-b66cc941 alignfull uagb-is-root-container\"><div class=\"uagb-container-inner-blocks-wrap\"><div class=\"wpv-view-output\" data-toolset-views-view-editor=\"3e35f910e33ad4c0da8f40c96fb6fc06\">\n<div class=\"wp-block-toolset-views-view-editor wpv-gutenberg-view-wrapper-912\">\n\n\n\n\t\n\t\n<div class=\"agenda-list\">\n\n\t\n  \n<div class=\"agenda-list-wrapper agenda-list-wrapper-3\">\n\t\n             <span style=\"display:none\" class=\"js-wpv-dps-spinner search-gif\"><img decoding=\"async\" src=\"https:\/\/Villa-perochon:8890\/wp-content\/plugins\/toolset-blocks\/embedded\/res\/img\/ajax-loader4.svg\" alt=\"\" title=\"\">Chargement<\/span>\n\n\n     \n  <div class=agenda-list-item>\n  <a href=\"https:\/\/www.cacp-villaperochon.com\/en\/agenda\/visite-commentee-flash-elie-monferier-dana-cojbuc\/\">\n   <div class='agenda-list-item-visuel'>\n\n\t\n     \n  \n    \n    <div class='agenda-list-item-img' style='height:370px;background:url(https:\/\/www.cacp-villaperochon.com\/wp-content\/uploads\/2026\/02\/cojbuc-vignette-agenda.jpg);background-size:cover ;background-repeat: no-repeat;background-position: center;'>\n      <div class=\"shadow-layer\">\n       <h2>Visite comment\u00e9e FLASH &#8211; Elie Monferier &amp; Dana Cojbuc<\/h2>\n    <p class=\"excerpt\">Seul\u00b7es, entre ami\u00b7es ou en famille, les visites comment\u00e9es propos\u00e9es par l&#8217;\u00e9quipe de m\u00e9diation de la Villa P\u00e9rochon sont l\u00e0 pour vous&#8230;<\/p>\n     <\/div><\/div>\n\t\n    <\/div>\n <div class='agenda-list-item-content'>\n  \n <div class='agenda-list-item-date'>\n   <h2>Visite comment\u00e9e FLASH &#8211; Elie Monferier &amp; Dana Cojbuc<\/h2>\n  <span>30 April<\/span>\n     \n  <span> : 18:30<\/span>\n      \n  <\/div> \n  \n  \n<\/div>\n  <\/a>\n<\/div>\n\n\n\n\t\n\n     \n  <div class=agenda-list-item>\n  <a href=\"https:\/\/www.cacp-villaperochon.com\/en\/agenda\/visite-commentee-parcours-enjeux-environnementaux\/\">\n   <div class='agenda-list-item-visuel'>\n\n\t\n     \n  \n    \n    <div class='agenda-list-item-img' style='height:370px;background:url(https:\/\/www.cacp-villaperochon.com\/wp-content\/uploads\/2026\/02\/eloy-vignette-agenda.jpg);background-size:cover ;background-repeat: no-repeat;background-position: center;'>\n      <div class=\"shadow-layer\">\n       <h2>Visites comment\u00e9es &#8211; Parcours \u00abEnjeux environnementaux\u00bb<\/h2>\n    <p class=\"excerpt\">Seul\u00b7es, entre ami\u00b7es ou en famille, les visites comment\u00e9es propos\u00e9es par l&#8217;\u00e9quipe de m\u00e9diation de la Villa P\u00e9rochon sont l\u00e0 pour vous&#8230;<\/p>\n     <\/div><\/div>\n\t\n    <\/div>\n <div class='agenda-list-item-content'>\n  \n <div class='agenda-list-item-date'>\n   <h2>Visites comment\u00e9es &#8211; Parcours \u00abEnjeux environnementaux\u00bb<\/h2>\n  <span>2 May<\/span>\n     \n  <span> : 14:00<\/span>\n      \n  <\/div> \n  \n  \n<\/div>\n  <\/a>\n<\/div>\n\n\n\n\t\n\n     \n  <div class=agenda-list-item>\n  <a href=\"https:\/\/www.cacp-villaperochon.com\/en\/agenda\/visite-commentee-2-voix\/\">\n   <div class='agenda-list-item-visuel'>\n\n\t\n     \n  \n    \n    <div class='agenda-list-item-img' style='height:370px;background:url(https:\/\/www.cacp-villaperochon.com\/wp-content\/uploads\/2026\/02\/residents-vignette-agenda.jpg);background-size:cover ;background-repeat: no-repeat;background-position: center;'>\n      <div class=\"shadow-layer\">\n       <h2>Visite comment\u00e9e \u00e0 2 voix &#8211; Mus\u00e9e d&#8217;Agesci<\/h2>\n    <p class=\"excerpt\">Seul\u00b7es, entre ami\u00b7es ou en famille, les visites comment\u00e9es propos\u00e9es par l&#8217;\u00e9quipe de m\u00e9diation de la Villa P\u00e9rochon sont l\u00e0 pour vous&#8230;<\/p>\n     <\/div><\/div>\n\t\n    <\/div>\n <div class='agenda-list-item-content'>\n  \n <div class='agenda-list-item-date'>\n   <h2>Visite comment\u00e9e \u00e0 2 voix &#8211; Mus\u00e9e d&#8217;Agesci<\/h2>\n  <span>3 May<\/span>\n     \n  <span> : 15:00<\/span>\n      \n  <\/div> \n  \n  \n<\/div>\n  <\/a>\n<\/div>\n\n\n\n\t\n\n     \n  <div class=agenda-list-item>\n  <a href=\"https:\/\/www.cacp-villaperochon.com\/en\/agenda\/visite-commentee-flash-gregoire-eloy\/\">\n   <div class='agenda-list-item-visuel'>\n\n\t\n     \n  \n    \n    <div class='agenda-list-item-img' style='height:370px;background:url(https:\/\/www.cacp-villaperochon.com\/wp-content\/uploads\/2026\/02\/eloy-vignette-agenda.jpg);background-size:cover ;background-repeat: no-repeat;background-position: center;'>\n      <div class=\"shadow-layer\">\n       <h2>Visite comment\u00e9e FLASH &#8211; Gr\u00e9goire Eloy<\/h2>\n    <p class=\"excerpt\">Seul\u00b7es, entre ami\u00b7es ou en famille, les visites comment\u00e9es propos\u00e9es par l&#8217;\u00e9quipe de m\u00e9diation de la Villa P\u00e9rochon sont l\u00e0 pour vous&#8230;<\/p>\n     <\/div><\/div>\n\t\n    <\/div>\n <div class='agenda-list-item-content'>\n  \n <div class='agenda-list-item-date'>\n   <h2>Visite comment\u00e9e FLASH &#8211; Gr\u00e9goire Eloy<\/h2>\n  <span>7 May<\/span>\n     \n  <span> : 18:30<\/span>\n      \n  <\/div> \n  \n  \n<\/div>\n  <\/a>\n<\/div>\n\n\n\n\t\n\n     \n  <div class=agenda-list-item>\n  <a href=\"https:\/\/www.cacp-villaperochon.com\/en\/agenda\/visites-commentees-parcours-enjeux-environnementaux\/\">\n   <div class='agenda-list-item-visuel'>\n\n\t\n     \n  \n    \n    <div class='agenda-list-item-img' style='height:370px;background:url(https:\/\/www.cacp-villaperochon.com\/wp-content\/uploads\/2026\/02\/jeanne-vignette-agenda.jpg);background-size:cover ;background-repeat: no-repeat;background-position: center;'>\n      <div class=\"shadow-layer\">\n       <h2>Visites comment\u00e9es &#8211; Parcours \u00abEnjeux soci\u00e9taux\u00bb<\/h2>\n    <p class=\"excerpt\">Seul\u00b7es, entre ami\u00b7es ou en famille, les visites comment\u00e9es propos\u00e9es par l&#8217;\u00e9quipe de m\u00e9diation de la Villa P\u00e9rochon sont l\u00e0 pour vous&#8230;<\/p>\n     <\/div><\/div>\n\t\n    <\/div>\n <div class='agenda-list-item-content'>\n  \n <div class='agenda-list-item-date'>\n   <h2>Visites comment\u00e9es &#8211; Parcours \u00abEnjeux soci\u00e9taux\u00bb<\/h2>\n  <span>16 May<\/span>\n     \n  <span> : 14:00<\/span>\n      \n  <\/div> \n  \n  \n<\/div>\n  <\/a>\n<\/div>\n\n\n\n\t\n\n     \n  <div class=agenda-list-item>\n  <a href=\"https:\/\/www.cacp-villaperochon.com\/en\/agenda\/visite-commentee-flash-georges-rousse\/\">\n   <div class='agenda-list-item-visuel'>\n\n\t\n     \n  \n    \n    <div class='agenda-list-item-img' style='height:370px;background:url(https:\/\/www.cacp-villaperochon.com\/wp-content\/uploads\/2026\/04\/rousse-vignette-agenda.jpg);background-size:cover ;background-repeat: no-repeat;background-position: center;'>\n      <div class=\"shadow-layer\">\n       <h2>Visite comment\u00e9e FLASH &#8211; Georges Rousse<\/h2>\n    <p class=\"excerpt\">Seul\u00b7es, entre ami\u00b7es ou en famille, les visites comment\u00e9es propos\u00e9es par l&#8217;\u00e9quipe de m\u00e9diation de la Villa P\u00e9rochon sont l\u00e0 pour vous&#8230;<\/p>\n     <\/div><\/div>\n\t\n    <\/div>\n <div class='agenda-list-item-content'>\n  \n <div class='agenda-list-item-date'>\n   <h2>Visite comment\u00e9e FLASH &#8211; Georges Rousse<\/h2>\n  <span>21 May<\/span>\n     \n  <span> : 18:30<\/span>\n      \n  <\/div> \n  \n  \n<\/div>\n  <\/a>\n<\/div>\n\n\n\n\t\n\n     \n  <div class=agenda-list-item>\n  <a href=\"https:\/\/www.cacp-villaperochon.com\/en\/agenda\/visite-commentee-nuit-des-musees\/\">\n   <div class='agenda-list-item-visuel'>\n\n\t\n     \n  \n    \n    <div class='agenda-list-item-img' style='height:370px;background:url(https:\/\/www.cacp-villaperochon.com\/wp-content\/uploads\/2026\/02\/eloy-vignette-agenda.jpg);background-size:cover ;background-repeat: no-repeat;background-position: center;'>\n      <div class=\"shadow-layer\">\n       <h2>Nuit des mus\u00e9es &amp; Visites comment\u00e9es<\/h2>\n    <p class=\"excerpt\">Seul\u00b7es, entre ami\u00b7es ou en famille, les visites comment\u00e9es propos\u00e9es par l&#8217;\u00e9quipe de m\u00e9diation de la Villa P\u00e9rochon sont l\u00e0 pour vous&#8230;<\/p>\n     <\/div><\/div>\n\t\n    <\/div>\n <div class='agenda-list-item-content'>\n  \n <div class='agenda-list-item-date'>\n   <h2>Nuit des mus\u00e9es &amp; Visites comment\u00e9es<\/h2>\n  <span>23 May<\/span>\n     \n  <span> : 18:00<\/span>\n      \n  <\/div> \n  \n  \n<\/div>\n  <\/a>\n<\/div>\n\n\n\n\t\n\n     \n  <div class=agenda-list-item>\n  <a href=\"https:\/\/www.cacp-villaperochon.com\/en\/agenda\/visite-commentee-flash-maxime-riche\/\">\n   <div class='agenda-list-item-visuel'>\n\n\t\n     \n  \n    \n    <div class='agenda-list-item-img' style='height:370px;background:url(https:\/\/www.cacp-villaperochon.com\/wp-content\/uploads\/2026\/02\/rcihe-vignette-agenda.jpg);background-size:cover ;background-repeat: no-repeat;background-position: center;'>\n      <div class=\"shadow-layer\">\n       <h2>Visite comment\u00e9e FLASH &#8211; Maxime Rich\u00e9<\/h2>\n    <p class=\"excerpt\">Seul\u00b7es, entre ami\u00b7es ou en famille, les visites comment\u00e9es propos\u00e9es par l&#8217;\u00e9quipe de m\u00e9diation de la Villa P\u00e9rochon sont l\u00e0 pour vous&#8230;<\/p>\n     <\/div><\/div>\n\t\n    <\/div>\n <div class='agenda-list-item-content'>\n  \n <div class='agenda-list-item-date'>\n   <h2>Visite comment\u00e9e FLASH &#8211; Maxime Rich\u00e9<\/h2>\n  <span>28 May<\/span>\n     \n  <span> : 18:30<\/span>\n      \n  <\/div> \n  \n  \n<\/div>\n  <\/a>\n<\/div>\n\n\n\n\t\n                      <\/div>\n       <\/div>  \n\t\n\t\n\t\n\n\n\n      \n<\/div>\n<\/div><\/div><\/div>\n","protected":false},"excerpt":{"rendered":"<p>Meetings Events Les Rencontres de la jeune photographie internationale doesn&#8217;t stop at exhibitions. From April 16 to 19, we offer [&hellip;]<\/p>\n","protected":false},"author":1,"featured_media":0,"parent":4153,"menu_order":14,"comment_status":"closed","ping_status":"closed","template":"","meta":{"inline_featured_image":false,"_uag_custom_page_level_css":"","site-sidebar-layout":"default","site-content-layout":"","ast-site-content-layout":"","site-content-style":"default","site-sidebar-style":"default","ast-global-header-display":"","ast-banner-title-visibility":"","ast-main-header-display":"","ast-hfb-above-header-display":"","ast-hfb-below-header-display":"","ast-hfb-mobile-header-display":"","site-post-title":"","ast-breadcrumbs-content":"","ast-featured-img":"","footer-sml-layout":"","ast-disable-related-posts":"","theme-transparent-header-meta":"","adv-header-id-meta":"","stick-header-meta":"","header-above-stick-meta":"","header-main-stick-meta":"","header-below-stick-meta":"","astra-migrate-meta-layouts":"default","ast-page-background-enabled":"default","ast-page-background-meta":{"desktop":{"background-color":"var(--ast-global-color-4)","background-image":"","background-repeat":"repeat","background-position":"center center","background-size":"auto","background-attachment":"scroll","background-type":"","background-media":"","overlay-type":"","overlay-color":"","overlay-opacity":"","overlay-gradient":""},"tablet":{"background-color":"","background-image":"","background-repeat":"repeat","background-position":"center center","background-size":"auto","background-attachment":"scroll","background-type":"","background-media":"","overlay-type":"","overlay-color":"","overlay-opacity":"","overlay-gradient":""},"mobile":{"background-color":"","background-image":"","background-repeat":"repeat","background-position":"center center","background-size":"auto","background-attachment":"scroll","background-type":"","background-media":"","overlay-type":"","overlay-color":"","overlay-opacity":"","overlay-gradient":""}},"ast-content-background-meta":{"desktop":{"background-color":"var(--ast-global-color-5)","background-image":"","background-repeat":"repeat","background-position":"center center","background-size":"auto","background-attachment":"scroll","background-type":"","background-media":"","overlay-type":"","overlay-color":"","overlay-opacity":"","overlay-gradient":""},"tablet":{"background-color":"var(--ast-global-color-5)","background-image":"","background-repeat":"repeat","background-position":"center center","background-size":"auto","background-attachment":"scroll","background-type":"","background-media":"","overlay-type":"","overlay-color":"","overlay-opacity":"","overlay-gradient":""},"mobile":{"background-color":"var(--ast-global-color-5)","background-image":"","background-repeat":"repeat","background-position":"center center","background-size":"auto","background-attachment":"scroll","background-type":"","background-media":"","overlay-type":"","overlay-color":"","overlay-opacity":"","overlay-gradient":""}},"footnotes":""},"class_list":["post-4147","page","type-page","status-publish","hentry"],"uagb_featured_image_src":{"full":false,"thumbnail":false,"medium":false,"medium_large":false,"large":false,"1536x1536":false,"2048x2048":false},"uagb_author_info":{"display_name":"admin","author_link":"https:\/\/www.cacp-villaperochon.com\/en\/author\/admin\/"},"uagb_comment_info":0,"uagb_excerpt":"Meetings Events Les Rencontres de la jeune photographie internationale doesn&#8217;t stop at exhibitions. From April 16 to 19, we offer [&hellip;]","_links":{"self":[{"href":"https:\/\/www.cacp-villaperochon.com\/en\/wp-json\/wp\/v2\/pages\/4147","targetHints":{"allow":["GET"]}}],"collection":[{"href":"https:\/\/www.cacp-villaperochon.com\/en\/wp-json\/wp\/v2\/pages"}],"about":[{"href":"https:\/\/www.cacp-villaperochon.com\/en\/wp-json\/wp\/v2\/types\/page"}],"author":[{"embeddable":true,"href":"https:\/\/www.cacp-villaperochon.com\/en\/wp-json\/wp\/v2\/users\/1"}],"replies":[{"embeddable":true,"href":"https:\/\/www.cacp-villaperochon.com\/en\/wp-json\/wp\/v2\/comments?post=4147"}],"version-history":[{"count":1,"href":"https:\/\/www.cacp-villaperochon.com\/en\/wp-json\/wp\/v2\/pages\/4147\/revisions"}],"predecessor-version":[{"id":4150,"href":"https:\/\/www.cacp-villaperochon.com\/en\/wp-json\/wp\/v2\/pages\/4147\/revisions\/4150"}],"up":[{"embeddable":true,"href":"https:\/\/www.cacp-villaperochon.com\/en\/wp-json\/wp\/v2\/pages\/4153"}],"wp:attachment":[{"href":"https:\/\/www.cacp-villaperochon.com\/en\/wp-json\/wp\/v2\/media?parent=4147"}],"curies":[{"name":"wp","href":"https:\/\/api.w.org\/{rel}","templated":true}]}}