{"id":4128,"date":"2024-12-05T09:25:16","date_gmt":"2024-12-05T08:25:16","guid":{"rendered":"https:\/\/www.cacp-villaperochon.com\/back-issues\/"},"modified":"2026-03-30T15:44:47","modified_gmt":"2026-03-30T13:44:47","slug":"back-issues","status":"publish","type":"page","link":"https:\/\/www.cacp-villaperochon.com\/en\/les-rencontres-2\/back-issues\/","title":{"rendered":"Back issues"},"content":{"rendered":"\n<div class=\"wp-block-uagb-container uagb-block-1cdd5915 alignfull uagb-is-root-container\"><div class=\"uagb-container-inner-blocks-wrap\">\n<div class=\"wp-block-uagb-advanced-heading uagb-block-9a9dc623\"><h1 class=\"uagb-heading-text\"><strong>Les Rencontres<\/strong> <br\/>Past editions<\/h1><\/div>\n<\/div><\/div>\n\n<div class=\"wp-block-uagb-container uagb-block-b66cc941 alignfull uagb-is-root-container\"><div class=\"uagb-container-inner-blocks-wrap\">\n<div class=\"wp-block-uagb-advanced-heading uagb-block-1a293454\"><p class=\"uagb-heading-text\">On this page, you&#8217;ll find exhibitions from previous editions of the Rencontres de la jeune photographie internationale.<\/p><\/div>\n\n\n\n<div class=\"wp-block-uagb-advanced-heading uagb-block-29d3999b\"><h2 class=\"uagb-heading-text\">Edition 2025<\/h2><\/div>\n\n\n\n<p>Guest of honour: Kourtney Roy<\/p>\n\n\n<div class=\"wpv-view-output\" data-toolset-views-view-editor=\"26b59d46d0521fffaf8fa09bf4173fd0\">\n<div class=\"wp-block-toolset-views-view-editor wpv-gutenberg-view-wrapper-1723\">\n\n\n\n\t\n\t\n<div class=\"agenda-list\">\n\n\t\n  \n<div class=\"agenda-list-wrapper agenda-list-wrapper-3\">\n\t\n             <span style=\"display:none\" class=\"js-wpv-dps-spinner search-gif\"><img decoding=\"async\" src=\"https:\/\/Villa-perochon:8890\/wp-content\/plugins\/toolset-blocks\/embedded\/res\/img\/ajax-loader4.svg\" alt=\"\" title=\"\">Chargement<\/span>\n\n\n     \n  <div class=agenda-list-item>\n  <a href=\"https:\/\/www.cacp-villaperochon.com\/en\/agenda\/rjpi-exposition-kourtney-roy\/\">\n   <div class='agenda-list-item-visuel'>\n\n\t\n     \n  \n    \n    <div class='agenda-list-item-img' style='height:370px;background:url(https:\/\/www.cacp-villaperochon.com\/wp-content\/uploads\/2025\/03\/kourtney-vignette-agenda.jpg);background-size:cover ;background-repeat: no-repeat;background-position: center;'>\n      <div class=\"shadow-layer\">\n       <h2>Kourtney Roy &#8211; Vertigo<\/h2>\n    <p class=\"excerpt\">L\u2019exposition Vertigo de Kourtney Roy est une plong\u00e9e immersive dans l\u2019univers captivant et troublant de l\u2019artiste o\u00f9 les th\u00e8mes de l\u2019identit\u00e9 et&#8230;<\/p>\n     <\/div><\/div>\n\t\n    <\/div>\n <div class='agenda-list-item-content'>\n  \n  \n  <div class='agenda-list-item-date-multiple'>\n    <h2>Kourtney Roy &#8211; Vertigo<\/h2>\n  <p>5 April - 25 May 2025<\/p>\n    <p>Villa P\u00e9rochon<\/p>\n  <\/div>\n  \n<\/div>\n  <\/a>\n<\/div>\n\n\n\n\t\n\n     \n  <div class=agenda-list-item>\n  <a href=\"https:\/\/www.cacp-villaperochon.com\/en\/agenda\/rjpi-jeanne-lucas\/\">\n   <div class='agenda-list-item-visuel'>\n\n\t\n     \n  \n    \n    <div class='agenda-list-item-img' style='height:370px;background:url(https:\/\/www.cacp-villaperochon.com\/wp-content\/uploads\/2025\/03\/lucas-vignette-agenda.jpg);background-size:cover ;background-repeat: no-repeat;background-position: center;'>\n      <div class=\"shadow-layer\">\n       <h2>Jeanne Lucas &#8211; Jeunesse niortaise #1<\/h2>\n    <p class=\"excerpt\">Cette exposition in\u00e9dite est le fruit d\u2019une carte blanche confi\u00e9e par Philippe Guionie \u00e0 Jeanne Lucas. Elle est le premier \u00e9pisode d\u2019une&#8230;<\/p>\n     <\/div><\/div>\n\t\n    <\/div>\n <div class='agenda-list-item-content'>\n  \n  \n  <div class='agenda-list-item-date-multiple'>\n    <h2>Jeanne Lucas &#8211; Jeunesse niortaise #1<\/h2>\n  <p>5 April - 25 May 2025<\/p>\n    <p>Villa P\u00e9rochon<\/p>\n  <\/div>\n  \n<\/div>\n  <\/a>\n<\/div>\n\n\n\n\t\n\n     \n  <div class=agenda-list-item>\n  <a href=\"https:\/\/www.cacp-villaperochon.com\/en\/agenda\/rjpi-orianne-ciantar-olive\/\">\n   <div class='agenda-list-item-visuel'>\n\n\t\n     \n  \n    \n    <div class='agenda-list-item-img' style='height:370px;background:url(https:\/\/www.cacp-villaperochon.com\/wp-content\/uploads\/2025\/03\/orianne-vignette-agenda.jpg);background-size:cover ;background-repeat: no-repeat;background-position: center;'>\n      <div class=\"shadow-layer\">\n       <h2>Orianne Ciantar Olive &#8211; Un Grand Silence<\/h2>\n    <p class=\"excerpt\">Des cercles trac\u00e9s jusqu\u2019\u00e0 \u00e9puisement du poignet. Un soleil qui explose en 23 jours et 299 images. Des ombres qui se r\u00e9inventent&#8230;<\/p>\n     <\/div><\/div>\n\t\n    <\/div>\n <div class='agenda-list-item-content'>\n  \n  \n  <div class='agenda-list-item-date-multiple'>\n    <h2>Orianne Ciantar Olive &#8211; Un Grand Silence<\/h2>\n  <p>5 April - 25 May 2025<\/p>\n    <p>Pavillon Grappelli<\/p>\n  <\/div>\n  \n<\/div>\n  <\/a>\n<\/div>\n\n\n\n\t\n\n     \n  <div class=agenda-list-item>\n  <a href=\"https:\/\/www.cacp-villaperochon.com\/en\/agenda\/rjpi-poda\/\">\n   <div class='agenda-list-item-visuel'>\n\n\t\n     \n  \n    \n    <div class='agenda-list-item-img' style='height:370px;background:url(https:\/\/www.cacp-villaperochon.com\/wp-content\/uploads\/2025\/03\/poda-vignette-agenda.jpg);background-size:cover ;background-repeat: no-repeat;background-position: center;'>\n      <div class=\"shadow-layer\">\n       <h2>PODA &#8211; La Petite \u0153uvre d&#8217;art<\/h2>\n    <p class=\"excerpt\">Depuis presque deux ans, PODA, la petite \u0153uvre d\u2019art, poursuit son approche innovante de la collection. Riche aujourd\u2019hui de plus de 500&#8230;<\/p>\n     <\/div><\/div>\n\t\n    <\/div>\n <div class='agenda-list-item-content'>\n  \n  \n  <div class='agenda-list-item-date-multiple'>\n    <h2>PODA &#8211; La Petite \u0153uvre d&#8217;art<\/h2>\n  <p>5 April - 25 May 2025<\/p>\n    <p>Maison \"gaufrette\"<\/p>\n  <\/div>\n  \n<\/div>\n  <\/a>\n<\/div>\n\n\n\n\t\n\n     \n  <div class=agenda-list-item>\n  <a href=\"https:\/\/www.cacp-villaperochon.com\/en\/agenda\/rjpi-belgomania\/\">\n   <div class='agenda-list-item-visuel'>\n\n\t\n     \n  \n    \n    <div class='agenda-list-item-img' style='height:370px;background:url(https:\/\/www.cacp-villaperochon.com\/wp-content\/uploads\/2025\/03\/calbert-vignette-agenda.jpg);background-size:cover ;background-repeat: no-repeat;background-position: center;'>\n      <div class=\"shadow-layer\">\n       <h2>Belgomania &#8211; Focus sur la photographie de la F\u00e9d\u00e9ration Wallonie-Bruxelles<\/h2>\n    <p class=\"excerpt\">Belgomania est une immersion dans la diversit\u00e9 et la richesse de la jeune photographie belge, notamment celle de la F\u00e9d\u00e9ration Wallonie-Bruxelles. \u00c0&#8230;<\/p>\n     <\/div><\/div>\n\t\n    <\/div>\n <div class='agenda-list-item-content'>\n  \n  \n  <div class='agenda-list-item-date-multiple'>\n    <h2>Belgomania &#8211; Focus sur la photographie de la F\u00e9d\u00e9ration Wallonie-Bruxelles<\/h2>\n  <p>5 April - 25 May 2025<\/p>\n    <p>S\u00e9choir-Port Boinot et Pilori<\/p>\n  <\/div>\n  \n<\/div>\n  <\/a>\n<\/div>\n\n\n\n\t\n\n     \n  <div class=agenda-list-item>\n  <a href=\"https:\/\/www.cacp-villaperochon.com\/en\/agenda\/rjpi-photographes-residence\/\">\n   <div class='agenda-list-item-visuel'>\n\n\t\n     \n  \n    \n    <div class='agenda-list-item-img' style='height:370px;background:url(https:\/\/www.cacp-villaperochon.com\/wp-content\/uploads\/2025\/03\/melody-vignette-agenda.jpg);background-size:cover ;background-repeat: no-repeat;background-position: center;'>\n      <div class=\"shadow-layer\">\n       <h2>Photographes en r\u00e9sidence 2025<\/h2>\n    <p class=\"excerpt\">Au c\u0153ur des Rencontres de la jeune photographie internationale se trouve une r\u00e9sidence unique. Six photographes \u00e9mergent\u00b7es, fran\u00e7ais\u00b7es et internationaux\u00b7ales, sont invit\u00e9\u00b7es&#8230;<\/p>\n     <\/div><\/div>\n\t\n    <\/div>\n <div class='agenda-list-item-content'>\n  \n  \n  <div class='agenda-list-item-date-multiple'>\n    <h2>Photographes en r\u00e9sidence 2025<\/h2>\n  <p>5 April - 25 May 2025<\/p>\n    <p>M\u00e9diath\u00e8que Pierre-Moinot<\/p>\n  <\/div>\n  \n<\/div>\n  <\/a>\n<\/div>\n\n\n\n\t\n                      <\/div>\n       <\/div>  \n\t\n\t\n\t\n\n\n\n      \n<\/div>\n<\/div>\n\n\n<div class=\"wp-block-uagb-advanced-heading uagb-block-8481f501\"><h2 class=\"uagb-heading-text\">Edition 2024<\/h2><\/div>\n\n\n\n<p>Special edition: anniversary year, special formula!<br\/>We offered the eight guest artists (nine in fact, including the duo) the opportunity to produce and show work specifically created for the occasion, based on a common theme. They have been allocated substantial space and an endowment. <\/p>\n\n\n<div class=\"wpv-view-output\" data-toolset-views-view-editor=\"15898a2cf80ec043847ba353b14dbe46\">\n<div class=\"wp-block-toolset-views-view-editor wpv-gutenberg-view-wrapper-1723\">\n\n\n\n\t\n\t\n<div class=\"agenda-list\">\n\n\t\n  \n<div class=\"agenda-list-wrapper agenda-list-wrapper-3\">\n\t\n             <span style=\"display:none\" class=\"js-wpv-dps-spinner search-gif\"><img decoding=\"async\" src=\"https:\/\/Villa-perochon:8890\/wp-content\/plugins\/toolset-blocks\/embedded\/res\/img\/ajax-loader4.svg\" alt=\"\" title=\"\">Chargement<\/span>\n\n\n     \n  <div class=agenda-list-item>\n  <a href=\"https:\/\/www.cacp-villaperochon.com\/en\/agenda\/alisa-martynova-anima\/\">\n   <div class='agenda-list-item-visuel'>\n\n\t\n     \n  \n    \n    <div class='agenda-list-item-img' style='height:370px;background:url(https:\/\/www.cacp-villaperochon.com\/wp-content\/uploads\/2025\/12\/martynova-vignette-agenda.jpg);background-size:cover ;background-repeat: no-repeat;background-position: center;'>\n      <div class=\"shadow-layer\">\n       <h2>Alisa Martynova &#8211; Anima<\/h2>\n    <p class=\"excerpt\">Special edition of the RJPI &#8211; 30 years on?<\/p>\n     <\/div><\/div>\n\t\n    <\/div>\n <div class='agenda-list-item-content'>\n  \n  \n  <div class='agenda-list-item-date-multiple'>\n    <h2>Alisa Martynova &#8211; Anima<\/h2>\n  <p>5 April - 25 May 2024<\/p>\n    <p>M\u00e9diath\u00e8que Pierre-Moinot<\/p>\n  <\/div>\n  \n<\/div>\n  <\/a>\n<\/div>\n\n\n\n\t\n\n     \n  <div class=agenda-list-item>\n  <a href=\"https:\/\/www.cacp-villaperochon.com\/en\/agenda\/thomas-pendeliau-the-fifth-season\/\">\n   <div class='agenda-list-item-visuel'>\n\n\t\n     \n  \n    \n    <div class='agenda-list-item-img' style='height:370px;background:url(https:\/\/www.cacp-villaperochon.com\/wp-content\/uploads\/2025\/12\/pendeliau-vignette-agenda.jpg);background-size:cover ;background-repeat: no-repeat;background-position: center;'>\n      <div class=\"shadow-layer\">\n       <h2>Thomas Pendeliau &#8211; The fifth season<\/h2>\n    <p class=\"excerpt\">Special edition of the RJPI &#8211; 30 years on?<\/p>\n     <\/div><\/div>\n\t\n    <\/div>\n <div class='agenda-list-item-content'>\n  \n  \n  <div class='agenda-list-item-date-multiple'>\n    <h2>Thomas Pendeliau &#8211; The fifth season<\/h2>\n  <p>5 April - 25 May 2024<\/p>\n    <p>Villa P\u00e9rochon<\/p>\n  <\/div>\n  \n<\/div>\n  <\/a>\n<\/div>\n\n\n\n\t\n\n     \n  <div class=agenda-list-item>\n  <a href=\"https:\/\/www.cacp-villaperochon.com\/en\/agenda\/adrien-pontet-tao-douay-exile\/\">\n   <div class='agenda-list-item-visuel'>\n\n\t\n     \n  \n    \n    <div class='agenda-list-item-img' style='height:370px;background:url(https:\/\/www.cacp-villaperochon.com\/wp-content\/uploads\/2025\/12\/pontet-vignette-agenda.jpg);background-size:cover ;background-repeat: no-repeat;background-position: center;'>\n      <div class=\"shadow-layer\">\n       <h2>Adrien Pontet &amp; Tao Douay &#8211; Ex\u00eele<\/h2>\n    <p class=\"excerpt\">Special edition of the RJPI &#8211; 30 years on?<\/p>\n     <\/div><\/div>\n\t\n    <\/div>\n <div class='agenda-list-item-content'>\n  \n  \n  <div class='agenda-list-item-date-multiple'>\n    <h2>Adrien Pontet &amp; Tao Douay &#8211; Ex\u00eele<\/h2>\n  <p>5 April - 25 May 2024<\/p>\n    <p>Pilori<\/p>\n  <\/div>\n  \n<\/div>\n  <\/a>\n<\/div>\n\n\n\n\t\n\n     \n  <div class=agenda-list-item>\n  <a href=\"https:\/\/www.cacp-villaperochon.com\/en\/agenda\/marine-combes-the-red-manifesto\/\">\n   <div class='agenda-list-item-visuel'>\n\n\t\n     \n  \n    \n    <div class='agenda-list-item-img' style='height:370px;background:url(https:\/\/www.cacp-villaperochon.com\/wp-content\/uploads\/2025\/12\/combes-vignette-agenda.jpg);background-size:cover ;background-repeat: no-repeat;background-position: center;'>\n      <div class=\"shadow-layer\">\n       <h2>Marine Combes &#8211; The red manifesto<\/h2>\n    <p class=\"excerpt\">Special edition of the RJPI &#8211; 30 years on?<\/p>\n     <\/div><\/div>\n\t\n    <\/div>\n <div class='agenda-list-item-content'>\n  \n  \n  <div class='agenda-list-item-date-multiple'>\n    <h2>Marine Combes &#8211; The red manifesto<\/h2>\n  <p>5 April - 25 May 2024<\/p>\n    <p>Pelouse du Moulin du Roc<\/p>\n  <\/div>\n  \n<\/div>\n  <\/a>\n<\/div>\n\n\n\n\t\n\n     \n  <div class=agenda-list-item>\n  <a href=\"https:\/\/www.cacp-villaperochon.com\/en\/agenda\/sumi-anjuman-river-runs-violet\/\">\n   <div class='agenda-list-item-visuel'>\n\n\t\n     \n  \n    \n    <div class='agenda-list-item-img' style='height:370px;background:url(https:\/\/www.cacp-villaperochon.com\/wp-content\/uploads\/2025\/12\/anjuman-vignette-agenda.jpg);background-size:cover ;background-repeat: no-repeat;background-position: center;'>\n      <div class=\"shadow-layer\">\n       <h2>Sumi Anjuman &#8211; River Runs Violet<\/h2>\n    <p class=\"excerpt\">Special edition of the RJPI &#8211; 30 years on?<\/p>\n     <\/div><\/div>\n\t\n    <\/div>\n <div class='agenda-list-item-content'>\n  \n  \n  <div class='agenda-list-item-date-multiple'>\n    <h2>Sumi Anjuman &#8211; River Runs Violet<\/h2>\n  <p>5 April - 25 May 2024<\/p>\n    <p>Villa P\u00e9rochon<\/p>\n  <\/div>\n  \n<\/div>\n  <\/a>\n<\/div>\n\n\n\n\t\n\n     \n  <div class=agenda-list-item>\n  <a href=\"https:\/\/www.cacp-villaperochon.com\/en\/agenda\/cristobal-ascencio-future-archeology\/\">\n   <div class='agenda-list-item-visuel'>\n\n\t\n     \n  \n    \n    <div class='agenda-list-item-img' style='height:370px;background:url(https:\/\/www.cacp-villaperochon.com\/wp-content\/uploads\/2025\/12\/cristobal-vignette-agenda.jpg);background-size:cover ;background-repeat: no-repeat;background-position: center;'>\n      <div class=\"shadow-layer\">\n       <h2>Crist\u00f3bal Ascencio &#8211; Future archeology<\/h2>\n    <p class=\"excerpt\">Special edition of the RJPI &#8211; 30 years on?<\/p>\n     <\/div><\/div>\n\t\n    <\/div>\n <div class='agenda-list-item-content'>\n  \n  \n  <div class='agenda-list-item-date-multiple'>\n    <h2>Crist\u00f3bal Ascencio &#8211; Future archeology<\/h2>\n  <p>5 April - 25 May 2024<\/p>\n    <p>M\u00e9diath\u00e8que Pierre-Moinot<\/p>\n  <\/div>\n  \n<\/div>\n  <\/a>\n<\/div>\n\n\n\n\t\n\n     \n  <div class=agenda-list-item>\n  <a href=\"https:\/\/www.cacp-villaperochon.com\/en\/agenda\/violaine-carrere-god-save-the-cream\/\">\n   <div class='agenda-list-item-visuel'>\n\n\t\n     \n  \n    \n    <div class='agenda-list-item-img' style='height:370px;background:url(https:\/\/www.cacp-villaperochon.com\/wp-content\/uploads\/2025\/12\/violaine-vignette-agenda.jpg);background-size:cover ;background-repeat: no-repeat;background-position: center;'>\n      <div class=\"shadow-layer\">\n       <h2>Violaine Carr\u00e8re &#8211; God save the cream<\/h2>\n    <p class=\"excerpt\">Special edition of the RJPI &#8211; 30 years on?<\/p>\n     <\/div><\/div>\n\t\n    <\/div>\n <div class='agenda-list-item-content'>\n  \n  \n  <div class='agenda-list-item-date-multiple'>\n    <h2>Violaine Carr\u00e8re &#8211; God save the cream<\/h2>\n  <p>5 April - 25 May 2024<\/p>\n    <p>Pilori<\/p>\n  <\/div>\n  \n<\/div>\n  <\/a>\n<\/div>\n\n\n\n\t\n\n     \n  <div class=agenda-list-item>\n  <a href=\"https:\/\/www.cacp-villaperochon.com\/en\/agenda\/alice-pallot-cursed-seaweed-a-sea-of-tears\/\">\n   <div class='agenda-list-item-visuel'>\n\n\t\n     \n  \n    \n    <div class='agenda-list-item-img' style='height:370px;background:url(https:\/\/www.cacp-villaperochon.com\/wp-content\/uploads\/2025\/12\/pallot-vignette-agenda.jpg);background-size:cover ;background-repeat: no-repeat;background-position: center;'>\n      <div class=\"shadow-layer\">\n       <h2>Alice Pallot &#8211; Cursed seaweed, a sea of tears<\/h2>\n    <p class=\"excerpt\">Special edition of the RJPI &#8211; 30 years on?<\/p>\n     <\/div><\/div>\n\t\n    <\/div>\n <div class='agenda-list-item-content'>\n  \n  \n  <div class='agenda-list-item-date-multiple'>\n    <h2>Alice Pallot &#8211; Cursed seaweed, a sea of tears<\/h2>\n  <p>5 April - 25 May 2024<\/p>\n    <p>Pavillon Grappelli<\/p>\n  <\/div>\n  \n<\/div>\n  <\/a>\n<\/div>\n\n\n\n\t\n\n     \n  <div class=agenda-list-item>\n  <a href=\"https:\/\/www.cacp-villaperochon.com\/en\/agenda\/cqfd-from-shadow-to-light\/\">\n   <div class='agenda-list-item-visuel'>\n\n\t\n     \n  \n    \n    <div class='agenda-list-item-img' style='height:370px;background:url(https:\/\/www.cacp-villaperochon.com\/wp-content\/uploads\/2025\/12\/cqfd-vignette-agenda.jpg);background-size:cover ;background-repeat: no-repeat;background-position: center;'>\n      <div class=\"shadow-layer\">\n       <h2>CQFD &#8211; From shadow to light<\/h2>\n    <p class=\"excerpt\">CQFD workshop output &#8211; these fundamental and decisive questions<\/p>\n     <\/div><\/div>\n\t\n    <\/div>\n <div class='agenda-list-item-content'>\n  \n  \n  <div class='agenda-list-item-date-multiple'>\n    <h2>CQFD &#8211; From shadow to light<\/h2>\n  <p>27 April - 25 May 2024<\/p>\n    <p>Galerie Desmettre et Chez Happy<\/p>\n  <\/div>\n  \n<\/div>\n  <\/a>\n<\/div>\n\n\n\n\t\n                      <\/div>\n       <\/div>  \n\t\n\t\n\t\n\n\n\n      \n<\/div>\n<\/div>\n\n\n<div class=\"wp-block-uagb-advanced-heading uagb-block-d06ee3e5\"><h2 class=\"uagb-heading-text\">Edition 2023<\/h2><\/div>\n\n\n\n<p>Guest of honor: Joan Fontcuberta<\/p>\n\n\n<div class=\"wpv-view-output\" data-toolset-views-view-editor=\"5540e0a093c491e68e1434a9cef511ff\">\n<div class=\"wp-block-toolset-views-view-editor wpv-gutenberg-view-wrapper-1723\">\n\n\n\n\t\n\t\n<div class=\"agenda-list\">\n\n\t\n  \n<div class=\"agenda-list-wrapper agenda-list-wrapper-3\">\n\t\n             <span style=\"display:none\" class=\"js-wpv-dps-spinner search-gif\"><img decoding=\"async\" src=\"https:\/\/Villa-perochon:8890\/wp-content\/plugins\/toolset-blocks\/embedded\/res\/img\/ajax-loader4.svg\" alt=\"\" title=\"\">Chargement<\/span>\n\n\n     \n  <div class=agenda-list-item>\n  <a href=\"https:\/\/www.cacp-villaperochon.com\/en\/agenda\/rites-of-passage-invitation-to-the-athens-photo-festival\/\">\n   <div class='agenda-list-item-visuel'>\n\n\t\n     \n  \n    \n    <div class='agenda-list-item-img' style='height:370px;background:url(https:\/\/www.cacp-villaperochon.com\/wp-content\/uploads\/2025\/12\/grec-vignette-agenda.jpg);background-size:cover ;background-repeat: no-repeat;background-position: center;'>\n      <div class=\"shadow-layer\">\n       <h2>Rites of passage &#8211; Invitation to the Athens Photo Festival<\/h2>\n    <p class=\"excerpt\">Rencontres de la jeune photographie internationale 2023 Guest curator: Manolis Moresopoulos, artistic director of the Athens Photo Festival.<\/p>\n     <\/div><\/div>\n\t\n    <\/div>\n <div class='agenda-list-item-content'>\n  \n  \n  <div class='agenda-list-item-date-multiple'>\n    <h2>Rites of passage &#8211; Invitation to the Athens Photo Festival<\/h2>\n  <p>25 March - 27 May 2023<\/p>\n    <p>S\u00e9choir-Port Boinot<\/p>\n  <\/div>\n  \n<\/div>\n  <\/a>\n<\/div>\n\n\n\n\t\n\n     \n  <div class=agenda-list-item>\n  <a href=\"https:\/\/www.cacp-villaperochon.com\/en\/agenda\/rachele-maistrello-blue-diamond\/\">\n   <div class='agenda-list-item-visuel'>\n\n\t\n     \n  \n    \n    <div class='agenda-list-item-img' style='height:370px;background:url(https:\/\/www.cacp-villaperochon.com\/wp-content\/uploads\/2025\/12\/rachele-vignette-agenda.jpg);background-size:cover ;background-repeat: no-repeat;background-position: center;'>\n      <div class=\"shadow-layer\">\n       <h2>Rachele Maistrello &#8211; Blue Diamond<\/h2>\n    <p class=\"excerpt\">Rencontres de la jeune photographie internationale 2023 Blue Diamond is the latest chapter in a science-fiction saga developed in Beijing and presented&#8230;<\/p>\n     <\/div><\/div>\n\t\n    <\/div>\n <div class='agenda-list-item-content'>\n  \n  \n  <div class='agenda-list-item-date-multiple'>\n    <h2>Rachele Maistrello &#8211; Blue Diamond<\/h2>\n  <p>25 March - 27 May 2023<\/p>\n    <p>Pavillon Grappelli<\/p>\n  <\/div>\n  \n<\/div>\n  <\/a>\n<\/div>\n\n\n\n\t\n\n     \n  <div class=agenda-list-item>\n  <a href=\"https:\/\/www.cacp-villaperochon.com\/en\/agenda\/sylvie-bussieres-weeds\/\">\n   <div class='agenda-list-item-visuel'>\n\n\t\n     \n  \n    \n    <div class='agenda-list-item-img' style='height:370px;background:url(https:\/\/www.cacp-villaperochon.com\/wp-content\/uploads\/2025\/12\/sylvie-vignette-agenda.jpg);background-size:cover ;background-repeat: no-repeat;background-position: center;'>\n      <div class=\"shadow-layer\">\n       <h2>Sylvie Bussi\u00e8res &#8211; Weeds<\/h2>\n    <p class=\"excerpt\">Rencontres de la jeune photographie internationale 2023 there is also humble botany, the botany of roadsides, that which grows by the unstoppable&#8230;<\/p>\n     <\/div><\/div>\n\t\n    <\/div>\n <div class='agenda-list-item-content'>\n  \n  \n  <div class='agenda-list-item-date-multiple'>\n    <h2>Sylvie Bussi\u00e8res &#8211; Weeds<\/h2>\n  <p>25 March - 27 May 2023<\/p>\n    <p>Galerie Desmettre<\/p>\n  <\/div>\n  \n<\/div>\n  <\/a>\n<\/div>\n\n\n\n\t\n\n     \n  <div class=agenda-list-item>\n  <a href=\"https:\/\/www.cacp-villaperochon.com\/en\/agenda\/david-fathi-the-dead-rule-the-living\/\">\n   <div class='agenda-list-item-visuel'>\n\n\t\n     \n  \n    \n    <div class='agenda-list-item-img' style='height:370px;background:url(https:\/\/www.cacp-villaperochon.com\/wp-content\/uploads\/2025\/12\/fathi-vignette-agenda.jpg);background-size:cover ;background-repeat: no-repeat;background-position: center;'>\n      <div class=\"shadow-layer\">\n       <h2>David Fathi &#8211; The dead rule the living<\/h2>\n    <p class=\"excerpt\">Rencontres de la jeune photographie internationale 2023 Auguste Comte said &#8220;The dead govern the living&#8221;.<\/p>\n     <\/div><\/div>\n\t\n    <\/div>\n <div class='agenda-list-item-content'>\n  \n  \n  <div class='agenda-list-item-date-multiple'>\n    <h2>David Fathi &#8211; The dead rule the living<\/h2>\n  <p>25 March - 27 May 2023<\/p>\n    <p>Pilori<\/p>\n  <\/div>\n  \n<\/div>\n  <\/a>\n<\/div>\n\n\n\n\t\n\n     \n  <div class=agenda-list-item>\n  <a href=\"https:\/\/www.cacp-villaperochon.com\/en\/agenda\/soham-gupta-wait-until-dark\/\">\n   <div class='agenda-list-item-visuel'>\n\n\t\n     \n  \n    \n    <div class='agenda-list-item-img' style='height:370px;background:url(https:\/\/www.cacp-villaperochon.com\/wp-content\/uploads\/2025\/12\/soham-vignette-agenda.jpg);background-size:cover ;background-repeat: no-repeat;background-position: center;'>\n      <div class=\"shadow-layer\">\n       <h2>Soham Gupta &#8211; Wait until dark<\/h2>\n    <p class=\"excerpt\">Rencontres de la jeune photographie internationale 2023 This exhibition brings together Desi Boys and a large excerpt from Angst.<\/p>\n     <\/div><\/div>\n\t\n    <\/div>\n <div class='agenda-list-item-content'>\n  \n  \n  <div class='agenda-list-item-date-multiple'>\n    <h2>Soham Gupta &#8211; Wait until dark<\/h2>\n  <p>25 March - 27 May 2023<\/p>\n    <p>Pilori<\/p>\n  <\/div>\n  \n<\/div>\n  <\/a>\n<\/div>\n\n\n\n\t\n\n     \n  <div class=agenda-list-item>\n  <a href=\"https:\/\/www.cacp-villaperochon.com\/en\/agenda\/joan-fontcuberta-monsters\/\">\n   <div class='agenda-list-item-visuel'>\n\n\t\n     \n  \n    \n    <div class='agenda-list-item-img' style='height:370px;background:url(https:\/\/www.cacp-villaperochon.com\/wp-content\/uploads\/2025\/12\/joan-vignette-agenda.jpg);background-size:cover ;background-repeat: no-repeat;background-position: center;'>\n      <div class=\"shadow-layer\">\n       <h2>Joan Fontcuberta &#8211; Monsters<\/h2>\n    <p class=\"excerpt\">Rencontres de la jeune photographie internationale 2023 &#8211; Guest of honor Joan Fontcberta<\/p>\n     <\/div><\/div>\n\t\n    <\/div>\n <div class='agenda-list-item-content'>\n  \n  \n  <div class='agenda-list-item-date-multiple'>\n    <h2>Joan Fontcuberta &#8211; Monsters<\/h2>\n  <p>25 March - 27 May 2023<\/p>\n    <p>Villa P\u00e9rochon<\/p>\n  <\/div>\n  \n<\/div>\n  <\/a>\n<\/div>\n\n\n\n\t\n\n     \n  <div class=agenda-list-item>\n  <a href=\"https:\/\/www.cacp-villaperochon.com\/en\/agenda\/photographers-in-residence-2023\/\">\n   <div class='agenda-list-item-visuel'>\n\n\t\n     \n  \n    \n    <div class='agenda-list-item-img' style='height:370px;background:url(https:\/\/www.cacp-villaperochon.com\/wp-content\/uploads\/2025\/12\/residents-vignette-agenda.jpg);background-size:cover ;background-repeat: no-repeat;background-position: center;'>\n      <div class=\"shadow-layer\">\n       <h2>Photographers in Residence 2023<\/h2>\n    <p class=\"excerpt\">At the heart of the Rencontres de la jeune photographie internationale is a unique Artist Residency.<\/p>\n     <\/div><\/div>\n\t\n    <\/div>\n <div class='agenda-list-item-content'>\n  \n  \n  <div class='agenda-list-item-date-multiple'>\n    <h2>Photographers in Residence 2023<\/h2>\n  <p>5 April - 25 May 2025<\/p>\n    <p>M\u00e9diath\u00e8que Pierre-Moinot<\/p>\n  <\/div>\n  \n<\/div>\n  <\/a>\n<\/div>\n\n\n\n\t\n                      <\/div>\n       <\/div>  \n\t\n\t\n\t\n\n\n\n      \n<\/div>\n<\/div>\n\n\n<div class=\"wp-block-uagb-advanced-heading uagb-block-a9832e3d\"><h2 class=\"uagb-heading-text\">Edition 2022<\/h2><\/div>\n\n\n\n<p>Guest of honor: Fran\u00e7ois Cheval<br\/>This edition featured the results of 2 RJPI residencies: 2021 (postponed due to Covid) and 2022.<\/p>\n\n\n<div class=\"wpv-view-output\" data-toolset-views-view-editor=\"059d25f4ae663393bc3aef7434f7da19\">\n<div class=\"wp-block-toolset-views-view-editor wpv-gutenberg-view-wrapper-1723\">\n\n\n\n\t\n\t\n<div class=\"agenda-list\">\n\n\t\n  \n<div class=\"agenda-list-wrapper agenda-list-wrapper-3\">\n\t\n             <span style=\"display:none\" class=\"js-wpv-dps-spinner search-gif\"><img decoding=\"async\" src=\"https:\/\/Villa-perochon:8890\/wp-content\/plugins\/toolset-blocks\/embedded\/res\/img\/ajax-loader4.svg\" alt=\"\" title=\"\">Chargement<\/span>\n\n\n     \n  <div class=agenda-list-item>\n  <a href=\"https:\/\/www.cacp-villaperochon.com\/en\/agenda\/karine-portal-reil-island\/\">\n   <div class='agenda-list-item-visuel'>\n\n\t\n     \n  \n    \n    <div class='agenda-list-item-img' style='height:370px;background:url(https:\/\/www.cacp-villaperochon.com\/wp-content\/uploads\/2025\/12\/portal-vignette-agenda.jpg);background-size:cover ;background-repeat: no-repeat;background-position: center;'>\n      <div class=\"shadow-layer\">\n       <h2>Karine Portal &#8211; Reil Island<\/h2>\n    <p class=\"excerpt\">Rencontres de la jeune photographie internationale 2022 Little is known about the island of Reil.<\/p>\n     <\/div><\/div>\n\t\n    <\/div>\n <div class='agenda-list-item-content'>\n  \n  \n  <div class='agenda-list-item-date-multiple'>\n    <h2>Karine Portal &#8211; Reil Island<\/h2>\n  <p>1 April - 28 May 2022<\/p>\n    <p>Galerie Desmettre<\/p>\n  <\/div>\n  \n<\/div>\n  <\/a>\n<\/div>\n\n\n\n\t\n\n     \n  <div class=agenda-list-item>\n  <a href=\"https:\/\/www.cacp-villaperochon.com\/en\/agenda\/brigitte-grignet-the-days-that-remain\/\">\n   <div class='agenda-list-item-visuel'>\n\n\t\n     \n  \n    \n    <div class='agenda-list-item-img' style='height:370px;background:url(https:\/\/www.cacp-villaperochon.com\/wp-content\/uploads\/2025\/12\/grignet-vignette-agenda.jpg);background-size:cover ;background-repeat: no-repeat;background-position: center;'>\n      <div class=\"shadow-layer\">\n       <h2>Brigitte Grignet &#8211; The days that remain<\/h2>\n    <p class=\"excerpt\">Rencontres de la jeune photographie internationale 2022 Brigitte Grignet is a photographer with a documentary approach based on personal relationships and emotion.<\/p>\n     <\/div><\/div>\n\t\n    <\/div>\n <div class='agenda-list-item-content'>\n  \n  \n  <div class='agenda-list-item-date-multiple'>\n    <h2>Brigitte Grignet &#8211; The days that remain<\/h2>\n  <p>1 April - 28 May 2022<\/p>\n    <p>M\u00e9diath\u00e8que Pierre-Moinot<\/p>\n  <\/div>\n  \n<\/div>\n  <\/a>\n<\/div>\n\n\n\n\t\n\n     \n  <div class=agenda-list-item>\n  <a href=\"https:\/\/www.cacp-villaperochon.com\/en\/agenda\/photographers-in-residence-2021\/\">\n   <div class='agenda-list-item-visuel'>\n\n\t\n     \n  \n    \n    <div class='agenda-list-item-img' style='height:370px;background:url(https:\/\/www.cacp-villaperochon.com\/wp-content\/uploads\/2025\/12\/residents21-vignette-agenda.jpg);background-size:cover ;background-repeat: no-repeat;background-position: center;'>\n      <div class=\"shadow-layer\">\n       <h2>Photographers in Residence 2021<\/h2>\n    <p class=\"excerpt\">At the heart of the Rencontres de la jeune photographie internationale is a unique Artist Residency.<\/p>\n     <\/div><\/div>\n\t\n    <\/div>\n <div class='agenda-list-item-content'>\n  \n  \n  <div class='agenda-list-item-date-multiple'>\n    <h2>Photographers in Residence 2021<\/h2>\n  <p>1 April - 28 May 2022<\/p>\n    <p>Pilori<\/p>\n  <\/div>\n  \n<\/div>\n  <\/a>\n<\/div>\n\n\n\n\t\n\n     \n  <div class=agenda-list-item>\n  <a href=\"https:\/\/www.cacp-villaperochon.com\/en\/agenda\/photographers-in-residence-2022\/\">\n   <div class='agenda-list-item-visuel'>\n\n\t\n     \n  \n    \n    <div class='agenda-list-item-img' style='height:370px;background:url(https:\/\/www.cacp-villaperochon.com\/wp-content\/uploads\/2025\/12\/resident22-vignette-agenda.jpg);background-size:cover ;background-repeat: no-repeat;background-position: center;'>\n      <div class=\"shadow-layer\">\n       <h2>Photographers in Residence 2022<\/h2>\n    <p class=\"excerpt\">At the heart of the Rencontres de la jeune photographie internationale is a unique Artist Residency.<\/p>\n     <\/div><\/div>\n\t\n    <\/div>\n <div class='agenda-list-item-content'>\n  \n  \n  <div class='agenda-list-item-date-multiple'>\n    <h2>Photographers in Residence 2022<\/h2>\n  <p>1 April - 28 May 2022<\/p>\n    <p>\u00celot Sauvage<\/p>\n  <\/div>\n  \n<\/div>\n  <\/a>\n<\/div>\n\n\n\n\t\n\n     \n  <div class=agenda-list-item>\n  <a href=\"https:\/\/www.cacp-villaperochon.com\/en\/agenda\/lesassocies-from-here-it-doesnt-seem-so-far-away\/\">\n   <div class='agenda-list-item-visuel'>\n\n\t\n     \n  \n    \n    <div class='agenda-list-item-img' style='height:370px;background:url(https:\/\/www.cacp-villaperochon.com\/wp-content\/uploads\/2025\/12\/associes-vignette-agenda.jpg);background-size:cover ;background-repeat: no-repeat;background-position: center;'>\n      <div class=\"shadow-layer\">\n       <h2>LesAssoci\u00e9s &#8211; From here, it doesn&#8217;t seem so far away<\/h2>\n    <p class=\"excerpt\">Rencontres de la jeune photographie internationale 2022 D&#8217;ici, \u00e7a ne parait pas si loin was produced by the LesAssoci\u00e9s collective throughout the&#8230;<\/p>\n     <\/div><\/div>\n\t\n    <\/div>\n <div class='agenda-list-item-content'>\n  \n  \n  <div class='agenda-list-item-date-multiple'>\n    <h2>LesAssoci\u00e9s &#8211; From here, it doesn&#8217;t seem so far away<\/h2>\n  <p>1 April - 28 May 2022<\/p>\n    <p>S\u00e9choir-Port Boinot<\/p>\n  <\/div>\n  \n<\/div>\n  <\/a>\n<\/div>\n\n\n\n\t\n\n     \n  <div class=agenda-list-item>\n  <a href=\"https:\/\/www.cacp-villaperochon.com\/en\/agenda\/missv-sandrine-rodrigues-le-temps-dune-lueur-light-at-work\/\">\n   <div class='agenda-list-item-visuel'>\n\n\t\n     \n  \n    \n    <div class='agenda-list-item-img' style='height:370px;background:url(https:\/\/www.cacp-villaperochon.com\/wp-content\/uploads\/2025\/12\/mechain-vignette-agenda.jpg);background-size:cover ;background-repeat: no-repeat;background-position: center;'>\n      <div class=\"shadow-layer\">\n       <h2>MissV \/ Sandrine Rodrigues &#8211; Le temps d&#8217;une lueur, light at work<\/h2>\n    <p class=\"excerpt\">Rencontres de la jeune photographie internationale 2022 Guest curator: Nicole Vitr\u00e9-M\u00e9chain, Maison Fran\u00e7ois M\u00e9chain<\/p>\n     <\/div><\/div>\n\t\n    <\/div>\n <div class='agenda-list-item-content'>\n  \n  \n  <div class='agenda-list-item-date-multiple'>\n    <h2>MissV \/ Sandrine Rodrigues &#8211; Le temps d&#8217;une lueur, light at work<\/h2>\n  <p>1 April - 28 May 2022<\/p>\n    <p>Pavillon Grappelli<\/p>\n  <\/div>\n  \n<\/div>\n  <\/a>\n<\/div>\n\n\n\n\t\n                      <\/div>\n       <\/div>  \n\t\n\t\n\t\n\n\n\n      \n<\/div>\n<\/div><\/div><\/div>\n","protected":false},"excerpt":{"rendered":"<p>Les Rencontres Past editions On this page, you&#8217;ll find exhibitions from previous editions of the Rencontres de la jeune photographie [&hellip;]<\/p>\n","protected":false},"author":1,"featured_media":0,"parent":4153,"menu_order":15,"comment_status":"closed","ping_status":"closed","template":"","meta":{"inline_featured_image":false,"_uag_custom_page_level_css":"","site-sidebar-layout":"default","site-content-layout":"","ast-site-content-layout":"default","site-content-style":"default","site-sidebar-style":"default","ast-global-header-display":"","ast-banner-title-visibility":"","ast-main-header-display":"","ast-hfb-above-header-display":"","ast-hfb-below-header-display":"","ast-hfb-mobile-header-display":"","site-post-title":"","ast-breadcrumbs-content":"","ast-featured-img":"","footer-sml-layout":"","ast-disable-related-posts":"","theme-transparent-header-meta":"","adv-header-id-meta":"","stick-header-meta":"","header-above-stick-meta":"","header-main-stick-meta":"","header-below-stick-meta":"","astra-migrate-meta-layouts":"default","ast-page-background-enabled":"default","ast-page-background-meta":{"desktop":{"background-color":"var(--ast-global-color-4)","background-image":"","background-repeat":"repeat","background-position":"center center","background-size":"auto","background-attachment":"scroll","background-type":"","background-media":"","overlay-type":"","overlay-color":"","overlay-opacity":"","overlay-gradient":""},"tablet":{"background-color":"","background-image":"","background-repeat":"repeat","background-position":"center center","background-size":"auto","background-attachment":"scroll","background-type":"","background-media":"","overlay-type":"","overlay-color":"","overlay-opacity":"","overlay-gradient":""},"mobile":{"background-color":"","background-image":"","background-repeat":"repeat","background-position":"center center","background-size":"auto","background-attachment":"scroll","background-type":"","background-media":"","overlay-type":"","overlay-color":"","overlay-opacity":"","overlay-gradient":""}},"ast-content-background-meta":{"desktop":{"background-color":"var(--ast-global-color-5)","background-image":"","background-repeat":"repeat","background-position":"center center","background-size":"auto","background-attachment":"scroll","background-type":"","background-media":"","overlay-type":"","overlay-color":"","overlay-opacity":"","overlay-gradient":""},"tablet":{"background-color":"var(--ast-global-color-5)","background-image":"","background-repeat":"repeat","background-position":"center center","background-size":"auto","background-attachment":"scroll","background-type":"","background-media":"","overlay-type":"","overlay-color":"","overlay-opacity":"","overlay-gradient":""},"mobile":{"background-color":"var(--ast-global-color-5)","background-image":"","background-repeat":"repeat","background-position":"center center","background-size":"auto","background-attachment":"scroll","background-type":"","background-media":"","overlay-type":"","overlay-color":"","overlay-opacity":"","overlay-gradient":""}},"footnotes":""},"class_list":["post-4128","page","type-page","status-publish","hentry"],"uagb_featured_image_src":{"full":false,"thumbnail":false,"medium":false,"medium_large":false,"large":false,"1536x1536":false,"2048x2048":false},"uagb_author_info":{"display_name":"admin","author_link":"https:\/\/www.cacp-villaperochon.com\/en\/author\/admin\/"},"uagb_comment_info":0,"uagb_excerpt":"Les Rencontres Past editions On this page, you&#8217;ll find exhibitions from previous editions of the Rencontres de la jeune photographie [&hellip;]","_links":{"self":[{"href":"https:\/\/www.cacp-villaperochon.com\/en\/wp-json\/wp\/v2\/pages\/4128","targetHints":{"allow":["GET"]}}],"collection":[{"href":"https:\/\/www.cacp-villaperochon.com\/en\/wp-json\/wp\/v2\/pages"}],"about":[{"href":"https:\/\/www.cacp-villaperochon.com\/en\/wp-json\/wp\/v2\/types\/page"}],"author":[{"embeddable":true,"href":"https:\/\/www.cacp-villaperochon.com\/en\/wp-json\/wp\/v2\/users\/1"}],"replies":[{"embeddable":true,"href":"https:\/\/www.cacp-villaperochon.com\/en\/wp-json\/wp\/v2\/comments?post=4128"}],"version-history":[{"count":1,"href":"https:\/\/www.cacp-villaperochon.com\/en\/wp-json\/wp\/v2\/pages\/4128\/revisions"}],"predecessor-version":[{"id":4132,"href":"https:\/\/www.cacp-villaperochon.com\/en\/wp-json\/wp\/v2\/pages\/4128\/revisions\/4132"}],"up":[{"embeddable":true,"href":"https:\/\/www.cacp-villaperochon.com\/en\/wp-json\/wp\/v2\/pages\/4153"}],"wp:attachment":[{"href":"https:\/\/www.cacp-villaperochon.com\/en\/wp-json\/wp\/v2\/media?parent=4128"}],"curies":[{"name":"wp","href":"https:\/\/api.w.org\/{rel}","templated":true}]}}