{"id":4104,"date":"2024-12-05T09:27:33","date_gmt":"2024-12-05T08:27:33","guid":{"rendered":"https:\/\/www.cacp-villaperochon.com\/with-you\/general-public\/"},"modified":"2026-03-30T15:44:30","modified_gmt":"2026-03-30T13:44:30","slug":"general-public","status":"publish","type":"page","link":"https:\/\/www.cacp-villaperochon.com\/en\/with-you\/general-public\/","title":{"rendered":"General public"},"content":{"rendered":"\n<div class=\"wp-block-uagb-container uagb-block-6003a4b4 alignfull uagb-is-root-container\">\n<div class=\"wp-block-uagb-container uagb-block-dbd701a0 alignfull uagb-is-root-container\"><div class=\"uagb-container-inner-blocks-wrap\">\n<header class=\"wp-block-uagb-advanced-heading uagb-block-85eb4338 spectra-gbs-titre-h1-pages1733832662531\"><h2 class=\"uagb-heading-text\">General public<\/h2><\/header>\n<\/div><\/div>\n<\/div>\n\n<div class=\"wp-block-uagb-container uagb-block-b66cc941 alignfull uagb-is-root-container\"><div class=\"uagb-container-inner-blocks-wrap\">\n<div class=\"wp-block-uagb-advanced-heading uagb-block-46bb5fa2\"><p class=\"uagb-heading-text\">Around the exhibitions, we offer meetings, guided tours, talks, performances&#8230; at the Villa P\u00e9rochon. Find out more about all our events open to the public, so many ways to meet the works and the photographers!   <\/p><\/div>\n\n\n<div class=\"wpv-view-output\" data-toolset-views-view-editor=\"e769addb92e27c33538388368ee153c6\">\n<div class=\"wp-block-toolset-views-view-editor wpv-gutenberg-view-wrapper-924\">\n\n\n\n\t\n\t\n\t\t<div class=\"agenda-list\">\n         \n          <div class=\"agenda-list-wrapper\">\n             <span style=\"display:none\" class=\"js-wpv-dps-spinner search-gif\"><img decoding=\"async\" src=\"https:\/\/Villa-perochon:8890\/wp-content\/plugins\/toolset-blocks\/embedded\/res\/img\/ajax-loader4.svg\" alt=\"\" title=\"\">Chargement<\/span>\n\n\n      <div class=agenda-list-item>\n  <a href=\"https:\/\/www.cacp-villaperochon.com\/en\/agenda\/visite-commentee-flash-elie-monferier-dana-cojbuc\/\">\n   <div class='agenda-list-item-visuel'>\n\n\t\n     \n  \n    \n    <div class='agenda-list-item-img' style='height:370px;background:url(https:\/\/www.cacp-villaperochon.com\/wp-content\/uploads\/2026\/02\/cojbuc-vignette-agenda.jpg);background-size:cover ;background-repeat: no-repeat;background-position: center;'>\n      <div class=\"shadow-layer\">\n       <h2>Visite comment\u00e9e FLASH &#8211; Elie Monferier &amp; Dana Cojbuc<\/h2>\n    <p class=\"excerpt\">Seul\u00b7es, entre ami\u00b7es ou en famille, les visites comment\u00e9es propos\u00e9es par l&#8217;\u00e9quipe de m\u00e9diation de la Villa P\u00e9rochon sont l\u00e0 pour vous&#8230;<\/p>\n     <\/div><\/div>\n\t\n    <\/div>\n <div class='agenda-list-item-content'>\n  \n <div class='agenda-list-item-date'>\n   <h2>Visite comment\u00e9e FLASH &#8211; Elie Monferier &amp; Dana Cojbuc<\/h2>\n  <span>30 April<\/span>\n     \n  <span> : 18:30<\/span>\n      \n  <\/div> \n  \n  \n<\/div>\n  <\/a>\n<\/div>\n\n\n\n\t\n\n      <div class=agenda-list-item>\n  <a href=\"https:\/\/www.cacp-villaperochon.com\/en\/agenda\/visite-commentee-parcours-enjeux-environnementaux\/\">\n   <div class='agenda-list-item-visuel'>\n\n\t\n     \n  \n    \n    <div class='agenda-list-item-img' style='height:370px;background:url(https:\/\/www.cacp-villaperochon.com\/wp-content\/uploads\/2026\/02\/eloy-vignette-agenda.jpg);background-size:cover ;background-repeat: no-repeat;background-position: center;'>\n      <div class=\"shadow-layer\">\n       <h2>Visites comment\u00e9es &#8211; Parcours \u00abEnjeux environnementaux\u00bb<\/h2>\n    <p class=\"excerpt\">Seul\u00b7es, entre ami\u00b7es ou en famille, les visites comment\u00e9es propos\u00e9es par l&#8217;\u00e9quipe de m\u00e9diation de la Villa P\u00e9rochon sont l\u00e0 pour vous&#8230;<\/p>\n     <\/div><\/div>\n\t\n    <\/div>\n <div class='agenda-list-item-content'>\n  \n <div class='agenda-list-item-date'>\n   <h2>Visites comment\u00e9es &#8211; Parcours \u00abEnjeux environnementaux\u00bb<\/h2>\n  <span>2 May<\/span>\n     \n  <span> : 14:00<\/span>\n      \n  <\/div> \n  \n  \n<\/div>\n  <\/a>\n<\/div>\n\n\n\n\t\n\n      <div class=agenda-list-item>\n  <a href=\"https:\/\/www.cacp-villaperochon.com\/en\/agenda\/visite-commentee-2-voix\/\">\n   <div class='agenda-list-item-visuel'>\n\n\t\n     \n  \n    \n    <div class='agenda-list-item-img' style='height:370px;background:url(https:\/\/www.cacp-villaperochon.com\/wp-content\/uploads\/2026\/02\/residents-vignette-agenda.jpg);background-size:cover ;background-repeat: no-repeat;background-position: center;'>\n      <div class=\"shadow-layer\">\n       <h2>Visite comment\u00e9e \u00e0 2 voix &#8211; Mus\u00e9e d&#8217;Agesci<\/h2>\n    <p class=\"excerpt\">Seul\u00b7es, entre ami\u00b7es ou en famille, les visites comment\u00e9es propos\u00e9es par l&#8217;\u00e9quipe de m\u00e9diation de la Villa P\u00e9rochon sont l\u00e0 pour vous&#8230;<\/p>\n     <\/div><\/div>\n\t\n    <\/div>\n <div class='agenda-list-item-content'>\n  \n <div class='agenda-list-item-date'>\n   <h2>Visite comment\u00e9e \u00e0 2 voix &#8211; Mus\u00e9e d&#8217;Agesci<\/h2>\n  <span>3 May<\/span>\n     \n  <span> : 15:00<\/span>\n      \n  <\/div> \n  \n  \n<\/div>\n  <\/a>\n<\/div>\n\n\n\n\t\n\n      <div class=agenda-list-item>\n  <a href=\"https:\/\/www.cacp-villaperochon.com\/en\/agenda\/visite-commentee-flash-gregoire-eloy\/\">\n   <div class='agenda-list-item-visuel'>\n\n\t\n     \n  \n    \n    <div class='agenda-list-item-img' style='height:370px;background:url(https:\/\/www.cacp-villaperochon.com\/wp-content\/uploads\/2026\/02\/eloy-vignette-agenda.jpg);background-size:cover ;background-repeat: no-repeat;background-position: center;'>\n      <div class=\"shadow-layer\">\n       <h2>Visite comment\u00e9e FLASH &#8211; Gr\u00e9goire Eloy<\/h2>\n    <p class=\"excerpt\">Seul\u00b7es, entre ami\u00b7es ou en famille, les visites comment\u00e9es propos\u00e9es par l&#8217;\u00e9quipe de m\u00e9diation de la Villa P\u00e9rochon sont l\u00e0 pour vous&#8230;<\/p>\n     <\/div><\/div>\n\t\n    <\/div>\n <div class='agenda-list-item-content'>\n  \n <div class='agenda-list-item-date'>\n   <h2>Visite comment\u00e9e FLASH &#8211; Gr\u00e9goire Eloy<\/h2>\n  <span>7 May<\/span>\n     \n  <span> : 18:30<\/span>\n      \n  <\/div> \n  \n  \n<\/div>\n  <\/a>\n<\/div>\n\n\n\n\t\n\n      <div class=agenda-list-item>\n  <a href=\"https:\/\/www.cacp-villaperochon.com\/en\/agenda\/visites-commentees-parcours-enjeux-environnementaux\/\">\n   <div class='agenda-list-item-visuel'>\n\n\t\n     \n  \n    \n    <div class='agenda-list-item-img' style='height:370px;background:url(https:\/\/www.cacp-villaperochon.com\/wp-content\/uploads\/2026\/02\/jeanne-vignette-agenda.jpg);background-size:cover ;background-repeat: no-repeat;background-position: center;'>\n      <div class=\"shadow-layer\">\n       <h2>Visites comment\u00e9es &#8211; Parcours \u00abEnjeux soci\u00e9taux\u00bb<\/h2>\n    <p class=\"excerpt\">Seul\u00b7es, entre ami\u00b7es ou en famille, les visites comment\u00e9es propos\u00e9es par l&#8217;\u00e9quipe de m\u00e9diation de la Villa P\u00e9rochon sont l\u00e0 pour vous&#8230;<\/p>\n     <\/div><\/div>\n\t\n    <\/div>\n <div class='agenda-list-item-content'>\n  \n <div class='agenda-list-item-date'>\n   <h2>Visites comment\u00e9es &#8211; Parcours \u00abEnjeux soci\u00e9taux\u00bb<\/h2>\n  <span>16 May<\/span>\n     \n  <span> : 14:00<\/span>\n      \n  <\/div> \n  \n  \n<\/div>\n  <\/a>\n<\/div>\n\n\n\n\t\n\n      <div class=agenda-list-item>\n  <a href=\"https:\/\/www.cacp-villaperochon.com\/en\/agenda\/visite-commentee-flash-georges-rousse\/\">\n   <div class='agenda-list-item-visuel'>\n\n\t\n     \n  \n    \n    <div class='agenda-list-item-img' style='height:370px;background:url(https:\/\/www.cacp-villaperochon.com\/wp-content\/uploads\/2026\/04\/rousse-vignette-agenda.jpg);background-size:cover ;background-repeat: no-repeat;background-position: center;'>\n      <div class=\"shadow-layer\">\n       <h2>Visite comment\u00e9e FLASH &#8211; Georges Rousse<\/h2>\n    <p class=\"excerpt\">Seul\u00b7es, entre ami\u00b7es ou en famille, les visites comment\u00e9es propos\u00e9es par l&#8217;\u00e9quipe de m\u00e9diation de la Villa P\u00e9rochon sont l\u00e0 pour vous&#8230;<\/p>\n     <\/div><\/div>\n\t\n    <\/div>\n <div class='agenda-list-item-content'>\n  \n <div class='agenda-list-item-date'>\n   <h2>Visite comment\u00e9e FLASH &#8211; Georges Rousse<\/h2>\n  <span>21 May<\/span>\n     \n  <span> : 18:30<\/span>\n      \n  <\/div> \n  \n  \n<\/div>\n  <\/a>\n<\/div>\n\n\n\n\t\n\n      <div class=agenda-list-item>\n  <a href=\"https:\/\/www.cacp-villaperochon.com\/en\/agenda\/visite-commentee-nuit-des-musees\/\">\n   <div class='agenda-list-item-visuel'>\n\n\t\n     \n  \n    \n    <div class='agenda-list-item-img' style='height:370px;background:url(https:\/\/www.cacp-villaperochon.com\/wp-content\/uploads\/2026\/02\/eloy-vignette-agenda.jpg);background-size:cover ;background-repeat: no-repeat;background-position: center;'>\n      <div class=\"shadow-layer\">\n       <h2>Nuit des mus\u00e9es &amp; Visites comment\u00e9es<\/h2>\n    <p class=\"excerpt\">Seul\u00b7es, entre ami\u00b7es ou en famille, les visites comment\u00e9es propos\u00e9es par l&#8217;\u00e9quipe de m\u00e9diation de la Villa P\u00e9rochon sont l\u00e0 pour vous&#8230;<\/p>\n     <\/div><\/div>\n\t\n    <\/div>\n <div class='agenda-list-item-content'>\n  \n <div class='agenda-list-item-date'>\n   <h2>Nuit des mus\u00e9es &amp; Visites comment\u00e9es<\/h2>\n  <span>23 May<\/span>\n     \n  <span> : 18:00<\/span>\n      \n  <\/div> \n  \n  \n<\/div>\n  <\/a>\n<\/div>\n\n\n\n\t\n\n      <div class=agenda-list-item>\n  <a href=\"https:\/\/www.cacp-villaperochon.com\/en\/agenda\/visite-commentee-flash-maxime-riche\/\">\n   <div class='agenda-list-item-visuel'>\n\n\t\n     \n  \n    \n    <div class='agenda-list-item-img' style='height:370px;background:url(https:\/\/www.cacp-villaperochon.com\/wp-content\/uploads\/2026\/02\/rcihe-vignette-agenda.jpg);background-size:cover ;background-repeat: no-repeat;background-position: center;'>\n      <div class=\"shadow-layer\">\n       <h2>Visite comment\u00e9e FLASH &#8211; Maxime Rich\u00e9<\/h2>\n    <p class=\"excerpt\">Seul\u00b7es, entre ami\u00b7es ou en famille, les visites comment\u00e9es propos\u00e9es par l&#8217;\u00e9quipe de m\u00e9diation de la Villa P\u00e9rochon sont l\u00e0 pour vous&#8230;<\/p>\n     <\/div><\/div>\n\t\n    <\/div>\n <div class='agenda-list-item-content'>\n  \n <div class='agenda-list-item-date'>\n   <h2>Visite comment\u00e9e FLASH &#8211; Maxime Rich\u00e9<\/h2>\n  <span>28 May<\/span>\n     \n  <span> : 18:30<\/span>\n      \n  <\/div> \n  \n  \n<\/div>\n  <\/a>\n<\/div>\n\n\n\n\t\n                      <\/div>\n       <\/div>  \n\t\n\t\n\t\n\n<\/div>\n<\/div><\/div><\/div>\n","protected":false},"excerpt":{"rendered":"<p>General public Around the exhibitions, we offer meetings, guided tours, talks, performances&#8230; at the Villa P\u00e9rochon. Find out more about [&hellip;]<\/p>\n","protected":false},"author":1,"featured_media":0,"parent":4097,"menu_order":20,"comment_status":"closed","ping_status":"closed","template":"","meta":{"inline_featured_image":false,"_uag_custom_page_level_css":"","site-sidebar-layout":"default","site-content-layout":"","ast-site-content-layout":"default","site-content-style":"default","site-sidebar-style":"default","ast-global-header-display":"","ast-banner-title-visibility":"","ast-main-header-display":"","ast-hfb-above-header-display":"","ast-hfb-below-header-display":"","ast-hfb-mobile-header-display":"","site-post-title":"","ast-breadcrumbs-content":"","ast-featured-img":"","footer-sml-layout":"","ast-disable-related-posts":"","theme-transparent-header-meta":"","adv-header-id-meta":"","stick-header-meta":"","header-above-stick-meta":"","header-main-stick-meta":"","header-below-stick-meta":"","astra-migrate-meta-layouts":"default","ast-page-background-enabled":"default","ast-page-background-meta":{"desktop":{"background-color":"var(--ast-global-color-4)","background-image":"","background-repeat":"repeat","background-position":"center center","background-size":"auto","background-attachment":"scroll","background-type":"","background-media":"","overlay-type":"","overlay-color":"","overlay-opacity":"","overlay-gradient":""},"tablet":{"background-color":"","background-image":"","background-repeat":"repeat","background-position":"center center","background-size":"auto","background-attachment":"scroll","background-type":"","background-media":"","overlay-type":"","overlay-color":"","overlay-opacity":"","overlay-gradient":""},"mobile":{"background-color":"","background-image":"","background-repeat":"repeat","background-position":"center center","background-size":"auto","background-attachment":"scroll","background-type":"","background-media":"","overlay-type":"","overlay-color":"","overlay-opacity":"","overlay-gradient":""}},"ast-content-background-meta":{"desktop":{"background-color":"var(--ast-global-color-5)","background-image":"","background-repeat":"repeat","background-position":"center center","background-size":"auto","background-attachment":"scroll","background-type":"","background-media":"","overlay-type":"","overlay-color":"","overlay-opacity":"","overlay-gradient":""},"tablet":{"background-color":"var(--ast-global-color-5)","background-image":"","background-repeat":"repeat","background-position":"center center","background-size":"auto","background-attachment":"scroll","background-type":"","background-media":"","overlay-type":"","overlay-color":"","overlay-opacity":"","overlay-gradient":""},"mobile":{"background-color":"var(--ast-global-color-5)","background-image":"","background-repeat":"repeat","background-position":"center center","background-size":"auto","background-attachment":"scroll","background-type":"","background-media":"","overlay-type":"","overlay-color":"","overlay-opacity":"","overlay-gradient":""}},"footnotes":""},"class_list":["post-4104","page","type-page","status-publish","hentry"],"uagb_featured_image_src":{"full":false,"thumbnail":false,"medium":false,"medium_large":false,"large":false,"1536x1536":false,"2048x2048":false},"uagb_author_info":{"display_name":"admin","author_link":"https:\/\/www.cacp-villaperochon.com\/en\/author\/admin\/"},"uagb_comment_info":0,"uagb_excerpt":"General public Around the exhibitions, we offer meetings, guided tours, talks, performances&#8230; at the Villa P\u00e9rochon. Find out more about [&hellip;]","_links":{"self":[{"href":"https:\/\/www.cacp-villaperochon.com\/en\/wp-json\/wp\/v2\/pages\/4104","targetHints":{"allow":["GET"]}}],"collection":[{"href":"https:\/\/www.cacp-villaperochon.com\/en\/wp-json\/wp\/v2\/pages"}],"about":[{"href":"https:\/\/www.cacp-villaperochon.com\/en\/wp-json\/wp\/v2\/types\/page"}],"author":[{"embeddable":true,"href":"https:\/\/www.cacp-villaperochon.com\/en\/wp-json\/wp\/v2\/users\/1"}],"replies":[{"embeddable":true,"href":"https:\/\/www.cacp-villaperochon.com\/en\/wp-json\/wp\/v2\/comments?post=4104"}],"version-history":[{"count":1,"href":"https:\/\/www.cacp-villaperochon.com\/en\/wp-json\/wp\/v2\/pages\/4104\/revisions"}],"predecessor-version":[{"id":4105,"href":"https:\/\/www.cacp-villaperochon.com\/en\/wp-json\/wp\/v2\/pages\/4104\/revisions\/4105"}],"up":[{"embeddable":true,"href":"https:\/\/www.cacp-villaperochon.com\/en\/wp-json\/wp\/v2\/pages\/4097"}],"wp:attachment":[{"href":"https:\/\/www.cacp-villaperochon.com\/en\/wp-json\/wp\/v2\/media?parent=4104"}],"curies":[{"name":"wp","href":"https:\/\/api.w.org\/{rel}","templated":true}]}}