{"id":4077,"date":"2024-12-10T16:40:19","date_gmt":"2024-12-10T15:40:19","guid":{"rendered":"https:\/\/www.cacp-villaperochon.com\/la-villa-perochon-centre-dart-contemporain-photographique-niort\/"},"modified":"2026-03-30T16:00:55","modified_gmt":"2026-03-30T14:00:55","slug":"la-villa-perochon-centre-dart-contemporain-photographique-niort","status":"publish","type":"page","link":"https:\/\/www.cacp-villaperochon.com\/en\/","title":{"rendered":"La Villa P\u00e9rochon &#8211; Centre d&#8217;art contemporain photographique &#8211; Niort"},"content":{"rendered":"\n<div class=\"wp-block-uagb-container uagb-block-0b36e2ca alignfull uagb-is-root-container\"><div class=\"uagb-container-inner-blocks-wrap\"><div class=\"wpv-view-output\" data-toolset-views-view-editor=\"fc7970bea5b6f0ae4d9e695ef476727b\">\n<div class=\"wp-block-toolset-views-view-editor wpv-gutenberg-view-wrapper-1151\">\n\n\n\n\t\n\n<div class=\"agenda-list\">\n<div class=\"agenda-list-wrapper agenda-list-wrapper-full\">\n             <span style=\"display:none\" class=\"js-wpv-dps-spinner search-gif\"><img decoding=\"async\" src=\"https:\/\/Villa-perochon:8890\/wp-content\/plugins\/toolset-blocks\/embedded\/res\/img\/ajax-loader4.svg\" alt=\"\" title=\"\">Chargement<\/span>\n<div class=\"swiper swiper-full-home\">\n  <div class=\"swiper-wrapper\">\n       \n\n\n      <div class='agenda-list-item swiper-slide'>\n  <a href=\"https:\/\/www.cacp-villaperochon.com\/en\/agenda\/rjpi-collectif-fusees-les-eaux-du-bord\/\">\n   <div class='agenda-list-item-visuel'>\n    <div class='agenda-list-item-img' style='height:660px;background:url(https:\/\/www.cacp-villaperochon.com\/wp-content\/uploads\/2026\/02\/fusees-banniere-agenda.jpg);background-size:cover ;background-repeat: no-repeat;background-position: center;'>\n      <div class=\"fix-layer\">\n       <h2>RJPI \/ Collectif Fus\u00e9es &#8211; Les Eaux du bord<\/h2>\n         \n  \n  <div class='agenda-list-item-date-multiple'> \n\n  <p>18 April &#8211; 31 May 2026<\/p>\n    <!-- <p>[types field='lieu'][\/types]<\/p> !-->\n  <\/div>\n  \n    <p class=\"excerpt\">In 2025, La Villa P\u00e9rochon invites the Fus\u00e9es collective for a unique residency aboard an electric barge. Aimed at a group of<\/p>\n     <\/div>\n     <\/div>\n\n\n     \n\n    <\/div>\n\n  <\/a>\n<\/div>\n\n\n\t\n\n      <div class='agenda-list-item swiper-slide'>\n  <a href=\"https:\/\/www.cacp-villaperochon.com\/en\/agenda\/rjpi-gregoire-eloy-third-nature\/\">\n   <div class='agenda-list-item-visuel'>\n    <div class='agenda-list-item-img' style='height:660px;background:url(https:\/\/www.cacp-villaperochon.com\/wp-content\/uploads\/2026\/02\/eloy-banniere-agenda.jpg);background-size:cover ;background-repeat: no-repeat;background-position: center;'>\n      <div class=\"fix-layer\">\n       <h2>RJPI \/ Gr\u00e9goire Eloy &#8211; Third nature<\/h2>\n         \n  \n  <div class='agenda-list-item-date-multiple'> \n\n  <p>18 April &#8211; 31 May 2026<\/p>\n    <!-- <p>[types field='lieu'][\/types]<\/p> !-->\n  <\/div>\n  \n    <p class=\"excerpt\">From the glaciers of the Pyrenees to the foreshore of Finist\u00e8re, the exhibition presents photographer Gr\u00e9goire Eloy&#8217;s exploration of geological, forest and<\/p>\n     <\/div>\n     <\/div>\n\n\n     \n\n    <\/div>\n\n  <\/a>\n<\/div>\n\n\n\t\n\n      <div class='agenda-list-item swiper-slide'>\n  <a href=\"https:\/\/www.cacp-villaperochon.com\/en\/agenda\/rjpi-maxime-riche-metaformance\/\">\n   <div class='agenda-list-item-visuel'>\n    <div class='agenda-list-item-img' style='height:660px;background:url(https:\/\/www.cacp-villaperochon.com\/wp-content\/uploads\/2026\/02\/riche-banniere-agenda.jpg);background-size:cover ;background-repeat: no-repeat;background-position: center;'>\n      <div class=\"fix-layer\">\n       <h2>RJPI \/ Maxime Rich\u00e9 &#8211; M\u00e9taformance<\/h2>\n         \n  \n  <div class='agenda-list-item-date-multiple'> \n\n  <p>18 April &#8211; 31 May 2026<\/p>\n    <!-- <p>[types field='lieu'][\/types]<\/p> !-->\n  <\/div>\n  \n    <p class=\"excerpt\">M\u00e9taformance invites us to explore this inner landscape, our quest to go ever higher, through the symbol of ascent and performance: climbing.<\/p>\n     <\/div>\n     <\/div>\n\n\n     \n\n    <\/div>\n\n  <\/a>\n<\/div>\n\n\n\t\n\n      <div class='agenda-list-item swiper-slide'>\n  <a href=\"https:\/\/www.cacp-villaperochon.com\/en\/agenda\/rjpi-elie-monferier-journal-des-mines\/\">\n   <div class='agenda-list-item-visuel'>\n    <div class='agenda-list-item-img' style='height:660px;background:url(https:\/\/www.cacp-villaperochon.com\/wp-content\/uploads\/2026\/02\/elie-banniere-agenda.jpg);background-size:cover ;background-repeat: no-repeat;background-position: center;'>\n      <div class=\"fix-layer\">\n       <h2>RJPI \/ Elie Monferier &#8211; Journal des Mines<\/h2>\n         \n  \n  <div class='agenda-list-item-date-multiple'> \n\n  <p>18 April &#8211; 31 May 2026<\/p>\n    <!-- <p>[types field='lieu'][\/types]<\/p> !-->\n  <\/div>\n  \n    <p class=\"excerpt\">Journal des Mines is a photographic study of the historical, social and environmental impact of mining in Ari\u00e8ge.<\/p>\n     <\/div>\n     <\/div>\n\n\n     \n\n    <\/div>\n\n  <\/a>\n<\/div>\n\n\n\t\n    \t\n\n                      <\/div>\n       <\/div>  \n<\/div>\n\n      <div class=\"swiper-pagination-full\"><\/div>\n\n  <\/div>\n\n\t\n\t\n\n<\/div>\n<\/div><\/div><\/div>\n\n<div class=\"wp-block-uagb-container uagb-block-fa03bbfa alignfull uagb-is-root-container\"><div class=\"uagb-container-inner-blocks-wrap\">\n<div class=\"wp-block-uagb-container swiper-rjpi-container agenda-list-slider uagb-block-f7ea2535 alignfull uagb-is-root-container\"><div class=\"uagb-container-inner-blocks-wrap\">\n<div class=\"wp-block-uagb-advanced-heading uagb-block-b0a44478\"><h2 class=\"uagb-heading-text\"><strong>RJPI<\/strong> <br\/>exhibitions<\/h2><\/div>\n\n\n<div class=\"wpv-view-output\" data-toolset-views-view-editor=\"9a68cc9ded2b7347cb3d7e3a80c3dc38\">\n<div class=\"wp-block-toolset-views-view-editor wpv-gutenberg-view-wrapper-960\">\n\n\n\n\t\n\n<div class=\"agenda-list\">\n\n             <span style=\"display:none\" class=\"js-wpv-dps-spinner search-gif\"><img decoding=\"async\" src=\"https:\/\/Villa-perochon:8890\/wp-content\/plugins\/toolset-blocks\/embedded\/res\/img\/ajax-loader4.svg\" alt=\"\" title=\"\">Chargement<\/span>\n<div class=\"swiper swiper-rjpi\">\n  <div class=\"swiper-wrapper\">\n       \n\n\n      <div class='agenda-list-item swiper-slide'>\n  <a href=\"https:\/\/www.cacp-villaperochon.com\/en\/agenda\/rjpi-elie-monferier-journal-des-mines\/\">\n   <div class='agenda-list-item-visuel'>\n\n\n\t\n     \n  \n    <div class='agenda-list-item-img' style='height:360px;background:url(https:\/\/www.cacp-villaperochon.com\/wp-content\/uploads\/2026\/02\/elie-vignette-agenda.jpg);background-size:cover ;background-repeat: no-repeat;background-position: center;'>\n      <div class=\"shadow-layer\">\n       <h2>RJPI \/ Elie Monferier &#8211; Journal des Mines<\/h2>\n    <p class=\"excerpt\">Journal des Mines is a photographic study of the historical, social and environmental impact of mining in Ari\u00e8ge.<\/p>\n     <\/div><\/div>\n     \n\t\n    <\/div>\n <div class='agenda-list-item-content'>\n  \n  \n  <div class='agenda-list-item-date-multiple'> \n    <h2>RJPI \/ Elie Monferier &#8211; Journal des Mines<\/h2>\n  <p>18 April &#8211; 31 May 2026<\/p>\n    <p>Pilori<\/p>\n  <\/div>\n  \n<\/div>\n  <\/a>\n<\/div>\n\n\n\t\n\n      <div class='agenda-list-item swiper-slide'>\n  <a href=\"https:\/\/www.cacp-villaperochon.com\/en\/agenda\/rjpi-dana-cojbuc-drawn-landscapes\/\">\n   <div class='agenda-list-item-visuel'>\n\n\n\t\n     \n  \n    <div class='agenda-list-item-img' style='height:360px;background:url(https:\/\/www.cacp-villaperochon.com\/wp-content\/uploads\/2026\/02\/cojbuc-vignette-agenda.jpg);background-size:cover ;background-repeat: no-repeat;background-position: center;'>\n      <div class=\"shadow-layer\">\n       <h2>RJPI \/ Dana Cojbuc &#8211; Drawn landscapes<\/h2>\n    <p class=\"excerpt\">This new exhibition offers a transversal vision of Dana Cojbuc&#8217;s work, with extracts from several series that are emblematic of her artistic<\/p>\n     <\/div><\/div>\n     \n\t\n    <\/div>\n <div class='agenda-list-item-content'>\n  \n  \n  <div class='agenda-list-item-date-multiple'> \n    <h2>RJPI \/ Dana Cojbuc &#8211; Drawn landscapes<\/h2>\n  <p>18 April &#8211; 31 May 2026<\/p>\n    <p>Pilori<\/p>\n  <\/div>\n  \n<\/div>\n  <\/a>\n<\/div>\n\n\n\t\n\n      <div class='agenda-list-item swiper-slide'>\n  <a href=\"https:\/\/www.cacp-villaperochon.com\/en\/agenda\/rjpi-georges-rousse-geometries\/\">\n   <div class='agenda-list-item-visuel'>\n\n\n\t\n     \n  \n    <div class='agenda-list-item-img' style='height:360px;background:url(https:\/\/www.cacp-villaperochon.com\/wp-content\/uploads\/2026\/04\/rousse-vignette-agenda.jpg);background-size:cover ;background-repeat: no-repeat;background-position: center;'>\n      <div class=\"shadow-layer\">\n       <h2>RJPI \/ Georges Rousse &#8211; Geometries<\/h2>\n    <p class=\"excerpt\">Georges Rousse takes over the smallest house in Niort for a unique pictorial work.<\/p>\n     <\/div><\/div>\n     \n\t\n    <\/div>\n <div class='agenda-list-item-content'>\n  \n  \n  <div class='agenda-list-item-date-multiple'> \n    <h2>RJPI \/ Georges Rousse &#8211; Geometries<\/h2>\n  <p>18 April &#8211; 31 May 2026<\/p>\n    <p>Maison \u00abgaufrette\u00bb<\/p>\n  <\/div>\n  \n<\/div>\n  <\/a>\n<\/div>\n\n\n\t\n\n      <div class='agenda-list-item swiper-slide'>\n  <a href=\"https:\/\/www.cacp-villaperochon.com\/en\/agenda\/rjpi-photographers-in-residence-2026\/\">\n   <div class='agenda-list-item-visuel'>\n\n\n\t\n     \n  \n    <div class='agenda-list-item-img' style='height:360px;background:url(https:\/\/www.cacp-villaperochon.com\/wp-content\/uploads\/2026\/02\/residents-vignette-agenda.jpg);background-size:cover ;background-repeat: no-repeat;background-position: center;'>\n      <div class=\"shadow-layer\">\n       <h2>RJPI \/ Photographers in Residence 2026<\/h2>\n    <p class=\"excerpt\">At the heart of the Rencontres de la jeune photographie internationale is a unique Artist Residency.<\/p>\n     <\/div><\/div>\n     \n\t\n    <\/div>\n <div class='agenda-list-item-content'>\n  \n  \n  <div class='agenda-list-item-date-multiple'> \n    <h2>RJPI \/ Photographers in Residence 2026<\/h2>\n  <p>18 April &#8211; 31 May 2026<\/p>\n    <p>Mus\u00e9e Bernard d'Agesci<\/p>\n  <\/div>\n  \n<\/div>\n  <\/a>\n<\/div>\n\n\n\t\n\n      <div class='agenda-list-item swiper-slide'>\n  <a href=\"https:\/\/www.cacp-villaperochon.com\/en\/agenda\/rjpi-alexa-brunet-are-we-alone-in-the-universe\/\">\n   <div class='agenda-list-item-visuel'>\n\n\n\t\n     \n  \n    <div class='agenda-list-item-img' style='height:360px;background:url(https:\/\/www.cacp-villaperochon.com\/wp-content\/uploads\/2026\/02\/brunet-vignette-agenda.jpg);background-size:cover ;background-repeat: no-repeat;background-position: center;'>\n      <div class=\"shadow-layer\">\n       <h2>RJPI \/ Alexa Brunet &#8211; Are we alone (in the universe)?<\/h2>\n    <p class=\"excerpt\">In this original tale of Art &amp; Science, a photographer and two scientists explore the very existence of possible extraterrestrial life, its<\/p>\n     <\/div><\/div>\n     \n\t\n    <\/div>\n <div class='agenda-list-item-content'>\n  \n  \n  <div class='agenda-list-item-date-multiple'> \n    <h2>RJPI \/ Alexa Brunet &#8211; Are we alone (in the universe)?<\/h2>\n  <p>18 April &#8211; 31 May 2026<\/p>\n    <p>M\u00e9diath\u00e8que Pierre-Moinot<\/p>\n  <\/div>\n  \n<\/div>\n  <\/a>\n<\/div>\n\n\n\t\n\n      <div class='agenda-list-item swiper-slide'>\n  <a href=\"https:\/\/www.cacp-villaperochon.com\/en\/agenda\/rjpi-jeanne-lucas-niort-youth-2\/\">\n   <div class='agenda-list-item-visuel'>\n\n\n\t\n     \n  \n    <div class='agenda-list-item-img' style='height:360px;background:url(https:\/\/www.cacp-villaperochon.com\/wp-content\/uploads\/2026\/02\/jeanne-vignette-agenda.jpg);background-size:cover ;background-repeat: no-repeat;background-position: center;'>\n      <div class=\"shadow-layer\">\n       <h2>RJPI \/ Jeanne Lucas &#8211; Niort youth #2<\/h2>\n    <p class=\"excerpt\">This exhibition is the second chapter in a saga that began in 2025, when Philippe Guionie gave Jeanne Lucas carte blanche over<\/p>\n     <\/div><\/div>\n     \n\t\n    <\/div>\n <div class='agenda-list-item-content'>\n  \n  \n  <div class='agenda-list-item-date-multiple'> \n    <h2>RJPI \/ Jeanne Lucas &#8211; Niort youth #2<\/h2>\n  <p>18 April &#8211; 31 May 2026<\/p>\n    <p>Jardin de la Villa P\u00e9rochon<\/p>\n  <\/div>\n  \n<\/div>\n  <\/a>\n<\/div>\n\n\n\t\n\n      <div class='agenda-list-item swiper-slide'>\n  <a href=\"https:\/\/www.cacp-villaperochon.com\/en\/agenda\/rjpi-collectif-fusees-les-eaux-du-bord\/\">\n   <div class='agenda-list-item-visuel'>\n\n\n\t\n     \n  \n    <div class='agenda-list-item-img' style='height:360px;background:url(https:\/\/www.cacp-villaperochon.com\/wp-content\/uploads\/2026\/02\/fusees-vignette-agenda.jpg);background-size:cover ;background-repeat: no-repeat;background-position: center;'>\n      <div class=\"shadow-layer\">\n       <h2>RJPI \/ Collectif Fus\u00e9es &#8211; Les Eaux du bord<\/h2>\n    <p class=\"excerpt\">In 2025, La Villa P\u00e9rochon invites the Fus\u00e9es collective for a unique residency aboard an electric barge. Aimed at a group of<\/p>\n     <\/div><\/div>\n     \n\t\n    <\/div>\n <div class='agenda-list-item-content'>\n  \n  \n  <div class='agenda-list-item-date-multiple'> \n    <h2>RJPI \/ Collectif Fus\u00e9es &#8211; Les Eaux du bord<\/h2>\n  <p>18 April &#8211; 31 May 2026<\/p>\n    <p>S\u00e9choir-Port Boinot<\/p>\n  <\/div>\n  \n<\/div>\n  <\/a>\n<\/div>\n\n\n\t\n\n      <div class='agenda-list-item swiper-slide'>\n  <a href=\"https:\/\/www.cacp-villaperochon.com\/en\/agenda\/rjpi-gregoire-eloy-third-nature\/\">\n   <div class='agenda-list-item-visuel'>\n\n\n\t\n     \n  \n    <div class='agenda-list-item-img' style='height:360px;background:url(https:\/\/www.cacp-villaperochon.com\/wp-content\/uploads\/2026\/02\/eloy-vignette-agenda.jpg);background-size:cover ;background-repeat: no-repeat;background-position: center;'>\n      <div class=\"shadow-layer\">\n       <h2>RJPI \/ Gr\u00e9goire Eloy &#8211; Third nature<\/h2>\n    <p class=\"excerpt\">From the glaciers of the Pyrenees to the foreshore of Finist\u00e8re, the exhibition presents photographer Gr\u00e9goire Eloy&#8217;s exploration of geological, forest and<\/p>\n     <\/div><\/div>\n     \n\t\n    <\/div>\n <div class='agenda-list-item-content'>\n  \n  \n  <div class='agenda-list-item-date-multiple'> \n    <h2>RJPI \/ Gr\u00e9goire Eloy &#8211; Third nature<\/h2>\n  <p>18 April &#8211; 31 May 2026<\/p>\n    <p>Villa P\u00e9rochon<\/p>\n  <\/div>\n  \n<\/div>\n  <\/a>\n<\/div>\n\n\n\t\n\n      <div class='agenda-list-item swiper-slide'>\n  <a href=\"https:\/\/www.cacp-villaperochon.com\/en\/agenda\/rjpi-maxime-riche-metaformance\/\">\n   <div class='agenda-list-item-visuel'>\n\n\n\t\n     \n  \n    <div class='agenda-list-item-img' style='height:360px;background:url(https:\/\/www.cacp-villaperochon.com\/wp-content\/uploads\/2026\/02\/rcihe-vignette-agenda.jpg);background-size:cover ;background-repeat: no-repeat;background-position: center;'>\n      <div class=\"shadow-layer\">\n       <h2>RJPI \/ Maxime Rich\u00e9 &#8211; M\u00e9taformance<\/h2>\n    <p class=\"excerpt\">M\u00e9taformance invites us to explore this inner landscape, our quest to go ever higher, through the symbol of ascent and performance: climbing.<\/p>\n     <\/div><\/div>\n     \n\t\n    <\/div>\n <div class='agenda-list-item-content'>\n  \n  \n  <div class='agenda-list-item-date-multiple'> \n    <h2>RJPI \/ Maxime Rich\u00e9 &#8211; M\u00e9taformance<\/h2>\n  <p>18 April &#8211; 31 May 2026<\/p>\n    <p>Pavillon Grappelli<\/p>\n  <\/div>\n  \n<\/div>\n  <\/a>\n<\/div>\n\n\n\t\n    \t\n                      <\/div>\n\n       <\/div>  \n  \n\n<\/div>\n\n    <div class=\"swiper-pagination\"><\/div>\n\n  <div class=\"swiper-button-prev\"><\/div>\n  <div class=\"swiper-button-next\"><\/div>\n  <\/div>\n\n\t\n\t\n\n<\/div>\n<\/div><\/div><\/div>\n<\/div><\/div>\n\n<div class=\"wp-block-uagb-container uagb-block-48e516c4 alignfull uagb-is-root-container\"><div class=\"uagb-container-inner-blocks-wrap\">\n<div class=\"wp-block-uagb-advanced-heading uagb-block-8bd33635\"><h2 class=\"uagb-heading-text\">Upcoming <strong>events<\/strong> <br\/><\/h2><\/div>\n\n\n<div class=\"wpv-view-output\" data-toolset-views-view-editor=\"76687f1c3f84d1ac4b7e2b678cda421a\">\n<div class=\"wp-block-toolset-views-view-editor wpv-gutenberg-view-wrapper-693\">\n\n\n\n\t\n\t\n\t\t<div class=\"agenda-list\">\n         \n          <div class=\"agenda-list-wrapper\">\n             <span style=\"display:none\" class=\"js-wpv-dps-spinner search-gif\"><img decoding=\"async\" src=\"https:\/\/Villa-perochon:8890\/wp-content\/plugins\/toolset-blocks\/embedded\/res\/img\/ajax-loader4.svg\" alt=\"\" title=\"\">Chargement<\/span>\n\n\n      <div class=agenda-list-item>\n  <a href=\"https:\/\/www.cacp-villaperochon.com\/en\/agenda\/visite-commentee-flash-elie-monferier-dana-cojbuc\/\">\n   <div class='agenda-list-item-visuel'>\n\n\t\n     \n  \n    \n    <div class='agenda-list-item-img' style='height:370px;background:url(https:\/\/www.cacp-villaperochon.com\/wp-content\/uploads\/2026\/02\/cojbuc-vignette-agenda.jpg);background-size:cover ;background-repeat: no-repeat;background-position: center;'>\n      <div class=\"shadow-layer\">\n       <h2>Visite comment\u00e9e FLASH &#8211; Elie Monferier &amp; Dana Cojbuc<\/h2>\n    <p class=\"excerpt\">Seul\u00b7es, entre ami\u00b7es ou en famille, les visites comment\u00e9es propos\u00e9es par l&#8217;\u00e9quipe de m\u00e9diation de la Villa P\u00e9rochon sont l\u00e0 pour vous&#8230;<\/p>\n     <\/div><\/div>\n\t\n    <\/div>\n <div class='agenda-list-item-content'>\n  \n <div class='agenda-list-item-date'>\n   <h2>Visite comment\u00e9e FLASH &#8211; Elie Monferier &amp; Dana Cojbuc<\/h2>\n  <span>30 April<\/span>\n     \n  <span> : 18:30<\/span>\n      \n  <\/div> \n  \n  \n<\/div>\n  <\/a>\n<\/div>\n\n\n\n\t\n\n      <div class=agenda-list-item>\n  <a href=\"https:\/\/www.cacp-villaperochon.com\/en\/agenda\/visite-commentee-parcours-enjeux-environnementaux\/\">\n   <div class='agenda-list-item-visuel'>\n\n\t\n     \n  \n    \n    <div class='agenda-list-item-img' style='height:370px;background:url(https:\/\/www.cacp-villaperochon.com\/wp-content\/uploads\/2026\/02\/eloy-vignette-agenda.jpg);background-size:cover ;background-repeat: no-repeat;background-position: center;'>\n      <div class=\"shadow-layer\">\n       <h2>Visites comment\u00e9es &#8211; Parcours \u00abEnjeux environnementaux\u00bb<\/h2>\n    <p class=\"excerpt\">Seul\u00b7es, entre ami\u00b7es ou en famille, les visites comment\u00e9es propos\u00e9es par l&#8217;\u00e9quipe de m\u00e9diation de la Villa P\u00e9rochon sont l\u00e0 pour vous&#8230;<\/p>\n     <\/div><\/div>\n\t\n    <\/div>\n <div class='agenda-list-item-content'>\n  \n <div class='agenda-list-item-date'>\n   <h2>Visites comment\u00e9es &#8211; Parcours \u00abEnjeux environnementaux\u00bb<\/h2>\n  <span>2 May<\/span>\n     \n  <span> : 14:00<\/span>\n      \n  <\/div> \n  \n  \n<\/div>\n  <\/a>\n<\/div>\n\n\n\n\t\n\n      <div class=agenda-list-item>\n  <a href=\"https:\/\/www.cacp-villaperochon.com\/en\/agenda\/visite-commentee-2-voix\/\">\n   <div class='agenda-list-item-visuel'>\n\n\t\n     \n  \n    \n    <div class='agenda-list-item-img' style='height:370px;background:url(https:\/\/www.cacp-villaperochon.com\/wp-content\/uploads\/2026\/02\/residents-vignette-agenda.jpg);background-size:cover ;background-repeat: no-repeat;background-position: center;'>\n      <div class=\"shadow-layer\">\n       <h2>Visite comment\u00e9e \u00e0 2 voix &#8211; Mus\u00e9e d&#8217;Agesci<\/h2>\n    <p class=\"excerpt\">Seul\u00b7es, entre ami\u00b7es ou en famille, les visites comment\u00e9es propos\u00e9es par l&#8217;\u00e9quipe de m\u00e9diation de la Villa P\u00e9rochon sont l\u00e0 pour vous&#8230;<\/p>\n     <\/div><\/div>\n\t\n    <\/div>\n <div class='agenda-list-item-content'>\n  \n <div class='agenda-list-item-date'>\n   <h2>Visite comment\u00e9e \u00e0 2 voix &#8211; Mus\u00e9e d&#8217;Agesci<\/h2>\n  <span>3 May<\/span>\n     \n  <span> : 15:00<\/span>\n      \n  <\/div> \n  \n  \n<\/div>\n  <\/a>\n<\/div>\n\n\n\n\t\n\n      <div class=agenda-list-item>\n  <a href=\"https:\/\/www.cacp-villaperochon.com\/en\/agenda\/visite-commentee-flash-gregoire-eloy\/\">\n   <div class='agenda-list-item-visuel'>\n\n\t\n     \n  \n    \n    <div class='agenda-list-item-img' style='height:370px;background:url(https:\/\/www.cacp-villaperochon.com\/wp-content\/uploads\/2026\/02\/eloy-vignette-agenda.jpg);background-size:cover ;background-repeat: no-repeat;background-position: center;'>\n      <div class=\"shadow-layer\">\n       <h2>Visite comment\u00e9e FLASH &#8211; Gr\u00e9goire Eloy<\/h2>\n    <p class=\"excerpt\">Seul\u00b7es, entre ami\u00b7es ou en famille, les visites comment\u00e9es propos\u00e9es par l&#8217;\u00e9quipe de m\u00e9diation de la Villa P\u00e9rochon sont l\u00e0 pour vous&#8230;<\/p>\n     <\/div><\/div>\n\t\n    <\/div>\n <div class='agenda-list-item-content'>\n  \n <div class='agenda-list-item-date'>\n   <h2>Visite comment\u00e9e FLASH &#8211; Gr\u00e9goire Eloy<\/h2>\n  <span>7 May<\/span>\n     \n  <span> : 18:30<\/span>\n      \n  <\/div> \n  \n  \n<\/div>\n  <\/a>\n<\/div>\n\n\n\n\t\n\n      <div class=agenda-list-item>\n  <a href=\"https:\/\/www.cacp-villaperochon.com\/en\/agenda\/visites-commentees-parcours-enjeux-environnementaux\/\">\n   <div class='agenda-list-item-visuel'>\n\n\t\n     \n  \n    \n    <div class='agenda-list-item-img' style='height:370px;background:url(https:\/\/www.cacp-villaperochon.com\/wp-content\/uploads\/2026\/02\/jeanne-vignette-agenda.jpg);background-size:cover ;background-repeat: no-repeat;background-position: center;'>\n      <div class=\"shadow-layer\">\n       <h2>Visites comment\u00e9es &#8211; Parcours \u00abEnjeux soci\u00e9taux\u00bb<\/h2>\n    <p class=\"excerpt\">Seul\u00b7es, entre ami\u00b7es ou en famille, les visites comment\u00e9es propos\u00e9es par l&#8217;\u00e9quipe de m\u00e9diation de la Villa P\u00e9rochon sont l\u00e0 pour vous&#8230;<\/p>\n     <\/div><\/div>\n\t\n    <\/div>\n <div class='agenda-list-item-content'>\n  \n <div class='agenda-list-item-date'>\n   <h2>Visites comment\u00e9es &#8211; Parcours \u00abEnjeux soci\u00e9taux\u00bb<\/h2>\n  <span>16 May<\/span>\n     \n  <span> : 14:00<\/span>\n      \n  <\/div> \n  \n  \n<\/div>\n  <\/a>\n<\/div>\n\n\n\n\t\n\n      <div class=agenda-list-item>\n  <a href=\"https:\/\/www.cacp-villaperochon.com\/en\/agenda\/formation-diagonal-strengthen-and-enhance-your-approach-as-an-author-photographer-2\/\">\n   <div class='agenda-list-item-visuel'>\n\n\t\n     \n  \n    \n    <div class='agenda-list-item-img' style='height:370px;background:url(https:\/\/www.cacp-villaperochon.com\/wp-content\/uploads\/2025\/09\/workshop-diagonal-gabarit-vignette-agenda.jpg);background-size:cover ;background-repeat: no-repeat;background-position: center;'>\n      <div class=\"shadow-layer\">\n       <h2>Formation Diagonal &#8211; Strengthen and enhance your approach as an author-photographer<\/h2>\n    <p class=\"excerpt\">TrainingStrengthen and enhance your approach as a photographer From 18 May To 20 May La Villa P\u00e9rochon hosts the &#8220;Conforter et valoriser&#8230;<\/p>\n     <\/div><\/div>\n\t\n    <\/div>\n <div class='agenda-list-item-content'>\n  \n  \n  <div class='agenda-list-item-date-multiple'>\n    <h2>Formation Diagonal &#8211; Strengthen and enhance your approach as an author-photographer<\/h2>\n  <p>18 May - 20 May 2026<\/p>\n    <p>Villa P\u00e9rochon<\/p>\n  <\/div>\n  \n<\/div>\n  <\/a>\n<\/div>\n\n\n\n\t\n                      <\/div>\n       <\/div>\n\n\t\n\t\n\t\n\n<\/div>\n<\/div>\n\n\n<div class=\"wp-block-uagb-buttons uagb-buttons__outer-wrap uagb-btn__default-btn uagb-btn-tablet__default-btn uagb-btn-mobile__default-btn uagb-block-ccafccbf\"><div class=\"uagb-buttons__wrap uagb-buttons-layout-wrap \">\n<div class=\"wp-block-uagb-buttons-child uagb-buttons__outer-wrap uagb-block-57c83290 wp-block-button\"><div class=\"uagb-button__wrapper\"><a class=\"uagb-buttons-repeater wp-block-button__link\" aria-label=\"\" href=\"\/agenda\" rel=\"follow noopener\" target=\"_self\" role=\"button\"><div class=\"uagb-button__link\">See more<\/div><\/a><\/div><\/div>\n<\/div><\/div>\n<\/div><\/div>\n\n<div class=\"wp-block-uagb-container uagb-block-4eb925cd alignfull uagb-is-root-container\"><div class=\"uagb-container-inner-blocks-wrap\">\n<div class=\"wp-block-uagb-container uagb-block-70505ba7 alignfull uagb-is-root-container\"><div class=\"uagb-container-inner-blocks-wrap\"><\/div><\/div>\n\n\n\n<div class=\"wp-block-uagb-container uagb-block-c77c7b1e default uagb-is-root-container\">\n<div class=\"wp-block-uagb-advanced-heading uagb-block-83d43093\"><h2 class=\"uagb-heading-text\">Art library<\/h2><\/div>\n\n\n\n<div class=\"wp-block-uagb-container uagb-block-0956380c\">\n<div class=\"wp-block-uagb-advanced-heading uagb-block-fded0655\"><p class=\"uagb-heading-text\">The Villa P\u00e9rochon is a center for contemporary photographic art in Niort (Deux-S\u00e8vres, France). It organizes the Rencontres de la jeune photographie internationale and the Prix Photographie et Sciences. Since its creation, the Rencontres de la jeune photographie internationale has welcomed photographers each year for a unique creative residency. At the end of the residency, the works created are kept by the Villa P\u00e9rochon, constituting a unique photographic collection.     <\/p><\/div>\n\n\n\n<div class=\"wp-block-uagb-buttons uagb-buttons__outer-wrap uagb-btn__default-btn uagb-btn-tablet__default-btn uagb-btn-mobile__default-btn uagb-block-51761cb8\"><div class=\"uagb-buttons__wrap uagb-buttons-layout-wrap \">\n<div class=\"wp-block-uagb-buttons-child uagb-buttons__outer-wrap uagb-block-3cf2a5cf wp-block-button\"><div class=\"uagb-button__wrapper\"><a class=\"uagb-buttons-repeater wp-block-button__link\" aria-label=\"\" href=\"https:\/\/artotheque.cacp-villaperochon.com\/\" rel=\"follow noopener\" target=\"_blank\" role=\"button\"><div class=\"uagb-button__link\">Access to the art library<\/div><\/a><\/div><\/div>\n<\/div><\/div>\n<\/div>\n<\/div>\n<\/div><\/div>\n","protected":false},"excerpt":{"rendered":"<p>RJPI exhibitions Upcoming events Art library The Villa P\u00e9rochon is a center for contemporary photographic art in Niort (Deux-S\u00e8vres, France). [&hellip;]<\/p>\n","protected":false},"author":1,"featured_media":0,"parent":0,"menu_order":0,"comment_status":"closed","ping_status":"closed","template":"","meta":{"inline_featured_image":false,"_uag_custom_page_level_css":"","site-sidebar-layout":"default","site-content-layout":"","ast-site-content-layout":"","site-content-style":"default","site-sidebar-style":"default","ast-global-header-display":"","ast-banner-title-visibility":"","ast-main-header-display":"","ast-hfb-above-header-display":"","ast-hfb-below-header-display":"","ast-hfb-mobile-header-display":"","site-post-title":"","ast-breadcrumbs-content":"","ast-featured-img":"","footer-sml-layout":"","ast-disable-related-posts":"","theme-transparent-header-meta":"","adv-header-id-meta":"","stick-header-meta":"","header-above-stick-meta":"","header-main-stick-meta":"","header-below-stick-meta":"","astra-migrate-meta-layouts":"default","ast-page-background-enabled":"default","ast-page-background-meta":{"desktop":{"background-color":"var(--ast-global-color-4)","background-image":"","background-repeat":"repeat","background-position":"center center","background-size":"auto","background-attachment":"scroll","background-type":"","background-media":"","overlay-type":"","overlay-color":"","overlay-opacity":"","overlay-gradient":""},"tablet":{"background-color":"","background-image":"","background-repeat":"repeat","background-position":"center center","background-size":"auto","background-attachment":"scroll","background-type":"","background-media":"","overlay-type":"","overlay-color":"","overlay-opacity":"","overlay-gradient":""},"mobile":{"background-color":"","background-image":"","background-repeat":"repeat","background-position":"center center","background-size":"auto","background-attachment":"scroll","background-type":"","background-media":"","overlay-type":"","overlay-color":"","overlay-opacity":"","overlay-gradient":""}},"ast-content-background-meta":{"desktop":{"background-color":"var(--ast-global-color-5)","background-image":"","background-repeat":"repeat","background-position":"center center","background-size":"auto","background-attachment":"scroll","background-type":"","background-media":"","overlay-type":"","overlay-color":"","overlay-opacity":"","overlay-gradient":""},"tablet":{"background-color":"var(--ast-global-color-5)","background-image":"","background-repeat":"repeat","background-position":"center center","background-size":"auto","background-attachment":"scroll","background-type":"","background-media":"","overlay-type":"","overlay-color":"","overlay-opacity":"","overlay-gradient":""},"mobile":{"background-color":"var(--ast-global-color-5)","background-image":"","background-repeat":"repeat","background-position":"center center","background-size":"auto","background-attachment":"scroll","background-type":"","background-media":"","overlay-type":"","overlay-color":"","overlay-opacity":"","overlay-gradient":""}},"footnotes":""},"class_list":["post-4077","page","type-page","status-publish","hentry"],"uagb_featured_image_src":{"full":false,"thumbnail":false,"medium":false,"medium_large":false,"large":false,"1536x1536":false,"2048x2048":false},"uagb_author_info":{"display_name":"admin","author_link":"https:\/\/www.cacp-villaperochon.com\/en\/author\/admin\/"},"uagb_comment_info":0,"uagb_excerpt":"RJPI exhibitions Upcoming events Art library The Villa P\u00e9rochon is a center for contemporary photographic art in Niort (Deux-S\u00e8vres, France). [&hellip;]","_links":{"self":[{"href":"https:\/\/www.cacp-villaperochon.com\/en\/wp-json\/wp\/v2\/pages\/4077","targetHints":{"allow":["GET"]}}],"collection":[{"href":"https:\/\/www.cacp-villaperochon.com\/en\/wp-json\/wp\/v2\/pages"}],"about":[{"href":"https:\/\/www.cacp-villaperochon.com\/en\/wp-json\/wp\/v2\/types\/page"}],"author":[{"embeddable":true,"href":"https:\/\/www.cacp-villaperochon.com\/en\/wp-json\/wp\/v2\/users\/1"}],"replies":[{"embeddable":true,"href":"https:\/\/www.cacp-villaperochon.com\/en\/wp-json\/wp\/v2\/comments?post=4077"}],"version-history":[{"count":5,"href":"https:\/\/www.cacp-villaperochon.com\/en\/wp-json\/wp\/v2\/pages\/4077\/revisions"}],"predecessor-version":[{"id":4233,"href":"https:\/\/www.cacp-villaperochon.com\/en\/wp-json\/wp\/v2\/pages\/4077\/revisions\/4233"}],"wp:attachment":[{"href":"https:\/\/www.cacp-villaperochon.com\/en\/wp-json\/wp\/v2\/media?parent=4077"}],"curies":[{"name":"wp","href":"https:\/\/api.w.org\/{rel}","templated":true}]}}