{"id":4066,"date":"2024-12-05T09:18:08","date_gmt":"2024-12-05T08:18:08","guid":{"rendered":"https:\/\/www.cacp-villaperochon.com\/project-and-location\/"},"modified":"2026-03-30T15:32:20","modified_gmt":"2026-03-30T13:32:20","slug":"project-and-location","status":"publish","type":"page","link":"https:\/\/www.cacp-villaperochon.com\/en\/la-villa-perochon\/project-and-location\/","title":{"rendered":"Project and location"},"content":{"rendered":"\n<div class=\"wp-block-uagb-container uagb-block-fa03bbfa alignfull uagb-is-root-container\"><div class=\"uagb-container-inner-blocks-wrap\">\n<div class=\"wp-block-uagb-container swiper-rjpi-container uagb-block-f7ea2535 alignfull uagb-is-root-container\"><div class=\"uagb-container-inner-blocks-wrap\">\n<div class=\"wp-block-uagb-advanced-heading uagb-block-b0a44478\"><h1 class=\"uagb-heading-text\"><strong>The<\/strong><br\/><strong>project<\/strong> and location<\/h1><\/div>\n<\/div><\/div>\n<\/div><\/div>\n\n<div class=\"wp-block-uagb-container uagb-block-9c4e532c alignfull uagb-is-root-container\"><div class=\"uagb-container-inner-blocks-wrap\">\n<div class=\"wp-block-uagb-container uagb-block-9899b65b\">\n<div class=\"wp-block-uagb-advanced-heading uagb-block-073357df spectra-gbs-h2-classique1741771334061\"><h2 class=\"uagb-heading-text\">Location<\/h2><\/div>\n\n\n\n<div class=\"wp-block-uagb-advanced-heading uagb-block-aeff68ba\"><p class=\"uagb-heading-text\">Villa P\u00e9rochon opened in 2013 in the former home of writer Ernest P\u00e9rochon (Goncourt Prize in 1920 for the novel <em>N\u00eane<\/em>). This beautiful early <sup>19th-century<\/sup> residence is located in the center of Niort, and access via the garden at the rear of the building is a haven of greenery conducive to contemplation.   <\/p><\/div>\n\n\n\n<div class=\"wp-block-uagb-advanced-heading uagb-block-ecefb148\"><p class=\"uagb-heading-text\">The <sup>260m2<\/sup> exhibition space is spread over 2 floors and offers 150 linear meters of hanging space. While the garden level is a classic &#8220;white cube&#8221; exhibition space, the first floor has retained the soul of the house. Wood panelling, fireplaces and old tapestries hark back to a time when the P\u00e9rochon family lived here.    <br\/>Upstairs, one floor is devoted to the Villa P\u00e9rochon photographic collection, with over 3,500 works available for loan via our Artoth\u00e8que photographique. Finally, the top floor is dedicated to production, with a digital workshop and a black-and-white silver workshop, as well as a meeting room for around fifteen people. <\/p><\/div>\n\n\n\n<div class=\"wp-block-uagb-advanced-heading uagb-block-a98cd254\"><p class=\"uagb-heading-text\">The Villa P\u00e9rochon is managed by the <a href=\"https:\/\/www.cacp-villaperochon.com\/la-villa-perochon\/association-pour-linstant\/\" data-type=\"page\" data-id=\"36\">Pour l&#8217;instant<\/a> association and has a team of <a href=\"https:\/\/www.cacp-villaperochon.com\/la-villa-perochon\/lequipe\/\" data-type=\"page\" data-id=\"39\">five employees<\/a>.<\/p><\/div>\n<\/div>\n\n\n\n<div class=\"wp-block-uagb-container uagb-block-230a9806\">\n<figure data-spectra-id=\"spectra-mm4pklkm-3etp7o\" class=\"wp-block-image size-large\"><img loading=\"lazy\" decoding=\"async\" width=\"525\" height=\"700\" src=\"https:\/\/www.cacp-villaperochon.com\/wp-content\/uploads\/2025\/08\/facade-525x700.jpg\" alt=\"The Villa P\u00e9rochon from the garden\" class=\"wp-image-3234\" title=\"\" srcset=\"https:\/\/www.cacp-villaperochon.com\/wp-content\/uploads\/2025\/08\/facade-525x700.jpg 525w, https:\/\/www.cacp-villaperochon.com\/wp-content\/uploads\/2025\/08\/facade-300x400.jpg 300w, https:\/\/www.cacp-villaperochon.com\/wp-content\/uploads\/2025\/08\/facade-768x1025.jpg 768w, https:\/\/www.cacp-villaperochon.com\/wp-content\/uploads\/2025\/08\/facade.jpg 1000w\" sizes=\"auto, (max-width: 525px) 100vw, 525px\" \/><\/figure>\n<\/div>\n<\/div><\/div>\n\n<div class=\"wp-block-uagb-container uagb-block-f7ecf081 alignfull uagb-is-root-container\"><div class=\"uagb-container-inner-blocks-wrap\">\t\t\t\t\t<div\n\t\t\t\t\t\tclass=\"wp-block-uagb-image-gallery uagb-block-6983b080     \"\n\t\t\t\t\t\tstyle=\"\"\n\t\t\t\t\t>\n\t\t\t\t\t\t\t\t\t\t\t<div class=\"spectra-image-gallery spectra-image-gallery__layout--carousel\">\n\t\t\t\t\t\t\t\t<div class=\"uagb-slick-carousel uagb-block-6983b080\">\n\t\t\t\t\t\t\t\t\t\t\t\t<div class='spectra-image-gallery__media-wrapper' data-spectra-gallery-image-id='3920'>\n\t\t\t\t\t\t\t<div class=\"spectra-image-gallery__media spectra-image-gallery__media--carousel\">\n\t\t\t\t<picture>\n\t\t\t\t\t<source media=\"(min-width: 1024px)\" srcset=\"https:\/\/www.cacp-villaperochon.com\/wp-content\/uploads\/2026\/02\/\u00a9Richard-Pak_02.jpg\">\n\t\t\t\t\t<source media=\"(min-width: 768px)\" srcset=\"https:\/\/www.cacp-villaperochon.com\/wp-content\/uploads\/2026\/02\/\u00a9Richard-Pak_02.jpg\">\n\t\t\t\t\t<img decoding=\"async\" class=\"spectra-image-gallery__media-thumbnail spectra-image-gallery__media-thumbnail--carousel\" src=\"https:\/\/www.cacp-villaperochon.com\/wp-content\/uploads\/2026\/02\/\u00a9Richard-Pak_02-400x267.jpg\" alt=\"\" title=\"\">\n\t\t\t\t<\/picture>\n\t\t\t\t<div class=\"spectra-image-gallery__media-thumbnail-blurrer\"><\/div>\n\t\t\t\t\t\t\t\t\t\t\t<div class=\"spectra-image-gallery__media-thumbnail-caption-wrapper spectra-image-gallery__media-thumbnail-caption-wrapper--overlay\">\n\t\t\t\t\t\t\t\t\t\t\t<div class=\"spectra-image-gallery__media-thumbnail-caption spectra-image-gallery__media-thumbnail-caption--overlay\">\n\t\t\t\t\tVue de l&#8217;exposition l&#8217;\u00cele naufrag\u00e9e de Richard Pak, Villa P\u00e9rochon, 2026 \u00a9 Richard Pak\t\t\t\t<\/div>\n\t\t\t\t\t\t\t\t\t\t<\/div>\n\t\t\t\t\t\t\t\t\t<\/div>\n\t\t\t\t\t\t<\/div>\n\t\t\t\t\t\t<div class='spectra-image-gallery__media-wrapper' data-spectra-gallery-image-id='3919'>\n\t\t\t\t\t\t\t<div class=\"spectra-image-gallery__media spectra-image-gallery__media--carousel\">\n\t\t\t\t<picture>\n\t\t\t\t\t<source media=\"(min-width: 1024px)\" srcset=\"https:\/\/www.cacp-villaperochon.com\/wp-content\/uploads\/2026\/02\/\u00a9Richard-Pak_01.jpg\">\n\t\t\t\t\t<source media=\"(min-width: 768px)\" srcset=\"https:\/\/www.cacp-villaperochon.com\/wp-content\/uploads\/2026\/02\/\u00a9Richard-Pak_01.jpg\">\n\t\t\t\t\t<img decoding=\"async\" class=\"spectra-image-gallery__media-thumbnail spectra-image-gallery__media-thumbnail--carousel\" src=\"https:\/\/www.cacp-villaperochon.com\/wp-content\/uploads\/2026\/02\/\u00a9Richard-Pak_01-400x267.jpg\" alt=\"\" title=\"\">\n\t\t\t\t<\/picture>\n\t\t\t\t<div class=\"spectra-image-gallery__media-thumbnail-blurrer\"><\/div>\n\t\t\t\t\t\t\t\t\t\t\t<div class=\"spectra-image-gallery__media-thumbnail-caption-wrapper spectra-image-gallery__media-thumbnail-caption-wrapper--overlay\">\n\t\t\t\t\t\t\t\t\t\t\t<div class=\"spectra-image-gallery__media-thumbnail-caption spectra-image-gallery__media-thumbnail-caption--overlay\">\n\t\t\t\t\tVue de l&#8217;exposition l&#8217;\u00cele naufrag\u00e9e de Richard Pak, Villa P\u00e9rochon, 2026 \u00a9 Richard Pak\t\t\t\t<\/div>\n\t\t\t\t\t\t\t\t\t\t<\/div>\n\t\t\t\t\t\t\t\t\t<\/div>\n\t\t\t\t\t\t<\/div>\n\t\t\t\t\t\t<div class='spectra-image-gallery__media-wrapper' data-spectra-gallery-image-id='3917'>\n\t\t\t\t\t\t\t<div class=\"spectra-image-gallery__media spectra-image-gallery__media--carousel\">\n\t\t\t\t<picture>\n\t\t\t\t\t<source media=\"(min-width: 1024px)\" srcset=\"https:\/\/www.cacp-villaperochon.com\/wp-content\/uploads\/2026\/02\/\u00a9Julien-Lombardi_02.jpg\">\n\t\t\t\t\t<source media=\"(min-width: 768px)\" srcset=\"https:\/\/www.cacp-villaperochon.com\/wp-content\/uploads\/2026\/02\/\u00a9Julien-Lombardi_02.jpg\">\n\t\t\t\t\t<img decoding=\"async\" class=\"spectra-image-gallery__media-thumbnail spectra-image-gallery__media-thumbnail--carousel\" src=\"https:\/\/www.cacp-villaperochon.com\/wp-content\/uploads\/2026\/02\/\u00a9Julien-Lombardi_02-400x267.jpg\" alt=\"\" title=\"\">\n\t\t\t\t<\/picture>\n\t\t\t\t<div class=\"spectra-image-gallery__media-thumbnail-blurrer\"><\/div>\n\t\t\t\t\t\t\t\t\t\t\t<div class=\"spectra-image-gallery__media-thumbnail-caption-wrapper spectra-image-gallery__media-thumbnail-caption-wrapper--overlay\">\n\t\t\t\t\t\t\t\t\t\t\t<div class=\"spectra-image-gallery__media-thumbnail-caption spectra-image-gallery__media-thumbnail-caption--overlay\">\n\t\t\t\t\tVue de l&#8217;exposition Planeta de Julien Lombardi, Villa P\u00e9rochon, 2026 \u00a9 Julien Lombardi\t\t\t\t<\/div>\n\t\t\t\t\t\t\t\t\t\t<\/div>\n\t\t\t\t\t\t\t\t\t<\/div>\n\t\t\t\t\t\t<\/div>\n\t\t\t\t\t\t<div class='spectra-image-gallery__media-wrapper' data-spectra-gallery-image-id='3914'>\n\t\t\t\t\t\t\t<div class=\"spectra-image-gallery__media spectra-image-gallery__media--carousel\">\n\t\t\t\t<picture>\n\t\t\t\t\t<source media=\"(min-width: 1024px)\" srcset=\"https:\/\/www.cacp-villaperochon.com\/wp-content\/uploads\/2026\/02\/\u00a9Cedric-Porchez_01.jpg\">\n\t\t\t\t\t<source media=\"(min-width: 768px)\" srcset=\"https:\/\/www.cacp-villaperochon.com\/wp-content\/uploads\/2026\/02\/\u00a9Cedric-Porchez_01-933x700.jpg\">\n\t\t\t\t\t<img decoding=\"async\" class=\"spectra-image-gallery__media-thumbnail spectra-image-gallery__media-thumbnail--carousel\" src=\"https:\/\/www.cacp-villaperochon.com\/wp-content\/uploads\/2026\/02\/\u00a9Cedric-Porchez_01-400x300.jpg\" alt=\"\" title=\"\">\n\t\t\t\t<\/picture>\n\t\t\t\t<div class=\"spectra-image-gallery__media-thumbnail-blurrer\"><\/div>\n\t\t\t\t\t\t\t\t\t\t\t<div class=\"spectra-image-gallery__media-thumbnail-caption-wrapper spectra-image-gallery__media-thumbnail-caption-wrapper--overlay\">\n\t\t\t\t\t\t\t\t\t\t\t<div class=\"spectra-image-gallery__media-thumbnail-caption spectra-image-gallery__media-thumbnail-caption--overlay\">\n\t\t\t\t\tVue de l&#8217;exposition Planeta de Julien Lombardi, Villa P\u00e9rochon, 2026 \u00a9 C\u00e9dric Porchez\t\t\t\t<\/div>\n\t\t\t\t\t\t\t\t\t\t<\/div>\n\t\t\t\t\t\t\t\t\t<\/div>\n\t\t\t\t\t\t<\/div>\n\t\t\t\t\t\t\t\t\t\t\t<\/div>\n\t\t\t\t\t\t\t<\/div>\n\t\t\t\t\t\t\t\t\t\t\t<\/div>\n\t\t\t\t\t\t\t\t\t\t\t<div class='spectra-image-gallery__control-lightbox' tabindex='0'>\n\t\t\t\t\t\t\t\t\t\t\t<div class=\"swiper spectra-image-gallery__control-lightbox--main\" dir=\"\">\n\t\t\t\t\t<div class=\"swiper-wrapper\">\n\t\t\t\t\t\t\t\t\t\t\t\t\t\n\t\t\t\t\t\t\t<div class=\"swiper-slide\">\n\t\t\t\t\t\t\t\t<img class=\"swiper-lazy\" data-src=\"https:\/\/www.cacp-villaperochon.com\/wp-content\/uploads\/2026\/02\/\u00a9Richard-Pak_02.jpg\" alt=\"\"\/>\n\t\t\t\t\t\t\t\t<div class=\"swiper-lazy-preloader swiper-lazy-preloader-white\"><\/div>\n\t\t\t\t\t\t\t\t\t\t\t\t\t\t\t\t\t<div class=\"spectra-image-gallery__control-lightbox--caption\" data-spectra-gallery-image-id='3920'>\n\t\t\t\t\t\t\t\t\t\tVue de l&#8217;exposition l&#8217;\u00cele naufrag\u00e9e de Richard Pak, Villa P\u00e9rochon, 2026 \u00a9 Richard Pak\t\t\t\t\t\t\t\t\t<\/div>\n\t\t\t\t\t\t\t\t\t\t\t\t\t\t\t<\/div>\n\t\t\t\t\t\t\t\t\t\t\t\t\t\n\t\t\t\t\t\t\t<div class=\"swiper-slide\">\n\t\t\t\t\t\t\t\t<img class=\"swiper-lazy\" data-src=\"https:\/\/www.cacp-villaperochon.com\/wp-content\/uploads\/2026\/02\/\u00a9Richard-Pak_01.jpg\" alt=\"\"\/>\n\t\t\t\t\t\t\t\t<div class=\"swiper-lazy-preloader swiper-lazy-preloader-white\"><\/div>\n\t\t\t\t\t\t\t\t\t\t\t\t\t\t\t\t\t<div class=\"spectra-image-gallery__control-lightbox--caption\" data-spectra-gallery-image-id='3919'>\n\t\t\t\t\t\t\t\t\t\tVue de l&#8217;exposition l&#8217;\u00cele naufrag\u00e9e de Richard Pak, Villa P\u00e9rochon, 2026 \u00a9 Richard Pak\t\t\t\t\t\t\t\t\t<\/div>\n\t\t\t\t\t\t\t\t\t\t\t\t\t\t\t<\/div>\n\t\t\t\t\t\t\t\t\t\t\t\t\t\n\t\t\t\t\t\t\t<div class=\"swiper-slide\">\n\t\t\t\t\t\t\t\t<img class=\"swiper-lazy\" data-src=\"https:\/\/www.cacp-villaperochon.com\/wp-content\/uploads\/2026\/02\/\u00a9Julien-Lombardi_02.jpg\" alt=\"\"\/>\n\t\t\t\t\t\t\t\t<div class=\"swiper-lazy-preloader swiper-lazy-preloader-white\"><\/div>\n\t\t\t\t\t\t\t\t\t\t\t\t\t\t\t\t\t<div class=\"spectra-image-gallery__control-lightbox--caption\" data-spectra-gallery-image-id='3917'>\n\t\t\t\t\t\t\t\t\t\tVue de l&#8217;exposition Planeta de Julien Lombardi, Villa P\u00e9rochon, 2026 \u00a9 Julien Lombardi\t\t\t\t\t\t\t\t\t<\/div>\n\t\t\t\t\t\t\t\t\t\t\t\t\t\t\t<\/div>\n\t\t\t\t\t\t\t\t\t\t\t\t\t\n\t\t\t\t\t\t\t<div class=\"swiper-slide\">\n\t\t\t\t\t\t\t\t<img class=\"swiper-lazy\" data-src=\"https:\/\/www.cacp-villaperochon.com\/wp-content\/uploads\/2026\/02\/\u00a9Cedric-Porchez_01.jpg\" alt=\"\"\/>\n\t\t\t\t\t\t\t\t<div class=\"swiper-lazy-preloader swiper-lazy-preloader-white\"><\/div>\n\t\t\t\t\t\t\t\t\t\t\t\t\t\t\t\t\t<div class=\"spectra-image-gallery__control-lightbox--caption\" data-spectra-gallery-image-id='3914'>\n\t\t\t\t\t\t\t\t\t\tVue de l&#8217;exposition Planeta de Julien Lombardi, Villa P\u00e9rochon, 2026 \u00a9 C\u00e9dric Porchez\t\t\t\t\t\t\t\t\t<\/div>\n\t\t\t\t\t\t\t\t\t\t\t\t\t\t\t<\/div>\n\t\t\t\t\t\t\t\t\t\t\t<\/div>\n\t\t\t\t\t<div class=\"swiper-button-next\"><\/div>\n\t\t\t\t\t<div class=\"swiper-button-prev\"><\/div>\n\t\t\t\t<\/div>\t\t\t\n\t\t\t\t\t\t\t\t\t\t\t\t\t\t\t\t\t\t\t\t\t\t\t\t\t\t\t\t\t\t\t\t<button class='spectra-image-gallery__control-lightbox--close' aria-label=\"Close\">\n\t\t\t\t\t\t\t\t\t\t\t\t\t<svg xmlns=\"https:\/\/www.w3.org\/2000\/svg\" viewBox= \"0 0 320 512\"><path d=\"M310.6 361.4c12.5 12.5 12.5 32.75 0 45.25C304.4 412.9 296.2 416 288 416s-16.38-3.125-22.62-9.375L160 301.3L54.63 406.6C48.38 412.9 40.19 416 32 416S15.63 412.9 9.375 406.6c-12.5-12.5-12.5-32.75 0-45.25l105.4-105.4L9.375 150.6c-12.5-12.5-12.5-32.75 0-45.25s32.75-12.5 45.25 0L160 210.8l105.4-105.4c12.5-12.5 32.75-12.5 45.25 0s12.5 32.75 0 45.25l-105.4 105.4L310.6 361.4z\"><\/path><\/svg>\n\t\t\t\t\t\t\t\t\t\t\t\t<\/button>\n\t\t\t\t\t\t\t\t\t\t\t\t\t<\/div>\n\t\t\t\t\t\t\t\t\t<\/div><\/div>\n\n<div class=\"wp-block-uagb-container uagb-block-4b2da749 alignfull uagb-is-root-container\"><div class=\"uagb-container-inner-blocks-wrap\">\n<div class=\"wp-block-uagb-advanced-heading uagb-block-57a40164 spectra-gbs-h2-classique1741771334061\"><h2 class=\"uagb-heading-text\">The project<\/h2><\/div>\n\n\n\n<div class=\"wp-block-uagb-container uagb-layout-grid uagb-block-cabcef9f\">\n<div class=\"wp-block-uagb-container uagb-block-a60ed1dd\">\n<div class=\"wp-block-uagb-advanced-heading uagb-block-00769be7\"><p class=\"uagb-heading-text\">Villa P\u00e9rochon, center for contemporary photographic art, was awarded the label of national interest in 2018 by the French Ministry of Culture. Its project defends open and committed contemporary photography, whatever the theme (societal issues, environmental problems&#8230;). Three to four exhibitions a year are presented, both monographs and group shows.    <\/p><\/div>\n<\/div>\n\n\n\n<div class=\"wp-block-uagb-container uagb-block-2a3022e3\">\n<div class=\"wp-block-uagb-advanced-heading uagb-block-4b93b250\"><h3 class=\"uagb-heading-text\">Rencontres de la jeune photographie  <\/h3><\/div>\n\n\n\n<div class=\"wp-block-uagb-advanced-heading uagb-block-a3654fd3\"><p class=\"uagb-heading-text\">Every spring, the Villa P\u00e9rochon organizes the <a href=\"https:\/\/www.cacp-villaperochon.com\/les-rencontres\/les-rencontres\/\" data-type=\"page\" data-id=\"915\">Rencontres de la jeune photographie internationale <\/a>: a series of exhibitions in the city around a unique creative residency, a carte blanche offered to emerging French and international photographers.<\/p><\/div>\n<\/div>\n\n\n\n<div class=\"wp-block-uagb-container uagb-block-a71d04ec\">\n<div class=\"wp-block-uagb-advanced-heading uagb-block-9fa7d5d1\"><h3 class=\"uagb-heading-text\">Photography &amp; Science Prize<\/h3><\/div>\n\n\n\n<div class=\"wp-block-uagb-advanced-heading uagb-block-ff016f0a\"><p class=\"uagb-heading-text\">Since 2024, the Villa P\u00e9rochon has been running the Prix Photographie &amp; Sciences in partnership with ADAGP, the French Ministry of Higher Education and Research, Fisheye and the magazine Sciences et Avenir &#8211; la Recherche. This prize, the only one of its kind in France, enables a photographer living in France to develop a photographic project already initiated in collaboration with scientists, whatever the subject (physical, social or environmental sciences&#8230;.). <\/p><\/div>\n<\/div>\n\n\n\n<div class=\"wp-block-uagb-container uagb-block-dd4b0988\">\n<div class=\"wp-block-uagb-advanced-heading uagb-block-1e7cb282\"><h3 class=\"uagb-heading-text\">Artistic and cultural education<\/h3><\/div>\n\n\n\n<div class=\"wp-block-uagb-advanced-heading uagb-block-50b3ac8b\"><p class=\"uagb-heading-text\">Artistic and cultural education initiatives are organized for a wide range of audiences: schoolchildren, social and medico-social structures, nursing homes, prisons&#8230; and, of course, the general public (guided tours, workshops&#8230;).  <\/p><\/div>\n<\/div>\n\n\n\n<div class=\"wp-block-uagb-container uagb-block-71275118\">\n<div class=\"wp-block-uagb-advanced-heading uagb-block-c1c29e25\"><h3 class=\"uagb-heading-text\">Support for photographers<\/h3><\/div>\n\n\n\n<div class=\"wp-block-uagb-advanced-heading uagb-block-6d888a07\"><p class=\"uagb-heading-text\">The Villa P\u00e9rochon supports contemporary artistic creation through residency programs (during the Rencontres de la jeune photographie internationale, the Capsule program, territorial residencies, etc.),<\/p><\/div>\n<\/div>\n\n\n\n<div class=\"wp-block-uagb-container uagb-block-f474efd1\">\n<div class=\"wp-block-uagb-advanced-heading uagb-block-48b71efa\"><h3 class=\"uagb-heading-text\">Photographic art library<\/h3><\/div>\n\n\n\n<div class=\"wp-block-uagb-advanced-heading uagb-block-eb2ca779\"><p class=\"uagb-heading-text\">Since 2023, the Villa P\u00e9rochon has been developing a <a href=\"https:\/\/www.cacp-villaperochon.com\/ressources\/artotheque\/\" data-type=\"page\" data-id=\"96\">photographic art library<\/a>. With a collection of almost 4,000 works built up over the years, it is open to companies, schools and private individuals to bring photography closer to the public, outside institutional venues. <\/p><\/div>\n<\/div>\n<\/div>\n<\/div><\/div>\n\n<div class=\"wp-block-uagb-container uagb-block-dc689a2c alignfull uagb-is-root-container\"><div class=\"uagb-container-inner-blocks-wrap\">\n<div class=\"wp-block-uagb-container uagb-block-e42b0430 alignfull uagb-is-root-container\"><div class=\"uagb-container-inner-blocks-wrap\">\n<div class=\"wp-block-uagb-image uagb-block-1d838e8b wp-block-uagb-image--layout-default wp-block-uagb-image--effect-static wp-block-uagb-image--align-none\"><figure class=\"wp-block-uagb-image__figure\"><a class=\"\" href=\"https:\/\/www.helloasso.com\/associations\/pour-l-instant-cacp-villa-perochon\/adhesions\/formulaire-d-adhesion-2025\" target=\"_blank\" rel=\"noreferrer noopener\"><img decoding=\"async\" srcset=\"https:\/\/www.cacp-villaperochon.com\/wp-content\/uploads\/2025\/03\/helloasso.svg ,https:\/\/www.cacp-villaperochon.com\/wp-content\/uploads\/2025\/03\/helloasso.svg 780w, https:\/\/www.cacp-villaperochon.com\/wp-content\/uploads\/2025\/03\/helloasso.svg 360w\" sizes=\"auto, (max-width: 480px) 150px\" src=\"https:\/\/www.cacp-villaperochon.com\/wp-content\/uploads\/2025\/03\/helloasso.svg\" alt=\"\" class=\"uag-image-2600\" width=\"300\" height=\"65\" title=\"helloasso\" loading=\"lazy\" role=\"img\"><\/a><\/figure><\/div>\n\n\n\n<div class=\"wp-block-uagb-buttons uagb-buttons__outer-wrap uagb-btn__default-btn uagb-btn-tablet__default-btn uagb-btn-mobile__default-btn uagb-block-bb24ddbd\"><div class=\"uagb-buttons__wrap uagb-buttons-layout-wrap \">\n<div class=\"wp-block-uagb-buttons-child uagb-buttons__outer-wrap uagb-block-d5b15105 wp-block-button\"><div class=\"uagb-button__wrapper\"><a class=\"uagb-buttons-repeater wp-block-button__link\" aria-label=\"\" href=\"https:\/\/www.helloasso.com\/associations\/pour-l-instant-cacp-villa-perochon\/adhesions\/formulaire-d-adhesion-2026\" rel=\"nofollow noopener\" target=\"_blank\" role=\"button\"><div class=\"uagb-button__link\">Join the association<\/div><\/a><\/div><\/div>\n<\/div><\/div>\n<\/div><\/div>\n\n\n\n<div class=\"wp-block-uagb-container uagb-layout-grid uagb-block-c090eac7\"><\/div>\n<\/div><\/div>\n","protected":false},"excerpt":{"rendered":"<p>Theproject and location Location Villa P\u00e9rochon opened in 2013 in the former home of writer Ernest P\u00e9rochon (Goncourt Prize in [&hellip;]<\/p>\n","protected":false},"author":1,"featured_media":0,"parent":4072,"menu_order":2,"comment_status":"closed","ping_status":"closed","template":"","meta":{"inline_featured_image":false,"_uag_custom_page_level_css":"","site-sidebar-layout":"default","site-content-layout":"","ast-site-content-layout":"","site-content-style":"default","site-sidebar-style":"default","ast-global-header-display":"","ast-banner-title-visibility":"","ast-main-header-display":"","ast-hfb-above-header-display":"","ast-hfb-below-header-display":"","ast-hfb-mobile-header-display":"","site-post-title":"disabled","ast-breadcrumbs-content":"","ast-featured-img":"","footer-sml-layout":"","ast-disable-related-posts":"","theme-transparent-header-meta":"","adv-header-id-meta":"","stick-header-meta":"","header-above-stick-meta":"","header-main-stick-meta":"","header-below-stick-meta":"","astra-migrate-meta-layouts":"default","ast-page-background-enabled":"default","ast-page-background-meta":{"desktop":{"background-color":"var(--ast-global-color-4)","background-image":"","background-repeat":"repeat","background-position":"center center","background-size":"auto","background-attachment":"scroll","background-type":"","background-media":"","overlay-type":"","overlay-color":"","overlay-opacity":"","overlay-gradient":""},"tablet":{"background-color":"","background-image":"","background-repeat":"repeat","background-position":"center center","background-size":"auto","background-attachment":"scroll","background-type":"","background-media":"","overlay-type":"","overlay-color":"","overlay-opacity":"","overlay-gradient":""},"mobile":{"background-color":"","background-image":"","background-repeat":"repeat","background-position":"center center","background-size":"auto","background-attachment":"scroll","background-type":"","background-media":"","overlay-type":"","overlay-color":"","overlay-opacity":"","overlay-gradient":""}},"ast-content-background-meta":{"desktop":{"background-color":"var(--ast-global-color-5)","background-image":"","background-repeat":"repeat","background-position":"center center","background-size":"auto","background-attachment":"scroll","background-type":"","background-media":"","overlay-type":"","overlay-color":"","overlay-opacity":"","overlay-gradient":""},"tablet":{"background-color":"var(--ast-global-color-5)","background-image":"","background-repeat":"repeat","background-position":"center center","background-size":"auto","background-attachment":"scroll","background-type":"","background-media":"","overlay-type":"","overlay-color":"","overlay-opacity":"","overlay-gradient":""},"mobile":{"background-color":"var(--ast-global-color-5)","background-image":"","background-repeat":"repeat","background-position":"center center","background-size":"auto","background-attachment":"scroll","background-type":"","background-media":"","overlay-type":"","overlay-color":"","overlay-opacity":"","overlay-gradient":""}},"footnotes":""},"class_list":["post-4066","page","type-page","status-publish","hentry"],"uagb_featured_image_src":{"full":false,"thumbnail":false,"medium":false,"medium_large":false,"large":false,"1536x1536":false,"2048x2048":false},"uagb_author_info":{"display_name":"admin","author_link":"https:\/\/www.cacp-villaperochon.com\/en\/author\/admin\/"},"uagb_comment_info":0,"uagb_excerpt":"Theproject and location Location Villa P\u00e9rochon opened in 2013 in the former home of writer Ernest P\u00e9rochon (Goncourt Prize in [&hellip;]","_links":{"self":[{"href":"https:\/\/www.cacp-villaperochon.com\/en\/wp-json\/wp\/v2\/pages\/4066","targetHints":{"allow":["GET"]}}],"collection":[{"href":"https:\/\/www.cacp-villaperochon.com\/en\/wp-json\/wp\/v2\/pages"}],"about":[{"href":"https:\/\/www.cacp-villaperochon.com\/en\/wp-json\/wp\/v2\/types\/page"}],"author":[{"embeddable":true,"href":"https:\/\/www.cacp-villaperochon.com\/en\/wp-json\/wp\/v2\/users\/1"}],"replies":[{"embeddable":true,"href":"https:\/\/www.cacp-villaperochon.com\/en\/wp-json\/wp\/v2\/comments?post=4066"}],"version-history":[{"count":5,"href":"https:\/\/www.cacp-villaperochon.com\/en\/wp-json\/wp\/v2\/pages\/4066\/revisions"}],"predecessor-version":[{"id":4075,"href":"https:\/\/www.cacp-villaperochon.com\/en\/wp-json\/wp\/v2\/pages\/4066\/revisions\/4075"}],"up":[{"embeddable":true,"href":"https:\/\/www.cacp-villaperochon.com\/en\/wp-json\/wp\/v2\/pages\/4072"}],"wp:attachment":[{"href":"https:\/\/www.cacp-villaperochon.com\/en\/wp-json\/wp\/v2\/media?parent=4066"}],"curies":[{"name":"wp","href":"https:\/\/api.w.org\/{rel}","templated":true}]}}