{"id":4673,"date":"2026-04-01T16:15:46","date_gmt":"2026-04-01T14:15:46","guid":{"rendered":"https:\/\/www.cacp-villaperochon.com\/agenda\/visite-commentee-a-2-voix-musee-dagesci\/"},"modified":"2026-04-01T16:28:27","modified_gmt":"2026-04-01T14:28:27","slug":"visite-commentee-nuit-des-musees","status":"publish","type":"agenda","link":"https:\/\/www.cacp-villaperochon.com\/en\/agenda\/visite-commentee-nuit-des-musees\/","title":{"rendered":"Nuit des mus\u00e9es &amp; Visites comment\u00e9es"},"content":{"rendered":"\n<div class=\"wp-block-uagb-container uagb-block-c12b1b56 alignfull uagb-is-root-container\"><div class=\"uagb-container-inner-blocks-wrap\">\n<div class=\"wp-block-uagb-container uagb-block-bcb3c903\">\n<div class=\"wp-block-uagb-advanced-heading uagb-block-b0a44478\"><h1 class=\"uagb-heading-text\"><strong>Nuit des mus\u00e9es<\/strong><\/h1><\/div>\n<\/div>\n\n\n\n<div class=\"wp-block-uagb-container uagb-block-2dc94297\"><div class=\"formatage-date-agenda\">On 23 May 18h00<\/div>\n<\/div>\n<\/div><\/div>\n\n\n\n<div class=\"wp-block-uagb-container uagb-block-4a819f27 alignfull uagb-is-root-container\"><div class=\"uagb-container-inner-blocks-wrap\">\n<div class=\"wp-block-toolset-blocks-container tb-container\" data-toolset-blocks-container=\"a384a518b30fc472592b03b029636203\" data-bg=\"https:\/\/www.cacp-villaperochon.com\/wp-content\/uploads\/2026\/02\/eloy-banniere-agenda.jpg\"><\/div>\n<\/div><\/div>\n\n\n\n<div class=\"wp-block-uagb-container uagb-block-55662321 alignfull uagb-is-root-container\"><div class=\"uagb-container-inner-blocks-wrap\">\n<div class=\"wp-block-uagb-container uagb-block-635268ac\">\n<div class=\"wp-block-uagb-advanced-heading uagb-block-e1b6569c\"><h2 class=\"uagb-heading-text\">Nuit des mus\u00e9es<\/h2><\/div>\n\n\n\n<p>\u00c0 l&#8217;occasion de la Nuit europ\u00e9enne des mus\u00e9es, la Villa P\u00e9rochon reste ouverte jusqu&#8217;\u00e0 22h et fait le lien avec les voisins d&#8217;en face!<\/p>\n\n\n\n<div class=\"wp-block-uagb-advanced-heading uagb-block-f1fa1f06\"><h2 class=\"uagb-heading-text\">Visites comment\u00e9es<\/h2><\/div>\n\n\n\n<p>\u00c0 18h30, Gr\u00e9goire Eloy, invit\u00e9 d&#8217;honneur des Rencontres, propose une visite comment\u00e9e de l&#8217;exposition des photographes en r\u00e9sidence au mus\u00e9e. Apr\u00e8s les avoir accompagn\u00e9\u00b7es dans leurs projets, il pourra partager avec vous son r\u00f4le dans la mise en place de cette exposition.<\/p>\n\n\n\n<p>\u00c0 20h, Gr\u00e9goire Eloy fera une visite comment\u00e9e de sa r\u00e9trospective <em><a href=\"https:\/\/www.cacp-villaperochon.com\/agenda\/gregoire-eloy-troisieme-nature\/\" data-type=\"agenda\" data-id=\"3851\">Troisi\u00e8me nature<\/a><\/em> \u00e0 la Villa P\u00e9rochon.<\/p>\n<\/div>\n\n\n\n<div class=\"wp-block-uagb-container uagb-block-aaa2166e\">\n<div class=\"wp-block-uagb-container uagb-block-7a5840c0 alignfull uagb-is-root-container\"><div class=\"uagb-container-inner-blocks-wrap\">\n<div class=\"wp-block-uagb-advanced-heading uagb-block-2f32ce87 spectra-gbs-h2-classique1741771334061\"><h2 class=\"uagb-heading-text\">Informations pratiques<\/h2><\/div>\n\n\n\n<div class=\"wp-block-uagb-icon-list uagb-block-75851519\"><div class=\"uagb-icon-list__wrap\">\n<div class=\"wp-block-uagb-icon-list-child uagb-block-890a9c58\"><span class=\"uagb-icon-list__source-wrap\"><svg xmlns=\"https:\/\/www.w3.org\/2000\/svg\" viewBox=\"0 0 320 512\"><path d=\"M96 480c-8.188 0-16.38-3.125-22.62-9.375c-12.5-12.5-12.5-32.75 0-45.25L242.8 256L73.38 86.63c-12.5-12.5-12.5-32.75 0-45.25s32.75-12.5 45.25 0l192 192c12.5 12.5 12.5 32.75 0 45.25l-192 192C112.4 476.9 104.2 480 96 480z\"><\/path><\/svg><\/span><span class=\"uagb-icon-list__label\">samedi 23 mai de 18h \u00e0 22h au mus\u00e9e Bernard d&#8217;Agesci et \u00e0 la Villa P\u00e9rochon<\/span><\/div>\n\n\n\n<div class=\"wp-block-uagb-icon-list-child uagb-block-ad2cacc6\"><span class=\"uagb-icon-list__source-wrap\"><svg xmlns=\"https:\/\/www.w3.org\/2000\/svg\" viewBox=\"0 0 320 512\"><path d=\"M96 480c-8.188 0-16.38-3.125-22.62-9.375c-12.5-12.5-12.5-32.75 0-45.25L242.8 256L73.38 86.63c-12.5-12.5-12.5-32.75 0-45.25s32.75-12.5 45.25 0l192 192c12.5 12.5 12.5 32.75 0 45.25l-192 192C112.4 476.9 104.2 480 96 480z\"><\/path><\/svg><\/span><span class=\"uagb-icon-list__label\">GRATUIT<\/span><\/div>\n\n\n\n<div class=\"wp-block-uagb-icon-list-child uagb-block-af190595\"><span class=\"uagb-icon-list__source-wrap\"><svg xmlns=\"https:\/\/www.w3.org\/2000\/svg\" viewBox=\"0 0 320 512\"><path d=\"M96 480c-8.188 0-16.38-3.125-22.62-9.375c-12.5-12.5-12.5-32.75 0-45.25L242.8 256L73.38 86.63c-12.5-12.5-12.5-32.75 0-45.25s32.75-12.5 45.25 0l192 192c12.5 12.5 12.5 32.75 0 45.25l-192 192C112.4 476.9 104.2 480 96 480z\"><\/path><\/svg><\/span><span class=\"uagb-icon-list__label\">r\u00e9servation conseill\u00e9e par mail ou t\u00e9l\u00e9phone<\/span><\/div>\n<\/div><\/div>\n<\/div><\/div>\n<\/div>\n<\/div><\/div>\n\n\n\n<p><\/p>\n","protected":false},"excerpt":{"rendered":"<p>Seul\u00b7es, entre ami\u00b7es ou en famille, les visites comment\u00e9es propos\u00e9es par l&#8217;\u00e9quipe de m\u00e9diation de la Villa P\u00e9rochon sont l\u00e0 pour vous accompagner et vous \u00e9clairer sur les d\u00e9marches des photographes. Venez profiter d&#8217;un moment convivial au pied des \u0153uvres !<\/p>\n","protected":false},"featured_media":3824,"template":"","meta":{"inline_featured_image":false,"_uag_custom_page_level_css":"","site-sidebar-layout":"default","site-content-layout":"","ast-site-content-layout":"default","site-content-style":"default","site-sidebar-style":"default","ast-global-header-display":"","ast-banner-title-visibility":"","ast-main-header-display":"","ast-hfb-above-header-display":"","ast-hfb-below-header-display":"","ast-hfb-mobile-header-display":"","site-post-title":"","ast-breadcrumbs-content":"","ast-featured-img":"","footer-sml-layout":"","ast-disable-related-posts":"","theme-transparent-header-meta":"","adv-header-id-meta":"","stick-header-meta":"","header-above-stick-meta":"","header-main-stick-meta":"","header-below-stick-meta":"","astra-migrate-meta-layouts":"default","ast-page-background-enabled":"default","ast-page-background-meta":{"desktop":{"background-color":"var(--ast-global-color-4)","background-image":"","background-repeat":"repeat","background-position":"center center","background-size":"auto","background-attachment":"scroll","background-type":"","background-media":"","overlay-type":"","overlay-color":"","overlay-opacity":"","overlay-gradient":""},"tablet":{"background-color":"","background-image":"","background-repeat":"repeat","background-position":"center center","background-size":"auto","background-attachment":"scroll","background-type":"","background-media":"","overlay-type":"","overlay-color":"","overlay-opacity":"","overlay-gradient":""},"mobile":{"background-color":"","background-image":"","background-repeat":"repeat","background-position":"center center","background-size":"auto","background-attachment":"scroll","background-type":"","background-media":"","overlay-type":"","overlay-color":"","overlay-opacity":"","overlay-gradient":""}},"ast-content-background-meta":{"desktop":{"background-color":"var(--ast-global-color-5)","background-image":"","background-repeat":"repeat","background-position":"center center","background-size":"auto","background-attachment":"scroll","background-type":"","background-media":"","overlay-type":"","overlay-color":"","overlay-opacity":"","overlay-gradient":""},"tablet":{"background-color":"var(--ast-global-color-5)","background-image":"","background-repeat":"repeat","background-position":"center center","background-size":"auto","background-attachment":"scroll","background-type":"","background-media":"","overlay-type":"","overlay-color":"","overlay-opacity":"","overlay-gradient":""},"mobile":{"background-color":"var(--ast-global-color-5)","background-image":"","background-repeat":"repeat","background-position":"center center","background-size":"auto","background-attachment":"scroll","background-type":"","background-media":"","overlay-type":"","overlay-color":"","overlay-opacity":"","overlay-gradient":""}}},"categorie-agenda":[9,14],"categorie-public":[15,18],"annee":[24],"class_list":["post-4673","agenda","type-agenda","status-publish","has-post-thumbnail","hentry","categorie-agenda-visites","categorie-agenda-rjpi","categorie-public-rjpi","categorie-public-tout-public","annee-24"],"uagb_featured_image_src":{"full":["https:\/\/www.cacp-villaperochon.com\/wp-content\/uploads\/2026\/02\/eloy-vignette-agenda.jpg",400,400,false],"thumbnail":["https:\/\/www.cacp-villaperochon.com\/wp-content\/uploads\/2026\/02\/eloy-vignette-agenda-150x150.jpg",150,150,true],"medium":["https:\/\/www.cacp-villaperochon.com\/wp-content\/uploads\/2026\/02\/eloy-vignette-agenda.jpg",400,400,false],"medium_large":["https:\/\/www.cacp-villaperochon.com\/wp-content\/uploads\/2026\/02\/eloy-vignette-agenda.jpg",400,400,false],"large":["https:\/\/www.cacp-villaperochon.com\/wp-content\/uploads\/2026\/02\/eloy-vignette-agenda.jpg",400,400,false],"1536x1536":["https:\/\/www.cacp-villaperochon.com\/wp-content\/uploads\/2026\/02\/eloy-vignette-agenda.jpg",400,400,false],"2048x2048":["https:\/\/www.cacp-villaperochon.com\/wp-content\/uploads\/2026\/02\/eloy-vignette-agenda.jpg",400,400,false]},"uagb_author_info":{"display_name":"Virginie Odiard","author_link":"https:\/\/www.cacp-villaperochon.com\/en\/author\/"},"uagb_comment_info":0,"uagb_excerpt":"Seul\u00b7es, entre ami\u00b7es ou en famille, les visites comment\u00e9es propos\u00e9es par l'\u00e9quipe de m\u00e9diation de la Villa P\u00e9rochon sont l\u00e0 pour vous accompagner et vous \u00e9clairer sur les d\u00e9marches des photographes. Venez profiter d'un moment convivial au pied des \u0153uvres !","_links":{"self":[{"href":"https:\/\/www.cacp-villaperochon.com\/en\/wp-json\/wp\/v2\/agenda\/4673","targetHints":{"allow":["GET"]}}],"collection":[{"href":"https:\/\/www.cacp-villaperochon.com\/en\/wp-json\/wp\/v2\/agenda"}],"about":[{"href":"https:\/\/www.cacp-villaperochon.com\/en\/wp-json\/wp\/v2\/types\/agenda"}],"wp:featuredmedia":[{"embeddable":true,"href":"https:\/\/www.cacp-villaperochon.com\/en\/wp-json\/wp\/v2\/media\/3824"}],"wp:attachment":[{"href":"https:\/\/www.cacp-villaperochon.com\/en\/wp-json\/wp\/v2\/media?parent=4673"}],"wp:term":[{"taxonomy":"categorie-agenda","embeddable":true,"href":"https:\/\/www.cacp-villaperochon.com\/en\/wp-json\/wp\/v2\/categorie-agenda?post=4673"},{"taxonomy":"categorie-public","embeddable":true,"href":"https:\/\/www.cacp-villaperochon.com\/en\/wp-json\/wp\/v2\/categorie-public?post=4673"},{"taxonomy":"annee","embeddable":true,"href":"https:\/\/www.cacp-villaperochon.com\/en\/wp-json\/wp\/v2\/annee?post=4673"}],"curies":[{"name":"wp","href":"https:\/\/api.w.org\/{rel}","templated":true}]}}