{"id":4526,"date":"2025-06-04T16:05:52","date_gmt":"2025-06-04T14:05:52","guid":{"rendered":"https:\/\/www.cacp-villaperochon.com\/agenda\/workshop-an-intimate-city-with-julien-magre\/"},"modified":"2026-03-31T09:23:13","modified_gmt":"2026-03-31T07:23:13","slug":"workshop-an-intimate-city-with-julien-magre","status":"publish","type":"agenda","link":"https:\/\/www.cacp-villaperochon.com\/en\/agenda\/workshop-an-intimate-city-with-julien-magre\/","title":{"rendered":"Workshop &#8211; An intimate city with Julien Magre"},"content":{"rendered":"\n<div class=\"wp-block-uagb-container uagb-block-c12b1b56 alignfull uagb-is-root-container\"><div class=\"uagb-container-inner-blocks-wrap\">\n<div class=\"wp-block-uagb-advanced-heading uagb-block-b0a44478\"><h1 class=\"uagb-heading-text\"><strong>Workshop<\/strong><br\/>An intimate city with Julien Magre<\/h1><\/div>\n\n\n\n<div class=\"wp-block-uagb-container uagb-block-2dc94297\"><div class=\"formatage-date-agenda\">From 28 June <br> To 29 June<\/div>\n<\/div>\n<\/div><\/div>\n\n<div class=\"wp-block-uagb-container uagb-block-4a819f27 alignfull uagb-is-root-container\"><div class=\"uagb-container-inner-blocks-wrap\"><\/div><\/div>\n\n<div class=\"wp-block-uagb-container uagb-block-7a76b97a alignfull uagb-is-root-container\"><div class=\"uagb-container-inner-blocks-wrap\">\n<div class=\"wp-block-uagb-container uagb-block-f7b1db89 alignfull uagb-is-root-container\"><div class=\"uagb-container-inner-blocks-wrap\">\n<div class=\"wp-block-uagb-advanced-heading uagb-block-e51a866f\"><p class=\"uagb-heading-text\">&#8220;Julien Magre&#8217;s work is part of a biographical journey, and his photographs [&#8230;] capture the tenderness of time as it passes over loved ones. The intimacy shown is never simple, since the photographer takes great care not to reveal every detail of his life, thus transfiguring everyday banality,&#8221; writes H\u00e9lo\u00efse Con\u00e9sa, curator at the BnF (Biblioth\u00e8que nationale de France) about Julien&#8217;s work.<\/p><\/div>\n\n\n\n<div class=\"wp-block-uagb-advanced-heading uagb-block-8024065d\"><h2 class=\"uagb-heading-text\">UNE VILLE INTIME<br\/>Writing &amp; Photography: two inseparable elements<\/h2><\/div>\n\n\n\n<p>Drawing on this rich experience, participants will be asked to produce a series of intimate photographs of the city of Niort. They will also be asked to produce a short text presenting the series.<br\/>The aim of this workshop is to produce images, edit them, and find the right order and rhythm to create a coherent narrative. Technical issues will be kept to a minimum, leaving the analysis and choice of images to the fore.  <\/p>\n\n\n\n<div class=\"wp-block-uagb-container uagb-layout-flex uagb-block-1ff69ed6\">\n<div class=\"wp-block-uagb-buttons uagb-buttons__outer-wrap uagb-btn__default-btn uagb-btn-tablet__default-btn uagb-btn-mobile__default-btn uagb-block-ccafccbf\"><div class=\"uagb-buttons__wrap uagb-buttons-layout-wrap \">\n<div class=\"wp-block-uagb-buttons-child uagb-buttons__outer-wrap uagb-block-57c83290 wp-block-button\"><div class=\"uagb-button__wrapper\"><a class=\"uagb-buttons-repeater wp-block-button__link\" aria-label=\"\" href=\"https:\/\/www.helloasso.com\/associations\/pour-l-instant-cacp-villa-perochon\/evenements\/workshop-une-ville-intime-avec-julien-magre\" rel=\"follow noopener\" target=\"_blank\" role=\"button\"><div class=\"uagb-button__link\">REGISTER<br\/>on HelloAsso<\/div><\/a><\/div><\/div>\n<\/div><\/div>\n\n\n\n<div class=\"wp-block-uagb-buttons uagb-buttons__outer-wrap uagb-btn__default-btn uagb-btn-tablet__default-btn uagb-btn-mobile__default-btn uagb-block-8ee3ef4a\"><div class=\"uagb-buttons__wrap uagb-buttons-layout-wrap \">\n<div class=\"wp-block-uagb-buttons-child uagb-buttons__outer-wrap uagb-block-240d8853 wp-block-button\"><div class=\"uagb-button__wrapper\"><a class=\"uagb-buttons-repeater wp-block-button__link\" aria-label=\"\" href=\"https:\/\/www.cacp-villaperochon.com\/wp-content\/uploads\/2025\/06\/fiche-stage-magre.pdf\" rel=\"follow noopener\" target=\"_blank\" role=\"button\"><div class=\"uagb-button__link\">DOWNLOAD<br\/>registration form<\/div><\/a><\/div><\/div>\n<\/div><\/div>\n<\/div>\n\n\n\n<p>Discover his exhibition <a href=\"https:\/\/www.cacp-villaperochon.com\/en\/agenda\/julien-magre-alive\/\" data-type=\"agenda\" data-id=\"3016\">En vie<\/a> at La Villa P\u00e9rochon from June 28 to September 27 (opening June 27 at 6.30pm).<\/p>\n<\/div><\/div>\n\n\n\n<div class=\"wp-block-uagb-container uagb-block-5acff04a\">\n<div class=\"wp-block-uagb-container uagb-block-53cf430e alignfull uagb-is-root-container\"><div class=\"uagb-container-inner-blocks-wrap\">\n<div class=\"wp-block-uagb-advanced-heading uagb-block-9a0e302c spectra-gbs-h2-classique1741771334061\"><h2 class=\"uagb-heading-text\">Practical info<\/h2><\/div>\n\n\n\n<div class=\"wp-block-uagb-icon-list uagb-block-ec83d20e\"><div class=\"uagb-icon-list__wrap\">\n<div class=\"wp-block-uagb-icon-list-child uagb-block-8c475c03\"><a target=\"_blank\" aria-label=\"28 &amp; 29 juin \u00e0 la Villa P\u00e9rochon en lien avec son exposition En Vie.\" rel=\"noopener noreferrer\" href=\"https:\/\/www.cacp-villaperochon.com\/en\/agenda\/julien-magre-alive\/\"> <\/a><span class=\"uagb-icon-list__source-wrap\"><svg xmlns=\"https:\/\/www.w3.org\/2000\/svg\" viewbox=\"0 0 320 512\"><path d=\"M96 480c-8.188 0-16.38-3.125-22.62-9.375c-12.5-12.5-12.5-32.75 0-45.25L242.8 256L73.38 86.63c-12.5-12.5-12.5-32.75 0-45.25s32.75-12.5 45.25 0l192 192c12.5 12.5 12.5 32.75 0 45.25l-192 192C112.4 476.9 104.2 480 96 480z\"><\/path><\/svg><\/span><span class=\"uagb-icon-list__label\">June 28 &amp; 29 at La Villa P\u00e9rochon in conjunction with its exhibition En Vie.<\/span><\/div>\n\n\n\n<div class=\"wp-block-uagb-icon-list-child uagb-block-f13c2145\"><span class=\"uagb-icon-list__source-wrap\"><svg xmlns=\"https:\/\/www.w3.org\/2000\/svg\" viewbox=\"0 0 320 512\"><path d=\"M96 480c-8.188 0-16.38-3.125-22.62-9.375c-12.5-12.5-12.5-32.75 0-45.25L242.8 256L73.38 86.63c-12.5-12.5-12.5-32.75 0-45.25s32.75-12.5 45.25 0l192 192c12.5 12.5 12.5 32.75 0 45.25l-192 192C112.4 476.9 104.2 480 96 480z\"><\/path><\/svg><\/span><span class=\"uagb-icon-list__label\">PREREQUISITES: Bring your own digital camera (SLR or hybrid). Master basic camera settings. Bring photographs or series (small 10&#215;15 prints or PDFs).  <\/span><\/div>\n\n\n\n<div class=\"wp-block-uagb-icon-list-child uagb-block-49d91057\"><span class=\"uagb-icon-list__source-wrap\"><svg xmlns=\"https:\/\/www.w3.org\/2000\/svg\" viewbox=\"0 0 320 512\"><path d=\"M96 480c-8.188 0-16.38-3.125-22.62-9.375c-12.5-12.5-12.5-32.75 0-45.25L242.8 256L73.38 86.63c-12.5-12.5-12.5-32.75 0-45.25s32.75-12.5 45.25 0l192 192c12.5 12.5 12.5 32.75 0 45.25l-192 192C112.4 476.9 104.2 480 96 480z\"><\/path><\/svg><\/span><span class=\"uagb-icon-list__label\">RATES: Non-member \u20ac220 \/ Member \u20ac190<\/span><\/div>\n\n\n\n<div class=\"wp-block-uagb-icon-list-child uagb-block-aa7221fd\"><span class=\"uagb-icon-list__source-wrap\"><svg xmlns=\"https:\/\/www.w3.org\/2000\/svg\" viewbox=\"0 0 320 512\"><path d=\"M96 480c-8.188 0-16.38-3.125-22.62-9.375c-12.5-12.5-12.5-32.75 0-45.25L242.8 256L73.38 86.63c-12.5-12.5-12.5-32.75 0-45.25s32.75-12.5 45.25 0l192 192c12.5 12.5 12.5 32.75 0 45.25l-192 192C112.4 476.9 104.2 480 96 480z\"><\/path><\/svg><\/span><span class=\"uagb-icon-list__label\">Registration and payment online via HelloAsso or by returning the completed registration form together with your cheque.<\/span><\/div>\n<\/div><\/div>\n<\/div><\/div>\n<\/div>\n<\/div><\/div>\n\n<div class=\"wp-block-uagb-container uagb-block-a738800d alignfull uagb-is-root-container\"><div class=\"uagb-container-inner-blocks-wrap\">\n<div class=\"wp-block-uagb-container uagb-block-5d1d2f65\">\n<div class=\"wp-block-uagb-advanced-heading uagb-block-1d6e041b spectra-gbs-h2-classique1741771334061\"><h2 class=\"uagb-heading-text\">Course<\/h2><\/div>\n\n\n\n<div class=\"wp-block-uagb-advanced-heading uagb-block-a3fbf1b2\"><p class=\"uagb-heading-text\"><strong>Saturday June 28th<\/strong><br\/><strong>Morning<\/strong><br\/>Julien will look at each participant&#8217;s photographs or series and choose a series with them to produce on Saturday afternoon.<br\/><strong>Afternoon<\/strong><br\/>Participants will begin their project.<br\/>Then first meetings with images in the early evening.<br\/><br\/><strong>Sunday, June 28<\/strong><br\/><strong>Morning<\/strong><br\/>Julien will present his Ni\u00e9pce prize file and then look at each participant&#8217;s production.<br\/>If necessary, each participant will go back into the field to make or finalize the series.<br\/>Then editing at the end of the morning.<br\/><strong>16h<\/strong><br\/>Presentation of each person&#8217;s work to the group and debriefing.<\/p><\/div>\n<\/div>\n\n\n\n<div class=\"wp-block-uagb-container uagb-block-fced81dc\">\n<div class=\"wp-block-uagb-advanced-heading uagb-block-e36ca1ab spectra-gbs-h2-classique1741771334061\"><h2 class=\"uagb-heading-text\">Julien Magre<\/h2><\/div>\n\n\n\n<div class=\"wp-block-uagb-advanced-heading uagb-block-aa1f88b3\"><p class=\"uagb-heading-text\"><strong>Julien Magre<\/strong> was born in 1973. At Paris Photo 2010, Agn\u00e8s B. spotted his work when she signed <em>Caroline, Histoire num\u00e9ro deux <\/em>(Filigranes). Speaking of this project, which he has now been carrying out for over twenty years, the photographer describes himself as a &#8220;spectator of his own intimacy&#8221;: choosing the right distance from his subject, neither too far nor too close, he documents his everyday life, and thereby renders it poetic.<br\/>In 2014, he was part of the BAL group show, <em>S&#8217;il y a lieu, je pars avec vous<\/em> with S. Calle, A. d&#8217;Agata, A. Bublex and S. Couturier. He published the book <em>Je n&#8217;ai plus peur du noir<\/em> in 2016 (Filigranes). From then on, black and white appeared in his photographic practice. In March 2017, he joins Le R\u00e9verb\u00e8re gallery in Lyon. There, he presents <em>Elles<\/em>, a corpus of 350 images taken between 1999 and 2017, based on his work on his family.<br\/>In 2022, he wins the Prix Ni\u00e9pce and is part of the major photographic commission &#8220;Radioscopie de la France&#8221;.        <\/p><\/div>\n<\/div>\n\n\n\n<div class=\"wp-block-uagb-container uagb-block-8125d420\">\n<div class=\"wp-block-uagb-image aligncenter uagb-block-91f34402 wp-block-uagb-image--layout-default wp-block-uagb-image--effect-static wp-block-uagb-image--align-center\"><figure class=\"wp-block-uagb-image__figure\"><img decoding=\"async\" srcset=\"https:\/\/www.cacp-villaperochon.com\/wp-content\/uploads\/2025\/05\/Julien-Magre-\u00a9Nicolas-Lascourreges-560x700.jpg ,https:\/\/www.cacp-villaperochon.com\/wp-content\/uploads\/2025\/05\/Julien-Magre-\u00a9Nicolas-Lascourreges.jpg 780w, https:\/\/www.cacp-villaperochon.com\/wp-content\/uploads\/2025\/05\/Julien-Magre-\u00a9Nicolas-Lascourreges.jpg 360w\" sizes=\"auto, (max-width: 480px) 150px\" src=\"https:\/\/www.cacp-villaperochon.com\/wp-content\/uploads\/2025\/05\/Julien-Magre-%C2%A9Nicolas-Lascourreges-560x700.jpg\" alt=\"Portrait of Julien Magre by Nicolas Lascourr\u00e8ges\" class=\"uag-image-3018\" width=\"560\" height=\"700\" title=\"Julien-Magre-\u00a9Nicolas-Lascourr\u00e8ges\" loading=\"lazy\" role=\"img\"><figcaption class=\"uagb-image-caption\">Nicolas Lascourr\u00e8ges<\/figcaption><\/figure><\/div>\n<\/div>\n<\/div><\/div>\n","protected":false},"excerpt":{"rendered":"<p>As part of his exhibition En Vie, Julien Magre offers a workshop combining photography and writing about the intimacy of the city.<\/p>\n","protected":false},"featured_media":4529,"template":"","meta":{"inline_featured_image":false,"_uag_custom_page_level_css":"","site-sidebar-layout":"default","site-content-layout":"","ast-site-content-layout":"","site-content-style":"default","site-sidebar-style":"default","ast-global-header-display":"","ast-banner-title-visibility":"","ast-main-header-display":"","ast-hfb-above-header-display":"","ast-hfb-below-header-display":"","ast-hfb-mobile-header-display":"","site-post-title":"","ast-breadcrumbs-content":"","ast-featured-img":"","footer-sml-layout":"","ast-disable-related-posts":"","theme-transparent-header-meta":"","adv-header-id-meta":"","stick-header-meta":"","header-above-stick-meta":"","header-main-stick-meta":"","header-below-stick-meta":"","astra-migrate-meta-layouts":"default","ast-page-background-enabled":"default","ast-page-background-meta":{"desktop":{"background-color":"var(--ast-global-color-4)","background-image":"","background-repeat":"repeat","background-position":"center center","background-size":"auto","background-attachment":"scroll","background-type":"","background-media":"","overlay-type":"","overlay-color":"","overlay-opacity":"","overlay-gradient":""},"tablet":{"background-color":"","background-image":"","background-repeat":"repeat","background-position":"center center","background-size":"auto","background-attachment":"scroll","background-type":"","background-media":"","overlay-type":"","overlay-color":"","overlay-opacity":"","overlay-gradient":""},"mobile":{"background-color":"","background-image":"","background-repeat":"repeat","background-position":"center center","background-size":"auto","background-attachment":"scroll","background-type":"","background-media":"","overlay-type":"","overlay-color":"","overlay-opacity":"","overlay-gradient":""}},"ast-content-background-meta":{"desktop":{"background-color":"var(--ast-global-color-5)","background-image":"","background-repeat":"repeat","background-position":"center center","background-size":"auto","background-attachment":"scroll","background-type":"","background-media":"","overlay-type":"","overlay-color":"","overlay-opacity":"","overlay-gradient":""},"tablet":{"background-color":"var(--ast-global-color-5)","background-image":"","background-repeat":"repeat","background-position":"center center","background-size":"auto","background-attachment":"scroll","background-type":"","background-media":"","overlay-type":"","overlay-color":"","overlay-opacity":"","overlay-gradient":""},"mobile":{"background-color":"var(--ast-global-color-5)","background-image":"","background-repeat":"repeat","background-position":"center center","background-size":"auto","background-attachment":"scroll","background-type":"","background-media":"","overlay-type":"","overlay-color":"","overlay-opacity":"","overlay-gradient":""}}},"categorie-agenda":[38],"categorie-public":[45],"annee":[23],"class_list":["post-4526","agenda","type-agenda","status-publish","has-post-thumbnail","hentry","categorie-agenda-workshops-classes","categorie-public-all-audiences","annee-23"],"uagb_featured_image_src":{"full":["https:\/\/www.cacp-villaperochon.com\/wp-content\/uploads\/2025\/06\/workshop-magre-gabarit-vignette-agenda.jpg",400,400,false],"thumbnail":["https:\/\/www.cacp-villaperochon.com\/wp-content\/uploads\/2025\/06\/workshop-magre-gabarit-vignette-agenda-150x150.jpg",150,150,true],"medium":["https:\/\/www.cacp-villaperochon.com\/wp-content\/uploads\/2025\/06\/workshop-magre-gabarit-vignette-agenda.jpg",400,400,false],"medium_large":["https:\/\/www.cacp-villaperochon.com\/wp-content\/uploads\/2025\/06\/workshop-magre-gabarit-vignette-agenda.jpg",400,400,false],"large":["https:\/\/www.cacp-villaperochon.com\/wp-content\/uploads\/2025\/06\/workshop-magre-gabarit-vignette-agenda.jpg",400,400,false],"1536x1536":["https:\/\/www.cacp-villaperochon.com\/wp-content\/uploads\/2025\/06\/workshop-magre-gabarit-vignette-agenda.jpg",400,400,false],"2048x2048":["https:\/\/www.cacp-villaperochon.com\/wp-content\/uploads\/2025\/06\/workshop-magre-gabarit-vignette-agenda.jpg",400,400,false]},"uagb_author_info":{"display_name":"Virginie Odiard","author_link":"https:\/\/www.cacp-villaperochon.com\/en\/author\/"},"uagb_comment_info":0,"uagb_excerpt":"As part of his exhibition En Vie, Julien Magre offers a workshop combining photography and writing about the intimacy of the city.","_links":{"self":[{"href":"https:\/\/www.cacp-villaperochon.com\/en\/wp-json\/wp\/v2\/agenda\/4526","targetHints":{"allow":["GET"]}}],"collection":[{"href":"https:\/\/www.cacp-villaperochon.com\/en\/wp-json\/wp\/v2\/agenda"}],"about":[{"href":"https:\/\/www.cacp-villaperochon.com\/en\/wp-json\/wp\/v2\/types\/agenda"}],"wp:featuredmedia":[{"embeddable":true,"href":"https:\/\/www.cacp-villaperochon.com\/en\/wp-json\/wp\/v2\/media\/4529"}],"wp:attachment":[{"href":"https:\/\/www.cacp-villaperochon.com\/en\/wp-json\/wp\/v2\/media?parent=4526"}],"wp:term":[{"taxonomy":"categorie-agenda","embeddable":true,"href":"https:\/\/www.cacp-villaperochon.com\/en\/wp-json\/wp\/v2\/categorie-agenda?post=4526"},{"taxonomy":"categorie-public","embeddable":true,"href":"https:\/\/www.cacp-villaperochon.com\/en\/wp-json\/wp\/v2\/categorie-public?post=4526"},{"taxonomy":"annee","embeddable":true,"href":"https:\/\/www.cacp-villaperochon.com\/en\/wp-json\/wp\/v2\/annee?post=4526"}],"curies":[{"name":"wp","href":"https:\/\/api.w.org\/{rel}","templated":true}]}}