{"id":4429,"date":"2025-12-26T16:42:27","date_gmt":"2025-12-26T15:42:27","guid":{"rendered":"https:\/\/www.cacp-villaperochon.com\/agenda\/frederic-stucin-the-interstices\/"},"modified":"2026-03-31T09:21:36","modified_gmt":"2026-03-31T07:21:36","slug":"frederic-stucin-the-interstices","status":"publish","type":"agenda","link":"https:\/\/www.cacp-villaperochon.com\/en\/agenda\/frederic-stucin-the-interstices\/","title":{"rendered":"Fr\u00e9d\u00e9ric Stucin &#8211; The interstices"},"content":{"rendered":"\n<div class=\"wp-block-uagb-container uagb-block-88d39cc3 alignfull uagb-is-root-container\"><div class=\"uagb-container-inner-blocks-wrap\">\n<div class=\"wp-block-uagb-container uagb-block-ac5223d1\">\n<div class=\"wp-block-uagb-advanced-heading uagb-block-31e59f7f\"><h1 class=\"uagb-heading-text\"><strong>Fr\u00e9d\u00e9ric STUCIN<\/strong><br\/>Les interstices<\/h1><\/div>\n<\/div>\n\n\n\n<div class=\"wp-block-uagb-container uagb-block-4c93ecde\"><div class=\"formatage-date-agenda\">From 29 April <br> To 03 September<\/div>\n<\/div>\n<\/div><\/div>\n\n<div class=\"wp-block-uagb-container uagb-block-4a819f27 alignfull uagb-is-root-container\"><div class=\"uagb-container-inner-blocks-wrap\">\n<div class=\"wp-block-toolset-blocks-container tb-container\" data-toolset-blocks-container=\"16b37c617ed998c77f85c2277d11f5f6\" data-bg=\"https:\/\/www.cacp-villaperochon.com\/wp-content\/uploads\/2025\/12\/interstices-banniere-agenda.jpg\"><\/div>\n<\/div><\/div>\n\n<div class=\"wp-block-uagb-container uagb-block-c12b1b56 alignfull uagb-is-root-container\"><div class=\"uagb-container-inner-blocks-wrap\">\n<div class=\"wp-block-uagb-container uagb-block-bcb3c903 default uagb-is-root-container\">\n<div class=\"wp-block-uagb-advanced-heading uagb-block-073357df\"><h2 class=\"uagb-heading-text\">A photographic residency in a psychiatric environment<\/h2><\/div>\n\n\n\n<div class=\"wp-block-uagb-advanced-heading uagb-block-3d0128bb\"><p class=\"uagb-heading-text\">Autumn 2020. Photographer Fr\u00e9d\u00e9ric Stucin pushes open the door of La P&#8217;tite Caf\u00e8te in Niort. Adjacent to the hospital&#8217;s psychiatric ward, this is a place where patients can spend a few moments, have a drink, eat an ice cream, watch a game on TV, chat with each other or with the nursing staff. One week a month, the photographer will invite them to create, together, &#8220;real dream portraits&#8221;. A photograph that tells their story, that says what they want to say about themselves at that moment. The aim of this project is to ensure that the outside view is no longer an obstacle, but rather an opportunity to share. We want patients to be seen rather than looked at.      <br\/><em>Les Interstices <\/em>is a project co-constructed by La Villa P\u00e9rochon, the psychiatric department of the Niort hospital, the Peppsy association &#8211; Pr\u00eats et Externalisation pour la Psychiatrie -, la P&#8217;tite Caf\u00e8te and Radio Pinpon. Supported by the Minist\u00e8re de la Culture &#8211; Drac Nouvelle-Aquitaine and the Agence R\u00e9gionale de Sant\u00e9 de Nou- velle-Aquitaine. A jury made up of La Villa P\u00e9rochon staff, hospital staff and patients selected Fr\u00e9d\u00e9ric Stucin&#8217;s &#8220;Portrait porte-r\u00eave&#8221; project from among 80 applications received in 2020.<br\/>Between December 2020 and January 2022, the photographer spent one week a month at La P&#8217;tite Caf\u00e8te. He went to meet the patients. Their stories became the starting point for staged portraits, with the patients becoming the scriptwriters of the photographic creation, combining the real and the imaginary. As the weeks went by, a strong relationship of trust developed with both the patients and the nursing staff. Little by little, other departments that were not involved at the outset joined in the project: the adolescent department, psycho-geriatrics, addictology&#8230; Every weekend, a series of prints was produced and shown to all, prompting discussion and debate, reflection and support.       <br\/><strong><em>The Interstices<\/em>, the exhibition and the book are the fruits of this long residency.<\/strong><\/p><\/div>\n\n\n\n<div class=\"wp-block-uagb-advanced-heading uagb-block-3b124a48\"><h2 class=\"uagb-heading-text\">The exhibition<\/h2><\/div>\n\n\n\n<div class=\"wp-block-uagb-advanced-heading uagb-block-f4875d19\"><p class=\"uagb-heading-text\">The <em>Les interstices<\/em> exhibition features 80 photographs. Small, trombinoscope-style formats where caregivers mingle with patients, large architectural landscapes set in the meanders of the hospital and large-format &#8220;material&#8221; portraits in which faces and asperities of the walls merge, the walls transpiring the human environment and the faces the daily life of the premises. A soundtrack recorded by patients using Radio Pinpon&#8217;s microphone accompanies the exhibition.  <\/p><\/div>\n\n\n\n<div class=\"wp-block-uagb-advanced-heading uagb-block-2ec6535f\"><h2 class=\"uagb-heading-text\">The book<\/h2><\/div>\n\n\n\n<div class=\"wp-block-uagb-advanced-heading uagb-block-2f7cbe50\"><p class=\"uagb-heading-text\">The question of what to do after the Artist Residency soon arose. After the vernissage and the moments of shared joy, the idea of a book quickly took hold. The result is a 120-page book published by Editions Filigranes, which highlights the photographer&#8217;s writing and the social, artistic and health-related aspects of this experience.<br\/>With a text by Ondine Millot, <em>Les Interstices <\/em>&#8211; the book &#8211; brings together some of the photographs presented in the exhibition. Like Fr\u00e9d\u00e9ric Stucin, Ondine Millot immersed herself in the P&#8217;tite Caf\u00e8te for a week in January 2022, gathering stories and testimonials.   <br\/>&#8220;Our care nestles in the interstices. That&#8217;s the phrase used by \u00c9ric L. to sum it all up: the packets of one-euro cakes, the drawings and poems on the walls, the Radio Pinpon sessions, the consoling grenadine, the hand on the shoulder, the little joke, the wink, the coffee squeezed for comfort, the glances, just being there. [&#8230;] The interstices,&#8221; says \u00c9ric, &#8220;to express this listening, this unquantifiable, untraceable attention, which doesn&#8217;t fit into Excel spreadsheets, which takes an incalculable amount of human time.&#8221;<\/p><\/div>\n<\/div>\n\n\n\n<div class=\"wp-block-uagb-container uagb-block-371e658c\">\n<div class=\"wp-block-uagb-container uagb-block-3cba3b1c alignfull uagb-is-root-container\"><div class=\"uagb-container-inner-blocks-wrap\">\n<div class=\"wp-block-uagb-advanced-heading uagb-block-9a0e302c spectra-gbs-h2-classique1741771334061\"><h2 class=\"uagb-heading-text\">Practical info<\/h2><\/div>\n\n\n\n<div class=\"wp-block-uagb-container uagb-block-017ca215\">\n<div class=\"wp-block-uagb-icon-list uagb-block-dbf4f2e0\"><div class=\"uagb-icon-list__wrap\">\n<div class=\"wp-block-uagb-icon-list-child uagb-block-05fd3ed3\"><span class=\"uagb-icon-list__source-wrap\"><svg xmlns=\"https:\/\/www.w3.org\/2000\/svg\" viewbox=\"0 0 320 512\"><path d=\"M96 480c-8.188 0-16.38-3.125-22.62-9.375c-12.5-12.5-12.5-32.75 0-45.25L242.8 256L73.38 86.63c-12.5-12.5-12.5-32.75 0-45.25s32.75-12.5 45.25 0l192 192c12.5 12.5 12.5 32.75 0 45.25l-192 192C112.4 476.9 104.2 480 96 480z\"><\/path><\/svg><\/span><span class=\"uagb-icon-list__label\">Exhibition from April 29 to September 3, 2022 at La Villa P\u00e9rochon<\/span><\/div>\n\n\n\n<div class=\"wp-block-uagb-icon-list-child uagb-block-ad2ee6be\"><span class=\"uagb-icon-list__source-wrap\"><svg xmlns=\"https:\/\/www.w3.org\/2000\/svg\" viewbox=\"0 0 320 512\"><path d=\"M96 480c-8.188 0-16.38-3.125-22.62-9.375c-12.5-12.5-12.5-32.75 0-45.25L242.8 256L73.38 86.63c-12.5-12.5-12.5-32.75 0-45.25s32.75-12.5 45.25 0l192 192c12.5 12.5 12.5 32.75 0 45.25l-192 192C112.4 476.9 104.2 480 96 480z\"><\/path><\/svg><\/span><span class=\"uagb-icon-list__label\">Wednesday to Saturday, 1:30 to 6:30 p.m.<\/span><\/div>\n\n\n\n<div class=\"wp-block-uagb-icon-list-child uagb-block-ad2cacc6\"><span class=\"uagb-icon-list__source-wrap\"><svg xmlns=\"https:\/\/www.w3.org\/2000\/svg\" viewbox=\"0 0 320 512\"><path d=\"M96 480c-8.188 0-16.38-3.125-22.62-9.375c-12.5-12.5-12.5-32.75 0-45.25L242.8 256L73.38 86.63c-12.5-12.5-12.5-32.75 0-45.25s32.75-12.5 45.25 0l192 192c12.5 12.5 12.5 32.75 0 45.25l-192 192C112.4 476.9 104.2 480 96 480z\"><\/path><\/svg><\/span><span class=\"uagb-icon-list__label\">FREE ADMISSION<\/span><\/div>\n<\/div><\/div>\n<\/div>\n<\/div><\/div>\n\n\n\t\t\t\t\t<div\n\t\t\t\t\t\tclass=\"wp-block-uagb-image-gallery uagb-block-a28bc2f2     \"\n\t\t\t\t\t\tstyle=\"\"\n\t\t\t\t\t>\n\t\t\t\t\t\t\t\t\t\t\t<div class=\"spectra-image-gallery spectra-image-gallery__layout--grid spectra-image-gallery__layout--grid-col-2 spectra-image-gallery__layout--grid-col-tab-3 spectra-image-gallery__layout--grid-col-mob-2\">\n\t\t\t\t\t\t\t\t\t\t\t<div class='spectra-image-gallery__media-wrapper' data-spectra-gallery-image-id='3514' tabindex=\"0\">\n\t\t\t\t\t\t\t<div class=\"spectra-image-gallery__media spectra-image-gallery__media--grid\">\n\t\t\t\t<picture>\n\t\t\t\t\t<source media=\"(min-width: 1024px)\" srcset=\"https:\/\/www.cacp-villaperochon.com\/wp-content\/uploads\/2025\/12\/Frederic-Stucin-Les-interstices-2022-04-560x700.jpg\">\n\t\t\t\t\t<source media=\"(min-width: 768px)\" srcset=\"https:\/\/www.cacp-villaperochon.com\/wp-content\/uploads\/2025\/12\/Frederic-Stucin-Les-interstices-2022-04-560x700.jpg\">\n\t\t\t\t\t<img decoding=\"async\" class=\"spectra-image-gallery__media-thumbnail spectra-image-gallery__media-thumbnail--grid\" src=\"https:\/\/www.cacp-villaperochon.com\/wp-content\/uploads\/2025\/12\/Frederic-Stucin-Les-interstices-2022-04-320x400.jpg\" alt=\"Les interstices \u00a9 Fr\u00e9d\u00e9ric Stucin\" title=\"\">\n\t\t\t\t<\/picture>\n\t\t\t\t<div class=\"spectra-image-gallery__media-thumbnail-blurrer\"><\/div>\n\t\t\t\t\t\t\t\t\t\t\t<div class=\"spectra-image-gallery__media-thumbnail-caption-wrapper spectra-image-gallery__media-thumbnail-caption-wrapper--overlay\">\n\t\t\t\t\t\t\t\t\t\t\t<div class=\"spectra-image-gallery__media-thumbnail-caption spectra-image-gallery__media-thumbnail-caption--overlay\">\n\t\t\t\t\tLes interstices \u00a9 Fr\u00e9d\u00e9ric Stucin\t\t\t\t<\/div>\n\t\t\t\t\t\t\t\t\t\t<\/div>\n\t\t\t\t\t\t\t\t\t<\/div>\n\t\t\t\t\t\t<\/div>\n\t\t\t\t\t\t<div class='spectra-image-gallery__media-wrapper' data-spectra-gallery-image-id='3515' tabindex=\"0\">\n\t\t\t\t\t\t\t<div class=\"spectra-image-gallery__media spectra-image-gallery__media--grid\">\n\t\t\t\t<picture>\n\t\t\t\t\t<source media=\"(min-width: 1024px)\" srcset=\"https:\/\/www.cacp-villaperochon.com\/wp-content\/uploads\/2025\/12\/Frederic-Stucin-Les-interstices-2022-17-560x700.jpg\">\n\t\t\t\t\t<source media=\"(min-width: 768px)\" srcset=\"https:\/\/www.cacp-villaperochon.com\/wp-content\/uploads\/2025\/12\/Frederic-Stucin-Les-interstices-2022-17-560x700.jpg\">\n\t\t\t\t\t<img decoding=\"async\" class=\"spectra-image-gallery__media-thumbnail spectra-image-gallery__media-thumbnail--grid\" src=\"https:\/\/www.cacp-villaperochon.com\/wp-content\/uploads\/2025\/12\/Frederic-Stucin-Les-interstices-2022-17-320x400.jpg\" alt=\"Les interstices \u00a9 Fr\u00e9d\u00e9ric Stucin\" title=\"\">\n\t\t\t\t<\/picture>\n\t\t\t\t<div class=\"spectra-image-gallery__media-thumbnail-blurrer\"><\/div>\n\t\t\t\t\t\t\t\t\t\t\t<div class=\"spectra-image-gallery__media-thumbnail-caption-wrapper spectra-image-gallery__media-thumbnail-caption-wrapper--overlay\">\n\t\t\t\t\t\t\t\t\t\t\t<div class=\"spectra-image-gallery__media-thumbnail-caption spectra-image-gallery__media-thumbnail-caption--overlay\">\n\t\t\t\t\tLes interstices \u00a9 Fr\u00e9d\u00e9ric Stucin\t\t\t\t<\/div>\n\t\t\t\t\t\t\t\t\t\t<\/div>\n\t\t\t\t\t\t\t\t\t<\/div>\n\t\t\t\t\t\t<\/div>\n\t\t\t\t\t\t<div class='spectra-image-gallery__media-wrapper' data-spectra-gallery-image-id='3516' tabindex=\"0\">\n\t\t\t\t\t\t\t<div class=\"spectra-image-gallery__media spectra-image-gallery__media--grid\">\n\t\t\t\t<picture>\n\t\t\t\t\t<source media=\"(min-width: 1024px)\" srcset=\"https:\/\/www.cacp-villaperochon.com\/wp-content\/uploads\/2025\/12\/Frederic-Stucin-Les-interstices-2022-16-560x700.jpg\">\n\t\t\t\t\t<source media=\"(min-width: 768px)\" srcset=\"https:\/\/www.cacp-villaperochon.com\/wp-content\/uploads\/2025\/12\/Frederic-Stucin-Les-interstices-2022-16-560x700.jpg\">\n\t\t\t\t\t<img decoding=\"async\" class=\"spectra-image-gallery__media-thumbnail spectra-image-gallery__media-thumbnail--grid\" src=\"https:\/\/www.cacp-villaperochon.com\/wp-content\/uploads\/2025\/12\/Frederic-Stucin-Les-interstices-2022-16-320x400.jpg\" alt=\"Les interstices \u00a9 Fr\u00e9d\u00e9ric Stucin\" title=\"\">\n\t\t\t\t<\/picture>\n\t\t\t\t<div class=\"spectra-image-gallery__media-thumbnail-blurrer\"><\/div>\n\t\t\t\t\t\t\t\t\t\t\t<div class=\"spectra-image-gallery__media-thumbnail-caption-wrapper spectra-image-gallery__media-thumbnail-caption-wrapper--overlay\">\n\t\t\t\t\t\t\t\t\t\t\t<div class=\"spectra-image-gallery__media-thumbnail-caption spectra-image-gallery__media-thumbnail-caption--overlay\">\n\t\t\t\t\tLes interstices \u00a9 Fr\u00e9d\u00e9ric Stucin\t\t\t\t<\/div>\n\t\t\t\t\t\t\t\t\t\t<\/div>\n\t\t\t\t\t\t\t\t\t<\/div>\n\t\t\t\t\t\t<\/div>\n\t\t\t\t\t\t<div class='spectra-image-gallery__media-wrapper' data-spectra-gallery-image-id='3517' tabindex=\"0\">\n\t\t\t\t\t\t\t<div class=\"spectra-image-gallery__media spectra-image-gallery__media--grid\">\n\t\t\t\t<picture>\n\t\t\t\t\t<source media=\"(min-width: 1024px)\" srcset=\"https:\/\/www.cacp-villaperochon.com\/wp-content\/uploads\/2025\/12\/Frederic-Stucin-Les-interstices-2022-10-560x700.jpg\">\n\t\t\t\t\t<source media=\"(min-width: 768px)\" srcset=\"https:\/\/www.cacp-villaperochon.com\/wp-content\/uploads\/2025\/12\/Frederic-Stucin-Les-interstices-2022-10-560x700.jpg\">\n\t\t\t\t\t<img decoding=\"async\" class=\"spectra-image-gallery__media-thumbnail spectra-image-gallery__media-thumbnail--grid\" src=\"https:\/\/www.cacp-villaperochon.com\/wp-content\/uploads\/2025\/12\/Frederic-Stucin-Les-interstices-2022-10-320x400.jpg\" alt=\"Les interstices \u00a9 Fr\u00e9d\u00e9ric Stucin\" title=\"\">\n\t\t\t\t<\/picture>\n\t\t\t\t<div class=\"spectra-image-gallery__media-thumbnail-blurrer\"><\/div>\n\t\t\t\t\t\t\t\t\t\t\t<div class=\"spectra-image-gallery__media-thumbnail-caption-wrapper spectra-image-gallery__media-thumbnail-caption-wrapper--overlay\">\n\t\t\t\t\t\t\t\t\t\t\t<div class=\"spectra-image-gallery__media-thumbnail-caption spectra-image-gallery__media-thumbnail-caption--overlay\">\n\t\t\t\t\tLes interstices \u00a9 Fr\u00e9d\u00e9ric Stucin\t\t\t\t<\/div>\n\t\t\t\t\t\t\t\t\t\t<\/div>\n\t\t\t\t\t\t\t\t\t<\/div>\n\t\t\t\t\t\t<\/div>\n\t\t\t\t\t\t<div class='spectra-image-gallery__media-wrapper' data-spectra-gallery-image-id='3518' tabindex=\"0\">\n\t\t\t\t\t\t\t<div class=\"spectra-image-gallery__media spectra-image-gallery__media--grid\">\n\t\t\t\t<picture>\n\t\t\t\t\t<source media=\"(min-width: 1024px)\" srcset=\"https:\/\/www.cacp-villaperochon.com\/wp-content\/uploads\/2025\/12\/Frederic-Stucin-Les-interstices-2022-05-560x700.jpg\">\n\t\t\t\t\t<source media=\"(min-width: 768px)\" srcset=\"https:\/\/www.cacp-villaperochon.com\/wp-content\/uploads\/2025\/12\/Frederic-Stucin-Les-interstices-2022-05-560x700.jpg\">\n\t\t\t\t\t<img decoding=\"async\" class=\"spectra-image-gallery__media-thumbnail spectra-image-gallery__media-thumbnail--grid\" src=\"https:\/\/www.cacp-villaperochon.com\/wp-content\/uploads\/2025\/12\/Frederic-Stucin-Les-interstices-2022-05-320x400.jpg\" alt=\"Les interstices \u00a9 Fr\u00e9d\u00e9ric Stucin\" title=\"\">\n\t\t\t\t<\/picture>\n\t\t\t\t<div class=\"spectra-image-gallery__media-thumbnail-blurrer\"><\/div>\n\t\t\t\t\t\t\t\t\t\t\t<div class=\"spectra-image-gallery__media-thumbnail-caption-wrapper spectra-image-gallery__media-thumbnail-caption-wrapper--overlay\">\n\t\t\t\t\t\t\t\t\t\t\t<div class=\"spectra-image-gallery__media-thumbnail-caption spectra-image-gallery__media-thumbnail-caption--overlay\">\n\t\t\t\t\tLes interstices \u00a9 Fr\u00e9d\u00e9ric Stucin\t\t\t\t<\/div>\n\t\t\t\t\t\t\t\t\t\t<\/div>\n\t\t\t\t\t\t\t\t\t<\/div>\n\t\t\t\t\t\t<\/div>\n\t\t\t\t\t\t\t\t\t\t<\/div>\n\t\t\t\t\t\t\t\t\t\t\t\t\t\t\t\t\t\t<\/div>\n\t\t\t\t\t\t\t\t\t\t\t<div class='spectra-image-gallery__control-lightbox' tabindex='0'>\n\t\t\t\t\t\t\t\t\t\t\t<div class=\"swiper spectra-image-gallery__control-lightbox--main\" dir=\"\">\n\t\t\t\t\t<div class=\"swiper-wrapper\">\n\t\t\t\t\t\t\t\t\t\t\t\t\t\n\t\t\t\t\t\t\t<div class=\"swiper-slide\">\n\t\t\t\t\t\t\t\t<img class=\"swiper-lazy\" data-src=\"https:\/\/www.cacp-villaperochon.com\/wp-content\/uploads\/2025\/12\/Frederic-Stucin-Les-interstices-2022-04.jpg\" alt=\"Les interstices \u00a9 Fr\u00e9d\u00e9ric Stucin\"\/>\n\t\t\t\t\t\t\t\t<div class=\"swiper-lazy-preloader swiper-lazy-preloader-white\"><\/div>\n\t\t\t\t\t\t\t\t\t\t\t\t\t\t\t<\/div>\n\t\t\t\t\t\t\t\t\t\t\t\t\t\n\t\t\t\t\t\t\t<div class=\"swiper-slide\">\n\t\t\t\t\t\t\t\t<img class=\"swiper-lazy\" data-src=\"https:\/\/www.cacp-villaperochon.com\/wp-content\/uploads\/2025\/12\/Frederic-Stucin-Les-interstices-2022-17.jpg\" alt=\"Les interstices \u00a9 Fr\u00e9d\u00e9ric Stucin\"\/>\n\t\t\t\t\t\t\t\t<div class=\"swiper-lazy-preloader swiper-lazy-preloader-white\"><\/div>\n\t\t\t\t\t\t\t\t\t\t\t\t\t\t\t<\/div>\n\t\t\t\t\t\t\t\t\t\t\t\t\t\n\t\t\t\t\t\t\t<div class=\"swiper-slide\">\n\t\t\t\t\t\t\t\t<img class=\"swiper-lazy\" data-src=\"https:\/\/www.cacp-villaperochon.com\/wp-content\/uploads\/2025\/12\/Frederic-Stucin-Les-interstices-2022-16.jpg\" alt=\"Les interstices \u00a9 Fr\u00e9d\u00e9ric Stucin\"\/>\n\t\t\t\t\t\t\t\t<div class=\"swiper-lazy-preloader swiper-lazy-preloader-white\"><\/div>\n\t\t\t\t\t\t\t\t\t\t\t\t\t\t\t<\/div>\n\t\t\t\t\t\t\t\t\t\t\t\t\t\n\t\t\t\t\t\t\t<div class=\"swiper-slide\">\n\t\t\t\t\t\t\t\t<img class=\"swiper-lazy\" data-src=\"https:\/\/www.cacp-villaperochon.com\/wp-content\/uploads\/2025\/12\/Frederic-Stucin-Les-interstices-2022-10.jpg\" alt=\"Les interstices \u00a9 Fr\u00e9d\u00e9ric Stucin\"\/>\n\t\t\t\t\t\t\t\t<div class=\"swiper-lazy-preloader swiper-lazy-preloader-white\"><\/div>\n\t\t\t\t\t\t\t\t\t\t\t\t\t\t\t<\/div>\n\t\t\t\t\t\t\t\t\t\t\t\t\t\n\t\t\t\t\t\t\t<div class=\"swiper-slide\">\n\t\t\t\t\t\t\t\t<img class=\"swiper-lazy\" data-src=\"https:\/\/www.cacp-villaperochon.com\/wp-content\/uploads\/2025\/12\/Frederic-Stucin-Les-interstices-2022-05.jpg\" alt=\"Les interstices \u00a9 Fr\u00e9d\u00e9ric Stucin\"\/>\n\t\t\t\t\t\t\t\t<div class=\"swiper-lazy-preloader swiper-lazy-preloader-white\"><\/div>\n\t\t\t\t\t\t\t\t\t\t\t\t\t\t\t<\/div>\n\t\t\t\t\t\t\t\t\t\t\t<\/div>\n\t\t\t\t\t<div class=\"swiper-button-next\"><\/div>\n\t\t\t\t\t<div class=\"swiper-button-prev\"><\/div>\n\t\t\t\t<\/div>\t\t\t\n\t\t\t\t\t\t\t\t\t\t\t\t\t\t\t\t\t\t\t\t\t\t\t\t\t\t\t\t\t\t\t\t<button class='spectra-image-gallery__control-lightbox--close' aria-label=\"Close\">\n\t\t\t\t\t\t\t\t\t\t\t\t\t<svg xmlns=\"https:\/\/www.w3.org\/2000\/svg\" viewBox= \"0 0 320 512\"><path d=\"M310.6 361.4c12.5 12.5 12.5 32.75 0 45.25C304.4 412.9 296.2 416 288 416s-16.38-3.125-22.62-9.375L160 301.3L54.63 406.6C48.38 412.9 40.19 416 32 416S15.63 412.9 9.375 406.6c-12.5-12.5-12.5-32.75 0-45.25l105.4-105.4L9.375 150.6c-12.5-12.5-12.5-32.75 0-45.25s32.75-12.5 45.25 0L160 210.8l105.4-105.4c12.5-12.5 32.75-12.5 45.25 0s12.5 32.75 0 45.25l-105.4 105.4L310.6 361.4z\"><\/path><\/svg>\n\t\t\t\t\t\t\t\t\t\t\t\t<\/button>\n\t\t\t\t\t\t\t\t\t\t\t\t\t<\/div>\n\t\t\t\t\t\t\t\t\t\n\n\n<div class=\"wp-block-uagb-buttons uagb-buttons__outer-wrap uagb-btn__default-btn uagb-btn-tablet__default-btn uagb-btn-mobile__default-btn uagb-block-ccafccbf\"><div class=\"uagb-buttons__wrap uagb-buttons-layout-wrap \">\n<div class=\"wp-block-uagb-buttons-child uagb-buttons__outer-wrap uagb-block-57c83290 wp-block-button\"><div class=\"uagb-button__wrapper\"><a class=\"uagb-buttons-repeater wp-block-button__link\" aria-label=\"\" href=\"https:\/\/www.youtube.com\/watch?v=vjyOF4WWuCc\" rel=\"follow noopener\" target=\"_blank\" role=\"button\"><div class=\"uagb-button__link\">See In Conversation with Fr\u00e9d\u00e9ric Stucin<\/div><\/a><\/div><\/div>\n<\/div><\/div>\n<\/div>\n<\/div><\/div>\n\n<div class=\"wp-block-uagb-container uagb-block-ff670974 alignfull uagb-is-root-container\"><div class=\"uagb-container-inner-blocks-wrap\">\n<div class=\"wp-block-uagb-container uagb-block-5d104ecb\">\n<div class=\"wp-block-uagb-image aligncenter uagb-block-38275ebb wp-block-uagb-image--layout-default wp-block-uagb-image--effect-static wp-block-uagb-image--align-center\"><figure class=\"wp-block-uagb-image__figure\"><img decoding=\"async\" srcset=\"https:\/\/www.cacp-villaperochon.com\/wp-content\/uploads\/2025\/12\/Fred-Stucin.jpg ,https:\/\/www.cacp-villaperochon.com\/wp-content\/uploads\/2025\/12\/Fred-Stucin.jpg 780w, https:\/\/www.cacp-villaperochon.com\/wp-content\/uploads\/2025\/12\/Fred-Stucin.jpg 360w\" sizes=\"auto, (max-width: 480px) 150px\" src=\"https:\/\/www.cacp-villaperochon.com\/wp-content\/uploads\/2025\/12\/Fred-Stucin.jpg\" alt=\"\" class=\"uag-image-3519\" width=\"785\" height=\"1024\" title=\"Portrait Fr\u00e9d\u00e9ric Stucin\" loading=\"lazy\" role=\"img\"><\/figure><\/div>\n<\/div>\n\n\n\n<div class=\"wp-block-uagb-container uagb-block-dac54a64\">\n<div class=\"wp-block-uagb-advanced-heading uagb-block-dd4e7d87\"><h2 class=\"uagb-heading-text\">Biography<\/h2><\/div>\n\n\n\n<p>Fr\u00e9d\u00e9ric Stucin was born in Nice in 1977 and lives in Paris. A graduate of the decorative arts school in Strasbourg and the \u00c9cole Louis Lumi\u00e8re, he began working as a press photographer in 2002. He collaborates with several media (Lib\u00e9ration, Le Monde, L&#8217;\u00c9quipe, Le Figaro, Vanity Fair, L&#8217;Obs, Les Echos, Les Inrocks, Elle, Time Magazine, Stern&#8230;), both on portraits and features. At the same time, he pursues his personal work. In 2021, he published <em>La Source<\/em>(Editions Cl\u00e9mentine de la F\u00e9ronni\u00e8re), an exploration of the banks of the Seine, right up to its source, at the time of the first deconfinement. A second monograph released in 2021 &#8211; <em>Endorphine<\/em>, \u00e9ditions Filigranes &#8211; also tackles the theme of the health crisis, through portraits of athletes deprived of their activity. In 2019, he published <em>Only Bleeding <\/em>(\u00e9ditions du Bec en l&#8217;air, exhibition at galerie Vu&#8217;), a story about the wanderings of those left behind by the American dream. He is also a winner of the Prix Euraz\u00e9o and the Hangar Photo Art Center with his series <em>Le D\u00e9cor<\/em>.       <\/p>\n\n\n\n<p><a href=\"https:\/\/www.fredericstucin.com\" target=\"_blank\" rel=\"noreferrer noopener\">Fr\u00e9d\u00e9ric Stucin website<\/a><\/p>\n<\/div>\n<\/div><\/div>\n\n<p><\/p>\n","protected":false},"excerpt":{"rendered":"<p>The exhibition Les interstices is the result of a long-term residency at the Niort psychiatric hospital by photographer Fr\u00e9d\u00e9ric Stucin.<\/p>\n","protected":false},"featured_media":4440,"template":"","meta":{"inline_featured_image":false,"_uag_custom_page_level_css":"","site-sidebar-layout":"default","site-content-layout":"","ast-site-content-layout":"","site-content-style":"default","site-sidebar-style":"default","ast-global-header-display":"","ast-banner-title-visibility":"","ast-main-header-display":"","ast-hfb-above-header-display":"","ast-hfb-below-header-display":"","ast-hfb-mobile-header-display":"","site-post-title":"","ast-breadcrumbs-content":"","ast-featured-img":"","footer-sml-layout":"","ast-disable-related-posts":"","theme-transparent-header-meta":"","adv-header-id-meta":"","stick-header-meta":"","header-above-stick-meta":"","header-main-stick-meta":"","header-below-stick-meta":"","astra-migrate-meta-layouts":"default","ast-page-background-enabled":"default","ast-page-background-meta":{"desktop":{"background-color":"var(--ast-global-color-4)","background-image":"","background-repeat":"repeat","background-position":"center center","background-size":"auto","background-attachment":"scroll","background-type":"","background-media":"","overlay-type":"","overlay-color":"","overlay-opacity":"","overlay-gradient":""},"tablet":{"background-color":"","background-image":"","background-repeat":"repeat","background-position":"center center","background-size":"auto","background-attachment":"scroll","background-type":"","background-media":"","overlay-type":"","overlay-color":"","overlay-opacity":"","overlay-gradient":""},"mobile":{"background-color":"","background-image":"","background-repeat":"repeat","background-position":"center center","background-size":"auto","background-attachment":"scroll","background-type":"","background-media":"","overlay-type":"","overlay-color":"","overlay-opacity":"","overlay-gradient":""}},"ast-content-background-meta":{"desktop":{"background-color":"var(--ast-global-color-5)","background-image":"","background-repeat":"repeat","background-position":"center center","background-size":"auto","background-attachment":"scroll","background-type":"","background-media":"","overlay-type":"","overlay-color":"","overlay-opacity":"","overlay-gradient":""},"tablet":{"background-color":"var(--ast-global-color-5)","background-image":"","background-repeat":"repeat","background-position":"center center","background-size":"auto","background-attachment":"scroll","background-type":"","background-media":"","overlay-type":"","overlay-color":"","overlay-opacity":"","overlay-gradient":""},"mobile":{"background-color":"var(--ast-global-color-5)","background-image":"","background-repeat":"repeat","background-position":"center center","background-size":"auto","background-attachment":"scroll","background-type":"","background-media":"","overlay-type":"","overlay-color":"","overlay-opacity":"","overlay-gradient":""}}},"categorie-agenda":[34],"categorie-public":[45],"annee":[28],"class_list":["post-4429","agenda","type-agenda","status-publish","has-post-thumbnail","hentry","categorie-agenda-exhibitions","categorie-public-all-audiences","annee-28"],"uagb_featured_image_src":{"full":["https:\/\/www.cacp-villaperochon.com\/wp-content\/uploads\/2025\/12\/interstices-vignette-agenda.jpg",400,400,false],"thumbnail":["https:\/\/www.cacp-villaperochon.com\/wp-content\/uploads\/2025\/12\/interstices-vignette-agenda-150x150.jpg",150,150,true],"medium":["https:\/\/www.cacp-villaperochon.com\/wp-content\/uploads\/2025\/12\/interstices-vignette-agenda.jpg",400,400,false],"medium_large":["https:\/\/www.cacp-villaperochon.com\/wp-content\/uploads\/2025\/12\/interstices-vignette-agenda.jpg",400,400,false],"large":["https:\/\/www.cacp-villaperochon.com\/wp-content\/uploads\/2025\/12\/interstices-vignette-agenda.jpg",400,400,false],"1536x1536":["https:\/\/www.cacp-villaperochon.com\/wp-content\/uploads\/2025\/12\/interstices-vignette-agenda.jpg",400,400,false],"2048x2048":["https:\/\/www.cacp-villaperochon.com\/wp-content\/uploads\/2025\/12\/interstices-vignette-agenda.jpg",400,400,false]},"uagb_author_info":{"display_name":"Virginie Odiard","author_link":"https:\/\/www.cacp-villaperochon.com\/en\/author\/"},"uagb_comment_info":0,"uagb_excerpt":"The exhibition Les interstices is the result of a long-term residency at the Niort psychiatric hospital by photographer Fr\u00e9d\u00e9ric Stucin.","_links":{"self":[{"href":"https:\/\/www.cacp-villaperochon.com\/en\/wp-json\/wp\/v2\/agenda\/4429","targetHints":{"allow":["GET"]}}],"collection":[{"href":"https:\/\/www.cacp-villaperochon.com\/en\/wp-json\/wp\/v2\/agenda"}],"about":[{"href":"https:\/\/www.cacp-villaperochon.com\/en\/wp-json\/wp\/v2\/types\/agenda"}],"wp:featuredmedia":[{"embeddable":true,"href":"https:\/\/www.cacp-villaperochon.com\/en\/wp-json\/wp\/v2\/media\/4440"}],"wp:attachment":[{"href":"https:\/\/www.cacp-villaperochon.com\/en\/wp-json\/wp\/v2\/media?parent=4429"}],"wp:term":[{"taxonomy":"categorie-agenda","embeddable":true,"href":"https:\/\/www.cacp-villaperochon.com\/en\/wp-json\/wp\/v2\/categorie-agenda?post=4429"},{"taxonomy":"categorie-public","embeddable":true,"href":"https:\/\/www.cacp-villaperochon.com\/en\/wp-json\/wp\/v2\/categorie-public?post=4429"},{"taxonomy":"annee","embeddable":true,"href":"https:\/\/www.cacp-villaperochon.com\/en\/wp-json\/wp\/v2\/annee?post=4429"}],"curies":[{"name":"wp","href":"https:\/\/api.w.org\/{rel}","templated":true}]}}