{"id":4412,"date":"2025-12-30T15:20:15","date_gmt":"2025-12-30T14:20:15","guid":{"rendered":"https:\/\/www.cacp-villaperochon.com\/agenda\/photographers-in-residence-2023\/"},"modified":"2026-03-31T09:20:49","modified_gmt":"2026-03-31T07:20:49","slug":"photographers-in-residence-2023","status":"publish","type":"agenda","link":"https:\/\/www.cacp-villaperochon.com\/en\/agenda\/photographers-in-residence-2023\/","title":{"rendered":"Photographers in Residence 2023"},"content":{"rendered":"\n<div class=\"wp-block-uagb-container uagb-block-c12b1b56 alignfull uagb-is-root-container\"><div class=\"uagb-container-inner-blocks-wrap\">\n<div class=\"wp-block-uagb-container uagb-block-bcb3c903\">\n<div class=\"wp-block-uagb-advanced-heading uagb-block-b0a44478\"><h1 class=\"uagb-heading-text\"><strong>Photographers in Residence<\/strong><\/h1><\/div>\n<\/div>\n\n\n\n<div class=\"wp-block-uagb-container uagb-block-2dc94297\"><div class=\"formatage-date-agenda\">From 05 April <br> To 25 May<\/div>\n<\/div>\n<\/div><\/div>\n\n<div class=\"wp-block-uagb-container uagb-block-4a819f27 alignfull uagb-is-root-container\"><div class=\"uagb-container-inner-blocks-wrap\">\n<div class=\"wp-block-toolset-blocks-container tb-container\" data-toolset-blocks-container=\"e36e9328ec09dca2e861f6cf97ed7b6d\" data-bg=\"https:\/\/www.cacp-villaperochon.com\/wp-content\/uploads\/2025\/12\/residents-banniere-agenda.jpg\"><\/div>\n<\/div><\/div>\n\n<div class=\"wp-block-uagb-container uagb-block-e3c64272 alignfull uagb-is-root-container\"><div class=\"uagb-container-inner-blocks-wrap\">\n<div class=\"wp-block-uagb-container uagb-layout-flex uagb-block-72f9096c\">\n<div class=\"wp-block-uagb-advanced-heading uagb-block-9ce696f8\"><h2 class=\"uagb-heading-text\">Rencontres de la jeune photographie internationale 2023<\/h2><\/div>\n\n\n\n<div class=\"wp-block-uagb-advanced-heading uagb-block-a2aa3a41\"><p class=\"uagb-heading-text\">At the heart of the Rencontres de la jeune photographie internationale is a unique Artist Residency. Eight emerging French and international photographers are invited to Niort for a creative residency. Accompanied by Joan<a href=\"https:\/\/www.cacp-villaperochon.com\/en\/agenda\/joan-fontcuberta-monsters\/\" data-type=\"agenda\" data-id=\"3642\">Fontcuberta<\/a>, they have carte blanche to experiment and compare their practices over a two-week period. <\/p><\/div>\n<\/div>\n\n\n\n<div class=\"wp-block-uagb-container uagb-block-501cd339 alignfull uagb-is-root-container\"><div class=\"uagb-container-inner-blocks-wrap\">\n<div class=\"wp-block-uagb-advanced-heading uagb-block-9a0e302c spectra-gbs-h2-classique1741771334061\"><h2 class=\"uagb-heading-text\">Further information<\/h2><\/div>\n\n\n\n<div class=\"wp-block-uagb-icon-list uagb-block-dbf4f2e0\"><div class=\"uagb-icon-list__wrap\">\n<div class=\"wp-block-uagb-icon-list-child uagb-block-05fd3ed3\"><span class=\"uagb-icon-list__source-wrap\"><svg xmlns=\"https:\/\/www.w3.org\/2000\/svg\" viewbox=\"0 0 320 512\"><path d=\"M96 480c-8.188 0-16.38-3.125-22.62-9.375c-12.5-12.5-12.5-32.75 0-45.25L242.8 256L73.38 86.63c-12.5-12.5-12.5-32.75 0-45.25s32.75-12.5 45.25 0l192 192c12.5 12.5 12.5 32.75 0 45.25l-192 192C112.4 476.9 104.2 480 96 480z\"><\/path><\/svg><\/span><span class=\"uagb-icon-list__label\">Exhibition from March 25 to May 27, 2023 at the M\u00e9diath\u00e8que Pierre-Moinot<\/span><\/div>\n\n\n\n<div class=\"wp-block-uagb-icon-list-child uagb-block-ad2ee6be\"><span class=\"uagb-icon-list__source-wrap\"><svg xmlns=\"https:\/\/www.w3.org\/2000\/svg\" viewbox=\"0 0 320 512\"><path d=\"M96 480c-8.188 0-16.38-3.125-22.62-9.375c-12.5-12.5-12.5-32.75 0-45.25L242.8 256L73.38 86.63c-12.5-12.5-12.5-32.75 0-45.25s32.75-12.5 45.25 0l192 192c12.5 12.5 12.5 32.75 0 45.25l-192 192C112.4 476.9 104.2 480 96 480z\"><\/path><\/svg><\/span><span class=\"uagb-icon-list__label\">Tuesday to Saturday, 1:30 to 6:30 pm, closed on public holidays<\/span><\/div>\n\n\n\n<div class=\"wp-block-uagb-icon-list-child uagb-block-ad2cacc6\"><span class=\"uagb-icon-list__source-wrap\"><svg xmlns=\"https:\/\/www.w3.org\/2000\/svg\" viewbox=\"0 0 320 512\"><path d=\"M96 480c-8.188 0-16.38-3.125-22.62-9.375c-12.5-12.5-12.5-32.75 0-45.25L242.8 256L73.38 86.63c-12.5-12.5-12.5-32.75 0-45.25s32.75-12.5 45.25 0l192 192c12.5 12.5 12.5 32.75 0 45.25l-192 192C112.4 476.9 104.2 480 96 480z\"><\/path><\/svg><\/span><span class=\"uagb-icon-list__label\">FREE ADMISSION<\/span><\/div>\n<\/div><\/div>\n<\/div><\/div>\n<\/div><\/div>\n\n<div class=\"wp-block-uagb-container uagb-block-f1d3b51f alignfull uagb-is-root-container\"><div class=\"uagb-container-inner-blocks-wrap\">\n<div class=\"wp-block-uagb-container uagb-block-9701c50c\">\n<div class=\"wp-block-uagb-advanced-heading uagb-block-073357df\"><h2 class=\"uagb-heading-text\">Romy Aliz\u00e9e &#8211; <em>I&#8217;m incapable of doing anything<\/em><\/h2><\/div>\n\n\n\n<p>A pair of slightly faded white boxer shorts, her toothbrush, an old perfumed t-shirt, her mirror, the keys to her house&#8230; I brought it all back. Or almost everything. I said goodbye, my love, and didn&#8217;t look back. Looking back is already hurting yourself. And because I want to be well, I didn&#8217;t hesitate, got into the elevator and was out the door in two minutes. I usually go up to his floor, knock, enter (often in tears) and kiss him again. But on March 30, I decided that no, really, we&#8217;d both better avoid this. When I packed my suitcase at home, I realized that half of it was filled with all her things. So I took an extra big bag, and then another smaller one. If I didn&#8217;t have this fear of missing (her), I would have traveled light. With a light heart and a light suitcase. In Niort, when the sun finally came out, I hugged the gray T-shirt she&#8217;d left me, still scented with floral and orange notes (her scent, in fact). &#8220;A lesbian who celebrates her desire symbolizes the possibility of social change for all women,&#8221; says Joan Nestle in her book <em>Fem<\/em>. Saying that, I quickly ask myself. Am I celebrating my lesbian desire by doing this? How can I be sure I&#8217;m not just a tiny bit manic? Emotionally dependent? Extreme? Maybe it&#8217;s only pleasing me after all, and not her&#8230; I&#8217;m even sure of it, in fact, right now I&#8217;m absolutely convinced that she won&#8217;t appreciate it, that she won&#8217;t understand. But hey, we have to do the things that make us feel good, otherwise, what&#8217;s the point? Still in Niort, I interviewed lots of people, photographed them and was reassured. Obviously, there are plenty of others for whom love must be a thousand times stronger. Being separated? Not really. Writing passionate notes to each other in notebooks for years? You bet. My girlfriend says she can live without me, because the prospect of meeting up again on April 17 is more than enough to appease her. Yes, she says that, but on April 7, by sms, it was something else. &#8220;Finally you&#8217;re so busy, you&#8217;ll never miss me&#8221;, she wrote. I replied: &#8220;Yes, yes, I do miss you, but as you&#8217;re at the center of my creative project, it&#8217;s a bit more complex than usual. First of all, I&#8217;m not bored. The days are rich and long. We take photos, work in the lab, talk, have a snack and bim, it&#8217;s already time for bed. Hell, we don&#8217;t even have time to jerk off, I added. But the real reason is that all the objects I&#8217;ve brought with me have a real, magical power: it&#8217;s as if I were with her all the time. Besides, I think lack really comes with boredom.                                    <\/p>\n<\/div>\n\n\n\n<div class=\"wp-block-uagb-container uagb-block-4bee10fd\">\n<div class=\"wp-block-uagb-image aligncenter uagb-block-f2fbcdd0 wp-block-uagb-image--layout-default wp-block-uagb-image--effect-static wp-block-uagb-image--align-center\"><figure class=\"wp-block-uagb-image__figure\"><img decoding=\"async\" srcset=\"https:\/\/www.cacp-villaperochon.com\/wp-content\/uploads\/2025\/12\/Romy-03-ok-scaled.jpg ,https:\/\/www.cacp-villaperochon.com\/wp-content\/uploads\/2025\/12\/Romy-03-ok-scaled.jpg 780w, https:\/\/www.cacp-villaperochon.com\/wp-content\/uploads\/2025\/12\/Romy-03-ok-scaled.jpg 360w\" sizes=\"auto, (max-width: 480px) 150px\" src=\"https:\/\/www.cacp-villaperochon.com\/wp-content\/uploads\/2025\/12\/Romy-03-ok-scaled.jpg\" alt=\"\" class=\"uag-image-3679\" width=\"1661\" height=\"2048\" title=\"Rencontres de la jeune photographie internationale de Niort 2023\" loading=\"lazy\" role=\"img\"><\/figure><\/div>\n\n\n\n<p class=\"has-text-align-center\"><a href=\"https:\/\/www.romyalizee.fr\" target=\"_blank\" rel=\"noreferrer noopener\">Romy Aliz\u00e9e website<\/a><\/p>\n<\/div>\n<\/div><\/div>\n\n<div class=\"wp-block-uagb-container uagb-block-5906b2e0 alignfull uagb-is-root-container\"><div class=\"uagb-container-inner-blocks-wrap\">\n<div class=\"wp-block-uagb-container uagb-block-1b0735fc\">\n<div class=\"wp-block-uagb-image aligncenter uagb-block-e3dceea5 wp-block-uagb-image--layout-default wp-block-uagb-image--effect-static wp-block-uagb-image--align-center\"><figure class=\"wp-block-uagb-image__figure\"><img decoding=\"async\" srcset=\"https:\/\/www.cacp-villaperochon.com\/wp-content\/uploads\/2025\/12\/Fatiq-05-525x70-DSC09269-scaled.jpg ,https:\/\/www.cacp-villaperochon.com\/wp-content\/uploads\/2025\/12\/Fatiq-05-525x70-DSC09269-scaled.jpg 780w, https:\/\/www.cacp-villaperochon.com\/wp-content\/uploads\/2025\/12\/Fatiq-05-525x70-DSC09269-scaled.jpg 360w\" sizes=\"auto, (max-width: 480px) 150px\" src=\"https:\/\/www.cacp-villaperochon.com\/wp-content\/uploads\/2025\/12\/Fatiq-05-525x70-DSC09269-scaled.jpg\" alt=\"\" class=\"uag-image-3677\" width=\"2048\" height=\"1536\" title=\"Rencontres de la jeune photographie internationale de Niort 2023\" loading=\"lazy\" role=\"img\"><\/figure><\/div>\n\n\n\n<p class=\"has-text-align-center\"><a href=\"https:\/\/mdfazlarabbifatiq.com\" target=\"_blank\" rel=\"noreferrer noopener\">MD Fazla Rabbi Fatiq website<\/a><\/p>\n<\/div>\n\n\n\n<div class=\"wp-block-uagb-container uagb-block-35c41718\">\n<div class=\"wp-block-uagb-advanced-heading uagb-block-abf4527b\"><h2 class=\"uagb-heading-text\">MD Fazla Rabbi Fatiq &#8211; <em>Untitled<\/em><\/h2><\/div>\n\n\n\n<p>(Bangladesh)<\/p>\n\n\n\n<p>It was the first time I&#8217;d been so far away from home. It was very difficult for me to communicate with people here because of the language barrier. Nobody understood me and I understood nobody. But one thing was remarkable about the town of Niort and the surrounding countryside: almost every house seemed to have a dog. There was a wide variety of dogs that I had never seen before. There were all kinds of dogs of mixed breeds. The first day I went out alone, four different dogs chased me in several places. Maybe these dogs aren&#8217;t used to seeing too many people. I nearly tired myself out that day, running away from the pursuing dogs. Over the next few days, I went on aimless excursions in and out of town, sometimes on foot, sometimes by car. I saw different kinds of animals, tried to get close to them and realized that it was easier to interact with animals than with humans here.<br\/>I saw animals used for circuses, others for security, sometimes on farms, and others in sanctuaries. I started taking photos and observing their expressions and activities. Over time, I learned to better understand the animals&#8217; characteristic behavior.            <\/p>\n<\/div>\n<\/div><\/div>\n\n<div class=\"wp-block-uagb-container uagb-block-92691a44 alignfull uagb-is-root-container\"><div class=\"uagb-container-inner-blocks-wrap\">\n<div class=\"wp-block-uagb-container uagb-block-c7b83197\">\n<div class=\"wp-block-uagb-advanced-heading uagb-block-8f0d0e82\"><h2 class=\"uagb-heading-text\">Victor Gamarra &#8211; <em>Aleatoriedad de la deriva<\/em><\/h2><\/div>\n\n\n\n<p>(Peru)<\/p>\n\n\n\n<p>Drifting can be an act of discovering chance. There&#8217;s no escaping the whims of chance. I began this project by drifting, indulging in what seemed to be an aesthetic search for paradoxes, metaphors and contradictions among Niort&#8217;s landscapes. Without a map or set plan, I wandered through squares, streets, corners and urban spaces to surprise myself with the unexpected. As the days went by, I dug deeper into the visible and ended up exploring, unwittingly, my own emotions.<br\/>Rainy days and sunny days.<br\/>I was surprised to be confronted, in such a small space, by a father carrying his daughter on his bicycle and, a few hours later, by the eerie sound of crows and church bells as the rain fell.<br\/>The same photographic drift eventually confronts me with myself: it makes me aware of contradictory emotions. Being aware is akin to being sensitive and formal, so it&#8217;s no longer a question of drift, but of a contradiction with chance.<br\/>The last photo I took was of a deck of Italian cards. A surprise poem that rewarded a trip to the local dump, where the cards in the deck staged their latest metaphor. Yet this was indeed a pre-planned trip. Perhaps another whim of possibilities.        <\/p>\n<\/div>\n\n\n\n<div class=\"wp-block-uagb-container uagb-block-5a3f2bfd\">\n<div class=\"wp-block-uagb-image aligncenter uagb-block-97cc7f0f wp-block-uagb-image--layout-default wp-block-uagb-image--effect-static wp-block-uagb-image--align-center\"><figure class=\"wp-block-uagb-image__figure\"><img decoding=\"async\" srcset=\"https:\/\/www.cacp-villaperochon.com\/wp-content\/uploads\/2025\/12\/Victor-03-60x75-image-scaled.jpg ,https:\/\/www.cacp-villaperochon.com\/wp-content\/uploads\/2025\/12\/Victor-03-60x75-image-scaled.jpg 780w, https:\/\/www.cacp-villaperochon.com\/wp-content\/uploads\/2025\/12\/Victor-03-60x75-image-scaled.jpg 360w\" sizes=\"auto, (max-width: 480px) 150px\" src=\"https:\/\/www.cacp-villaperochon.com\/wp-content\/uploads\/2025\/12\/Victor-03-60x75-image-scaled.jpg\" alt=\"\" class=\"uag-image-3681\" width=\"1639\" height=\"2048\" title=\"Image 001\" loading=\"lazy\" role=\"img\"><\/figure><\/div>\n\n\n\n<p class=\"has-text-align-center\"><a href=\"https:\/\/victorgamarra.squarespace.com\/\" target=\"_blank\" rel=\"noreferrer noopener\">Victor Gamarra website<\/a><\/p>\n<\/div>\n<\/div><\/div>\n\n<div class=\"wp-block-uagb-container uagb-block-6082c33e alignfull uagb-is-root-container\"><div class=\"uagb-container-inner-blocks-wrap\">\n<div class=\"wp-block-uagb-container uagb-block-30bb8cc6\">\n<div class=\"wp-block-uagb-image aligncenter uagb-block-5beafa27 wp-block-uagb-image--layout-default wp-block-uagb-image--effect-static wp-block-uagb-image--align-center\"><figure class=\"wp-block-uagb-image__figure\"><img decoding=\"async\" srcset=\"https:\/\/www.cacp-villaperochon.com\/wp-content\/uploads\/2025\/12\/France-Lan-11-20230413-scaled.jpg ,https:\/\/www.cacp-villaperochon.com\/wp-content\/uploads\/2025\/12\/France-Lan-11-20230413-scaled.jpg 780w, https:\/\/www.cacp-villaperochon.com\/wp-content\/uploads\/2025\/12\/France-Lan-11-20230413-scaled.jpg 360w\" sizes=\"auto, (max-width: 480px) 150px\" src=\"https:\/\/www.cacp-villaperochon.com\/wp-content\/uploads\/2025\/12\/France-Lan-11-20230413-scaled.jpg\" alt=\"\" class=\"uag-image-3678\" width=\"1656\" height=\"2048\" title=\"France-Lan 11 20230413\" loading=\"lazy\" role=\"img\"><\/figure><\/div>\n\n\n\n<p class=\"has-text-align-center\"><a href=\"https:\/\/www.francelanlevu.com\" target=\"_blank\" rel=\"noreferrer noopener\">France-Lan L\u00ea Vu website<\/a><\/p>\n<\/div>\n\n\n\n<div class=\"wp-block-uagb-container uagb-block-0473a350\">\n<div class=\"wp-block-uagb-advanced-heading uagb-block-10c33bec\"><h2 class=\"uagb-heading-text\">France-Lan L\u00ea Vu &#8211; <em>A stone went through the glass<\/em><\/h2><\/div>\n\n\n\n<p>At the bottom of his garden, Didier shows me his old stable. Upstairs, a window broke while he was mowing the lawn. He never repaired the accident, so I transformed the hole into a pinhole camera, to take photographs only through this opening. By blocking out the window and allowing light to pass only through this crack, the exterior landscape is projected onto the interior. In this dark, dusty space, I set up my laboratory and capture fragments of the garden directly on paper.<br\/>From a simple breach, a multitude of photographic tests result, the fragility of the glass shining through in the images, evoking Andr\u00e9 Kert\u00e9sz&#8217; <em>s N\u00e9gatif sur verre bris\u00e9 <\/em>(1929). The series revisits the use of the camera obscura and invites us to take a journey through the first steps of photography.     <\/p>\n<\/div>\n<\/div><\/div>\n\n<div class=\"wp-block-uagb-container uagb-block-0151b2e9 alignfull uagb-is-root-container\"><div class=\"uagb-container-inner-blocks-wrap\">\n<div class=\"wp-block-uagb-container uagb-block-ce85fd81\">\n<div class=\"wp-block-uagb-advanced-heading uagb-block-e51b495f\"><h2 class=\"uagb-heading-text\">Clo\u00e9 Azzopardi &#8211; <em>Non technological devices<\/em><\/h2><\/div>\n\n\n\n<p>In this series, I have constructed a universe of futuristic objects: somewhere between rudimentary productions and science-fiction creations, these are composite tools made from natural elements gleaned from the Villa P\u00e9rochon&#8217;s surroundings, assembled in such a way as to mimic the technological artifices that populate our daily lives.<br\/>With this series, I began to reflect on our imaginations and fantasies of the future: how can we make people see an alternative future in the face of our dreams of a hyper-artificialized and technologized world? Using fiction and games, I looked for other ways of imagining augmented lives, and wanted to create a kind of organic cyborg whose aim was to inscribe the body differently in our environment. In particular, I used the shift and poetic hijacking of artefacts symbolizing technical progress to question our relationship with the living and with the disappearance of the earthly &#8220;resources&#8221; used to build the components of our technological objects.<br\/>I wanted to create new desires here, to generate images that could be resources for our imaginations. This is how virtual reality masks, satellite antennas, exo-skeletons and invented poetic artefacts whose use has yet to be imagined came together.   <\/p>\n<\/div>\n\n\n\n<div class=\"wp-block-uagb-container uagb-block-d30802b4\">\n<div class=\"wp-block-uagb-image aligncenter uagb-block-1c7bcb0e wp-block-uagb-image--layout-default wp-block-uagb-image--effect-static wp-block-uagb-image--align-center\"><figure class=\"wp-block-uagb-image__figure\"><img decoding=\"async\" srcset=\"https:\/\/www.cacp-villaperochon.com\/wp-content\/uploads\/2025\/12\/Chloe-705x120_DSC_6745-scaled.jpg ,https:\/\/www.cacp-villaperochon.com\/wp-content\/uploads\/2025\/12\/Chloe-705x120_DSC_6745-scaled.jpg 780w, https:\/\/www.cacp-villaperochon.com\/wp-content\/uploads\/2025\/12\/Chloe-705x120_DSC_6745-scaled.jpg 360w\" sizes=\"auto, (max-width: 480px) 150px\" src=\"https:\/\/www.cacp-villaperochon.com\/wp-content\/uploads\/2025\/12\/Chloe-705x120_DSC_6745-scaled.jpg\" alt=\"\" class=\"uag-image-3676\" width=\"1202\" height=\"2048\" title=\"Rencontres de la jeune photographie internationale de Niort 2023\" loading=\"lazy\" role=\"img\"><\/figure><\/div>\n\n\n\n<p class=\"has-text-align-center\"><a href=\"https:\/\/www.chloeazzopardi.com\" target=\"_blank\" rel=\"noreferrer noopener\">Chlo\u00e9 Azzopardi website<\/a><\/p>\n<\/div>\n<\/div><\/div>\n\n<div class=\"wp-block-uagb-container uagb-block-c1a9c755 alignfull uagb-is-root-container\"><div class=\"uagb-container-inner-blocks-wrap\">\n<div class=\"wp-block-uagb-container uagb-block-493e471d\">\n<div class=\"wp-block-uagb-image aligncenter uagb-block-74e3e509 wp-block-uagb-image--layout-default wp-block-uagb-image--effect-static wp-block-uagb-image--align-center\"><figure class=\"wp-block-uagb-image__figure\"><img decoding=\"async\" srcset=\"https:\/\/www.cacp-villaperochon.com\/wp-content\/uploads\/2025\/12\/Valia-05-city_30x20cm-scaled.jpg ,https:\/\/www.cacp-villaperochon.com\/wp-content\/uploads\/2025\/12\/Valia-05-city_30x20cm-scaled.jpg 780w, https:\/\/www.cacp-villaperochon.com\/wp-content\/uploads\/2025\/12\/Valia-05-city_30x20cm-scaled.jpg 360w\" sizes=\"auto, (max-width: 480px) 150px\" src=\"https:\/\/www.cacp-villaperochon.com\/wp-content\/uploads\/2025\/12\/Valia-05-city_30x20cm-scaled.jpg\" alt=\"\" class=\"uag-image-3680\" width=\"1365\" height=\"2048\" title=\"Rencontres de la jeune photographie internationale de Niort 2023\" loading=\"lazy\" role=\"img\"><\/figure><\/div>\n\n\n\n<p class=\"has-text-align-center\"><a href=\"https:\/\/www.valiarusso.com\" target=\"_blank\" rel=\"noreferrer noopener\">Valia Russo website<\/a><\/p>\n<\/div>\n\n\n\n<div class=\"wp-block-uagb-container uagb-block-c7ff4b66\">\n<div class=\"wp-block-uagb-advanced-heading uagb-block-b510553d\"><h2 class=\"uagb-heading-text\">Valia Russo &#8211; <em>Margin of error<\/em><\/h2><\/div>\n\n\n\n<p>During my stay in Niort, I accumulated 1,272 photographs. This intentional overproduction of images documents what architect Rem Koolhaas calls Junkspace 1: generic, undifferentiated, uniform and repetitive urban spaces, often created by globalization and rapid urbanization.<br\/>Using this bank of images that I have built up, and with the help of Photoshop&#8217;s automatic tools and artificial intelligence, I have created hybrid and absurd compositions. Each image is composed of different elements intentionally introduced to produce errors in the final result. This can include variations in focus, overprinting, unexpected shadows, reflections or unwanted elements that reflect this fragmentation and information overload. Technical error is seen as both a creative and a destructive tool: the greater the margin of error, the less reliable the results, and the greater the likelihood that they will be far from reality.<br\/>This work aims to explore how today&#8217;s environment, both physical and virtual, is a space cluttered with signs, symbols and images that often make no sense and conflict with one another. In <em>L&#8217;art \u00e0 l&#8217;\u00e9tat gazeux2 (Art in a Gaseous State)2<\/em>, Yves Michaud observes this vaporization of art through our everyday spaces, in common, standardized places and consumer objects. <em>Margin of error <\/em>proposes a reflection on the construction and hybridization of our environments, but also on the architecture of the image itself, its fluidity and instability.     <\/p>\n<\/div>\n<\/div><\/div>\n\n<div class=\"wp-block-uagb-container uagb-block-b19b6e3a alignfull uagb-is-root-container\"><div class=\"uagb-container-inner-blocks-wrap\">\n<div class=\"wp-block-uagb-container uagb-block-674dc552\">\n<div class=\"wp-block-uagb-advanced-heading uagb-block-c77df8a1\"><h2 class=\"uagb-heading-text\">Yehor Simakov &#8211; <em>Eat me if you can<\/em><\/h2><\/div>\n\n\n\n<p>(Ukraine)<\/p>\n\n\n\n<p>For a long time, I&#8217;d been wondering about how memory works, how it influences us, influences others, and in fact creates our whole identity. More specifically, what interested me was short-term memory, which seems much brighter and clearer, and which we can feel and experience more fully than long-term memory, which we still use a lot, but which we can&#8217;t feel in the same way as short-term memory. <br\/>Each of us normally receives a certain amount of information through the senses of sight, smell, hearing and touch. Visual information is transmitted by the eyes and can be reproduced by photography. However, every photograph is itself limited by framing, the number of pixels, the size of the paper, etc., which means that visual information cannot be reproduced 100% as it was initially received by the eyes.<br\/>To evoke a memory or show something I&#8217;ve seen to someone else, I use photography as a snapshot, the pure and simple way of capturing the things around us. What you see &#8211; you photograph what you photograph &#8211; is what you want to remember. The snapshot captures a moment, which is a very important element in both types of memory.<br\/>The use of different colors underlines the difference between my understanding of long-term and short-term memory. Brightness, optimism and rawness at the same time are a formula for our short-term memory, because we still remember a lot of events that happened not so long ago, so we can still feel and remember precisely what we experienced, what we saw and what we memorized. The repetition of colors in the various images has its own symbolic meaning, and I leave it to the viewer to define and imagine what a given color actually means.<br\/>The installation itself functions as an interactive element of the exhibition as a whole. The idea of tasting, eating and consuming memories may seem irrelevant and unrealistic, but the concept itself, the idea of receiving and experiencing someone else&#8217;s memories, is part of the process of distorting the image, which is equivalent to distorting memory, and consuming it, which is equivalent to receiving it, just as with any kind of drug. It&#8217;s also another way of sharing a memory we&#8217;ve experienced, not through words, but through visual effects that can occur when consuming an image or flashback.      <\/p>\n<\/div>\n\n\n\n<div class=\"wp-block-uagb-container uagb-block-454b13e5\">\n<div class=\"wp-block-uagb-image aligncenter uagb-block-c4d6423d wp-block-uagb-image--layout-default wp-block-uagb-image--effect-zoomin wp-block-uagb-image--align-center\"><figure class=\"wp-block-uagb-image__figure\"><img decoding=\"async\" srcset=\"https:\/\/www.cacp-villaperochon.com\/wp-content\/uploads\/2025\/12\/Yehor-20230414-16-scaled.jpg ,https:\/\/www.cacp-villaperochon.com\/wp-content\/uploads\/2025\/12\/Yehor-20230414-16-scaled.jpg 780w, https:\/\/www.cacp-villaperochon.com\/wp-content\/uploads\/2025\/12\/Yehor-20230414-16-scaled.jpg 360w\" sizes=\"auto, (max-width: 480px) 150px\" src=\"https:\/\/www.cacp-villaperochon.com\/wp-content\/uploads\/2025\/12\/Yehor-20230414-16-scaled.jpg\" alt=\"\" class=\"uag-image-3682\" width=\"2048\" height=\"1490\" title=\"Rencontres de la jeune photographie internationale de Niort 2023\" loading=\"lazy\" role=\"img\"><\/figure><\/div>\n\n\n\n<p class=\"has-text-align-center\"><a href=\"https:\/\/www.instagram.com\/simakich\/\" target=\"_blank\" rel=\"noreferrer noopener\">Yehor Simakov&#8217;s Instagram account<\/a><\/p>\n<\/div>\n<\/div><\/div>\n","protected":false},"excerpt":{"rendered":"<p>At the heart of the Rencontres de la jeune photographie internationale is a unique Artist Residency.  <\/p>\n","protected":false},"featured_media":4354,"template":"","meta":{"inline_featured_image":false,"_uag_custom_page_level_css":"","site-sidebar-layout":"default","site-content-layout":"","ast-site-content-layout":"default","site-content-style":"default","site-sidebar-style":"default","ast-global-header-display":"","ast-banner-title-visibility":"","ast-main-header-display":"","ast-hfb-above-header-display":"","ast-hfb-below-header-display":"","ast-hfb-mobile-header-display":"","site-post-title":"","ast-breadcrumbs-content":"","ast-featured-img":"","footer-sml-layout":"","ast-disable-related-posts":"","theme-transparent-header-meta":"","adv-header-id-meta":"","stick-header-meta":"","header-above-stick-meta":"","header-main-stick-meta":"","header-below-stick-meta":"","astra-migrate-meta-layouts":"default","ast-page-background-enabled":"default","ast-page-background-meta":{"desktop":{"background-color":"var(--ast-global-color-4)","background-image":"","background-repeat":"repeat","background-position":"center center","background-size":"auto","background-attachment":"scroll","background-type":"","background-media":"","overlay-type":"","overlay-color":"","overlay-opacity":"","overlay-gradient":""},"tablet":{"background-color":"","background-image":"","background-repeat":"repeat","background-position":"center center","background-size":"auto","background-attachment":"scroll","background-type":"","background-media":"","overlay-type":"","overlay-color":"","overlay-opacity":"","overlay-gradient":""},"mobile":{"background-color":"","background-image":"","background-repeat":"repeat","background-position":"center center","background-size":"auto","background-attachment":"scroll","background-type":"","background-media":"","overlay-type":"","overlay-color":"","overlay-opacity":"","overlay-gradient":""}},"ast-content-background-meta":{"desktop":{"background-color":"var(--ast-global-color-5)","background-image":"","background-repeat":"repeat","background-position":"center center","background-size":"auto","background-attachment":"scroll","background-type":"","background-media":"","overlay-type":"","overlay-color":"","overlay-opacity":"","overlay-gradient":""},"tablet":{"background-color":"var(--ast-global-color-5)","background-image":"","background-repeat":"repeat","background-position":"center center","background-size":"auto","background-attachment":"scroll","background-type":"","background-media":"","overlay-type":"","overlay-color":"","overlay-opacity":"","overlay-gradient":""},"mobile":{"background-color":"var(--ast-global-color-5)","background-image":"","background-repeat":"repeat","background-position":"center center","background-size":"auto","background-attachment":"scroll","background-type":"","background-media":"","overlay-type":"","overlay-color":"","overlay-opacity":"","overlay-gradient":""}}},"categorie-agenda":[34,39],"categorie-public":[43],"annee":[27],"class_list":["post-4412","agenda","type-agenda","status-publish","has-post-thumbnail","hentry","categorie-agenda-exhibitions","categorie-agenda-rjpi","categorie-public-rjpi","annee-27"],"uagb_featured_image_src":{"full":["https:\/\/www.cacp-villaperochon.com\/wp-content\/uploads\/2025\/12\/residents-vignette-agenda.jpg",400,400,false],"thumbnail":["https:\/\/www.cacp-villaperochon.com\/wp-content\/uploads\/2025\/12\/residents-vignette-agenda-150x150.jpg",150,150,true],"medium":["https:\/\/www.cacp-villaperochon.com\/wp-content\/uploads\/2025\/12\/residents-vignette-agenda.jpg",400,400,false],"medium_large":["https:\/\/www.cacp-villaperochon.com\/wp-content\/uploads\/2025\/12\/residents-vignette-agenda.jpg",400,400,false],"large":["https:\/\/www.cacp-villaperochon.com\/wp-content\/uploads\/2025\/12\/residents-vignette-agenda.jpg",400,400,false],"1536x1536":["https:\/\/www.cacp-villaperochon.com\/wp-content\/uploads\/2025\/12\/residents-vignette-agenda.jpg",400,400,false],"2048x2048":["https:\/\/www.cacp-villaperochon.com\/wp-content\/uploads\/2025\/12\/residents-vignette-agenda.jpg",400,400,false]},"uagb_author_info":{"display_name":"Virginie Odiard","author_link":"https:\/\/www.cacp-villaperochon.com\/en\/author\/"},"uagb_comment_info":0,"uagb_excerpt":"At the heart of the Rencontres de la jeune photographie internationale is a unique Artist Residency.","_links":{"self":[{"href":"https:\/\/www.cacp-villaperochon.com\/en\/wp-json\/wp\/v2\/agenda\/4412","targetHints":{"allow":["GET"]}}],"collection":[{"href":"https:\/\/www.cacp-villaperochon.com\/en\/wp-json\/wp\/v2\/agenda"}],"about":[{"href":"https:\/\/www.cacp-villaperochon.com\/en\/wp-json\/wp\/v2\/types\/agenda"}],"wp:featuredmedia":[{"embeddable":true,"href":"https:\/\/www.cacp-villaperochon.com\/en\/wp-json\/wp\/v2\/media\/4354"}],"wp:attachment":[{"href":"https:\/\/www.cacp-villaperochon.com\/en\/wp-json\/wp\/v2\/media?parent=4412"}],"wp:term":[{"taxonomy":"categorie-agenda","embeddable":true,"href":"https:\/\/www.cacp-villaperochon.com\/en\/wp-json\/wp\/v2\/categorie-agenda?post=4412"},{"taxonomy":"categorie-public","embeddable":true,"href":"https:\/\/www.cacp-villaperochon.com\/en\/wp-json\/wp\/v2\/categorie-public?post=4412"},{"taxonomy":"annee","embeddable":true,"href":"https:\/\/www.cacp-villaperochon.com\/en\/wp-json\/wp\/v2\/annee?post=4412"}],"curies":[{"name":"wp","href":"https:\/\/api.w.org\/{rel}","templated":true}]}}