{"id":4394,"date":"2025-12-30T16:47:45","date_gmt":"2025-12-30T15:47:45","guid":{"rendered":"https:\/\/www.cacp-villaperochon.com\/agenda\/photographers-in-residence-2022\/"},"modified":"2026-03-31T09:20:49","modified_gmt":"2026-03-31T07:20:49","slug":"photographers-in-residence-2022","status":"publish","type":"agenda","link":"https:\/\/www.cacp-villaperochon.com\/en\/agenda\/photographers-in-residence-2022\/","title":{"rendered":"Photographers in Residence 2022"},"content":{"rendered":"\n<div class=\"wp-block-uagb-container uagb-block-c12b1b56 alignfull uagb-is-root-container\"><div class=\"uagb-container-inner-blocks-wrap\">\n<div class=\"wp-block-uagb-container uagb-block-bcb3c903\">\n<div class=\"wp-block-uagb-advanced-heading uagb-block-b0a44478\"><h1 class=\"uagb-heading-text\"><strong>Photographers in Residence<\/strong><\/h1><\/div>\n<\/div>\n\n\n\n<div class=\"wp-block-uagb-container uagb-block-2dc94297\"><div class=\"formatage-date-agenda\">From 01 April <br> To 28 May<\/div>\n<\/div>\n<\/div><\/div>\n\n<div class=\"wp-block-uagb-container uagb-block-4a819f27 alignfull uagb-is-root-container\"><div class=\"uagb-container-inner-blocks-wrap\">\n<div class=\"wp-block-toolset-blocks-container tb-container\" data-toolset-blocks-container=\"452d4ee56040e6e836c6275d31a1dd3b\" data-bg=\"https:\/\/www.cacp-villaperochon.com\/wp-content\/uploads\/2025\/12\/residents22-banniere-agenda.jpg\"><\/div>\n<\/div><\/div>\n\n<div class=\"wp-block-uagb-container uagb-block-e3c64272 alignfull uagb-is-root-container\"><div class=\"uagb-container-inner-blocks-wrap\">\n<div class=\"wp-block-uagb-container uagb-layout-flex uagb-block-72f9096c\">\n<div class=\"wp-block-uagb-advanced-heading uagb-block-9ce696f8\"><h2 class=\"uagb-heading-text\">Rencontres de la jeune photographie internationale 2022<\/h2><\/div>\n\n\n\n<div class=\"wp-block-uagb-advanced-heading uagb-block-a2aa3a41\"><p class=\"uagb-heading-text\">At the heart of the Rencontres de la jeune photographie internationale is a unique Artist Residency. In 2022, 7 photographers were welcomed and coached by Fran\u00e7ois Cheval.<\/p><\/div>\n\n\n\n<div class=\"wp-block-uagb-buttons uagb-buttons__outer-wrap uagb-btn__default-btn uagb-btn-tablet__default-btn uagb-btn-mobile__default-btn uagb-block-ccafccbf\"><div class=\"uagb-buttons__wrap uagb-buttons-layout-wrap \">\n<div class=\"wp-block-uagb-buttons-child uagb-buttons__outer-wrap uagb-block-57c83290 wp-block-button\"><div class=\"uagb-button__wrapper\"><a class=\"uagb-buttons-repeater wp-block-button__link\" aria-label=\"\" href=\"https:\/\/www.youtube.com\/watch?v=d-fZKzj_WWg\" rel=\"follow noopener\" target=\"_self\" role=\"button\"><div class=\"uagb-button__link\">See In Conversation with Fran\u00e7ois Cheval and the 2022 residents<\/div><\/a><\/div><\/div>\n<\/div><\/div>\n<\/div>\n\n\n\n<div class=\"wp-block-uagb-container uagb-block-501cd339 alignfull uagb-is-root-container\"><div class=\"uagb-container-inner-blocks-wrap\">\n<div class=\"wp-block-uagb-advanced-heading uagb-block-9a0e302c spectra-gbs-h2-classique1741771334061\"><h2 class=\"uagb-heading-text\">Further information<\/h2><\/div>\n\n\n\n<div class=\"wp-block-uagb-icon-list uagb-block-dbf4f2e0\"><div class=\"uagb-icon-list__wrap\">\n<div class=\"wp-block-uagb-icon-list-child uagb-block-05fd3ed3\"><span class=\"uagb-icon-list__source-wrap\"><svg xmlns=\"https:\/\/www.w3.org\/2000\/svg\" viewbox=\"0 0 320 512\"><path d=\"M96 480c-8.188 0-16.38-3.125-22.62-9.375c-12.5-12.5-12.5-32.75 0-45.25L242.8 256L73.38 86.63c-12.5-12.5-12.5-32.75 0-45.25s32.75-12.5 45.25 0l192 192c12.5 12.5 12.5 32.75 0 45.25l-192 192C112.4 476.9 104.2 480 96 480z\"><\/path><\/svg><\/span><span class=\"uagb-icon-list__label\">Exhibition from April 1 to May 28, 2022 at l&#8217;\u00celot Sauvage<\/span><\/div>\n\n\n\n<div class=\"wp-block-uagb-icon-list-child uagb-block-ad2ee6be\"><span class=\"uagb-icon-list__source-wrap\"><svg xmlns=\"https:\/\/www.w3.org\/2000\/svg\" viewbox=\"0 0 320 512\"><path d=\"M96 480c-8.188 0-16.38-3.125-22.62-9.375c-12.5-12.5-12.5-32.75 0-45.25L242.8 256L73.38 86.63c-12.5-12.5-12.5-32.75 0-45.25s32.75-12.5 45.25 0l192 192c12.5 12.5 12.5 32.75 0 45.25l-192 192C112.4 476.9 104.2 480 96 480z\"><\/path><\/svg><\/span><span class=\"uagb-icon-list__label\">Tuesday to Saturday, 1:30 to 6:30 pm, closed on public holidays<\/span><\/div>\n\n\n\n<div class=\"wp-block-uagb-icon-list-child uagb-block-ad2cacc6\"><span class=\"uagb-icon-list__source-wrap\"><svg xmlns=\"https:\/\/www.w3.org\/2000\/svg\" viewbox=\"0 0 320 512\"><path d=\"M96 480c-8.188 0-16.38-3.125-22.62-9.375c-12.5-12.5-12.5-32.75 0-45.25L242.8 256L73.38 86.63c-12.5-12.5-12.5-32.75 0-45.25s32.75-12.5 45.25 0l192 192c12.5 12.5 12.5 32.75 0 45.25l-192 192C112.4 476.9 104.2 480 96 480z\"><\/path><\/svg><\/span><span class=\"uagb-icon-list__label\">FREE ADMISSION<\/span><\/div>\n<\/div><\/div>\n<\/div><\/div>\n<\/div><\/div>\n\n<div class=\"wp-block-uagb-container uagb-block-f1d3b51f alignfull uagb-is-root-container\"><div class=\"uagb-container-inner-blocks-wrap\">\n<div class=\"wp-block-uagb-container uagb-block-9701c50c\">\n<div class=\"wp-block-uagb-advanced-heading uagb-block-073357df\"><h2 class=\"uagb-heading-text\">Lucie Belarbi &#8211; <em>This image is all we know what to do with<\/em><\/h2><\/div>\n\n\n\n<p>I questioned the cosmos to better understand what&#8217;s happening on earth.<br\/>Speech is made of images. From one image to another that we can&#8217;t explain. Sometimes images we don&#8217;t know what to do with, images of violence and domination, suspended and heavy to bear, remain dormant for a long time. On the first morning of the Artist Residency, I watched the full moon set over the city of Niort. As the star came close to the horizon, its oversized size appeared in the sky. The lunar illusion is an optical effect that leaves scientists wondering how to interpret it. That day, a concentric circle insulated my films. The series is organized arbitrarily, in a double narrative based on two phenomena we can&#8217;t explain to ourselves: the collective inability to make our stories of violence emerge, and the illusion of the moon&#8217;s growing diameter as it approaches the horizon. In the form of a loop, without imposing an answer, the story questions our collective beliefs. On the one hand, a video and ten photographs reflect my experience and encounters during the residency; on the other, a sound montage of an exchange between three characters, interrupted by silences, deciphers the devices that enable victims of violence to make their words known. Hidden images, forgotten images, images that are impossible to reveal, that we don&#8217;t know what to do with.          <\/p>\n<\/div>\n\n\n\n<div class=\"wp-block-uagb-container uagb-block-4bee10fd\">\n<div class=\"wp-block-uagb-image aligncenter uagb-block-f2fbcdd0 wp-block-uagb-image--layout-default wp-block-uagb-image--effect-static wp-block-uagb-image--align-center\"><figure class=\"wp-block-uagb-image__figure\"><img decoding=\"async\" srcset=\"https:\/\/www.cacp-villaperochon.com\/wp-content\/uploads\/2025\/12\/RJPI-2022-01-06.jpg ,https:\/\/www.cacp-villaperochon.com\/wp-content\/uploads\/2025\/12\/RJPI-2022-01-06.jpg 780w, https:\/\/www.cacp-villaperochon.com\/wp-content\/uploads\/2025\/12\/RJPI-2022-01-06.jpg 360w\" sizes=\"auto, (max-width: 480px) 150px\" src=\"https:\/\/www.cacp-villaperochon.com\/wp-content\/uploads\/2025\/12\/RJPI-2022-01-06.jpg\" alt=\"\" class=\"uag-image-3723\" width=\"750\" height=\"1000\" title=\"This image we don&#039;t know what to do with \u00a9 Lucie Belarbi\" loading=\"lazy\" role=\"img\"><\/figure><\/div>\n\n\n\n<p class=\"has-text-align-center\"><a href=\"https:\/\/luciebelarbi.com\" target=\"_blank\" rel=\"noreferrer noopener\">Lucie Belarbi website<\/a><\/p>\n<\/div>\n<\/div><\/div>\n\n<div class=\"wp-block-uagb-container uagb-block-5906b2e0 alignfull uagb-is-root-container\"><div class=\"uagb-container-inner-blocks-wrap\">\n<div class=\"wp-block-uagb-container uagb-block-1b0735fc\">\n<div class=\"wp-block-uagb-image aligncenter uagb-block-e3dceea5 wp-block-uagb-image--layout-default wp-block-uagb-image--effect-static wp-block-uagb-image--align-center\"><figure class=\"wp-block-uagb-image__figure\"><img decoding=\"async\" srcset=\"https:\/\/www.cacp-villaperochon.com\/wp-content\/uploads\/2025\/12\/RJPI-2022-02-02.jpg ,https:\/\/www.cacp-villaperochon.com\/wp-content\/uploads\/2025\/12\/RJPI-2022-02-02.jpg 780w, https:\/\/www.cacp-villaperochon.com\/wp-content\/uploads\/2025\/12\/RJPI-2022-02-02.jpg 360w\" sizes=\"auto, (max-width: 480px) 150px\" src=\"https:\/\/www.cacp-villaperochon.com\/wp-content\/uploads\/2025\/12\/RJPI-2022-02-02.jpg\" alt=\"\" class=\"uag-image-3724\" width=\"666\" height=\"1000\" title=\"Les Dissidents \u00a9 Lisa De Boeck\" loading=\"lazy\" role=\"img\"><\/figure><\/div>\n\n\n\n<p class=\"has-text-align-center\"><a href=\"https:\/\/www.memymom.com\" target=\"_blank\" rel=\"noreferrer noopener\">Lisa De Boeck website<\/a><\/p>\n<\/div>\n\n\n\n<div class=\"wp-block-uagb-container uagb-block-35c41718\">\n<div class=\"wp-block-uagb-advanced-heading uagb-block-abf4527b\"><h2 class=\"uagb-heading-text\">Lisa De Boeck &#8211; <em>The Dissidents<\/em><\/h2><\/div>\n\n\n\n<p>(Belgium)<\/p>\n\n\n\n<p>Just before I left for Niort, I noticed that the residency would take place during the French presidential elections. I immediately thought of working around this theme.<br\/>During our first meeting with the public at l&#8217;\u00celot Sauvage, I said that I was looking for local people who would like to run in the presidential elections. The first part of the work consisted in meeting all the people who had expressed an interest, and spending time with them to discuss both personal and political issues. In this way, I could begin to imagine myself as the art director of the communications agency trying to understand and shape the societal desires and political views of my &#8220;clients&#8221;. I came up with images that look like election posters but refer very strongly to the official portraits of each of France&#8217;s previous presidents.<br\/>The title of this work &#8211; <em>Les Dissidents <\/em>&#8211; is a reference to a quote by Harold Pinter: &#8220;It&#8217;s so easy for propaganda to work and for dissent to be mocked&#8221;. But I fear that today it is even easier for dissidents to be ignored and therefore censored.     <\/p>\n<\/div>\n<\/div><\/div>\n\n<div class=\"wp-block-uagb-container uagb-block-92691a44 alignfull uagb-is-root-container\"><div class=\"uagb-container-inner-blocks-wrap\">\n<div class=\"wp-block-uagb-container uagb-block-c7b83197\">\n<div class=\"wp-block-uagb-advanced-heading uagb-block-8f0d0e82\"><h2 class=\"uagb-heading-text\">Cl\u00e9mence Elman &#8211; <em>If I can make it here, I can make it anywhere, that&#8217;s what they say<\/em><\/h2><\/div>\n\n\n\n<blockquote class=\"wp-block-quote is-layout-flow wp-block-quote-is-layout-flow\">\n<p>&#8220;Arrival at John F. Kennedy Airport. I was 17 the first and only time I went to New York. I&#8217;m glad to be back.&#8221; <em>Empire State Of Mind<\/em>, Alicia Keys (2009).<\/p>\n<\/blockquote>\n\n\n\n<p>Starting from a naive and deliberate confusion between Niort and New York, I&#8217;m looking for traces of the American megalopolis. By mixing personal fantasies and collective clich\u00e9s about American culture, I anchor them in the Deux-S\u00e8vres region. The final project takes the form of an edition in which the text &#8211; a mixture of personal impressions and objective information found on Wikipedia &#8211; guides the visual form and dialogues with the images. As I weave links between the two territories, a narrative emerges that allows me to question the illustrative function of images and the interpretative potential of information, both visually and textually.   <\/p>\n<\/div>\n\n\n\n<div class=\"wp-block-uagb-container uagb-block-5a3f2bfd\">\n<div class=\"wp-block-uagb-image aligncenter uagb-block-97cc7f0f wp-block-uagb-image--layout-default wp-block-uagb-image--effect-static wp-block-uagb-image--align-center\"><figure class=\"wp-block-uagb-image__figure\"><img decoding=\"async\" srcset=\"https:\/\/www.cacp-villaperochon.com\/wp-content\/uploads\/2025\/12\/RJPI-2022-03-14.jpg ,https:\/\/www.cacp-villaperochon.com\/wp-content\/uploads\/2025\/12\/RJPI-2022-03-14.jpg 780w, https:\/\/www.cacp-villaperochon.com\/wp-content\/uploads\/2025\/12\/RJPI-2022-03-14.jpg 360w\" sizes=\"auto, (max-width: 480px) 150px\" src=\"https:\/\/www.cacp-villaperochon.com\/wp-content\/uploads\/2025\/12\/RJPI-2022-03-14.jpg\" alt=\"\" class=\"uag-image-3725\" width=\"770\" height=\"1000\" title=\"RJPI-2022-03-14\" loading=\"lazy\" role=\"img\"><\/figure><\/div>\n\n\n\n<p class=\"has-text-align-center\"><a href=\"https:\/\/clemenceelman.com\" target=\"_blank\" rel=\"noreferrer noopener\">Cl\u00e9mence Elman website<\/a><\/p>\n<\/div>\n<\/div><\/div>\n\n<div class=\"wp-block-uagb-container uagb-block-6082c33e alignfull uagb-is-root-container\"><div class=\"uagb-container-inner-blocks-wrap\">\n<div class=\"wp-block-uagb-container uagb-block-30bb8cc6\">\n<div class=\"wp-block-uagb-image aligncenter uagb-block-5beafa27 wp-block-uagb-image--layout-default wp-block-uagb-image--effect-static wp-block-uagb-image--align-center\"><figure class=\"wp-block-uagb-image__figure\"><img decoding=\"async\" srcset=\"https:\/\/www.cacp-villaperochon.com\/wp-content\/uploads\/2025\/12\/RJPI-2022-04-05.jpg ,https:\/\/www.cacp-villaperochon.com\/wp-content\/uploads\/2025\/12\/RJPI-2022-04-05.jpg 780w, https:\/\/www.cacp-villaperochon.com\/wp-content\/uploads\/2025\/12\/RJPI-2022-04-05.jpg 360w\" sizes=\"auto, (max-width: 480px) 150px\" src=\"https:\/\/www.cacp-villaperochon.com\/wp-content\/uploads\/2025\/12\/RJPI-2022-04-05.jpg\" alt=\"\" class=\"uag-image-3726\" width=\"704\" height=\"1000\" title=\"RJPI-2022-04-05\" loading=\"lazy\" role=\"img\"><\/figure><\/div>\n\n\n\n<p class=\"has-text-align-center\"><a href=\"https:\/\/www.juliagenet.com\" target=\"_blank\" rel=\"noreferrer noopener\">Julia Genet website<\/a><\/p>\n<\/div>\n\n\n\n<div class=\"wp-block-uagb-container uagb-block-0473a350\">\n<div class=\"wp-block-uagb-advanced-heading uagb-block-10c33bec\"><h2 class=\"uagb-heading-text\">Julia Genet<\/h2><\/div>\n\n\n\n<p>My latest series, <em>Shubbiha Lahum <\/em>, questions our perception of reality through our senses as messengers of the outside world. With this body of work, I question our relative apprehension of reality by degrading the image&#8217;s legibility, obstructing the viewer&#8217;s vision. I came to the Artist Residency with the desire to take this approach further. This time, I&#8217;ve chosen to question our relationship with others through the face as a symbol of otherness.   <br\/>I wonder: do we ever meet? Is it possible to apprehend the other without prejudice, without projecting our own desires and limitations, without applying the filter of our own experiences to the other? To try to grasp this &#8220;non-encounter&#8221;, I draw on the ideas of Jacques Lacan and Emmanuel Levinas. In addition to photography, which I see as material, I work in a variety of media, mixing pictorial practices. I play with the transparency of supports, their reflection, but also the opacity of pastel or the oxidation of silver leaf.<br\/>Here, a blurred face is only visible through a self-portrait that hinders its reading. Here, a portrait is placed under a pane of glass on which the viewer&#8217;s reflection prevents full perception. This Artist Residency is an opportunity to open up a new line of questioning that I&#8217;d like to explore further.      <\/p>\n<\/div>\n<\/div><\/div>\n\n<div class=\"wp-block-uagb-container uagb-block-0151b2e9 alignfull uagb-is-root-container\"><div class=\"uagb-container-inner-blocks-wrap\">\n<div class=\"wp-block-uagb-container uagb-block-ce85fd81\">\n<div class=\"wp-block-uagb-advanced-heading uagb-block-e51b495f\"><h2 class=\"uagb-heading-text\">Erdiola Mustafaj &#8211; <em>Life is beautiful and so much the better<\/em><\/h2><\/div>\n\n\n\n<p>(Italy)<\/p>\n\n\n\n<p>April<sup>1st<\/sup>, the start of my research.<br\/>Few cars, and shops closed along the road.  <br\/>Only half an hour from the border, <br\/>and eighty years later, <br\/>I cross over into Greece.<br\/>In the effort to return to a place or an idea.<br\/>Filiat\u00e8s, these are the memories of my ancestors.<br\/>The gentle line of the mountains to the left accompanies me<br\/>, while in my head I hear the oriental symphonies<br\/>that my grandfather used to play for me on his Zamar\u00e8.  <br\/>Only five kilometers to go.<br\/>Stop right there!<br\/>The poplar-studded valley in the distance catches my eye,<br\/>The sky darkens.<br\/>I&#8217;m in the middle of the road while the rain rubs my face, a distant energy shakes me.<br\/>The mountains anticipate by spreading the sound,<br\/>I tremble.<br\/>A bolt of lightning falls in front of me on the wet black asphalt.<br\/>A metallic smell, electric shock,<br\/>the car won&#8217;t start.<br\/>Behind the curve appears a man in an orange raincoat, who doesn&#8217;t turn around and continues on his way.<br\/>So began my journey.<br\/>I looked for the same in Niort,<br\/>a point of contact between interrupted, liquefied landscapes, which open up to the search for differences.<br\/>Instead of remaining uniform.<\/p>\n<\/div>\n\n\n\n<div class=\"wp-block-uagb-container uagb-block-d30802b4\">\n<div class=\"wp-block-uagb-image aligncenter uagb-block-1c7bcb0e wp-block-uagb-image--layout-default wp-block-uagb-image--effect-static wp-block-uagb-image--align-center\"><figure class=\"wp-block-uagb-image__figure\"><img decoding=\"async\" srcset=\"https:\/\/www.cacp-villaperochon.com\/wp-content\/uploads\/2025\/12\/RJPI-2022-05-09.jpg ,https:\/\/www.cacp-villaperochon.com\/wp-content\/uploads\/2025\/12\/RJPI-2022-05-09.jpg 780w, https:\/\/www.cacp-villaperochon.com\/wp-content\/uploads\/2025\/12\/RJPI-2022-05-09.jpg 360w\" sizes=\"auto, (max-width: 480px) 150px\" src=\"https:\/\/www.cacp-villaperochon.com\/wp-content\/uploads\/2025\/12\/RJPI-2022-05-09.jpg\" alt=\"\" class=\"uag-image-3727\" width=\"900\" height=\"600\" title=\"RJPI-2022-05-09\" loading=\"lazy\" role=\"img\"><\/figure><\/div>\n\n\n\n<p class=\"has-text-align-center\"><a href=\"https:\/\/erdiolamustafaj.com\" target=\"_blank\" rel=\"noreferrer noopener\">Erdiola Mustafaj website<\/a><\/p>\n<\/div>\n<\/div><\/div>\n\n<div class=\"wp-block-uagb-container uagb-block-c1a9c755 alignfull uagb-is-root-container\"><div class=\"uagb-container-inner-blocks-wrap\">\n<div class=\"wp-block-uagb-container uagb-block-493e471d\">\n<div class=\"wp-block-uagb-image aligncenter uagb-block-74e3e509 wp-block-uagb-image--layout-default wp-block-uagb-image--effect-static wp-block-uagb-image--align-center\"><figure class=\"wp-block-uagb-image__figure\"><img decoding=\"async\" srcset=\"https:\/\/www.cacp-villaperochon.com\/wp-content\/uploads\/2025\/12\/RJPI-2022-06-02.jpg ,https:\/\/www.cacp-villaperochon.com\/wp-content\/uploads\/2025\/12\/RJPI-2022-06-02.jpg 780w, https:\/\/www.cacp-villaperochon.com\/wp-content\/uploads\/2025\/12\/RJPI-2022-06-02.jpg 360w\" sizes=\"auto, (max-width: 480px) 150px\" src=\"https:\/\/www.cacp-villaperochon.com\/wp-content\/uploads\/2025\/12\/RJPI-2022-06-02.jpg\" alt=\"\" class=\"uag-image-3728\" width=\"900\" height=\"600\" title=\"RJPI-2022-06-02\" loading=\"lazy\" role=\"img\"><\/figure><\/div>\n\n\n\n<p class=\"has-text-align-center\"><a href=\"https:\/\/www.josephinevallefranceschi.fr\" target=\"_blank\" rel=\"noreferrer noopener\">Jos\u00e9phine Vall\u00e9 Franceschi website<\/a><\/p>\n<\/div>\n\n\n\n<div class=\"wp-block-uagb-container uagb-block-c7ff4b66\">\n<div class=\"wp-block-uagb-advanced-heading uagb-block-b510553d\"><h2 class=\"uagb-heading-text\">Jos\u00e9phine Vall\u00e9 Franceschi &#8211; <em>Mana, Margaux, Alma, Jos\u00e9phine and the others<\/em><\/h2><\/div>\n\n\n\n<p>At the beginning of 2022, I learn that I will be an Artist Residency at the Rencontres de la jeune photographie internationale in Niort. Talking to my grandmother Mana, with whom I have a special bond, I realize that Niort is close to her father&#8217;s original village, Champdeniers. Working on the superimposition of images and timelessness, I set out on a quest to link the past, the present and undoubtedly the future.<br\/>Arriving in Niort, I set off for Champdeniers. I have with me a few photographs of the house where my grandmother used to return in the summers. I soon found the house again, thanks to the Art Nouveau gate that my great-great-grandfather Louis Bourdet had designed. The gate was a gateway to my project here, my family and our color palettes. Like us, Mana belongs to a family of four sisters whose mother Josephine seems to be free, independent and whimsical. War broke out in September 1939, and three of the sisters managed to catch the last boat ride with their mother Jos\u00e9phine to Morocco, where they enjoyed a light, easy and sunny life. While the eldest, Jeanine, stayed with her paternal grandmother in Champdeniers, in the house on rue des Hivers with its Art Nouveau portal.<br\/>I wanted to bring all these women together through the timelessness of the places and landscapes gathered in the region, and by inventing a correspondence, a blend of what might be called a Deux-S\u00e8vres Morocco. I also gathered these portraits of women from different eras around a video entitled &#8220;La plage&#8221; (the beach), made from super-8 archive footage, always ensuring a loss of temporality and confusion of identities for these women who look so much alike.         <\/p>\n<\/div>\n<\/div><\/div>\n\n<div class=\"wp-block-uagb-container uagb-block-b19b6e3a alignfull uagb-is-root-container\"><div class=\"uagb-container-inner-blocks-wrap\">\n<div class=\"wp-block-uagb-container uagb-block-674dc552\">\n<div class=\"wp-block-uagb-advanced-heading uagb-block-c77df8a1\"><h2 class=\"uagb-heading-text\">Ali Zanjani &#8211; <em>Memorial n\u00b01<\/em><\/h2><\/div>\n\n\n\n<p>(Iran)<\/p>\n\n\n\n<p>This archive of studio photographs taken over a period of thirty years, from 1975 to 2005, belonged to Mr. Arbab&#8217;s small, busy studio in downtown Tehran. After his death, everything in the studio, including the archive, was sold to photographic equipment dealers in Tehran&#8217;s bazaar.<br\/>Arbab&#8217;s archive consists of 26,691 black-and-white negatives and 120 color negatives arranged in wooden drawers in groups of 500. Photographs dating back to pre-revolutionary Iran must certainly have been archived, before being destroyed during the Revolution.<br\/>In 2015, I was looking for my usual 16mm films when I discovered this archive in a dingy, damp storeroom. It took the Ag Galerie Lab staff two years to digitize these negatives, and finally in 2017, I began my research into this archive.<br\/>So far, I&#8217;ve created several different groups of images: ID photos for driver&#8217;s licenses and military service, children&#8217;s birthdays, schoolgirls wearing their first Islamic headdresses and hijabs, family passport photos, American green card lottery photos, and even photos taken by brides for their absent husbands.<br\/>So far, I&#8217;ve exhibited a series extracted from this archive in the series entitled <em>Military Makeup <\/em>in 2019 at <em>Ag Galerie <\/em>and consisting of eleven images of soldiers. They didn&#8217;t want to cut their hair for their military service ID cards and asked the photographer to conceal their hair using retouching techniques with a red marker. This process has the same effect as a red filter used in printing black and white photogra- phies.<br\/>The issue of hair is an important one in this archive, which also includes over ten thousand photographs of women and girls wearing the hijab. Interestingly, despite Iran&#8217;s strict hijab laws, many of these women dared to break the law and have their photos taken without covering their hair.<br\/>These photographs reminded me of my wife&#8217;s passport and the contradiction it contained: she had to present an entirely Islamic photo of herself for the passport agency, but for the Schengen visa, she had to provide a photo without the hijab. Throughout the modern history of this region, and in some European countries, the issue of the hijab &#8211; both its application and its prohibition &#8211; has been the cause of conflict and unrest. The question arises: why do governments think they have the right to impose or ban a particular garment on women when they claim to respect women&#8217;s rights?        <\/p>\n<\/div>\n\n\n\n<div class=\"wp-block-uagb-container uagb-block-454b13e5\">\n<div class=\"wp-block-uagb-image aligncenter uagb-block-c4d6423d wp-block-uagb-image--layout-default wp-block-uagb-image--effect-zoomin wp-block-uagb-image--align-center\"><figure class=\"wp-block-uagb-image__figure\"><img decoding=\"async\" srcset=\"https:\/\/www.cacp-villaperochon.com\/wp-content\/uploads\/2025\/12\/RJPI-2022-07-21-4-5.jpg ,https:\/\/www.cacp-villaperochon.com\/wp-content\/uploads\/2025\/12\/RJPI-2022-07-21-4-5.jpg 780w, https:\/\/www.cacp-villaperochon.com\/wp-content\/uploads\/2025\/12\/RJPI-2022-07-21-4-5.jpg 360w\" sizes=\"auto, (max-width: 480px) 150px\" src=\"https:\/\/www.cacp-villaperochon.com\/wp-content\/uploads\/2025\/12\/RJPI-2022-07-21-4-5.jpg\" alt=\"\" class=\"uag-image-3729\" width=\"1000\" height=\"917\" title=\"RJPI-2022-07-21-4-5\" loading=\"lazy\" role=\"img\"><\/figure><\/div>\n\n\n\n<p class=\"has-text-align-center\"><a href=\"https:\/\/www.instagram.com\/alizzanjani\/?hl=fr\" target=\"_blank\" rel=\"noreferrer noopener\">Ali Zanjani&#8217;s Instagram account<\/a><\/p>\n<\/div>\n<\/div><\/div>\n","protected":false},"excerpt":{"rendered":"<p>At the heart of the Rencontres de la jeune photographie internationale is a unique Artist Residency.  <\/p>\n","protected":false},"featured_media":4405,"template":"","meta":{"inline_featured_image":false,"_uag_custom_page_level_css":"","site-sidebar-layout":"default","site-content-layout":"","ast-site-content-layout":"default","site-content-style":"default","site-sidebar-style":"default","ast-global-header-display":"","ast-banner-title-visibility":"","ast-main-header-display":"","ast-hfb-above-header-display":"","ast-hfb-below-header-display":"","ast-hfb-mobile-header-display":"","site-post-title":"","ast-breadcrumbs-content":"","ast-featured-img":"","footer-sml-layout":"","ast-disable-related-posts":"","theme-transparent-header-meta":"","adv-header-id-meta":"","stick-header-meta":"","header-above-stick-meta":"","header-main-stick-meta":"","header-below-stick-meta":"","astra-migrate-meta-layouts":"default","ast-page-background-enabled":"default","ast-page-background-meta":{"desktop":{"background-color":"var(--ast-global-color-4)","background-image":"","background-repeat":"repeat","background-position":"center center","background-size":"auto","background-attachment":"scroll","background-type":"","background-media":"","overlay-type":"","overlay-color":"","overlay-opacity":"","overlay-gradient":""},"tablet":{"background-color":"","background-image":"","background-repeat":"repeat","background-position":"center center","background-size":"auto","background-attachment":"scroll","background-type":"","background-media":"","overlay-type":"","overlay-color":"","overlay-opacity":"","overlay-gradient":""},"mobile":{"background-color":"","background-image":"","background-repeat":"repeat","background-position":"center center","background-size":"auto","background-attachment":"scroll","background-type":"","background-media":"","overlay-type":"","overlay-color":"","overlay-opacity":"","overlay-gradient":""}},"ast-content-background-meta":{"desktop":{"background-color":"var(--ast-global-color-5)","background-image":"","background-repeat":"repeat","background-position":"center center","background-size":"auto","background-attachment":"scroll","background-type":"","background-media":"","overlay-type":"","overlay-color":"","overlay-opacity":"","overlay-gradient":""},"tablet":{"background-color":"var(--ast-global-color-5)","background-image":"","background-repeat":"repeat","background-position":"center center","background-size":"auto","background-attachment":"scroll","background-type":"","background-media":"","overlay-type":"","overlay-color":"","overlay-opacity":"","overlay-gradient":""},"mobile":{"background-color":"var(--ast-global-color-5)","background-image":"","background-repeat":"repeat","background-position":"center center","background-size":"auto","background-attachment":"scroll","background-type":"","background-media":"","overlay-type":"","overlay-color":"","overlay-opacity":"","overlay-gradient":""}}},"categorie-agenda":[34,39],"categorie-public":[43],"annee":[28],"class_list":["post-4394","agenda","type-agenda","status-publish","has-post-thumbnail","hentry","categorie-agenda-exhibitions","categorie-agenda-rjpi","categorie-public-rjpi","annee-28"],"uagb_featured_image_src":{"full":["https:\/\/www.cacp-villaperochon.com\/wp-content\/uploads\/2025\/12\/resident22-vignette-agenda.jpg",400,400,false],"thumbnail":["https:\/\/www.cacp-villaperochon.com\/wp-content\/uploads\/2025\/12\/resident22-vignette-agenda-150x150.jpg",150,150,true],"medium":["https:\/\/www.cacp-villaperochon.com\/wp-content\/uploads\/2025\/12\/resident22-vignette-agenda.jpg",400,400,false],"medium_large":["https:\/\/www.cacp-villaperochon.com\/wp-content\/uploads\/2025\/12\/resident22-vignette-agenda.jpg",400,400,false],"large":["https:\/\/www.cacp-villaperochon.com\/wp-content\/uploads\/2025\/12\/resident22-vignette-agenda.jpg",400,400,false],"1536x1536":["https:\/\/www.cacp-villaperochon.com\/wp-content\/uploads\/2025\/12\/resident22-vignette-agenda.jpg",400,400,false],"2048x2048":["https:\/\/www.cacp-villaperochon.com\/wp-content\/uploads\/2025\/12\/resident22-vignette-agenda.jpg",400,400,false]},"uagb_author_info":{"display_name":"Virginie Odiard","author_link":"https:\/\/www.cacp-villaperochon.com\/en\/author\/"},"uagb_comment_info":0,"uagb_excerpt":"At the heart of the Rencontres de la jeune photographie internationale is a unique Artist Residency.","_links":{"self":[{"href":"https:\/\/www.cacp-villaperochon.com\/en\/wp-json\/wp\/v2\/agenda\/4394","targetHints":{"allow":["GET"]}}],"collection":[{"href":"https:\/\/www.cacp-villaperochon.com\/en\/wp-json\/wp\/v2\/agenda"}],"about":[{"href":"https:\/\/www.cacp-villaperochon.com\/en\/wp-json\/wp\/v2\/types\/agenda"}],"wp:featuredmedia":[{"embeddable":true,"href":"https:\/\/www.cacp-villaperochon.com\/en\/wp-json\/wp\/v2\/media\/4405"}],"wp:attachment":[{"href":"https:\/\/www.cacp-villaperochon.com\/en\/wp-json\/wp\/v2\/media?parent=4394"}],"wp:term":[{"taxonomy":"categorie-agenda","embeddable":true,"href":"https:\/\/www.cacp-villaperochon.com\/en\/wp-json\/wp\/v2\/categorie-agenda?post=4394"},{"taxonomy":"categorie-public","embeddable":true,"href":"https:\/\/www.cacp-villaperochon.com\/en\/wp-json\/wp\/v2\/categorie-public?post=4394"},{"taxonomy":"annee","embeddable":true,"href":"https:\/\/www.cacp-villaperochon.com\/en\/wp-json\/wp\/v2\/annee?post=4394"}],"curies":[{"name":"wp","href":"https:\/\/api.w.org\/{rel}","templated":true}]}}