{"id":4320,"date":"2025-12-30T14:29:22","date_gmt":"2025-12-30T13:29:22","guid":{"rendered":"https:\/\/www.cacp-villaperochon.com\/agenda\/rites-of-passage-invitation-to-the-athens-photo-festival\/"},"modified":"2026-03-31T09:21:36","modified_gmt":"2026-03-31T07:21:36","slug":"rites-of-passage-invitation-to-the-athens-photo-festival","status":"publish","type":"agenda","link":"https:\/\/www.cacp-villaperochon.com\/en\/agenda\/rites-of-passage-invitation-to-the-athens-photo-festival\/","title":{"rendered":"Rites of passage &#8211; Invitation to the Athens Photo Festival"},"content":{"rendered":"\n<div class=\"wp-block-uagb-container uagb-block-c12b1b56 alignfull uagb-is-root-container\"><div class=\"uagb-container-inner-blocks-wrap\">\n<div class=\"wp-block-uagb-container uagb-block-bcb3c903\">\n<div class=\"wp-block-uagb-advanced-heading uagb-block-b0a44478\"><h1 class=\"uagb-heading-text\"><strong>Rites of passage<\/strong><br\/>Invitation to the Athens Photo Festival<\/h1><\/div>\n<\/div>\n\n\n\n<div class=\"wp-block-uagb-container uagb-block-2dc94297\"><div class=\"formatage-date-agenda\">From 25 March <br> To 27 May<\/div>\n<\/div>\n<\/div><\/div>\n\n<div class=\"wp-block-uagb-container uagb-block-4a819f27 alignfull uagb-is-root-container\"><div class=\"uagb-container-inner-blocks-wrap\">\n<div class=\"wp-block-toolset-blocks-container tb-container\" data-toolset-blocks-container=\"aca122db53fa027c4c6cc5d22aea5c0c\" data-bg=\"https:\/\/www.cacp-villaperochon.com\/wp-content\/uploads\/2025\/12\/grec-banniere-agenda.jpg\"><\/div>\n<\/div><\/div>\n\n<div class=\"wp-block-uagb-container uagb-block-3874ef24 alignfull uagb-is-root-container\"><div class=\"uagb-container-inner-blocks-wrap\">\n<div class=\"wp-block-uagb-advanced-heading uagb-block-9411df85\"><h2 class=\"uagb-heading-text\">Rencontres de la jeune photographie internationale 2023<\/h2><\/div>\n\n\n\n<div class=\"wp-block-uagb-container uagb-layout-grid uagb-block-069f7f7c\">\n<div class=\"wp-block-uagb-container uagb-block-b6f989ab\">\n<div class=\"wp-block-uagb-advanced-heading uagb-block-2ff5c533\"><p class=\"uagb-heading-text\">In 2018, when Maria Choulaki came to Niort as part of an ERASMUS exchange with a school in the Niort area, a reciprocal exchange project was launched between La Villa P\u00e9rochon and <a href=\"https:\/\/photoxenia.gr\" target=\"_blank\" rel=\"noreferrer noopener\">PhotoXenia<\/a>, the Cretan organization she founded.<br\/>The first exchanges for the benefit of emerging Greek and French artists have already taken place: in 2021\/2022, Yorgos Yatromanolakis and Angela Svoronou&#8217;s exhibition will be hosted in Niort during an Artist Residency, followed by Jos\u00e9phine Vall\u00e9-Franceschi and Cl\u00e9mence Elman, who will be in residence in Crete for the Rencontres de la jeune photographie internationale 2022. This collaboration will continue in 2023.<br\/>The exchange project between Greek and French artists is being developed in close partnership with the<a href=\"https:\/\/photofestival.gr\" target=\"_blank\" rel=\"noreferrer noopener\">Athens Photo Festival<\/a>.<br\/>This year, we are hosting an exhibition designed by Manolis Moresopoulos, curator of the Athens Photo Festival, who will in turn host the exhibition <em><a href=\"https:\/\/www.cacp-villaperochon.com\/en\/agenda\/frederic-stucin-the-interstices\/\" data-type=\"agenda\" data-id=\"3512\">Les interstices <\/a><\/em>by Fr\u00e9d\u00e9ric Stucin, which we produced following a three-year Artist Residency in a psychiatric hospital in Niort. <\/p><\/div>\n\n\n\n<h3 class=\"wp-block-heading\">Rites of passage<\/h3>\n\n\n\n<p>The exhibition presents six contemporary Greek artists whose common thread is their participation in recent editions of the Athens photo festival. The title of the exhibition underlines the fragile perspective of passage through a liminal space of absence and presence.<br\/>This journey bears witness to the cyclical transitions of life, death and rebirth. It offers a glimpse into a world of rituals, metaphors, imprints and transformed objects. The works explore ideas of spirituality, religion, community, family, loss and the passage of time.<br\/>The artists use their personal memories as reference points to delve into the concept of liminality and how it can affect our mental existence. Memory is seen as a dynamic experience and a spatial connection with past and present. Their evocative images take the viewer into the limbo between fiction and reality, drawing new transitions from dawn to dusk, or from light to shadow.<br\/>The exhibition addresses universal rites of passage and the specific life trajectories of Greece, a country between old and new, past, present and future.     <\/p>\n<\/div>\n\n\n\n<div class=\"wp-block-uagb-container uagb-block-7da9d4b7\">\n<div class=\"wp-block-uagb-container uagb-block-501cd339 alignfull uagb-is-root-container\"><div class=\"uagb-container-inner-blocks-wrap\">\n<div class=\"wp-block-uagb-advanced-heading uagb-block-2e04da83 spectra-gbs-h2-classique1741771334061\"><h2 class=\"uagb-heading-text\">Practical information<\/h2><\/div>\n\n\n\n<div class=\"wp-block-uagb-icon-list uagb-block-ec667e08\"><div class=\"uagb-icon-list__wrap\">\n<div class=\"wp-block-uagb-icon-list-child uagb-block-2d726a54\"><span class=\"uagb-icon-list__source-wrap\"><svg xmlns=\"https:\/\/www.w3.org\/2000\/svg\" viewbox=\"0 0 320 512\"><path d=\"M96 480c-8.188 0-16.38-3.125-22.62-9.375c-12.5-12.5-12.5-32.75 0-45.25L242.8 256L73.38 86.63c-12.5-12.5-12.5-32.75 0-45.25s32.75-12.5 45.25 0l192 192c12.5 12.5 12.5 32.75 0 45.25l-192 192C112.4 476.9 104.2 480 96 480z\"><\/path><\/svg><\/span><span class=\"uagb-icon-list__label\">Exhibition from March 25 to May 27, 2023 at S\u00e9choir-Port Boinot<\/span><\/div>\n\n\n\n<div class=\"wp-block-uagb-icon-list-child uagb-block-04597b8d\"><span class=\"uagb-icon-list__source-wrap\"><svg xmlns=\"https:\/\/www.w3.org\/2000\/svg\" viewbox=\"0 0 320 512\"><path d=\"M96 480c-8.188 0-16.38-3.125-22.62-9.375c-12.5-12.5-12.5-32.75 0-45.25L242.8 256L73.38 86.63c-12.5-12.5-12.5-32.75 0-45.25s32.75-12.5 45.25 0l192 192c12.5 12.5 12.5 32.75 0 45.25l-192 192C112.4 476.9 104.2 480 96 480z\"><\/path><\/svg><\/span><span class=\"uagb-icon-list__label\">Tuesday to Saturday, 1:30 to 6:30 pm, closed on public holidays<\/span><\/div>\n\n\n\n<div class=\"wp-block-uagb-icon-list-child uagb-block-78452008\"><span class=\"uagb-icon-list__source-wrap\"><svg xmlns=\"https:\/\/www.w3.org\/2000\/svg\" viewbox=\"0 0 320 512\"><path d=\"M96 480c-8.188 0-16.38-3.125-22.62-9.375c-12.5-12.5-12.5-32.75 0-45.25L242.8 256L73.38 86.63c-12.5-12.5-12.5-32.75 0-45.25s32.75-12.5 45.25 0l192 192c12.5 12.5 12.5 32.75 0 45.25l-192 192C112.4 476.9 104.2 480 96 480z\"><\/path><\/svg><\/span><span class=\"uagb-icon-list__label\">FREE ADMISSION<\/span><\/div>\n<\/div><\/div>\n<\/div><\/div>\n<\/div>\n<\/div>\n<\/div><\/div>\n\n<div class=\"wp-block-uagb-container uagb-block-f7ecf081 alignfull uagb-is-root-container\"><div class=\"uagb-container-inner-blocks-wrap\">\n<div class=\"wp-block-uagb-advanced-heading uagb-block-ddab1579\"><h2 class=\"uagb-heading-text\">Photographers on display<\/h2><\/div>\n\n\n\n<div class=\"wp-block-uagb-container uagb-layout-grid uagb-block-1ff69ed6\">\n<div class=\"wp-block-uagb-container uagb-block-fe2c33e2\">\n<div class=\"wp-block-uagb-advanced-heading uagb-block-1a9c4f13\"><h3 class=\"uagb-heading-text\">Catherine Chatzidimitriou<br\/><em>Nyfes<\/em><\/h3><\/div>\n\n\n\n<div class=\"wp-block-uagb-advanced-heading uagb-block-f67b8085\"><p class=\"uagb-heading-text\">Chatzidimitriou examines the stereotypes of married life and the roles a woman is called upon to play.  <\/p><\/div>\n\n\n\n<figure data-spectra-id=\"spectra-mjsnsiax-hfs767\" class=\"wp-block-image aligncenter size-large is-resized\"><img loading=\"lazy\" decoding=\"async\" width=\"511\" height=\"700\" src=\"https:\/\/www.cacp-villaperochon.com\/wp-content\/uploads\/2025\/12\/01_Nyfes_Chatzidimitriou_Catherine-511x700.jpg\" alt=\"\" class=\"wp-image-3645\" title=\"\" srcset=\"https:\/\/www.cacp-villaperochon.com\/wp-content\/uploads\/2025\/12\/01_Nyfes_Chatzidimitriou_Catherine-511x700.jpg 511w, https:\/\/www.cacp-villaperochon.com\/wp-content\/uploads\/2025\/12\/01_Nyfes_Chatzidimitriou_Catherine-292x400.jpg 292w, https:\/\/www.cacp-villaperochon.com\/wp-content\/uploads\/2025\/12\/01_Nyfes_Chatzidimitriou_Catherine.jpg 730w\" sizes=\"auto, (max-width: 511px) 100vw, 511px\" \/><\/figure>\n<\/div>\n\n\n\n<div class=\"wp-block-uagb-container uagb-block-3212f386\">\n<div class=\"wp-block-uagb-advanced-heading uagb-block-2d511bfe\"><h3 class=\"uagb-heading-text\">Marilia Fotopoulou<br\/><em><em>Iconostases<\/em><\/em><\/h3><\/div>\n\n\n\n<div class=\"wp-block-uagb-advanced-heading uagb-block-da12d233\"><p class=\"uagb-heading-text\">Fotopoulou records and interprets a practice and custom associated with the loss and mystery of death.<\/p><\/div>\n\n\n\n<figure data-spectra-id=\"spectra-mjsn1mrc-76hzvg\" class=\"wp-block-image aligncenter size-medium is-resized\"><img loading=\"lazy\" decoding=\"async\" width=\"400\" height=\"400\" src=\"https:\/\/www.cacp-villaperochon.com\/wp-content\/uploads\/2025\/12\/Marilia-Fotopoulou_Iconostases_4-400x400.jpg\" alt=\"\" class=\"wp-image-3662\" title=\"\" srcset=\"https:\/\/www.cacp-villaperochon.com\/wp-content\/uploads\/2025\/12\/Marilia-Fotopoulou_Iconostases_4-400x400.jpg 400w, https:\/\/www.cacp-villaperochon.com\/wp-content\/uploads\/2025\/12\/Marilia-Fotopoulou_Iconostases_4-700x700.jpg 700w, https:\/\/www.cacp-villaperochon.com\/wp-content\/uploads\/2025\/12\/Marilia-Fotopoulou_Iconostases_4-150x150.jpg 150w, https:\/\/www.cacp-villaperochon.com\/wp-content\/uploads\/2025\/12\/Marilia-Fotopoulou_Iconostases_4-768x768.jpg 768w, https:\/\/www.cacp-villaperochon.com\/wp-content\/uploads\/2025\/12\/Marilia-Fotopoulou_Iconostases_4.jpg 1000w\" sizes=\"auto, (max-width: 400px) 100vw, 400px\" \/><\/figure>\n<\/div>\n\n\n\n<div class=\"wp-block-uagb-container uagb-block-78a1b6ee\">\n<div class=\"wp-block-uagb-advanced-heading uagb-block-d8790c5b\"><h3 class=\"uagb-heading-text\">Myrto Papadopoulos<br\/><em><em><strong><em>Eleu sis<\/em><\/strong><\/em><\/em><\/h3><\/div>\n\n\n\n<div class=\"wp-block-uagb-advanced-heading uagb-block-076396d1\"><p class=\"uagb-heading-text\">Papadopoulos explores a place where the history of industrial growth and decline meets ancient myths about life, death and rebirth.<\/p><\/div>\n\n\n\n<figure data-spectra-id=\"spectra-dac719ce-8ada-4b9d-b281-a7021b115c64\" class=\"wp-block-image aligncenter size-medium is-resized\"><img loading=\"lazy\" decoding=\"async\" width=\"326\" height=\"400\" src=\"https:\/\/www.cacp-villaperochon.com\/wp-content\/uploads\/2025\/12\/Myrto-Papadopoulos_Eleu-sis_03-326x400.jpg\" alt=\"\" class=\"wp-image-3663\" title=\"\" srcset=\"https:\/\/www.cacp-villaperochon.com\/wp-content\/uploads\/2025\/12\/Myrto-Papadopoulos_Eleu-sis_03-326x400.jpg 326w, https:\/\/www.cacp-villaperochon.com\/wp-content\/uploads\/2025\/12\/Myrto-Papadopoulos_Eleu-sis_03-571x700.jpg 571w, https:\/\/www.cacp-villaperochon.com\/wp-content\/uploads\/2025\/12\/Myrto-Papadopoulos_Eleu-sis_03-768x941.jpg 768w, https:\/\/www.cacp-villaperochon.com\/wp-content\/uploads\/2025\/12\/Myrto-Papadopoulos_Eleu-sis_03.jpg 816w\" sizes=\"auto, (max-width: 326px) 100vw, 326px\" \/><\/figure>\n<\/div>\n\n\n\n<div class=\"wp-block-uagb-container uagb-block-d5f95f9b\">\n<div class=\"wp-block-uagb-advanced-heading uagb-block-212e6e6c\"><h3 class=\"uagb-heading-text\">Kosmas Pavlidis<br\/><em><em><strong><em><em>Sunny days A true story<\/em><\/em><\/strong><\/em><\/em><\/h3><\/div>\n\n\n\n<div class=\"wp-block-uagb-advanced-heading uagb-block-486d0cea\"><p class=\"uagb-heading-text\">Inspired by his childhood memories, Pavlidis visits the places of his first summer days that have been left to the whims of time and nature.<\/p><\/div>\n\n\n\n<figure data-spectra-id=\"spectra-mjsnm8lb-tid2bq\" class=\"wp-block-image aligncenter size-large is-resized\"><img loading=\"lazy\" decoding=\"async\" width=\"894\" height=\"700\" src=\"https:\/\/www.cacp-villaperochon.com\/wp-content\/uploads\/2025\/12\/Kosmas-Pavlidis__Sunny-days-A-true-story_1-894x700.jpg\" alt=\"\" class=\"wp-image-3661\" title=\"\" srcset=\"https:\/\/www.cacp-villaperochon.com\/wp-content\/uploads\/2025\/12\/Kosmas-Pavlidis__Sunny-days-A-true-story_1-894x700.jpg 894w, https:\/\/www.cacp-villaperochon.com\/wp-content\/uploads\/2025\/12\/Kosmas-Pavlidis__Sunny-days-A-true-story_1-400x313.jpg 400w, https:\/\/www.cacp-villaperochon.com\/wp-content\/uploads\/2025\/12\/Kosmas-Pavlidis__Sunny-days-A-true-story_1-768x601.jpg 768w, https:\/\/www.cacp-villaperochon.com\/wp-content\/uploads\/2025\/12\/Kosmas-Pavlidis__Sunny-days-A-true-story_1.jpg 1000w\" sizes=\"auto, (max-width: 894px) 100vw, 894px\" \/><\/figure>\n<\/div>\n\n\n\n<div class=\"wp-block-uagb-container uagb-block-89755f52\">\n<div class=\"wp-block-uagb-advanced-heading uagb-block-2a9c5f7f\"><h3 class=\"uagb-heading-text\">Ioanna Sakellaraki<br\/><em><em><strong><em><em><em>The Truth is in the Soil<\/em><\/em><\/em><\/strong><\/em><\/em><\/h3><\/div>\n\n\n\n<div class=\"wp-block-uagb-advanced-heading uagb-block-1e5d3717\"><p class=\"uagb-heading-text\">Inspired by ancient Greek laments, Sakellaraki explores ancestral mourning methods in traditional Greek communities.  <\/p><\/div>\n\n\n\n<figure data-spectra-id=\"spectra-f04a4f55-e4c1-4d13-b8a4-04532f090431\" class=\"wp-block-image aligncenter size-medium is-resized\"><img loading=\"lazy\" decoding=\"async\" width=\"400\" height=\"400\" src=\"https:\/\/www.cacp-villaperochon.com\/wp-content\/uploads\/2025\/12\/Ioanna-Sakellaraki_The-Truth-is-in-the-Soil_03-400x400.jpg\" alt=\"\" class=\"wp-image-3658\" title=\"\" srcset=\"https:\/\/www.cacp-villaperochon.com\/wp-content\/uploads\/2025\/12\/Ioanna-Sakellaraki_The-Truth-is-in-the-Soil_03-400x400.jpg 400w, https:\/\/www.cacp-villaperochon.com\/wp-content\/uploads\/2025\/12\/Ioanna-Sakellaraki_The-Truth-is-in-the-Soil_03-700x700.jpg 700w, https:\/\/www.cacp-villaperochon.com\/wp-content\/uploads\/2025\/12\/Ioanna-Sakellaraki_The-Truth-is-in-the-Soil_03-150x150.jpg 150w, https:\/\/www.cacp-villaperochon.com\/wp-content\/uploads\/2025\/12\/Ioanna-Sakellaraki_The-Truth-is-in-the-Soil_03-768x768.jpg 768w, https:\/\/www.cacp-villaperochon.com\/wp-content\/uploads\/2025\/12\/Ioanna-Sakellaraki_The-Truth-is-in-the-Soil_03.jpg 1000w\" sizes=\"auto, (max-width: 400px) 100vw, 400px\" \/><\/figure>\n<\/div>\n\n\n\n<div class=\"wp-block-uagb-container uagb-block-cde3a9d4\">\n<div class=\"wp-block-uagb-advanced-heading uagb-block-236f3c91\"><h3 class=\"uagb-heading-text\">Yiannis Theodoropoulos<\/h3><\/div>\n\n\n\n<div class=\"wp-block-uagb-advanced-heading uagb-block-ba05a1de\"><p class=\"uagb-heading-text\">Theodoropoulos transforms everyday objects in unexpected ways, producing images of ephemeral &#8220;experiential sculptures&#8221;.<\/p><\/div>\n\n\n\n<figure data-spectra-id=\"spectra-mjsnln27-s2k9s6\" class=\"wp-block-image aligncenter size-large is-resized\"><img loading=\"lazy\" decoding=\"async\" width=\"933\" height=\"700\" src=\"https:\/\/www.cacp-villaperochon.com\/wp-content\/uploads\/2025\/12\/Yiannis-Theodoropoulos_01-933x700.jpg\" alt=\"\" class=\"wp-image-3675\" title=\"\" srcset=\"https:\/\/www.cacp-villaperochon.com\/wp-content\/uploads\/2025\/12\/Yiannis-Theodoropoulos_01-933x700.jpg 933w, https:\/\/www.cacp-villaperochon.com\/wp-content\/uploads\/2025\/12\/Yiannis-Theodoropoulos_01-400x300.jpg 400w, https:\/\/www.cacp-villaperochon.com\/wp-content\/uploads\/2025\/12\/Yiannis-Theodoropoulos_01-768x576.jpg 768w, https:\/\/www.cacp-villaperochon.com\/wp-content\/uploads\/2025\/12\/Yiannis-Theodoropoulos_01.jpg 1000w\" sizes=\"auto, (max-width: 933px) 100vw, 933px\" \/><\/figure>\n<\/div>\n<\/div>\n<\/div><\/div>\n\n<p><\/p>\n","protected":false},"excerpt":{"rendered":"<p>Rencontres de la jeune photographie internationale 2023<br \/>\nGuest curator: Manolis Moresopoulos, artistic director of the Athens Photo Festival.<\/p>\n","protected":false},"featured_media":4343,"template":"","meta":{"inline_featured_image":false,"_uag_custom_page_level_css":"","site-sidebar-layout":"default","site-content-layout":"","ast-site-content-layout":"default","site-content-style":"default","site-sidebar-style":"default","ast-global-header-display":"","ast-banner-title-visibility":"","ast-main-header-display":"","ast-hfb-above-header-display":"","ast-hfb-below-header-display":"","ast-hfb-mobile-header-display":"","site-post-title":"","ast-breadcrumbs-content":"","ast-featured-img":"","footer-sml-layout":"","ast-disable-related-posts":"","theme-transparent-header-meta":"","adv-header-id-meta":"","stick-header-meta":"","header-above-stick-meta":"","header-main-stick-meta":"","header-below-stick-meta":"","astra-migrate-meta-layouts":"default","ast-page-background-enabled":"default","ast-page-background-meta":{"desktop":{"background-color":"var(--ast-global-color-4)","background-image":"","background-repeat":"repeat","background-position":"center center","background-size":"auto","background-attachment":"scroll","background-type":"","background-media":"","overlay-type":"","overlay-color":"","overlay-opacity":"","overlay-gradient":""},"tablet":{"background-color":"","background-image":"","background-repeat":"repeat","background-position":"center center","background-size":"auto","background-attachment":"scroll","background-type":"","background-media":"","overlay-type":"","overlay-color":"","overlay-opacity":"","overlay-gradient":""},"mobile":{"background-color":"","background-image":"","background-repeat":"repeat","background-position":"center center","background-size":"auto","background-attachment":"scroll","background-type":"","background-media":"","overlay-type":"","overlay-color":"","overlay-opacity":"","overlay-gradient":""}},"ast-content-background-meta":{"desktop":{"background-color":"var(--ast-global-color-5)","background-image":"","background-repeat":"repeat","background-position":"center center","background-size":"auto","background-attachment":"scroll","background-type":"","background-media":"","overlay-type":"","overlay-color":"","overlay-opacity":"","overlay-gradient":""},"tablet":{"background-color":"var(--ast-global-color-5)","background-image":"","background-repeat":"repeat","background-position":"center center","background-size":"auto","background-attachment":"scroll","background-type":"","background-media":"","overlay-type":"","overlay-color":"","overlay-opacity":"","overlay-gradient":""},"mobile":{"background-color":"var(--ast-global-color-5)","background-image":"","background-repeat":"repeat","background-position":"center center","background-size":"auto","background-attachment":"scroll","background-type":"","background-media":"","overlay-type":"","overlay-color":"","overlay-opacity":"","overlay-gradient":""}}},"categorie-agenda":[34,39],"categorie-public":[43],"annee":[27],"class_list":["post-4320","agenda","type-agenda","status-publish","has-post-thumbnail","hentry","categorie-agenda-exhibitions","categorie-agenda-rjpi","categorie-public-rjpi","annee-27"],"uagb_featured_image_src":{"full":["https:\/\/www.cacp-villaperochon.com\/wp-content\/uploads\/2025\/12\/grec-vignette-agenda.jpg",400,400,false],"thumbnail":["https:\/\/www.cacp-villaperochon.com\/wp-content\/uploads\/2025\/12\/grec-vignette-agenda-150x150.jpg",150,150,true],"medium":["https:\/\/www.cacp-villaperochon.com\/wp-content\/uploads\/2025\/12\/grec-vignette-agenda.jpg",400,400,false],"medium_large":["https:\/\/www.cacp-villaperochon.com\/wp-content\/uploads\/2025\/12\/grec-vignette-agenda.jpg",400,400,false],"large":["https:\/\/www.cacp-villaperochon.com\/wp-content\/uploads\/2025\/12\/grec-vignette-agenda.jpg",400,400,false],"1536x1536":["https:\/\/www.cacp-villaperochon.com\/wp-content\/uploads\/2025\/12\/grec-vignette-agenda.jpg",400,400,false],"2048x2048":["https:\/\/www.cacp-villaperochon.com\/wp-content\/uploads\/2025\/12\/grec-vignette-agenda.jpg",400,400,false]},"uagb_author_info":{"display_name":"Virginie Odiard","author_link":"https:\/\/www.cacp-villaperochon.com\/en\/author\/"},"uagb_comment_info":0,"uagb_excerpt":"Rencontres de la jeune photographie internationale 2023 Guest curator: Manolis Moresopoulos, artistic director of the Athens Photo Festival.","_links":{"self":[{"href":"https:\/\/www.cacp-villaperochon.com\/en\/wp-json\/wp\/v2\/agenda\/4320","targetHints":{"allow":["GET"]}}],"collection":[{"href":"https:\/\/www.cacp-villaperochon.com\/en\/wp-json\/wp\/v2\/agenda"}],"about":[{"href":"https:\/\/www.cacp-villaperochon.com\/en\/wp-json\/wp\/v2\/types\/agenda"}],"wp:featuredmedia":[{"embeddable":true,"href":"https:\/\/www.cacp-villaperochon.com\/en\/wp-json\/wp\/v2\/media\/4343"}],"wp:attachment":[{"href":"https:\/\/www.cacp-villaperochon.com\/en\/wp-json\/wp\/v2\/media?parent=4320"}],"wp:term":[{"taxonomy":"categorie-agenda","embeddable":true,"href":"https:\/\/www.cacp-villaperochon.com\/en\/wp-json\/wp\/v2\/categorie-agenda?post=4320"},{"taxonomy":"categorie-public","embeddable":true,"href":"https:\/\/www.cacp-villaperochon.com\/en\/wp-json\/wp\/v2\/categorie-public?post=4320"},{"taxonomy":"annee","embeddable":true,"href":"https:\/\/www.cacp-villaperochon.com\/en\/wp-json\/wp\/v2\/annee?post=4320"}],"curies":[{"name":"wp","href":"https:\/\/api.w.org\/{rel}","templated":true}]}}