{"id":4319,"date":"2025-12-30T11:35:21","date_gmt":"2025-12-30T10:35:21","guid":{"rendered":"https:\/\/www.cacp-villaperochon.com\/agenda\/joan-fontcuberta-monsters\/"},"modified":"2026-03-31T09:21:36","modified_gmt":"2026-03-31T07:21:36","slug":"joan-fontcuberta-monsters","status":"publish","type":"agenda","link":"https:\/\/www.cacp-villaperochon.com\/en\/agenda\/joan-fontcuberta-monsters\/","title":{"rendered":"Joan Fontcuberta &#8211; Monsters"},"content":{"rendered":"\n<div class=\"wp-block-uagb-container uagb-block-c12b1b56 alignfull uagb-is-root-container\"><div class=\"uagb-container-inner-blocks-wrap\">\n<div class=\"wp-block-uagb-container uagb-block-bcb3c903\">\n<div class=\"wp-block-uagb-advanced-heading uagb-block-b0a44478\"><h1 class=\"uagb-heading-text\"><strong>Joan FONTCUBERTA<\/strong><br\/>Monsters<\/h1><\/div>\n<\/div>\n\n\n\n<div class=\"wp-block-uagb-container uagb-block-2dc94297\"><div class=\"formatage-date-agenda\">From 25 March <br> To 27 May<\/div>\n<\/div>\n<\/div><\/div>\n\n<div class=\"wp-block-uagb-container uagb-block-4a819f27 alignfull uagb-is-root-container\"><div class=\"uagb-container-inner-blocks-wrap\">\n<div class=\"wp-block-toolset-blocks-container tb-container\" data-toolset-blocks-container=\"3c7e31f278b8d6efb2b7cac533c22c26\" data-bg=\"https:\/\/www.cacp-villaperochon.com\/wp-content\/uploads\/2025\/12\/joan-banniere-agenda.jpg\"><\/div>\n<\/div><\/div>\n\n<div class=\"wp-block-uagb-container uagb-block-3874ef24 alignfull uagb-is-root-container\"><div class=\"uagb-container-inner-blocks-wrap\">\n<div class=\"wp-block-uagb-advanced-heading uagb-block-9411df85\"><h2 class=\"uagb-heading-text\">Rencontres de la jeune photographie internationale 2023<br\/>Guest of honor<\/h2><\/div>\n\n\n\n<div class=\"wp-block-uagb-container uagb-layout-grid uagb-block-069f7f7c\">\n<div class=\"wp-block-uagb-container uagb-block-b6f989ab\">\n<div class=\"wp-block-uagb-advanced-heading uagb-block-2ff5c533\"><p class=\"uagb-heading-text\">The old world &#8211; photography as a promise of truth and memory &#8211; is dying, and the new world &#8211; images generated by artificial intelligence &#8211; is struggling to emerge. From document to speculation, from natural images to false ones, in this exhibition Joan Fontcuberta proposes to trace the chiaroscuro, while pointing the finger at emerging monstrosities: monstrosities of language, technique, politics, history. In Latin, <em>&#8220;monstrum&#8221;<\/em> was a religious term for a prodigy, a supernatural event, and from <em>&#8220;monstrum<\/em>&#8221; derive <em>&#8220;monstrare&#8221; <\/em>and <em>&#8220;demonstrare&#8221; <\/em>: to show and demonstrate, verbs that take us back to the world of experience and knowledge. This time, we&#8217;re going to try and show the monsters.   <br\/><em>Monstres <\/em>thus ventures through a series of conflicts and violence of our time, always trying to save, however, what still makes us human and commits us to values that reject barbarism. He presents half a dozen recent projects, both poetic and disruptive, ranging from <em>Trauma <\/em>to <em>Prosopagnosia <\/em>(produced with Pilar Rosado). An alpha and an omega: from the debris of photography &#8211; images from archives and family albums that become damaged and amnesiac, while their most terrible beauty shines through &#8211; to predictions of possible futures and algorithms, which we don&#8217;t know whether they are nightmares or guarantees of progress.<br\/>Between the critical gaze and the conceptual, between the poetic and the humorous, Fontcuberta tries to ensure that images cease to be inhospitable territory: if Francisco de Goya&#8217;s precept stated that &#8220;the dream of reason produces monsters&#8221;, we must assume the duty of overturning it, and make the dream of monsters produce reason. In short, we must try to rethink photography, and thus tame monsters.   <br\/><br\/><strong>Series presented:<br\/><em>Trauma<\/em>, <em>\u00c9levage de poussi\u00e8re<\/em>, <em>\u00c0 la m\u00e9moire<\/em>, <em>Gastropoda<\/em>, <em>Fahrenheit 451<\/em>, <em>Prosopagnosia<\/em>, <em>Phrenographies<\/em>.<\/strong><\/p><\/div>\n\n\n\n<blockquote class=\"wp-block-quote is-layout-flow wp-block-quote-is-layout-flow\">\n<p>&#8220;Il vecchio mondo sta morendo. Quello nuovo tarda a comparire. E in questo chiaroscuro nascono i mostri&#8221;<br\/>&#8220;The old world is dying. The new is slow to appear. And in this chiaroscuro, monsters are born.&#8221;<br\/>Antonio Gramsci<\/p>\n<\/blockquote>\n\n\n\n<div class=\"wp-block-uagb-buttons uagb-buttons__outer-wrap uagb-btn__default-btn uagb-btn-tablet__default-btn uagb-btn-mobile__default-btn uagb-block-ccafccbf\"><div class=\"uagb-buttons__wrap uagb-buttons-layout-wrap \">\n<div class=\"wp-block-uagb-buttons-child uagb-buttons__outer-wrap uagb-block-51620519 wp-block-button\"><div class=\"uagb-button__wrapper\"><a class=\"uagb-buttons-repeater wp-block-button__link\" aria-label=\"\" href=\"https:\/\/www.youtube.com\/watch?v=QpKpM-X7Jdw\" rel=\"follow noopener\" target=\"_self\" role=\"button\"><div class=\"uagb-button__link\">See In Conversation with Joan Fontcuberta<\/div><\/a><\/div><\/div>\n<\/div><\/div>\n<\/div>\n\n\n\n<div class=\"wp-block-uagb-container uagb-block-7da9d4b7\">\n<div class=\"wp-block-uagb-container uagb-block-501cd339 alignfull uagb-is-root-container\"><div class=\"uagb-container-inner-blocks-wrap\">\n<div class=\"wp-block-uagb-advanced-heading uagb-block-2e04da83 spectra-gbs-h2-classique1741771334061\"><h2 class=\"uagb-heading-text\">Practical information<\/h2><\/div>\n\n\n\n<div class=\"wp-block-uagb-icon-list uagb-block-ec667e08\"><div class=\"uagb-icon-list__wrap\">\n<div class=\"wp-block-uagb-icon-list-child uagb-block-2d726a54\"><span class=\"uagb-icon-list__source-wrap\"><svg xmlns=\"https:\/\/www.w3.org\/2000\/svg\" viewbox=\"0 0 320 512\"><path d=\"M96 480c-8.188 0-16.38-3.125-22.62-9.375c-12.5-12.5-12.5-32.75 0-45.25L242.8 256L73.38 86.63c-12.5-12.5-12.5-32.75 0-45.25s32.75-12.5 45.25 0l192 192c12.5 12.5 12.5 32.75 0 45.25l-192 192C112.4 476.9 104.2 480 96 480z\"><\/path><\/svg><\/span><span class=\"uagb-icon-list__label\">Exhibition from March 25 to May 27, 2023 at La Villa P\u00e9rochon<\/span><\/div>\n\n\n\n<div class=\"wp-block-uagb-icon-list-child uagb-block-04597b8d\"><span class=\"uagb-icon-list__source-wrap\"><svg xmlns=\"https:\/\/www.w3.org\/2000\/svg\" viewbox=\"0 0 320 512\"><path d=\"M96 480c-8.188 0-16.38-3.125-22.62-9.375c-12.5-12.5-12.5-32.75 0-45.25L242.8 256L73.38 86.63c-12.5-12.5-12.5-32.75 0-45.25s32.75-12.5 45.25 0l192 192c12.5 12.5 12.5 32.75 0 45.25l-192 192C112.4 476.9 104.2 480 96 480z\"><\/path><\/svg><\/span><span class=\"uagb-icon-list__label\">Tuesday to Saturday, 1:30 to 6:30 pm, closed on public holidays<\/span><\/div>\n\n\n\n<div class=\"wp-block-uagb-icon-list-child uagb-block-78452008\"><span class=\"uagb-icon-list__source-wrap\"><svg xmlns=\"https:\/\/www.w3.org\/2000\/svg\" viewbox=\"0 0 320 512\"><path d=\"M96 480c-8.188 0-16.38-3.125-22.62-9.375c-12.5-12.5-12.5-32.75 0-45.25L242.8 256L73.38 86.63c-12.5-12.5-12.5-32.75 0-45.25s32.75-12.5 45.25 0l192 192c12.5 12.5 12.5 32.75 0 45.25l-192 192C112.4 476.9 104.2 480 96 480z\"><\/path><\/svg><\/span><span class=\"uagb-icon-list__label\">FREE ADMISSION<\/span><\/div>\n<\/div><\/div>\n<\/div><\/div>\n\n\n\t\t\t\t\t<div\n\t\t\t\t\t\tclass=\"wp-block-uagb-image-gallery uagb-block-4e5b30a4     \"\n\t\t\t\t\t\tstyle=\"\"\n\t\t\t\t\t>\n\t\t\t\t\t\t\t\t\t\t\t<div class=\"spectra-image-gallery spectra-image-gallery__layout--grid spectra-image-gallery__layout--grid-col-2 spectra-image-gallery__layout--grid-col-tab-3 spectra-image-gallery__layout--grid-col-mob-2\">\n\t\t\t\t\t\t\t\t\t\t\t<div class='spectra-image-gallery__media-wrapper' data-spectra-gallery-image-id='3655' tabindex=\"0\">\n\t\t\t\t\t\t\t<div class=\"spectra-image-gallery__media spectra-image-gallery__media--grid\">\n\t\t\t\t<picture>\n\t\t\t\t\t<source media=\"(min-width: 1024px)\" srcset=\"https:\/\/www.cacp-villaperochon.com\/wp-content\/uploads\/2025\/12\/Gastropoda11-282x400.jpg\">\n\t\t\t\t\t<source media=\"(min-width: 768px)\" srcset=\"https:\/\/www.cacp-villaperochon.com\/wp-content\/uploads\/2025\/12\/Gastropoda11-494x700.jpg\">\n\t\t\t\t\t<img decoding=\"async\" class=\"spectra-image-gallery__media-thumbnail spectra-image-gallery__media-thumbnail--grid\" src=\"https:\/\/www.cacp-villaperochon.com\/wp-content\/uploads\/2025\/12\/Gastropoda11-282x400.jpg\" alt=\"Gastropoda \u00a9 Joan Fontcuberta\" loading=\"lazy\" title=\"\">\n\t\t\t\t<\/picture>\n\t\t\t\t<div class=\"spectra-image-gallery__media-thumbnail-blurrer\"><\/div>\n\t\t\t\t\t\t\t\t\t\t\t<div class=\"spectra-image-gallery__media-thumbnail-caption-wrapper spectra-image-gallery__media-thumbnail-caption-wrapper--overlay\">\n\t\t\t\t\t\t\t\t\t\t\t<div class=\"spectra-image-gallery__media-thumbnail-caption spectra-image-gallery__media-thumbnail-caption--overlay\">\n\t\t\t\t\tGastropoda \u00a9 Joan Fontcuberta\t\t\t\t<\/div>\n\t\t\t\t\t\t\t\t\t\t<\/div>\n\t\t\t\t\t\t\t\t\t<\/div>\n\t\t\t\t\t\t<\/div>\n\t\t\t\t\t\t<div class='spectra-image-gallery__media-wrapper' data-spectra-gallery-image-id='3674' tabindex=\"0\">\n\t\t\t\t\t\t\t<div class=\"spectra-image-gallery__media spectra-image-gallery__media--grid\">\n\t\t\t\t<picture>\n\t\t\t\t\t<source media=\"(min-width: 1024px)\" srcset=\"https:\/\/www.cacp-villaperochon.com\/wp-content\/uploads\/2025\/12\/Trauma4473-267x400.jpg\">\n\t\t\t\t\t<source media=\"(min-width: 768px)\" srcset=\"https:\/\/www.cacp-villaperochon.com\/wp-content\/uploads\/2025\/12\/Trauma4473-467x700.jpg\">\n\t\t\t\t\t<img decoding=\"async\" class=\"spectra-image-gallery__media-thumbnail spectra-image-gallery__media-thumbnail--grid\" src=\"https:\/\/www.cacp-villaperochon.com\/wp-content\/uploads\/2025\/12\/Trauma4473-267x400.jpg\" alt=\"Trauma \u00a9 Joan Fontcuberta\" loading=\"lazy\" title=\"\">\n\t\t\t\t<\/picture>\n\t\t\t\t<div class=\"spectra-image-gallery__media-thumbnail-blurrer\"><\/div>\n\t\t\t\t\t\t\t\t\t\t\t<div class=\"spectra-image-gallery__media-thumbnail-caption-wrapper spectra-image-gallery__media-thumbnail-caption-wrapper--overlay\">\n\t\t\t\t\t\t\t\t\t\t\t<div class=\"spectra-image-gallery__media-thumbnail-caption spectra-image-gallery__media-thumbnail-caption--overlay\">\n\t\t\t\t\tTrauma \u00a9 Joan Fontcuberta\t\t\t\t<\/div>\n\t\t\t\t\t\t\t\t\t\t<\/div>\n\t\t\t\t\t\t\t\t\t<\/div>\n\t\t\t\t\t\t<\/div>\n\t\t\t\t\t\t<div class='spectra-image-gallery__media-wrapper' data-spectra-gallery-image-id='3652' tabindex=\"0\">\n\t\t\t\t\t\t\t<div class=\"spectra-image-gallery__media spectra-image-gallery__media--grid\">\n\t\t\t\t<picture>\n\t\t\t\t\t<source media=\"(min-width: 1024px)\" srcset=\"https:\/\/www.cacp-villaperochon.com\/wp-content\/uploads\/2025\/12\/Fahrenheit_livres-400x400.jpg\">\n\t\t\t\t\t<source media=\"(min-width: 768px)\" srcset=\"https:\/\/www.cacp-villaperochon.com\/wp-content\/uploads\/2025\/12\/Fahrenheit_livres-700x700.jpg\">\n\t\t\t\t\t<img decoding=\"async\" class=\"spectra-image-gallery__media-thumbnail spectra-image-gallery__media-thumbnail--grid\" src=\"https:\/\/www.cacp-villaperochon.com\/wp-content\/uploads\/2025\/12\/Fahrenheit_livres-400x400.jpg\" alt=\"Fahrenheit 451 \u00a9 Joan Fontcuberta\" loading=\"lazy\" title=\"\">\n\t\t\t\t<\/picture>\n\t\t\t\t<div class=\"spectra-image-gallery__media-thumbnail-blurrer\"><\/div>\n\t\t\t\t\t\t\t\t\t\t\t<div class=\"spectra-image-gallery__media-thumbnail-caption-wrapper spectra-image-gallery__media-thumbnail-caption-wrapper--overlay\">\n\t\t\t\t\t\t\t\t\t\t\t<div class=\"spectra-image-gallery__media-thumbnail-caption spectra-image-gallery__media-thumbnail-caption--overlay\">\n\t\t\t\t\tFahrenheit 451 \u00a9 Joan Fontcuberta\t\t\t\t<\/div>\n\t\t\t\t\t\t\t\t\t\t<\/div>\n\t\t\t\t\t\t\t\t\t<\/div>\n\t\t\t\t\t\t<\/div>\n\t\t\t\t\t\t\t\t\t\t<\/div>\n\t\t\t\t\t\t\t\t\t\t\t\t\t\t\t\t\t\t<\/div>\n\t\t\t\t\t\t\t\t\t\t\t<div class='spectra-image-gallery__control-lightbox' tabindex='0'>\n\t\t\t\t\t\t\t\t\t\t\t<div class=\"swiper spectra-image-gallery__control-lightbox--main\" dir=\"\">\n\t\t\t\t\t<div class=\"swiper-wrapper\">\n\t\t\t\t\t\t\t\t\t\t\t\t\t\n\t\t\t\t\t\t\t<div class=\"swiper-slide\">\n\t\t\t\t\t\t\t\t<img class=\"swiper-lazy\" data-src=\"https:\/\/www.cacp-villaperochon.com\/wp-content\/uploads\/2025\/12\/Gastropoda11.jpg\" alt=\"Gastropoda \u00a9 Joan Fontcuberta\"\/>\n\t\t\t\t\t\t\t\t<div class=\"swiper-lazy-preloader swiper-lazy-preloader-white\"><\/div>\n\t\t\t\t\t\t\t\t\t\t\t\t\t\t\t<\/div>\n\t\t\t\t\t\t\t\t\t\t\t\t\t\n\t\t\t\t\t\t\t<div class=\"swiper-slide\">\n\t\t\t\t\t\t\t\t<img class=\"swiper-lazy\" data-src=\"https:\/\/www.cacp-villaperochon.com\/wp-content\/uploads\/2025\/12\/Trauma4473.jpg\" alt=\"Trauma \u00a9 Joan Fontcuberta\"\/>\n\t\t\t\t\t\t\t\t<div class=\"swiper-lazy-preloader swiper-lazy-preloader-white\"><\/div>\n\t\t\t\t\t\t\t\t\t\t\t\t\t\t\t<\/div>\n\t\t\t\t\t\t\t\t\t\t\t\t\t\n\t\t\t\t\t\t\t<div class=\"swiper-slide\">\n\t\t\t\t\t\t\t\t<img class=\"swiper-lazy\" data-src=\"https:\/\/www.cacp-villaperochon.com\/wp-content\/uploads\/2025\/12\/Fahrenheit_livres.jpg\" alt=\"Fahrenheit 451 \u00a9 Joan Fontcuberta\"\/>\n\t\t\t\t\t\t\t\t<div class=\"swiper-lazy-preloader swiper-lazy-preloader-white\"><\/div>\n\t\t\t\t\t\t\t\t\t\t\t\t\t\t\t<\/div>\n\t\t\t\t\t\t\t\t\t\t\t<\/div>\n\t\t\t\t\t<div class=\"swiper-button-next\"><\/div>\n\t\t\t\t\t<div class=\"swiper-button-prev\"><\/div>\n\t\t\t\t<\/div>\t\t\t\n\t\t\t\t\t\t\t\t\t\t\t\t\t\t\t\t\t\t\t\t\t\t\t\t\t\t\t\t\t\t\t\t<button class='spectra-image-gallery__control-lightbox--close' aria-label=\"Close\">\n\t\t\t\t\t\t\t\t\t\t\t\t\t<svg xmlns=\"https:\/\/www.w3.org\/2000\/svg\" viewBox= \"0 0 320 512\"><path d=\"M310.6 361.4c12.5 12.5 12.5 32.75 0 45.25C304.4 412.9 296.2 416 288 416s-16.38-3.125-22.62-9.375L160 301.3L54.63 406.6C48.38 412.9 40.19 416 32 416S15.63 412.9 9.375 406.6c-12.5-12.5-12.5-32.75 0-45.25l105.4-105.4L9.375 150.6c-12.5-12.5-12.5-32.75 0-45.25s32.75-12.5 45.25 0L160 210.8l105.4-105.4c12.5-12.5 32.75-12.5 45.25 0s12.5 32.75 0 45.25l-105.4 105.4L310.6 361.4z\"><\/path><\/svg>\n\t\t\t\t\t\t\t\t\t\t\t\t<\/button>\n\t\t\t\t\t\t\t\t\t\t\t\t\t<\/div>\n\t\t\t\t\t\t\t\t\t<\/div>\n<\/div>\n<\/div><\/div>\n\n<div class=\"wp-block-uagb-container uagb-block-e7efb62f alignfull uagb-is-root-container\"><div class=\"uagb-container-inner-blocks-wrap\">\n<div class=\"wp-block-uagb-container uagb-block-e244ae8a\">\n<div class=\"wp-block-uagb-advanced-heading uagb-block-1b288e17\"><h2 class=\"uagb-heading-text\">Biography<\/h2><\/div>\n\n\n\n<p>In addition to his work as a visual artist in the field of photography, Joan Fontcuberta, born in Barcelona in 1955, is active as a teacher, critic, curator and historian.<br\/>Through the manipulation of the photographic image, he develops a body of work that questions the effects of reality and the capacity for truth produced by the technological image. In a logic of denunciation of authoritarian discourse in the context of information, he dismantles, through various series &#8211; <em>Herbarium<\/em>, <em>Fauna<\/em>, <em>Spoutnik<\/em>, <em>Les Sir\u00e8nes de Digne<\/em>, <em>Miracles et<\/em> <em>Cie<\/em>&#8230; &#8211; the language specific to the disciplines of science, information and other vectors of knowledge. His latest projects focus on the nature and function of the image in digital culture.<br\/>Between 1978 and 1986, he taught at the Barcelona School of Fine Arts. He then went on to become a visiting professor at various centers and universities in Europe and the United States (Universitat Pompeu Fabra in Barcelona, Harvard University in Cambridge, U.S.A., University of Wales in the U.K., Le Fresnoy in France).   <br\/>Non-exhaustive bibliography: <em>Le baiser de Judas<\/em>. <em>Photographie et v\u00e9rit\u00e9 <\/em>(ed. Actes Sud, Arles, 1996); <em>Science et Friction, Photographie,<\/em> <em>Nature, Artifice <\/em>(ed. Mestizo, Murcia, 1998); <em>Le bo\u00eetier de Pandore. La photogr@phie apr\u00e8s la photographie <\/em>(ed. Textuel, Paris, 2017);<em>La f\u00faria de las im\u00e1genes. Notas sobre la postfotograf\u00eda <\/em>(ed. Galaxia Gutemberg, Barcelona, 2016)&#8230; <br\/>Major solo exhibitions: MoMA (New York, 1988), M.I.T. (Cambridge, 1988), Cantini Museum (Marseille, 1990), Art Institute (Chicago, 1990), IVAM (Valencia, 1992), MNAC (Barcelona, 1999), Museum of Fine Arts (Fukui, Japan), Palazzo delle Esposizioni (Roma, 2001), ARTIUM (Vitoria \/ Gasteiz, 2003), Center de la Imatge \/ Palau de la Virreina (Barcelona, 2008), Maison europ\u00e9enne de la pho- tographie (Paris, 2014), Science Museum (London, 2014), Museum Angewandte Kunst (Frankfurt, 2015), and Museo de Arte del Banco de la Rep\u00fablica (Bogot\u00e1, 2016).<\/p>\n\n\n\n<p><a href=\"http:\/\/www.fontcuberta.com\/\" target=\"_blank\" data-type=\"link\" data-id=\"http:\/\/www.fontcuberta.com\/\" rel=\"noreferrer noopener\">Joan Fontcuberta website<\/a><\/p>\n<\/div>\n\n\n\n<div class=\"wp-block-uagb-container uagb-block-4951837a\"><\/div>\n<\/div><\/div>\n","protected":false},"excerpt":{"rendered":"<p>Rencontres de la jeune photographie internationale 2023 &#8211; Guest of honor Joan Fontcberta<\/p>\n","protected":false},"featured_media":4346,"template":"","meta":{"inline_featured_image":false,"_uag_custom_page_level_css":"","site-sidebar-layout":"default","site-content-layout":"","ast-site-content-layout":"default","site-content-style":"default","site-sidebar-style":"default","ast-global-header-display":"","ast-banner-title-visibility":"","ast-main-header-display":"","ast-hfb-above-header-display":"","ast-hfb-below-header-display":"","ast-hfb-mobile-header-display":"","site-post-title":"","ast-breadcrumbs-content":"","ast-featured-img":"","footer-sml-layout":"","ast-disable-related-posts":"","theme-transparent-header-meta":"","adv-header-id-meta":"","stick-header-meta":"","header-above-stick-meta":"","header-main-stick-meta":"","header-below-stick-meta":"","astra-migrate-meta-layouts":"default","ast-page-background-enabled":"default","ast-page-background-meta":{"desktop":{"background-color":"var(--ast-global-color-4)","background-image":"","background-repeat":"repeat","background-position":"center center","background-size":"auto","background-attachment":"scroll","background-type":"","background-media":"","overlay-type":"","overlay-color":"","overlay-opacity":"","overlay-gradient":""},"tablet":{"background-color":"","background-image":"","background-repeat":"repeat","background-position":"center center","background-size":"auto","background-attachment":"scroll","background-type":"","background-media":"","overlay-type":"","overlay-color":"","overlay-opacity":"","overlay-gradient":""},"mobile":{"background-color":"","background-image":"","background-repeat":"repeat","background-position":"center center","background-size":"auto","background-attachment":"scroll","background-type":"","background-media":"","overlay-type":"","overlay-color":"","overlay-opacity":"","overlay-gradient":""}},"ast-content-background-meta":{"desktop":{"background-color":"var(--ast-global-color-5)","background-image":"","background-repeat":"repeat","background-position":"center center","background-size":"auto","background-attachment":"scroll","background-type":"","background-media":"","overlay-type":"","overlay-color":"","overlay-opacity":"","overlay-gradient":""},"tablet":{"background-color":"var(--ast-global-color-5)","background-image":"","background-repeat":"repeat","background-position":"center center","background-size":"auto","background-attachment":"scroll","background-type":"","background-media":"","overlay-type":"","overlay-color":"","overlay-opacity":"","overlay-gradient":""},"mobile":{"background-color":"var(--ast-global-color-5)","background-image":"","background-repeat":"repeat","background-position":"center center","background-size":"auto","background-attachment":"scroll","background-type":"","background-media":"","overlay-type":"","overlay-color":"","overlay-opacity":"","overlay-gradient":""}}},"categorie-agenda":[34,39],"categorie-public":[43],"annee":[27],"class_list":["post-4319","agenda","type-agenda","status-publish","has-post-thumbnail","hentry","categorie-agenda-exhibitions","categorie-agenda-rjpi","categorie-public-rjpi","annee-27"],"uagb_featured_image_src":{"full":["https:\/\/www.cacp-villaperochon.com\/wp-content\/uploads\/2025\/12\/joan-vignette-agenda.jpg",400,400,false],"thumbnail":["https:\/\/www.cacp-villaperochon.com\/wp-content\/uploads\/2025\/12\/joan-vignette-agenda-150x150.jpg",150,150,true],"medium":["https:\/\/www.cacp-villaperochon.com\/wp-content\/uploads\/2025\/12\/joan-vignette-agenda.jpg",400,400,false],"medium_large":["https:\/\/www.cacp-villaperochon.com\/wp-content\/uploads\/2025\/12\/joan-vignette-agenda.jpg",400,400,false],"large":["https:\/\/www.cacp-villaperochon.com\/wp-content\/uploads\/2025\/12\/joan-vignette-agenda.jpg",400,400,false],"1536x1536":["https:\/\/www.cacp-villaperochon.com\/wp-content\/uploads\/2025\/12\/joan-vignette-agenda.jpg",400,400,false],"2048x2048":["https:\/\/www.cacp-villaperochon.com\/wp-content\/uploads\/2025\/12\/joan-vignette-agenda.jpg",400,400,false]},"uagb_author_info":{"display_name":"Virginie Odiard","author_link":"https:\/\/www.cacp-villaperochon.com\/en\/author\/"},"uagb_comment_info":0,"uagb_excerpt":"Rencontres de la jeune photographie internationale 2023 - Guest of honor Joan Fontcberta","_links":{"self":[{"href":"https:\/\/www.cacp-villaperochon.com\/en\/wp-json\/wp\/v2\/agenda\/4319","targetHints":{"allow":["GET"]}}],"collection":[{"href":"https:\/\/www.cacp-villaperochon.com\/en\/wp-json\/wp\/v2\/agenda"}],"about":[{"href":"https:\/\/www.cacp-villaperochon.com\/en\/wp-json\/wp\/v2\/types\/agenda"}],"wp:featuredmedia":[{"embeddable":true,"href":"https:\/\/www.cacp-villaperochon.com\/en\/wp-json\/wp\/v2\/media\/4346"}],"wp:attachment":[{"href":"https:\/\/www.cacp-villaperochon.com\/en\/wp-json\/wp\/v2\/media?parent=4319"}],"wp:term":[{"taxonomy":"categorie-agenda","embeddable":true,"href":"https:\/\/www.cacp-villaperochon.com\/en\/wp-json\/wp\/v2\/categorie-agenda?post=4319"},{"taxonomy":"categorie-public","embeddable":true,"href":"https:\/\/www.cacp-villaperochon.com\/en\/wp-json\/wp\/v2\/categorie-public?post=4319"},{"taxonomy":"annee","embeddable":true,"href":"https:\/\/www.cacp-villaperochon.com\/en\/wp-json\/wp\/v2\/annee?post=4319"}],"curies":[{"name":"wp","href":"https:\/\/api.w.org\/{rel}","templated":true}]}}