{"id":4291,"date":"2026-02-10T16:11:41","date_gmt":"2026-02-10T15:11:41","guid":{"rendered":"https:\/\/www.cacp-villaperochon.com\/agenda\/rjpi-collectif-fusees-les-eaux-du-bord\/"},"modified":"2026-03-31T09:20:49","modified_gmt":"2026-03-31T07:20:49","slug":"rjpi-collectif-fusees-les-eaux-du-bord","status":"publish","type":"agenda","link":"https:\/\/www.cacp-villaperochon.com\/en\/agenda\/rjpi-collectif-fusees-les-eaux-du-bord\/","title":{"rendered":"RJPI \/ Collectif Fus\u00e9es &#8211; Les Eaux du bord"},"content":{"rendered":"\n<div class=\"wp-block-uagb-container uagb-block-88d39cc3 alignfull uagb-is-root-container\"><div class=\"uagb-container-inner-blocks-wrap\">\n<div class=\"wp-block-uagb-container uagb-block-ac5223d1\">\n<div class=\"wp-block-uagb-advanced-heading uagb-block-31e59f7f\"><h1 class=\"uagb-heading-text\"><strong>Collectif Fus\u00e9es<\/strong><br\/>Les Eaux du bord<\/h1><\/div>\n<\/div>\n\n\n\n<div class=\"wp-block-uagb-container uagb-block-4c93ecde\"><div class=\"formatage-date-agenda\">From 18 April <br> To 31 May<\/div>\n<\/div>\n<\/div><\/div>\n\n<div class=\"wp-block-uagb-container uagb-block-4a819f27 alignfull uagb-is-root-container\"><div class=\"uagb-container-inner-blocks-wrap\">\n<div class=\"wp-block-toolset-blocks-container tb-container\" data-toolset-blocks-container=\"d4dab0af005e63aeba5ea86feb211518\" data-bg=\"https:\/\/www.cacp-villaperochon.com\/wp-content\/uploads\/2026\/02\/fusees-banniere-agenda.jpg\"><\/div>\n<\/div><\/div>\n\n<div class=\"wp-block-uagb-container uagb-block-f7ecf081 alignfull uagb-is-root-container\"><div class=\"uagb-container-inner-blocks-wrap\">\n<blockquote class=\"wp-block-quote is-layout-flow wp-block-quote-is-layout-flow\">\n<p>&#8220;We stretched our ears, our eyes and our hearts toward the voices of the river and the marsh, on the water&#8217;s edge, in the waters of the edge.&#8221;<\/p>\n<\/blockquote>\n<\/div><\/div>\n\n<div class=\"wp-block-uagb-container uagb-block-c12b1b56 alignfull uagb-is-root-container\"><div class=\"uagb-container-inner-blocks-wrap\">\n<div class=\"wp-block-uagb-container uagb-block-bcb3c903 alignfull uagb-is-root-container\"><div class=\"uagb-container-inner-blocks-wrap\">\n<div class=\"wp-block-uagb-advanced-heading uagb-block-f2d37582\"><h2 class=\"uagb-heading-text\">Run-of-river installation<\/h2><\/div>\n\n\n\n<div class=\"wp-block-uagb-advanced-heading uagb-block-440d16e1\"><p class=\"uagb-heading-text\"><strong>In 2025, La Villa P\u00e9rochon invites the Fus\u00e9es collective for a unique residency aboard an electric barge. Aimed at a group of artists, this soft-mobility itinerant residency, in partnership with the Parc naturel r\u00e9gional du Marais poitevin, offers artists the chance to live an artistic experience on the S\u00e8vre niortaise. <\/strong><\/p><\/div>\n\n\n\n<div class=\"wp-block-uagb-advanced-heading uagb-block-e70e557f\"><p class=\"uagb-heading-text\">This exhibition follows on from two Artist Residencies, in March and September 2025, where we surveyed the Poitevin marshes on board an electric barge. Along the S\u00e8vre Niortaise, but also along other waterways, we set out to meet the inhabitants, the living, the landscapes and the river structures. This slow navigation, where time stretches out, shifted our relationship to time and place. The point of view of the boat as it glided over the water shaped the way we saw and heard, what was perceptible on the surface and what we could guess underneath.<br\/>Our experience was at once contemplative and floating, but also attentive to the complexity of the territory and on the lookout for the unexpected that might emerge from reality. These questions of point of view, temporality and the shift from the real to the unreal feed the exhibition presented at Le S\u00e9choir. Through our scenography,<br\/>, we replay artistic devices experimented in situ with different audiences during the Artist Residencies, at dawn and dusk, inviting visitors to slow down and step aside for an original, multi-sensory poetic experience.     <br\/><br\/><strong><a href=\"https:\/\/www.tedelec.fr\" target=\"_blank\" rel=\"noreferrer noopener\">Tedelec<\/a> is a sponsor of this exhibition.<\/strong><\/p><\/div>\n\n\n\n<div class=\"wp-block-uagb-container uagb-block-3cba3b1c alignfull uagb-is-root-container\"><div class=\"uagb-container-inner-blocks-wrap\">\n<div class=\"wp-block-uagb-advanced-heading uagb-block-63c28ac0 spectra-gbs-h2-classique1741771334061\"><h2 class=\"uagb-heading-text\">Practical info<\/h2><\/div>\n\n\n\n<div class=\"wp-block-uagb-container uagb-block-017ca215\">\n<div class=\"wp-block-uagb-icon-list uagb-block-dbf4f2e0\"><div class=\"uagb-icon-list__wrap\">\n<div class=\"wp-block-uagb-icon-list-child uagb-block-3e399981\"><span class=\"uagb-icon-list__source-wrap\"><svg xmlns=\"https:\/\/www.w3.org\/2000\/svg\" viewbox=\"0 0 320 512\"><path d=\"M96 480c-8.188 0-16.38-3.125-22.62-9.375c-12.5-12.5-12.5-32.75 0-45.25L242.8 256L73.38 86.63c-12.5-12.5-12.5-32.75 0-45.25s32.75-12.5 45.25 0l192 192c12.5 12.5 12.5 32.75 0 45.25l-192 192C112.4 476.9 104.2 480 96 480z\"><\/path><\/svg><\/span><span class=\"uagb-icon-list__label\">Exhibition from April 18 to May 31 at S\u00e9choir-Port Boinot<\/span><\/div>\n\n\n\n<div class=\"wp-block-uagb-icon-list-child uagb-block-063460ce\"><span class=\"uagb-icon-list__source-wrap\"><svg xmlns=\"https:\/\/www.w3.org\/2000\/svg\" viewbox=\"0 0 320 512\"><path d=\"M96 480c-8.188 0-16.38-3.125-22.62-9.375c-12.5-12.5-12.5-32.75 0-45.25L242.8 256L73.38 86.63c-12.5-12.5-12.5-32.75 0-45.25s32.75-12.5 45.25 0l192 192c12.5 12.5 12.5 32.75 0 45.25l-192 192C112.4 476.9 104.2 480 96 480z\"><\/path><\/svg><\/span><span class=\"uagb-icon-list__label\">Tuesday to Sunday, 10 a.m. to 12.30 p.m. and 2 p.m. to 6 p.m., open on public holidays<\/span><\/div>\n\n\n\n<div class=\"wp-block-uagb-icon-list-child uagb-block-e0e033a2\"><span class=\"uagb-icon-list__source-wrap\"><svg xmlns=\"https:\/\/www.w3.org\/2000\/svg\" viewbox=\"0 0 320 512\"><path d=\"M96 480c-8.188 0-16.38-3.125-22.62-9.375c-12.5-12.5-12.5-32.75 0-45.25L242.8 256L73.38 86.63c-12.5-12.5-12.5-32.75 0-45.25s32.75-12.5 45.25 0l192 192c12.5 12.5 12.5 32.75 0 45.25l-192 192C112.4 476.9 104.2 480 96 480z\"><\/path><\/svg><\/span><span class=\"uagb-icon-list__label\">FREE ADMISSION<\/span><\/div>\n<\/div><\/div>\n<\/div>\n<\/div><\/div>\n<\/div><\/div>\n\n\n\t\t\t\t\t<div\n\t\t\t\t\t\tclass=\"wp-block-uagb-image-gallery uagb-block-a28bc2f2     \"\n\t\t\t\t\t\tstyle=\"\"\n\t\t\t\t\t>\n\t\t\t\t\t\t\t\t\t\t\t<div class=\"spectra-image-gallery spectra-image-gallery__layout--tiled spectra-image-gallery__layout--tiled-col-2 spectra-image-gallery__layout--tiled-col-tab-3 spectra-image-gallery__layout--tiled-col-mob-2\">\n\t\t\t\t\t\t\t\t\t\t\t<div class='spectra-image-gallery__media-wrapper spectra-image-gallery__media-wrapper--focus' data-spectra-gallery-image-id='3816' tabindex=\"0\">\n\t\t\t\t\t\t\t<div class=\"spectra-image-gallery__media spectra-image-gallery__media--tiled\">\n\t\t\t\t<picture>\n\t\t\t\t\t<source media=\"(min-width: 1024px)\" srcset=\"https:\/\/www.cacp-villaperochon.com\/wp-content\/uploads\/2026\/02\/eaux-du-bord-3.jpg\">\n\t\t\t\t\t<source media=\"(min-width: 768px)\" srcset=\"https:\/\/www.cacp-villaperochon.com\/wp-content\/uploads\/2026\/02\/eaux-du-bord-3-525x700.jpg\">\n\t\t\t\t\t<img decoding=\"async\" class=\"spectra-image-gallery__media-thumbnail spectra-image-gallery__media-thumbnail--tiled\" src=\"https:\/\/www.cacp-villaperochon.com\/wp-content\/uploads\/2026\/02\/eaux-du-bord-3-300x400.jpg\" alt=\"\" title=\"\">\n\t\t\t\t<\/picture>\n\t\t\t\t<div class=\"spectra-image-gallery__media-thumbnail-blurrer\"><\/div>\n\t\t\t\t\t\t\t\t\t\t\t<div class=\"spectra-image-gallery__media-thumbnail-caption-wrapper spectra-image-gallery__media-thumbnail-caption-wrapper--overlay\">\n\t\t\t\t\t\t\t\t\t\t\t<div class=\"spectra-image-gallery__media-thumbnail-caption spectra-image-gallery__media-thumbnail-caption--overlay\">\n\t\t\t\t\tLes eaux du bord \u00a9 Collectif Fus\u00e9es\t\t\t\t<\/div>\n\t\t\t\t\t\t\t\t\t\t<\/div>\n\t\t\t\t\t\t\t\t\t<\/div>\n\t\t\t\t\t\t<\/div>\n\t\t\t\t\t\t<div class='spectra-image-gallery__media-wrapper' data-spectra-gallery-image-id='3815' tabindex=\"0\">\n\t\t\t\t\t\t\t<div class=\"spectra-image-gallery__media spectra-image-gallery__media--tiled\">\n\t\t\t\t<picture>\n\t\t\t\t\t<source media=\"(min-width: 1024px)\" srcset=\"https:\/\/www.cacp-villaperochon.com\/wp-content\/uploads\/2026\/02\/eaux-du-bord-1.jpg\">\n\t\t\t\t\t<source media=\"(min-width: 768px)\" srcset=\"https:\/\/www.cacp-villaperochon.com\/wp-content\/uploads\/2026\/02\/eaux-du-bord-1-525x700.jpg\">\n\t\t\t\t\t<img decoding=\"async\" class=\"spectra-image-gallery__media-thumbnail spectra-image-gallery__media-thumbnail--tiled\" src=\"https:\/\/www.cacp-villaperochon.com\/wp-content\/uploads\/2026\/02\/eaux-du-bord-1-300x400.jpg\" alt=\"\" title=\"\">\n\t\t\t\t<\/picture>\n\t\t\t\t<div class=\"spectra-image-gallery__media-thumbnail-blurrer\"><\/div>\n\t\t\t\t\t\t\t\t\t\t\t<div class=\"spectra-image-gallery__media-thumbnail-caption-wrapper spectra-image-gallery__media-thumbnail-caption-wrapper--overlay\">\n\t\t\t\t\t\t\t\t\t\t\t<div class=\"spectra-image-gallery__media-thumbnail-caption spectra-image-gallery__media-thumbnail-caption--overlay\">\n\t\t\t\t\tLes eaux du bord \u00a9 Collectif Fus\u00e9es\t\t\t\t<\/div>\n\t\t\t\t\t\t\t\t\t\t<\/div>\n\t\t\t\t\t\t\t\t\t<\/div>\n\t\t\t\t\t\t<\/div>\n\t\t\t\t\t\t\t\t\t\t\t<div class=\"spectra-image-gallery__media-sizer\"><\/div>\n\t\t\t\t\t\t\t<\/div>\n\t\t\t\t\t\t\t\t\t\t\t<\/div>\n\t\t\t\t\t\t\t\t\t\t\t<div class='spectra-image-gallery__control-lightbox' tabindex='0'>\n\t\t\t\t\t\t\t\t\t\t\t<div class=\"swiper spectra-image-gallery__control-lightbox--main\" dir=\"\">\n\t\t\t\t\t<div class=\"swiper-wrapper\">\n\t\t\t\t\t\t\t\t\t\t\t\t\t\n\t\t\t\t\t\t\t<div class=\"swiper-slide\">\n\t\t\t\t\t\t\t\t<img class=\"swiper-lazy\" data-src=\"https:\/\/www.cacp-villaperochon.com\/wp-content\/uploads\/2026\/02\/eaux-du-bord-3.jpg\" alt=\"\"\/>\n\t\t\t\t\t\t\t\t<div class=\"swiper-lazy-preloader swiper-lazy-preloader-white\"><\/div>\n\t\t\t\t\t\t\t\t\t\t\t\t\t\t\t\t\t<div class=\"spectra-image-gallery__control-lightbox--caption\" data-spectra-gallery-image-id='3816'>\n\t\t\t\t\t\t\t\t\t\tLes eaux du bord \u00a9 Collectif Fus\u00e9es\t\t\t\t\t\t\t\t\t<\/div>\n\t\t\t\t\t\t\t\t\t\t\t\t\t\t\t<\/div>\n\t\t\t\t\t\t\t\t\t\t\t\t\t\n\t\t\t\t\t\t\t<div class=\"swiper-slide\">\n\t\t\t\t\t\t\t\t<img class=\"swiper-lazy\" data-src=\"https:\/\/www.cacp-villaperochon.com\/wp-content\/uploads\/2026\/02\/eaux-du-bord-1.jpg\" alt=\"\"\/>\n\t\t\t\t\t\t\t\t<div class=\"swiper-lazy-preloader swiper-lazy-preloader-white\"><\/div>\n\t\t\t\t\t\t\t\t\t\t\t\t\t\t\t\t\t<div class=\"spectra-image-gallery__control-lightbox--caption\" data-spectra-gallery-image-id='3815'>\n\t\t\t\t\t\t\t\t\t\tLes eaux du bord \u00a9 Collectif Fus\u00e9es\t\t\t\t\t\t\t\t\t<\/div>\n\t\t\t\t\t\t\t\t\t\t\t\t\t\t\t<\/div>\n\t\t\t\t\t\t\t\t\t\t\t<\/div>\n\t\t\t\t\t<div class=\"swiper-button-next\"><\/div>\n\t\t\t\t\t<div class=\"swiper-button-prev\"><\/div>\n\t\t\t\t<\/div>\t\t\t\n\t\t\t\t\t\t\t\t\t\t\t\t\t\t\t\t\t\t\t\t\t\t\t\t\t\t\t\t\t\t\t\t<button class='spectra-image-gallery__control-lightbox--close' aria-label=\"Close\">\n\t\t\t\t\t\t\t\t\t\t\t\t\t<svg xmlns=\"https:\/\/www.w3.org\/2000\/svg\" viewBox= \"0 0 320 512\"><path d=\"M310.6 361.4c12.5 12.5 12.5 32.75 0 45.25C304.4 412.9 296.2 416 288 416s-16.38-3.125-22.62-9.375L160 301.3L54.63 406.6C48.38 412.9 40.19 416 32 416S15.63 412.9 9.375 406.6c-12.5-12.5-12.5-32.75 0-45.25l105.4-105.4L9.375 150.6c-12.5-12.5-12.5-32.75 0-45.25s32.75-12.5 45.25 0L160 210.8l105.4-105.4c12.5-12.5 32.75-12.5 45.25 0s12.5 32.75 0 45.25l-105.4 105.4L310.6 361.4z\"><\/path><\/svg>\n\t\t\t\t\t\t\t\t\t\t\t\t<\/button>\n\t\t\t\t\t\t\t\t\t\t\t\t\t<\/div>\n\t\t\t\t\t\t\t\t\t<\/div><\/div>\n\n<div class=\"wp-block-uagb-container uagb-block-35897b43 alignfull uagb-is-root-container\"><div class=\"uagb-container-inner-blocks-wrap\">\n<div class=\"wp-block-uagb-advanced-heading uagb-block-ddab1579\"><h2 class=\"uagb-heading-text\">Biography<\/h2><\/div>\n\n\n\n<div class=\"wp-block-uagb-container uagb-layout-grid uagb-block-1ff69ed6\">\n<div class=\"wp-block-uagb-container uagb-block-fe2c33e2\">\n<div class=\"wp-block-uagb-advanced-heading uagb-block-1a9c4f13\"><h3 class=\"uagb-heading-text\">Emmanuelle Baud<br\/>Videographer<\/h3><\/div>\n\n\n\n<div class=\"wp-block-uagb-advanced-heading uagb-block-f67b8085\"><p class=\"uagb-heading-text\">Originally from the Rh\u00f4ne-Alpes region, she lives and works in Poitiers. She is a video artist and teacher at EESI (Ecole Sup\u00e9rieure de l&#8217;Image Poitiers-Angoul\u00eame). <br\/>She creates video pieces that she plays live in dialogue with musicians from the experimental and improvised music scene. Today,<br\/>audiovisual performance is at the heart of her personal practice and research. <br\/><br\/><a href=\"https:\/\/emmanuelle-baud.com\" target=\"_blank\" rel=\"noreferrer noopener\">Emmanuelle Baud website<\/a><\/p><\/div>\n<\/div>\n\n\n\n<div class=\"wp-block-uagb-container uagb-block-07718162\">\n<div class=\"wp-block-uagb-advanced-heading uagb-block-180d7e55\"><h3 class=\"uagb-heading-text\">Pascal Auclair<br\/>Geo-artist, visual artist, stage director<\/h3><\/div>\n\n\n\n<div class=\"wp-block-uagb-advanced-heading uagb-block-c4914529\"><p class=\"uagb-heading-text\">For him, landscapes are matter. The place where history is created, where creations are born. Landscapes &#8211; urban or rural &#8211; become stages or places for in situ creation. They inspire. They tell, content<br\/>the story. As he surveys, he collects natural and abandoned materials and transforms them into gigantic or tiny works of land-art.     <\/p><\/div>\n<\/div>\n\n\n\n<div class=\"wp-block-uagb-container uagb-block-8835d5f6\">\n<div class=\"wp-block-uagb-advanced-heading uagb-block-fdfea216\"><h3 class=\"uagb-heading-text\">Simon Pochet<br\/>Sound designer, documentary filmmaker<\/h3><\/div>\n\n\n\n<div class=\"wp-block-uagb-advanced-heading uagb-block-aca3feda\"><p class=\"uagb-heading-text\">Simon Pochet lives and works in the Chartreuse massif. He creates sound pieces, performances, installations and itineraries, at<br\/>the crossroads of documentary, musical composition and live performance. Walking, landscape, observation and listening are often essential elements of his creations.  <br\/><br\/><a href=\"https:\/\/simonpochet.cargo.site\" target=\"_blank\" rel=\"noreferrer noopener\">Simon Pochet website<\/a><\/p><\/div>\n<\/div>\n<\/div>\n<\/div><\/div>\n\n<p><\/p>\n","protected":false},"excerpt":{"rendered":"<p>In 2025, La Villa P\u00e9rochon invites the Fus\u00e9es collective for a unique residency aboard an electric barge. Aimed at a group of artists, this soft-mobility itinerant residency, in partnership with the Parc naturel r\u00e9gional du Marais poitevin, offers artists the chance to live an artistic experience on the S\u00e8vre niortaise. <\/p>\n","protected":false},"featured_media":4282,"template":"","meta":{"inline_featured_image":false,"_uag_custom_page_level_css":"","site-sidebar-layout":"default","site-content-layout":"","ast-site-content-layout":"default","site-content-style":"default","site-sidebar-style":"default","ast-global-header-display":"","ast-banner-title-visibility":"","ast-main-header-display":"","ast-hfb-above-header-display":"","ast-hfb-below-header-display":"","ast-hfb-mobile-header-display":"","site-post-title":"","ast-breadcrumbs-content":"","ast-featured-img":"","footer-sml-layout":"","ast-disable-related-posts":"","theme-transparent-header-meta":"","adv-header-id-meta":"","stick-header-meta":"","header-above-stick-meta":"","header-main-stick-meta":"","header-below-stick-meta":"","astra-migrate-meta-layouts":"default","ast-page-background-enabled":"default","ast-page-background-meta":{"desktop":{"background-color":"var(--ast-global-color-4)","background-image":"","background-repeat":"repeat","background-position":"center center","background-size":"auto","background-attachment":"scroll","background-type":"","background-media":"","overlay-type":"","overlay-color":"","overlay-opacity":"","overlay-gradient":""},"tablet":{"background-color":"","background-image":"","background-repeat":"repeat","background-position":"center center","background-size":"auto","background-attachment":"scroll","background-type":"","background-media":"","overlay-type":"","overlay-color":"","overlay-opacity":"","overlay-gradient":""},"mobile":{"background-color":"","background-image":"","background-repeat":"repeat","background-position":"center center","background-size":"auto","background-attachment":"scroll","background-type":"","background-media":"","overlay-type":"","overlay-color":"","overlay-opacity":"","overlay-gradient":""}},"ast-content-background-meta":{"desktop":{"background-color":"var(--ast-global-color-5)","background-image":"","background-repeat":"repeat","background-position":"center center","background-size":"auto","background-attachment":"scroll","background-type":"","background-media":"","overlay-type":"","overlay-color":"","overlay-opacity":"","overlay-gradient":""},"tablet":{"background-color":"var(--ast-global-color-5)","background-image":"","background-repeat":"repeat","background-position":"center center","background-size":"auto","background-attachment":"scroll","background-type":"","background-media":"","overlay-type":"","overlay-color":"","overlay-opacity":"","overlay-gradient":""},"mobile":{"background-color":"var(--ast-global-color-5)","background-image":"","background-repeat":"repeat","background-position":"center center","background-size":"auto","background-attachment":"scroll","background-type":"","background-media":"","overlay-type":"","overlay-color":"","overlay-opacity":"","overlay-gradient":""}}},"categorie-agenda":[34,39],"categorie-public":[43],"annee":[24],"class_list":["post-4291","agenda","type-agenda","status-publish","has-post-thumbnail","hentry","categorie-agenda-exhibitions","categorie-agenda-rjpi","categorie-public-rjpi","annee-24"],"uagb_featured_image_src":{"full":["https:\/\/www.cacp-villaperochon.com\/wp-content\/uploads\/2026\/02\/fusees-vignette-agenda.jpg",400,400,false],"thumbnail":["https:\/\/www.cacp-villaperochon.com\/wp-content\/uploads\/2026\/02\/fusees-vignette-agenda-150x150.jpg",150,150,true],"medium":["https:\/\/www.cacp-villaperochon.com\/wp-content\/uploads\/2026\/02\/fusees-vignette-agenda.jpg",400,400,false],"medium_large":["https:\/\/www.cacp-villaperochon.com\/wp-content\/uploads\/2026\/02\/fusees-vignette-agenda.jpg",400,400,false],"large":["https:\/\/www.cacp-villaperochon.com\/wp-content\/uploads\/2026\/02\/fusees-vignette-agenda.jpg",400,400,false],"1536x1536":["https:\/\/www.cacp-villaperochon.com\/wp-content\/uploads\/2026\/02\/fusees-vignette-agenda.jpg",400,400,false],"2048x2048":["https:\/\/www.cacp-villaperochon.com\/wp-content\/uploads\/2026\/02\/fusees-vignette-agenda.jpg",400,400,false]},"uagb_author_info":{"display_name":"Virginie Odiard","author_link":"https:\/\/www.cacp-villaperochon.com\/en\/author\/"},"uagb_comment_info":0,"uagb_excerpt":"In 2025, La Villa P\u00e9rochon invites the Fus\u00e9es collective for a unique residency aboard an electric barge. Aimed at a group of artists, this soft-mobility itinerant residency, in partnership with the Parc naturel r\u00e9gional du Marais poitevin, offers artists the chance to live an artistic experience on the S\u00e8vre niortaise.","_links":{"self":[{"href":"https:\/\/www.cacp-villaperochon.com\/en\/wp-json\/wp\/v2\/agenda\/4291","targetHints":{"allow":["GET"]}}],"collection":[{"href":"https:\/\/www.cacp-villaperochon.com\/en\/wp-json\/wp\/v2\/agenda"}],"about":[{"href":"https:\/\/www.cacp-villaperochon.com\/en\/wp-json\/wp\/v2\/types\/agenda"}],"wp:featuredmedia":[{"embeddable":true,"href":"https:\/\/www.cacp-villaperochon.com\/en\/wp-json\/wp\/v2\/media\/4282"}],"wp:attachment":[{"href":"https:\/\/www.cacp-villaperochon.com\/en\/wp-json\/wp\/v2\/media?parent=4291"}],"wp:term":[{"taxonomy":"categorie-agenda","embeddable":true,"href":"https:\/\/www.cacp-villaperochon.com\/en\/wp-json\/wp\/v2\/categorie-agenda?post=4291"},{"taxonomy":"categorie-public","embeddable":true,"href":"https:\/\/www.cacp-villaperochon.com\/en\/wp-json\/wp\/v2\/categorie-public?post=4291"},{"taxonomy":"annee","embeddable":true,"href":"https:\/\/www.cacp-villaperochon.com\/en\/wp-json\/wp\/v2\/annee?post=4291"}],"curies":[{"name":"wp","href":"https:\/\/api.w.org\/{rel}","templated":true}]}}