{"id":2932,"date":"2025-04-29T12:49:00","date_gmt":"2025-04-29T10:49:00","guid":{"rendered":"https:\/\/www.cacp-villaperochon.com\/agenda\/rjpi-causerie-avec-serge-tisseron\/"},"modified":"2026-04-08T12:29:35","modified_gmt":"2026-04-08T10:29:35","slug":"workshop-reinventer-le-regard-avec-gregoire-eloy","status":"publish","type":"agenda","link":"https:\/\/www.cacp-villaperochon.com\/en\/agenda\/workshop-reinventer-le-regard-avec-gregoire-eloy\/","title":{"rendered":"Workshop &#8211; R\u00e9inventer le regard avec Gr\u00e9goire Eloy"},"content":{"rendered":"\n<div class=\"wp-block-uagb-container uagb-block-c12b1b56 alignfull uagb-is-root-container\"><div class=\"uagb-container-inner-blocks-wrap\">\n<div class=\"wp-block-uagb-advanced-heading uagb-block-b0a44478\"><h1 class=\"uagb-heading-text\"><strong>Workshop<\/strong><br>R\u00e9inventer le regard avec Gr\u00e9goire Eloy<\/h1><\/div>\n\n\n\n<div class=\"wp-block-uagb-container uagb-block-2dc94297\"><div class=\"formatage-date-agenda\">From 24 May <br> To 25 May<\/div>\n<\/div>\n<\/div><\/div>\n\n\n\n<div class=\"wp-block-uagb-container uagb-block-7e4d38bc alignfull uagb-is-root-container\"><div class=\"uagb-container-inner-blocks-wrap\">\n<div class=\"wp-block-toolset-blocks-container tb-container\" data-toolset-blocks-container=\"55c3c46f89a72457abc71455ffcd0bb1\" data-bg=\"https:\/\/www.cacp-villaperochon.com\/wp-content\/uploads\/2025\/04\/eloy-banniere-agenda.jpg\"><\/div>\n<\/div><\/div>\n\n\n\n<div class=\"wp-block-uagb-container uagb-block-7a76b97a alignfull uagb-is-root-container\"><div class=\"uagb-container-inner-blocks-wrap\">\n<div class=\"wp-block-uagb-container uagb-block-f7b1db89 alignfull uagb-is-root-container\"><div class=\"uagb-container-inner-blocks-wrap\">\n<div class=\"wp-block-uagb-advanced-heading uagb-block-e51a866f\"><p class=\"uagb-heading-text\">Cet atelier propose d\u2019explorer les outils, les m\u00e9thodes et les exp\u00e9rimentations qui permettront aux participant\u00b7es d\u2019apprendre \u00e0 stimuler ou r\u00e9inventer leur regard et leur pratique photographique. L\u2019objectif est d\u2019approfondir une recherche formelle, explorer autrement un sujet et progresser dans son \u00e9criture photographique. Gr\u00e9goire Eloy partagera son exp\u00e9rience lors d\u2019une d\u00e9ambulation au sein de son exposition <em><a href=\"https:\/\/www.cacp-villaperochon.com\/agenda\/gregoire-eloy-troisieme-nature\/\" data-type=\"agenda\" data-id=\"3851\">Troisi\u00e8me Nature<\/a><\/em> \u00e0 la Villa P\u00e9rochon, d\u2019une pr\u00e9sentation de ses livres (une dizaine parus \u00e0 ce jour) et de son exp\u00e9rience au sein du collectif Tendance Floue. Les participant\u00b7es pr\u00e9senteront leurs travaux et leurs exp\u00e9riences lors d\u2019un \u00e9change de groupe. Il leur sera propos\u00e9 dans un deuxi\u00e8me temps de produire de nouvelles images qui seront pr\u00e9sent\u00e9es et discut\u00e9es collectivement.<\/p><\/div>\n\n\n\n<div class=\"wp-block-uagb-container uagb-layout-flex uagb-block-1ff69ed6\">\n<div class=\"wp-block-uagb-buttons uagb-buttons__outer-wrap uagb-btn__default-btn uagb-btn-tablet__default-btn uagb-btn-mobile__default-btn uagb-block-ccafccbf\"><div class=\"uagb-buttons__wrap uagb-buttons-layout-wrap \">\n<div class=\"wp-block-uagb-buttons-child uagb-buttons__outer-wrap uagb-block-57c83290 wp-block-button\"><div class=\"uagb-button__wrapper\"><a class=\"uagb-buttons-repeater wp-block-button__link\" aria-label=\"\" href=\"https:\/\/www.helloasso.com\/associations\/pour-l-instant-cacp-villa-perochon\/evenements\/workshop-reinventer-le-regard-avec-gregoire-eloy\" rel=\"follow noopener\" target=\"_blank\" role=\"button\"><div class=\"uagb-button__link\">S&#8217;INSCRIRE<br>sur HelloAsso<\/div><\/a><\/div><\/div>\n<\/div><\/div>\n\n\n\n<div class=\"wp-block-uagb-buttons uagb-buttons__outer-wrap uagb-btn__default-btn uagb-btn-tablet__default-btn uagb-btn-mobile__default-btn uagb-block-8ee3ef4a\"><div class=\"uagb-buttons__wrap uagb-buttons-layout-wrap \">\n<div class=\"wp-block-uagb-buttons-child uagb-buttons__outer-wrap uagb-block-240d8853 wp-block-button\"><div class=\"uagb-button__wrapper\"><a class=\"uagb-buttons-repeater wp-block-button__link\" aria-label=\"\" href=\"https:\/\/www.cacp-villaperochon.com\/wp-content\/uploads\/2026\/04\/fiche-stage-Gregoire.pdf\" rel=\"follow noopener\" target=\"_blank\" role=\"button\"><div class=\"uagb-button__link\">T\u00c9L\u00c9CHARGER<br>la fiche d&#8217;inscription<\/div><\/a><\/div><\/div>\n<\/div><\/div>\n<\/div>\n<\/div><\/div>\n\n\n\n<div class=\"wp-block-uagb-container uagb-block-5acff04a\">\n<div class=\"wp-block-uagb-container uagb-block-53cf430e alignfull uagb-is-root-container\"><div class=\"uagb-container-inner-blocks-wrap\">\n<div class=\"wp-block-uagb-advanced-heading uagb-block-9a0e302c spectra-gbs-h2-classique1741771334061\"><h2 class=\"uagb-heading-text\">Infos pratiques<\/h2><\/div>\n\n\n\n<div class=\"wp-block-uagb-icon-list uagb-block-ec83d20e\"><div class=\"uagb-icon-list__wrap\">\n<div class=\"wp-block-uagb-icon-list-child uagb-block-8c475c03\"><span class=\"uagb-icon-list__source-wrap\"><svg xmlns=\"https:\/\/www.w3.org\/2000\/svg\" viewBox=\"0 0 320 512\"><path d=\"M96 480c-8.188 0-16.38-3.125-22.62-9.375c-12.5-12.5-12.5-32.75 0-45.25L242.8 256L73.38 86.63c-12.5-12.5-12.5-32.75 0-45.25s32.75-12.5 45.25 0l192 192c12.5 12.5 12.5 32.75 0 45.25l-192 192C112.4 476.9 104.2 480 96 480z\"><\/path><\/svg><\/span><span class=\"uagb-icon-list__label\">dimanche 24 et lundi 25 mai \u00e0 la Villa P\u00e9rochon<\/span><\/div>\n\n\n\n<div class=\"wp-block-uagb-icon-list-child uagb-block-f13c2145\"><span class=\"uagb-icon-list__source-wrap\"><svg xmlns=\"https:\/\/www.w3.org\/2000\/svg\" viewBox=\"0 0 320 512\"><path d=\"M96 480c-8.188 0-16.38-3.125-22.62-9.375c-12.5-12.5-12.5-32.75 0-45.25L242.8 256L73.38 86.63c-12.5-12.5-12.5-32.75 0-45.25s32.75-12.5 45.25 0l192 192c12.5 12.5 12.5 32.75 0 45.25l-192 192C112.4 476.9 104.2 480 96 480z\"><\/path><\/svg><\/span><span class=\"uagb-icon-list__label\">Venir avec appareil photo (reflex ou hybride). Maitriser les r\u00e9glages de base de son appareil. Venir avec son ordinateur portable (id\u00e9alement) et une s\u00e9lection de ses travaux.<\/span><\/div>\n\n\n\n<div class=\"wp-block-uagb-icon-list-child uagb-block-49d91057\"><span class=\"uagb-icon-list__source-wrap\"><svg xmlns=\"https:\/\/www.w3.org\/2000\/svg\" viewBox=\"0 0 320 512\"><path d=\"M96 480c-8.188 0-16.38-3.125-22.62-9.375c-12.5-12.5-12.5-32.75 0-45.25L242.8 256L73.38 86.63c-12.5-12.5-12.5-32.75 0-45.25s32.75-12.5 45.25 0l192 192c12.5 12.5 12.5 32.75 0 45.25l-192 192C112.4 476.9 104.2 480 96 480z\"><\/path><\/svg><\/span><span class=\"uagb-icon-list__label\">TARIFS: 150\u20ac (adh\u00e9sion \u00e0 l&#8217;association obligatoire)<\/span><\/div>\n\n\n\n<div class=\"wp-block-uagb-icon-list-child uagb-block-aa7221fd\"><span class=\"uagb-icon-list__source-wrap\"><svg xmlns=\"https:\/\/www.w3.org\/2000\/svg\" viewBox=\"0 0 320 512\"><path d=\"M96 480c-8.188 0-16.38-3.125-22.62-9.375c-12.5-12.5-12.5-32.75 0-45.25L242.8 256L73.38 86.63c-12.5-12.5-12.5-32.75 0-45.25s32.75-12.5 45.25 0l192 192c12.5 12.5 12.5 32.75 0 45.25l-192 192C112.4 476.9 104.2 480 96 480z\"><\/path><\/svg><\/span><span class=\"uagb-icon-list__label\">Inscription et paiement en ligne via HelloAsso ou en nous renvoyant la fiche d&#8217;inscription compl\u00e9t\u00e9e accompagn\u00e9e de votre r\u00e8glement par ch\u00e8que<\/span><\/div>\n<\/div><\/div>\n<\/div><\/div>\n<\/div>\n<\/div><\/div>\n\n\n\n<div class=\"wp-block-uagb-container uagb-block-a738800d alignfull uagb-is-root-container\"><div class=\"uagb-container-inner-blocks-wrap\">\n<div class=\"wp-block-uagb-container uagb-block-fced81dc\">\n<div class=\"wp-block-uagb-advanced-heading uagb-block-e36ca1ab spectra-gbs-h2-classique1741771334061\"><h2 class=\"uagb-heading-text\">Gr\u00e9goire Eloy<\/h2><\/div>\n\n\n\n<div class=\"wp-block-uagb-advanced-heading uagb-block-aa1f88b3\"><p class=\"uagb-heading-text\">Gr\u00e9goire Eloy d\u00e9bute comme assistant de Stanley Greene et s\u2019engage dans une pratique photographique documentaire d\u2019auteur. Pendant 10 ans, il voyage en Europe de l\u2019Est et en Asie centrale pour des projets au long cours sur l\u2019h\u00e9ritage sovi\u00e9tique. Au fil des ann\u00e9es, son travail s\u2019est mu\u00e9 vers une pratique plus intime d\u2019exploration de nouveaux territoires (g\u00e9ographiques, scientifiques, imaginaires), enrichie d\u2019une libert\u00e9 formelle faite<br>d\u2019exp\u00e9rimentations : installations, livres-objets, photogrammes en ext\u00e9rieur, tirages argentiques par contact sur \u00e9cran d\u2019ordinateur. Ses s\u00e9ries sont travers\u00e9es par les th\u00e8mes de la trace, de l\u2019absence et de l\u2019invisible. Depuis 2010, il concentre ses recherches sur l\u2019univers scientifique et sur notre rapport \u00e0 l\u2019environnement et au sauvage \u00e0 travers des r\u00e9sidences artistiques en milieu naturel. Il est laur\u00e9at de la Bourse du Talent 2004, du Prix Ni\u00e9pce 2021 et de la Grande commande Photojournalisme du minist\u00e8re de la Culture 2022 (Radioscopie de la France). Il est membre du collectif Tendance Floue depuis 2016.<\/p><\/div>\n<\/div>\n\n\n\n<div class=\"wp-block-uagb-container uagb-block-8125d420\">\n<div class=\"wp-block-uagb-image aligncenter uagb-block-91f34402 wp-block-uagb-image--layout-default wp-block-uagb-image--effect-static wp-block-uagb-image--align-center\"><figure class=\"wp-block-uagb-image__figure\"><img decoding=\"async\" srcset=\"https:\/\/www.cacp-villaperochon.com\/wp-content\/uploads\/2026\/02\/eloy-portrait.jpg ,https:\/\/www.cacp-villaperochon.com\/wp-content\/uploads\/2026\/02\/eloy-portrait.jpg 780w, https:\/\/www.cacp-villaperochon.com\/wp-content\/uploads\/2026\/02\/eloy-portrait.jpg 360w\" sizes=\"auto, (max-width: 480px) 150px\" src=\"https:\/\/www.cacp-villaperochon.com\/wp-content\/uploads\/2026\/02\/eloy-portrait.jpg\" alt=\"\" class=\"uag-image-3823\" width=\"800\" height=\"800\" title=\"Portrait de Gr\u00e9goire Eloy\" loading=\"lazy\" role=\"img\"><\/figure><\/div>\n<\/div>\n<\/div><\/div>\n","protected":false},"excerpt":{"rendered":"<p>Dans le cadre de son exposition \u00e0 la Villa P\u00e9rochon, profitez d&#8217;un workshop privil\u00e9gi\u00e9 avec Gr\u00e9goire Eloy.<\/p>\n","protected":false},"featured_media":4700,"template":"","meta":{"inline_featured_image":false,"_uag_custom_page_level_css":"","site-sidebar-layout":"default","site-content-layout":"","ast-site-content-layout":"","site-content-style":"default","site-sidebar-style":"default","ast-global-header-display":"","ast-banner-title-visibility":"","ast-main-header-display":"","ast-hfb-above-header-display":"","ast-hfb-below-header-display":"","ast-hfb-mobile-header-display":"","site-post-title":"","ast-breadcrumbs-content":"","ast-featured-img":"","footer-sml-layout":"","ast-disable-related-posts":"","theme-transparent-header-meta":"","adv-header-id-meta":"","stick-header-meta":"","header-above-stick-meta":"","header-main-stick-meta":"","header-below-stick-meta":"","astra-migrate-meta-layouts":"default","ast-page-background-enabled":"default","ast-page-background-meta":{"desktop":{"background-color":"var(--ast-global-color-4)","background-image":"","background-repeat":"repeat","background-position":"center center","background-size":"auto","background-attachment":"scroll","background-type":"","background-media":"","overlay-type":"","overlay-color":"","overlay-opacity":"","overlay-gradient":""},"tablet":{"background-color":"","background-image":"","background-repeat":"repeat","background-position":"center center","background-size":"auto","background-attachment":"scroll","background-type":"","background-media":"","overlay-type":"","overlay-color":"","overlay-opacity":"","overlay-gradient":""},"mobile":{"background-color":"","background-image":"","background-repeat":"repeat","background-position":"center center","background-size":"auto","background-attachment":"scroll","background-type":"","background-media":"","overlay-type":"","overlay-color":"","overlay-opacity":"","overlay-gradient":""}},"ast-content-background-meta":{"desktop":{"background-color":"var(--ast-global-color-5)","background-image":"","background-repeat":"repeat","background-position":"center center","background-size":"auto","background-attachment":"scroll","background-type":"","background-media":"","overlay-type":"","overlay-color":"","overlay-opacity":"","overlay-gradient":""},"tablet":{"background-color":"var(--ast-global-color-5)","background-image":"","background-repeat":"repeat","background-position":"center center","background-size":"auto","background-attachment":"scroll","background-type":"","background-media":"","overlay-type":"","overlay-color":"","overlay-opacity":"","overlay-gradient":""},"mobile":{"background-color":"var(--ast-global-color-5)","background-image":"","background-repeat":"repeat","background-position":"center center","background-size":"auto","background-attachment":"scroll","background-type":"","background-media":"","overlay-type":"","overlay-color":"","overlay-opacity":"","overlay-gradient":""}}},"categorie-agenda":[12],"categorie-public":[18],"annee":[24],"class_list":["post-2932","agenda","type-agenda","status-publish","has-post-thumbnail","hentry","categorie-agenda-workshops-ateliers","categorie-public-tout-public","annee-24"],"uagb_featured_image_src":{"full":["https:\/\/www.cacp-villaperochon.com\/wp-content\/uploads\/2025\/04\/eloy-vignette-agenda.jpg",400,400,false],"thumbnail":["https:\/\/www.cacp-villaperochon.com\/wp-content\/uploads\/2025\/04\/eloy-vignette-agenda-150x150.jpg",150,150,true],"medium":["https:\/\/www.cacp-villaperochon.com\/wp-content\/uploads\/2025\/04\/eloy-vignette-agenda.jpg",400,400,false],"medium_large":["https:\/\/www.cacp-villaperochon.com\/wp-content\/uploads\/2025\/04\/eloy-vignette-agenda.jpg",400,400,false],"large":["https:\/\/www.cacp-villaperochon.com\/wp-content\/uploads\/2025\/04\/eloy-vignette-agenda.jpg",400,400,false],"1536x1536":["https:\/\/www.cacp-villaperochon.com\/wp-content\/uploads\/2025\/04\/eloy-vignette-agenda.jpg",400,400,false],"2048x2048":["https:\/\/www.cacp-villaperochon.com\/wp-content\/uploads\/2025\/04\/eloy-vignette-agenda.jpg",400,400,false]},"uagb_author_info":{"display_name":"Virginie Odiard","author_link":"https:\/\/www.cacp-villaperochon.com\/en\/author\/"},"uagb_comment_info":0,"uagb_excerpt":"Dans le cadre de son exposition \u00e0 la Villa P\u00e9rochon, profitez d'un workshop privil\u00e9gi\u00e9 avec Gr\u00e9goire Eloy.","_links":{"self":[{"href":"https:\/\/www.cacp-villaperochon.com\/en\/wp-json\/wp\/v2\/agenda\/2932","targetHints":{"allow":["GET"]}}],"collection":[{"href":"https:\/\/www.cacp-villaperochon.com\/en\/wp-json\/wp\/v2\/agenda"}],"about":[{"href":"https:\/\/www.cacp-villaperochon.com\/en\/wp-json\/wp\/v2\/types\/agenda"}],"wp:featuredmedia":[{"embeddable":true,"href":"https:\/\/www.cacp-villaperochon.com\/en\/wp-json\/wp\/v2\/media\/4700"}],"wp:attachment":[{"href":"https:\/\/www.cacp-villaperochon.com\/en\/wp-json\/wp\/v2\/media?parent=2932"}],"wp:term":[{"taxonomy":"categorie-agenda","embeddable":true,"href":"https:\/\/www.cacp-villaperochon.com\/en\/wp-json\/wp\/v2\/categorie-agenda?post=2932"},{"taxonomy":"categorie-public","embeddable":true,"href":"https:\/\/www.cacp-villaperochon.com\/en\/wp-json\/wp\/v2\/categorie-public?post=2932"},{"taxonomy":"annee","embeddable":true,"href":"https:\/\/www.cacp-villaperochon.com\/en\/wp-json\/wp\/v2\/annee?post=2932"}],"curies":[{"name":"wp","href":"https:\/\/api.w.org\/{rel}","templated":true}]}}