{"id":2141,"date":"2025-03-21T17:25:24","date_gmt":"2025-03-21T16:25:24","guid":{"rendered":"https:\/\/www.cacp-villaperochon.com\/agenda\/gabarit-agenda-6\/"},"modified":"2025-12-30T17:29:15","modified_gmt":"2025-12-30T16:29:15","slug":"rjpi-belgomania","status":"publish","type":"agenda","link":"https:\/\/www.cacp-villaperochon.com\/en\/agenda\/rjpi-belgomania\/","title":{"rendered":"Belgomania &#8211; Focus sur la photographie de la F\u00e9d\u00e9ration Wallonie-Bruxelles"},"content":{"rendered":"\n<div class=\"wp-block-uagb-container uagb-block-c12b1b56 alignfull uagb-is-root-container\"><div class=\"uagb-container-inner-blocks-wrap\">\n<div class=\"wp-block-uagb-container uagb-block-bcb3c903\">\n<div class=\"wp-block-uagb-advanced-heading uagb-block-b0a44478\"><h1 class=\"uagb-heading-text\"><strong>Belgomania<\/strong><br>Focus sur la photographie belge<\/h1><\/div>\n<\/div>\n\n\n\n<div class=\"wp-block-uagb-container uagb-block-2dc94297\"><div class=\"formatage-date-agenda\">From 05 April <br> To 25 May<\/div>\n<\/div>\n<\/div><\/div>\n\n\n\n<div class=\"wp-block-uagb-container uagb-block-4a819f27 alignfull uagb-is-root-container\"><div class=\"uagb-container-inner-blocks-wrap\">\n<div class=\"wp-block-toolset-blocks-container tb-container\" data-toolset-blocks-container=\"26ccba2f079d7f5b4387437f14776eec\" data-bg=\"https:\/\/www.cacp-villaperochon.com\/wp-content\/uploads\/2025\/03\/calbert-banniere-agenda.jpg\"><\/div>\n<\/div><\/div>\n\n\n\n<div class=\"wp-block-uagb-container uagb-block-3874ef24 alignfull uagb-is-root-container\"><div class=\"uagb-container-inner-blocks-wrap\">\n<div class=\"wp-block-uagb-advanced-heading uagb-block-bd9fef86\"><h2 class=\"uagb-heading-text\">Focus sur la photographie \u00e9mergente de la F\u00e9d\u00e9ration Wallonie-Bruxelles<\/h2><\/div>\n\n\n\n<div class=\"wp-block-uagb-container uagb-layout-flex uagb-block-069f7f7c\">\n<div class=\"wp-block-uagb-container uagb-block-079fca8b\">\n<div class=\"wp-block-uagb-advanced-heading uagb-block-4d5e6349\"><p class=\"uagb-heading-text\"><strong>Belgomania<\/strong> est une immersion dans la diversit\u00e9 et la richesse de la jeune photographie belge, notamment celle de la F\u00e9d\u00e9ration Wallonie-Bruxelles.<br>\u00c0 travers les regards singuliers de <strong>Laetitia Bica<\/strong>, <strong>Julie Calbert<\/strong>,<strong> Lucas Leffler<\/strong>, <strong>L\u00e9onard Pongo<\/strong>, <strong>St\u00e9phanie Roland<\/strong>, <strong>Laure Winants<\/strong>, et du duo <strong>Solal Israel <\/strong>et <strong>T\u00e9o Becher<\/strong>, cette exposition collective in\u00e9dite explore un large spectre de th\u00e9matiques telles que la m\u00e9moire, le territoire, l\u2019environnement et la mati\u00e8re. Entre exp\u00e9rimentations visuelles et r\u00e9cits po\u00e9tiques, chaque artiste nous propose des questions ouvertes sur la complexit\u00e9 des r\u00e9alit\u00e9s soci\u00e9tales et environnementales de notre monde contemporain.<\/p><\/div>\n\n\n\n<div class=\"wp-block-uagb-advanced-heading uagb-block-58699e15\"><p class=\"uagb-heading-text\">Cette exposition est propos\u00e9e avec le soutien du <a href=\"https:\/\/cwb.fr\" data-type=\"link\" data-id=\"https:\/\/cwb.fr\" target=\"_blank\" rel=\"noreferrer noopener\">Centre Wallonie-Bruxelles Paris<\/a> et <a href=\"https:\/\/wbi.be\/fr\" target=\"_blank\" rel=\"noreferrer noopener\">Wallonie-Bruxelles International<\/a>. <\/p><\/div>\n<\/div>\n\n\n\n<div class=\"wp-block-uagb-container uagb-block-501cd339 alignfull uagb-is-root-container\"><div class=\"uagb-container-inner-blocks-wrap\">\n<div class=\"wp-block-uagb-advanced-heading uagb-block-9a0e302c spectra-gbs-h2-classique1741771334061\"><h2 class=\"uagb-heading-text\">Informations pratiques<\/h2><\/div>\n\n\n\n<div class=\"wp-block-uagb-icon-list uagb-block-dbf4f2e0\"><div class=\"uagb-icon-list__wrap\">\n<div class=\"wp-block-uagb-icon-list-child uagb-block-05fd3ed3\"><span class=\"uagb-icon-list__source-wrap\"><svg xmlns=\"https:\/\/www.w3.org\/2000\/svg\" viewBox=\"0 0 320 512\"><path d=\"M96 480c-8.188 0-16.38-3.125-22.62-9.375c-12.5-12.5-12.5-32.75 0-45.25L242.8 256L73.38 86.63c-12.5-12.5-12.5-32.75 0-45.25s32.75-12.5 45.25 0l192 192c12.5 12.5 12.5 32.75 0 45.25l-192 192C112.4 476.9 104.2 480 96 480z\"><\/path><\/svg><\/span><span class=\"uagb-icon-list__label\">Exposition du 5 avril au 25 mai dans 2 lieux: retrouvez T\u00e9o Becher et Solal Israel, Laure Winants, Lucas Leffler et Laetitia Bica au S\u00e9choir Port-Boinot, et Julie Calbert, L\u00e9onard Pongo et Stephanie Roland au Pilori<\/span><\/div>\n\n\n\n<div class=\"wp-block-uagb-icon-list-child uagb-block-ad2ee6be\"><span class=\"uagb-icon-list__source-wrap\"><svg xmlns=\"https:\/\/www.w3.org\/2000\/svg\" viewBox=\"0 0 320 512\"><path d=\"M96 480c-8.188 0-16.38-3.125-22.62-9.375c-12.5-12.5-12.5-32.75 0-45.25L242.8 256L73.38 86.63c-12.5-12.5-12.5-32.75 0-45.25s32.75-12.5 45.25 0l192 192c12.5 12.5 12.5 32.75 0 45.25l-192 192C112.4 476.9 104.2 480 96 480z\"><\/path><\/svg><\/span><span class=\"uagb-icon-list__label\">Du mardi au samedi de 13h30 \u00e0 18h30 (ouverture du S\u00e9choir \u00e0 14h)<\/span><\/div>\n\n\n\n<div class=\"wp-block-uagb-icon-list-child uagb-block-ad2cacc6\"><span class=\"uagb-icon-list__source-wrap\"><svg xmlns=\"https:\/\/www.w3.org\/2000\/svg\" viewBox=\"0 0 320 512\"><path d=\"M96 480c-8.188 0-16.38-3.125-22.62-9.375c-12.5-12.5-12.5-32.75 0-45.25L242.8 256L73.38 86.63c-12.5-12.5-12.5-32.75 0-45.25s32.75-12.5 45.25 0l192 192c12.5 12.5 12.5 32.75 0 45.25l-192 192C112.4 476.9 104.2 480 96 480z\"><\/path><\/svg><\/span><span class=\"uagb-icon-list__label\">ENTR\u00c9E LIBRE &amp; GRATUITE<\/span><\/div>\n<\/div><\/div>\n<\/div><\/div>\n<\/div>\n<\/div><\/div>\n\n\n\n<div class=\"wp-block-uagb-container uagb-block-e7efb62f alignfull uagb-is-root-container\"><div class=\"uagb-container-inner-blocks-wrap\">\n<div class=\"wp-block-uagb-container uagb-block-4951837a\">\n<div class=\"wp-block-uagb-image uagb-block-48b86912 wp-block-uagb-image--layout-default wp-block-uagb-image--effect-static wp-block-uagb-image--align-none\"><figure class=\"wp-block-uagb-image__figure\"><img decoding=\"async\" srcset=\"https:\/\/www.cacp-villaperochon.com\/wp-content\/uploads\/2025\/03\/\u00a9-Laetitia-Bica-Dispersion-6-1-267x400.jpg ,https:\/\/www.cacp-villaperochon.com\/wp-content\/uploads\/2025\/03\/\u00a9-Laetitia-Bica-Dispersion-6-1.jpg 780w, https:\/\/www.cacp-villaperochon.com\/wp-content\/uploads\/2025\/03\/\u00a9-Laetitia-Bica-Dispersion-6-1.jpg 360w\" sizes=\"auto, (max-width: 480px) 150px\" src=\"https:\/\/www.cacp-villaperochon.com\/wp-content\/uploads\/2025\/03\/\u00a9-Laetitia-Bica-Dispersion-6-1-267x400.jpg\" alt=\"\" class=\"uag-image-2144\" width=\"267\" height=\"400\" title=\"\u00a9-Laetitia-Bica,-Dispersion-6\" loading=\"lazy\" role=\"img\"><\/figure><\/div>\n<\/div>\n\n\n\n<div class=\"wp-block-uagb-container uagb-block-e244ae8a\">\n<div class=\"wp-block-uagb-advanced-heading uagb-block-9411df85\"><h2 class=\"uagb-heading-text\">Laetitia Bica<br><em>Dispersion<\/em><\/h2><\/div>\n\n\n\n<p>La s\u00e9rie <em>Dispersion<\/em> est issue de la recherche de <a href=\"http:\/\/www.laetitiabica.be\" target=\"_blank\" rel=\"noreferrer noopener\">Laetitia Bica <\/a>sur les bassins miniers du Nord de la France explorant trois pistes principales : l\u2019accumulation documentaire de traces iconographiques in situ, l\u2019interpr\u00e9tation de donn\u00e9es par l\u2019imagerie scientifique au c\u0153ur des laboratoires de TISBio Traitement du signal et de l\u2019image pour la biologie \u00e0 l\u2019Universit\u00e9 de Lille, et la cr\u00e9ation plastique, propos\u00e9e comme prolongement des r\u00e9sultats obtenus.<br>Sa d\u00e9marche interroge la colonisation des \u00e9cosyst\u00e8mes des terrils par dispersion biologique d\u2019esp\u00e8ces v\u00e9g\u00e9tales exotiques, favorisant la diversit\u00e9 et engendrant un changement global sur les sols miniers, plus particuli\u00e8rement l\u2019esp\u00e8ce Glaucium Flavum, ou pavot cornu jaune, cette esp\u00e8ce, extr\u00eamement toxique, import\u00e9e des pourtours m\u00e9diterran\u00e9ens par les mouvements de population.<\/p>\n<\/div>\n<\/div><\/div>\n\n\n\n<div class=\"wp-block-uagb-container uagb-block-7929c5d1 alignfull uagb-is-root-container\"><div class=\"uagb-container-inner-blocks-wrap\">\n<div class=\"wp-block-uagb-container uagb-block-f9d2e6ec\">\n<div class=\"wp-block-uagb-advanced-heading uagb-block-712f7445\"><h2 class=\"uagb-heading-text\">Julie Calbert<br><em>\u00cakh\u00f4<\/em><\/h2><\/div>\n\n\n\n<p><em>\u00cakh\u00f4<\/em> est une s\u00e9rie compos\u00e9e de tirages, d\u2019installations et d\u2019objets li\u00e9s au paysage. Les dimensions comme les \u00e9chelles d\u2019observation varient de l\u2019horizon au microscope, et l\u2019agencement dans l\u2019espace rythme notre regard, du plus lointain au plus proche de la mati\u00e8re.<br><a href=\"http:\/\/www.juliecalbert.be\" target=\"_blank\" rel=\"noreferrer noopener\">Julie Calbert<\/a> poursuit un geste propre \u00e0 son travail : la mise en culture photographique. Les teintes, choisies ou accidentelles, nous renvoient au tableau des \u00e9l\u00e9ments avec ses ors, argents, bleu de m\u00e9thyl\u00e8ne, verts oxyd\u00e9s ou noirs charbonneux. De l\u2019iconographie scientifique elle emprunte la classification en planches, lamelles et clich\u00e9s, puis articule ses images en s\u00e9rie pour souligner tant leur p\u00e9riodicit\u00e9 que propri\u00e9t\u00e9s chimiques.<br>En grec ancien \u00eakh\u00e9\u00f4 (\u00ab&nbsp;d\u2019o\u00f9 vient l\u2019\u00e9cho&nbsp;\u00bb) signifie aussi bien faire du bruit que r\u00e9sonner, il signifie exactement \u00ab&nbsp;rendre un son&nbsp;\u00bb. Ici Julie Calbert passe \u00e0 travers la surface, pour nous donner \u00e0 voir un paysage fragment\u00e9, qui sourde, oscille et vrombit en silence, \u00e0 l\u2019image des silhouettes f\u00e9minines qui ponctuent sa s\u00e9rie. (Texte : Myriam Pruvot)<\/p>\n<\/div>\n\n\n\n<div class=\"wp-block-uagb-container uagb-block-5e7f8bec\">\n<div class=\"wp-block-uagb-image uagb-block-69a8186b wp-block-uagb-image--layout-default wp-block-uagb-image--effect-static wp-block-uagb-image--align-none\"><figure class=\"wp-block-uagb-image__figure\"><img decoding=\"async\" srcset=\"https:\/\/www.cacp-villaperochon.com\/wp-content\/uploads\/2025\/03\/juliecalbert02-283x400.jpg ,https:\/\/www.cacp-villaperochon.com\/wp-content\/uploads\/2025\/03\/juliecalbert02.jpg 780w, https:\/\/www.cacp-villaperochon.com\/wp-content\/uploads\/2025\/03\/juliecalbert02.jpg 360w\" sizes=\"auto, (max-width: 480px) 150px\" src=\"https:\/\/www.cacp-villaperochon.com\/wp-content\/uploads\/2025\/03\/juliecalbert02-283x400.jpg\" alt=\"\" class=\"uag-image-2145\" width=\"283\" height=\"400\" title=\"juliecalbert02\" loading=\"lazy\" role=\"img\"><\/figure><\/div>\n<\/div>\n<\/div><\/div>\n\n\n\n<div class=\"wp-block-uagb-container uagb-block-0df272c6 alignfull uagb-is-root-container\"><div class=\"uagb-container-inner-blocks-wrap\">\n<div class=\"wp-block-uagb-container uagb-block-d1fe918d\">\n<div class=\"wp-block-uagb-image uagb-block-8f953aec wp-block-uagb-image--layout-default wp-block-uagb-image--effect-static wp-block-uagb-image--align-none\"><figure class=\"wp-block-uagb-image__figure\"><img decoding=\"async\" srcset=\"https:\/\/www.cacp-villaperochon.com\/wp-content\/uploads\/2025\/03\/Lucas-Leffler_Zilverbeek_07-284x400.jpg ,https:\/\/www.cacp-villaperochon.com\/wp-content\/uploads\/2025\/03\/Lucas-Leffler_Zilverbeek_07.jpg 780w, https:\/\/www.cacp-villaperochon.com\/wp-content\/uploads\/2025\/03\/Lucas-Leffler_Zilverbeek_07.jpg 360w\" sizes=\"auto, (max-width: 480px) 150px\" src=\"https:\/\/www.cacp-villaperochon.com\/wp-content\/uploads\/2025\/03\/Lucas-Leffler_Zilverbeek_07-284x400.jpg\" alt=\"\" class=\"uag-image-2146\" width=\"284\" height=\"400\" title=\"Lucas-Leffler_Zilverbeek_07\" loading=\"lazy\" role=\"img\"><\/figure><\/div>\n<\/div>\n\n\n\n<div class=\"wp-block-uagb-container uagb-block-82cdf2c1\">\n<div class=\"wp-block-uagb-advanced-heading uagb-block-a28e3be8\"><h2 class=\"uagb-heading-text\">Lucas Leffler<br><em>Zilverbeek<\/em><\/h2><\/div>\n\n\n\n<p><em><a href=\"http:\/\/www.lucasleffler.com\" target=\"_blank\" rel=\"noreferrer noopener\">Zilverbeek<\/a><\/em> est un projet entam\u00e9 en 2017 qui documente l\u2019histoire d\u2019un ruisseau situ\u00e9 \u00e0 Anvers (Belgique) et dans lequel on pouvait r\u00e9cup\u00e9rer du m\u00e9tal argentique \u00e0 partir de ses boues.<br>Depuis les ann\u00e9es 1920, l\u2019usine belge Gevaert a \u00e9coul\u00e9 accidentellement des tonnes d\u2019argent dans ce ruisseau, comme sous-produit de sa production de pellicules photographiques. Les boues du ruisseau \u00e9taient alors color\u00e9es en noir par l\u2019argent, ce qui lui valut le nom de \u00ab&nbsp;Zilverbeek&nbsp;\u00bb (le ruisseau d\u2019argent).<br>Apr\u00e8s une premi\u00e8re approche documentaire qui prit la forme d\u2019une publication en 2019, une recherche exp\u00e9rimentale fut d\u00e9velopp\u00e9e afin de r\u00e9aliser des tirages argentiques \u00e0 partir des boues issues du ruisseau. Imaginant cette boue pollu\u00e9e comme une \u00e9mulsion photosensible, le projet met en lumi\u00e8re une forme de toxicit\u00e9 li\u00e9e \u00e0 la production d\u2019images et r\u00e9active cette histoire industrielle en lui donnant un aspect fabuleux.<\/p>\n<\/div>\n<\/div><\/div>\n\n\n\n<div class=\"wp-block-uagb-container uagb-block-125fea32 alignfull uagb-is-root-container\"><div class=\"uagb-container-inner-blocks-wrap\">\n<div class=\"wp-block-uagb-container uagb-block-9092a99a\">\n<div class=\"wp-block-uagb-advanced-heading uagb-block-85e27010\"><h2 class=\"uagb-heading-text\">L\u00e9onard Pongo<br><em>Primordial Earth<\/em><\/h2><\/div>\n\n\n\n<p><em>Primordial Earth<\/em> est un projet en cours qui s\u2019\u00e9loigne des r\u00e9cits photographiques traditionnels. <a href=\"http:\/\/www.lpongo.com\" target=\"_blank\" rel=\"noreferrer noopener\">L\u00e9onard Pongo<\/a> utilise la photographie comme un outil pour voyager \u00e0 travers le paysage congolais et cr\u00e9er des objets visuels inspir\u00e9s par les traditions, le symbolisme, l\u2019artisanat et les mythologies congolaises.<br>Il pr\u00e9sente le paysage naturel vari\u00e9 du pays comme un personnage dot\u00e9 d\u2019une volont\u00e9 et d\u2019un pouvoir propres, comme un livre ouvert qui raconte l\u2019histoire de l\u2019humanit\u00e9 et de la plan\u00e8te, avec le Congo en son centre. L\u2019espace repr\u00e9sent\u00e9 devient un conte all\u00e9gorique qui tourne autour de trois th\u00e8mes centraux : la gen\u00e8se, l\u2019apocalypse et l\u2019\u00e9ternel retour. Mettant en sc\u00e8ne diff\u00e9rentes phases de l\u2019\u00e9volution de la vie sur la plan\u00e8te, ce conte questionne notre relation \u00e0 la nature et illustre un cycle constant de vie, de mort, de destruction et de recr\u00e9ation dans le cadre d\u2019un cycle naturel qui trouve son origine au Congo.<br><em>Primordial Earth : Inhabiting the Landscape<\/em> est un court m\u00e9trage qui pr\u00e9sente le paysage congolais comme une all\u00e9gorie de la vie et de la mort sur la plan\u00e8te et questionne les origines de la vie, en proposant de voir la RDC comme son origine possible.<\/p>\n<\/div>\n\n\n\n<div class=\"wp-block-uagb-container uagb-block-af8899f9\">\n<div class=\"wp-block-uagb-image uagb-block-94ce8b0e wp-block-uagb-image--layout-default wp-block-uagb-image--effect-static wp-block-uagb-image--align-none\"><figure class=\"wp-block-uagb-image__figure\"><img decoding=\"async\" srcset=\"https:\/\/www.cacp-villaperochon.com\/wp-content\/uploads\/2025\/03\/\u00a9-Leonard-Pongo-Primordial-Earth-02-300x400.jpg ,https:\/\/www.cacp-villaperochon.com\/wp-content\/uploads\/2025\/03\/\u00a9-Leonard-Pongo-Primordial-Earth-02.jpg 780w, https:\/\/www.cacp-villaperochon.com\/wp-content\/uploads\/2025\/03\/\u00a9-Leonard-Pongo-Primordial-Earth-02.jpg 360w\" sizes=\"auto, (max-width: 480px) 150px\" src=\"https:\/\/www.cacp-villaperochon.com\/wp-content\/uploads\/2025\/03\/\u00a9-Leonard-Pongo-Primordial-Earth-02-300x400.jpg\" alt=\"\" class=\"uag-image-2147\" width=\"300\" height=\"400\" title=\"\u00a9-Leonard-Pongo,-Primordial-Earth-02\" loading=\"lazy\" role=\"img\"><\/figure><\/div>\n<\/div>\n<\/div><\/div>\n\n\n\n<div class=\"wp-block-uagb-container uagb-block-ac58d633 alignfull uagb-is-root-container\"><div class=\"uagb-container-inner-blocks-wrap\">\n<div class=\"wp-block-uagb-container uagb-block-158e63be\">\n<div class=\"wp-block-uagb-image uagb-block-3b75d164 wp-block-uagb-image--layout-default wp-block-uagb-image--effect-static wp-block-uagb-image--align-none\"><figure class=\"wp-block-uagb-image__figure\"><img decoding=\"async\" srcset=\"https:\/\/www.cacp-villaperochon.com\/wp-content\/uploads\/2025\/03\/P1000864_roland-400x267.jpg ,https:\/\/www.cacp-villaperochon.com\/wp-content\/uploads\/2025\/03\/P1000864_roland.jpg 780w, https:\/\/www.cacp-villaperochon.com\/wp-content\/uploads\/2025\/03\/P1000864_roland.jpg 360w\" sizes=\"auto, (max-width: 480px) 150px\" src=\"https:\/\/www.cacp-villaperochon.com\/wp-content\/uploads\/2025\/03\/P1000864_roland-400x267.jpg\" alt=\"\" class=\"uag-image-2148\" width=\"400\" height=\"267\" title=\"P1000864_roland\" loading=\"lazy\" role=\"img\"><\/figure><\/div>\n<\/div>\n\n\n\n<div class=\"wp-block-uagb-container uagb-block-043799f9\">\n<div class=\"wp-block-uagb-advanced-heading uagb-block-3cac8a23\"><h2 class=\"uagb-heading-text\">St\u00e9phanie Roland<br><em>Terra Nullius<\/em><\/h2><\/div>\n\n\n\n<p>\u00c0 l\u2019heure actuelle, il existe encore des territoires, habit\u00e9s ou non, qui ne rel\u00e8vent de la souverainet\u00e9 d\u2019aucun \u00e9tat. Ils sont appel\u00e9s <em>Terra nullius<\/em>, terres n\u2019appartenant \u00e0 personne.<br><a href=\"http:\/\/www.stephanieroland.be\" target=\"_blank\" rel=\"noreferrer noopener\">St\u00e9phanie Roland<\/a> nous invite \u00e0 d\u00e9couvrir l\u2019un de ces territoires sans ma\u00eetres \u2013 La Terre Marie Byrd, en Antarctique \u2013 par l\u2019interm\u00e9diaire de vues g\u00e9n\u00e9r\u00e9es lors de voyages de l\u2019artiste dans des logiciels de cartographie virtuelle. Les jeux de superpositions des textiles dans l\u2019espace d\u2019exposition font \u00e9cho \u00e0 sa plong\u00e9e dans les couches topographiques de ce no man\u2019s land.<br>Tr\u00e8s isol\u00e9e, cette terre s\u2019\u00e9rige dans la brume tel un fant\u00f4me apparaissant le long de c\u00f4tes abandonn\u00e9es.<\/p>\n<\/div>\n<\/div><\/div>\n\n\n\n<div class=\"wp-block-uagb-container uagb-block-c84f4209 alignfull uagb-is-root-container\"><div class=\"uagb-container-inner-blocks-wrap\">\n<div class=\"wp-block-uagb-container uagb-block-ca7e7a52 default uagb-is-root-container\">\n<div class=\"wp-block-uagb-advanced-heading uagb-block-c476879c\"><h2 class=\"uagb-heading-text\">Laure Winants<br><em>Cristallisation<\/em><\/h2><\/div>\n\n\n\n<p>Empreinte du temps et du continuum par le prisme de la lumi\u00e8re 2024.<br>Le projet de recherche transdisciplinaire&nbsp;<em>Time Capsule<\/em>&nbsp;combine un r\u00e9cit d\u2019anticipation avec une \u00e9tude des instruments de mesure du temps via le prisme de la lumi\u00e8re. Le temps fait lumi\u00e8re.<br>Ce projet s\u2019inscrit dans la continuit\u00e9 de la recherche&nbsp;<em>Time Capsule&nbsp;(phase I)<\/em> sur les bulles d\u2019air dans les carottes de glace comme capsule temporelle. L\u2019amorce de ce projet \u00e9tant l\u2019\u00e9merveillement face \u00e0 ces \u00e9chantillons intacts de l\u2019histoire des mill\u00e9naires. Gr\u00e2ce \u00e0 un dispositif exp\u00e9rimental, o\u00f9 la glace devient optique, le temps se r\u00e9v\u00e8le par le prisme de la lumi\u00e8re.&nbsp;<br>Dans ce volet&nbsp;<em><a href=\"http:\/\/www.laurewinants.com\" target=\"_blank\" rel=\"noreferrer noopener\">Cristallisation<\/a><\/em>, le temps est capt\u00e9 dans les cristaux de glace de mer. Une correspondance s\u2019est tiss\u00e9e avec les chercheurs afin d\u2019\u00e9tudier la couleur imprim\u00e9e et la correspondance chimique.&nbsp;Une question centrale guide son travail&nbsp;: quelles traces la lumi\u00e8re peut-elle r\u00e9v\u00e9ler&nbsp;?<\/p>\n<\/div>\n\n\n\n<div class=\"wp-block-uagb-container uagb-block-cea88d7e\">\n<div class=\"wp-block-uagb-image uagb-block-278686b6 wp-block-uagb-image--layout-default wp-block-uagb-image--effect-static wp-block-uagb-image--align-none\"><figure class=\"wp-block-uagb-image__figure\"><img decoding=\"async\" srcset=\"https:\/\/www.cacp-villaperochon.com\/wp-content\/uploads\/2025\/03\/\u00a9-Laure-Winants-Cristallisation-2-280x400.jpg ,https:\/\/www.cacp-villaperochon.com\/wp-content\/uploads\/2025\/03\/\u00a9-Laure-Winants-Cristallisation-2.jpg 780w, https:\/\/www.cacp-villaperochon.com\/wp-content\/uploads\/2025\/03\/\u00a9-Laure-Winants-Cristallisation-2.jpg 360w\" sizes=\"auto, (max-width: 480px) 150px\" src=\"https:\/\/www.cacp-villaperochon.com\/wp-content\/uploads\/2025\/03\/\u00a9-Laure-Winants-Cristallisation-2-280x400.jpg\" alt=\"\" class=\"uag-image-2149\" width=\"280\" height=\"400\" title=\"\u00a9-Laure-Winants,-Cristallisation-2\" loading=\"lazy\" role=\"img\"><\/figure><\/div>\n<\/div>\n<\/div><\/div>\n\n\n\n<div class=\"wp-block-uagb-container uagb-block-2d086040 alignfull uagb-is-root-container\"><div class=\"uagb-container-inner-blocks-wrap\">\n<div class=\"wp-block-uagb-container uagb-block-3531b8b3\">\n<div class=\"wp-block-uagb-image uagb-block-667652f6 wp-block-uagb-image--layout-default wp-block-uagb-image--effect-static wp-block-uagb-image--align-none\"><figure class=\"wp-block-uagb-image__figure\"><img decoding=\"async\" srcset=\"https:\/\/www.cacp-villaperochon.com\/wp-content\/uploads\/2025\/03\/\u00a9Teo-Bechet-et-Solal-Israel-Les-Fulgurees_02-325x400.jpg ,https:\/\/www.cacp-villaperochon.com\/wp-content\/uploads\/2025\/03\/\u00a9Teo-Bechet-et-Solal-Israel-Les-Fulgurees_02.jpg 780w, https:\/\/www.cacp-villaperochon.com\/wp-content\/uploads\/2025\/03\/\u00a9Teo-Bechet-et-Solal-Israel-Les-Fulgurees_02.jpg 360w\" sizes=\"auto, (max-width: 480px) 150px\" src=\"https:\/\/www.cacp-villaperochon.com\/wp-content\/uploads\/2025\/03\/\u00a9Teo-Bechet-et-Solal-Israel-Les-Fulgurees_02-325x400.jpg\" alt=\"\" class=\"uag-image-2150\" width=\"325\" height=\"400\" title=\"\u00a9Teo-Bechet-et-Solal-Israel,-Les-Fulgur\u00e9es_02\" loading=\"lazy\" role=\"img\"><\/figure><\/div>\n<\/div>\n\n\n\n<div class=\"wp-block-uagb-container uagb-block-dcd9a2d1 default uagb-is-root-container\">\n<div class=\"wp-block-uagb-advanced-heading uagb-block-7f07e8f6\"><h2 class=\"uagb-heading-text\">T\u00e9o Becher &amp; Solal Israel<br><em>Les fulgur\u00e9\u00b7e\u00b7s<\/em><\/h2><\/div>\n\n\n\n<p>Une personne est dite fulgur\u00e9e lorsqu\u2019elle est frapp\u00e9e par la foudre, sans en mourir. \u00c0 l\u2019inverse, le terme foudroiement implique la mort, g\u00e9n\u00e9ralement sur le coup.<br>Le 2 septembre 2017, un groupe de personnes fut frapp\u00e9 par la foudre lors d\u2019un festival \u00e0 Azerailles en Meurthe-et-Moselle. Nous avons rencontr\u00e9 ces personnes, en leur proposant de r\u00e9aliser un portrait, puis de photographier un d\u00e9tail de l\u2019endroit o\u00f9 la foudre a frapp\u00e9 leur corps et enfin un objet important en relation \u00e0 cet \u00e9v\u00e9nement.<br>Elles furent toutes fulgur\u00e9es et firent face \u00e0 des s\u00e9quelles tr\u00e8s vari\u00e9es, le corps r\u00e9agissant diff\u00e9remment en fonction de chaque personne, de chaque histoire. Les traces physiques \u2013 br\u00fblures superficielles, parfois sous la forme de foug\u00e8res ou \u00ab figures de Lichtenberg \u00bb \u2013, laissent assez rapidement place aux cons\u00e9quences neurologiques et psychologiques, plus tenaces.<\/p>\n<\/div>\n<\/div><\/div>\n","protected":false},"excerpt":{"rendered":"<p>Belgomania est une immersion dans la diversit\u00e9 et la richesse de la jeune photographie belge, notamment celle de la F\u00e9d\u00e9ration Wallonie-Bruxelles.<br \/>\n\u00c0 travers les regards singuliers de Laetitia Bica, Julie Calbert, Lucas Leffler, L\u00e9onard Pongo, St\u00e9phanie Roland, Laure Winants, et du duo Solal Israel et T\u00e9o Becher, cette exposition collective in\u00e9dite explore un large spectre de th\u00e9matiques telles que la m\u00e9moire, le territoire, l\u2019environnement et la mati\u00e8re. Entre exp\u00e9rimentations visuelles et r\u00e9cits po\u00e9tiques, chaque artiste nous propose des questions ouvertes sur la complexit\u00e9 des r\u00e9alit\u00e9s soci\u00e9tales et environnementales de notre monde contemporain.<\/p>\n","protected":false},"featured_media":2071,"template":"","meta":{"inline_featured_image":false,"_uag_custom_page_level_css":"","site-sidebar-layout":"default","site-content-layout":"","ast-site-content-layout":"default","site-content-style":"default","site-sidebar-style":"default","ast-global-header-display":"","ast-banner-title-visibility":"","ast-main-header-display":"","ast-hfb-above-header-display":"","ast-hfb-below-header-display":"","ast-hfb-mobile-header-display":"","site-post-title":"","ast-breadcrumbs-content":"","ast-featured-img":"","footer-sml-layout":"","ast-disable-related-posts":"","theme-transparent-header-meta":"","adv-header-id-meta":"","stick-header-meta":"","header-above-stick-meta":"","header-main-stick-meta":"","header-below-stick-meta":"","astra-migrate-meta-layouts":"default","ast-page-background-enabled":"default","ast-page-background-meta":{"desktop":{"background-color":"var(--ast-global-color-4)","background-image":"","background-repeat":"repeat","background-position":"center center","background-size":"auto","background-attachment":"scroll","background-type":"","background-media":"","overlay-type":"","overlay-color":"","overlay-opacity":"","overlay-gradient":""},"tablet":{"background-color":"","background-image":"","background-repeat":"repeat","background-position":"center center","background-size":"auto","background-attachment":"scroll","background-type":"","background-media":"","overlay-type":"","overlay-color":"","overlay-opacity":"","overlay-gradient":""},"mobile":{"background-color":"","background-image":"","background-repeat":"repeat","background-position":"center center","background-size":"auto","background-attachment":"scroll","background-type":"","background-media":"","overlay-type":"","overlay-color":"","overlay-opacity":"","overlay-gradient":""}},"ast-content-background-meta":{"desktop":{"background-color":"var(--ast-global-color-5)","background-image":"","background-repeat":"repeat","background-position":"center center","background-size":"auto","background-attachment":"scroll","background-type":"","background-media":"","overlay-type":"","overlay-color":"","overlay-opacity":"","overlay-gradient":""},"tablet":{"background-color":"var(--ast-global-color-5)","background-image":"","background-repeat":"repeat","background-position":"center center","background-size":"auto","background-attachment":"scroll","background-type":"","background-media":"","overlay-type":"","overlay-color":"","overlay-opacity":"","overlay-gradient":""},"mobile":{"background-color":"var(--ast-global-color-5)","background-image":"","background-repeat":"repeat","background-position":"center center","background-size":"auto","background-attachment":"scroll","background-type":"","background-media":"","overlay-type":"","overlay-color":"","overlay-opacity":"","overlay-gradient":""}}},"categorie-agenda":[14,6],"categorie-public":[15],"annee":[23],"class_list":["post-2141","agenda","type-agenda","status-publish","has-post-thumbnail","hentry","categorie-agenda-rjpi","categorie-agenda-expositions","categorie-public-rjpi","annee-23"],"uagb_featured_image_src":{"full":["https:\/\/www.cacp-villaperochon.com\/wp-content\/uploads\/2025\/03\/calbert-vignette-agenda.jpg",400,400,false],"thumbnail":["https:\/\/www.cacp-villaperochon.com\/wp-content\/uploads\/2025\/03\/calbert-vignette-agenda-150x150.jpg",150,150,true],"medium":["https:\/\/www.cacp-villaperochon.com\/wp-content\/uploads\/2025\/03\/calbert-vignette-agenda.jpg",400,400,false],"medium_large":["https:\/\/www.cacp-villaperochon.com\/wp-content\/uploads\/2025\/03\/calbert-vignette-agenda.jpg",400,400,false],"large":["https:\/\/www.cacp-villaperochon.com\/wp-content\/uploads\/2025\/03\/calbert-vignette-agenda.jpg",400,400,false],"1536x1536":["https:\/\/www.cacp-villaperochon.com\/wp-content\/uploads\/2025\/03\/calbert-vignette-agenda.jpg",400,400,false],"2048x2048":["https:\/\/www.cacp-villaperochon.com\/wp-content\/uploads\/2025\/03\/calbert-vignette-agenda.jpg",400,400,false]},"uagb_author_info":{"display_name":"Virginie Odiard","author_link":"https:\/\/www.cacp-villaperochon.com\/en\/author\/"},"uagb_comment_info":0,"uagb_excerpt":"Belgomania est une immersion dans la diversit\u00e9 et la richesse de la jeune photographie belge, notamment celle de la F\u00e9d\u00e9ration Wallonie-Bruxelles. \u00c0 travers les regards singuliers de Laetitia Bica, Julie Calbert, Lucas Leffler, L\u00e9onard Pongo, St\u00e9phanie Roland, Laure Winants, et du duo Solal Israel et T\u00e9o Becher, cette exposition collective in\u00e9dite explore un large spectre&hellip;","_links":{"self":[{"href":"https:\/\/www.cacp-villaperochon.com\/en\/wp-json\/wp\/v2\/agenda\/2141","targetHints":{"allow":["GET"]}}],"collection":[{"href":"https:\/\/www.cacp-villaperochon.com\/en\/wp-json\/wp\/v2\/agenda"}],"about":[{"href":"https:\/\/www.cacp-villaperochon.com\/en\/wp-json\/wp\/v2\/types\/agenda"}],"wp:featuredmedia":[{"embeddable":true,"href":"https:\/\/www.cacp-villaperochon.com\/en\/wp-json\/wp\/v2\/media\/2071"}],"wp:attachment":[{"href":"https:\/\/www.cacp-villaperochon.com\/en\/wp-json\/wp\/v2\/media?parent=2141"}],"wp:term":[{"taxonomy":"categorie-agenda","embeddable":true,"href":"https:\/\/www.cacp-villaperochon.com\/en\/wp-json\/wp\/v2\/categorie-agenda?post=2141"},{"taxonomy":"categorie-public","embeddable":true,"href":"https:\/\/www.cacp-villaperochon.com\/en\/wp-json\/wp\/v2\/categorie-public?post=2141"},{"taxonomy":"annee","embeddable":true,"href":"https:\/\/www.cacp-villaperochon.com\/en\/wp-json\/wp\/v2\/annee?post=2141"}],"curies":[{"name":"wp","href":"https:\/\/api.w.org\/{rel}","templated":true}]}}