{"id":2127,"date":"2025-03-21T16:19:28","date_gmt":"2025-03-21T15:19:28","guid":{"rendered":"https:\/\/www.cacp-villaperochon.com\/agenda\/gabarit-agenda-4\/"},"modified":"2025-12-31T10:41:53","modified_gmt":"2025-12-31T09:41:53","slug":"rjpi-orianne-ciantar-olive","status":"publish","type":"agenda","link":"https:\/\/www.cacp-villaperochon.com\/en\/agenda\/rjpi-orianne-ciantar-olive\/","title":{"rendered":"Orianne Ciantar Olive &#8211; Un Grand Silence"},"content":{"rendered":"\n<div class=\"wp-block-uagb-container uagb-block-c12b1b56 alignfull uagb-is-root-container\"><div class=\"uagb-container-inner-blocks-wrap\">\n<div class=\"wp-block-uagb-container uagb-block-bcb3c903\">\n<div class=\"wp-block-uagb-advanced-heading uagb-block-b0a44478\"><h1 class=\"uagb-heading-text\"><strong>Orianne Ciantar Olive<\/strong><br>Un Grand Silence<\/h1><\/div>\n<\/div>\n\n\n\n<div class=\"wp-block-uagb-container uagb-block-2dc94297\"><div class=\"formatage-date-agenda\">From 05 April <br> To 25 May<\/div>\n<\/div>\n<\/div><\/div>\n\n\n\n<div class=\"wp-block-uagb-container uagb-block-4a819f27 alignfull uagb-is-root-container\"><div class=\"uagb-container-inner-blocks-wrap\">\n<div class=\"wp-block-toolset-blocks-container tb-container\" data-toolset-blocks-container=\"39f4a0148353c58cd63763913d9fa770\" data-bg=\"https:\/\/www.cacp-villaperochon.com\/wp-content\/uploads\/2025\/03\/orianne-banniere-agenda.jpg\"><\/div>\n<\/div><\/div>\n\n\n\n<div class=\"wp-block-uagb-container uagb-block-e3c64272 alignfull uagb-is-root-container\"><div class=\"uagb-container-inner-blocks-wrap\">\n<div class=\"wp-block-uagb-container uagb-block-72f9096c\">\n<div class=\"wp-block-uagb-advanced-heading uagb-block-9ce696f8\"><h2 class=\"uagb-heading-text\">Installation immersive et interactive<\/h2><\/div>\n\n\n\n<blockquote class=\"wp-block-quote is-layout-flow wp-block-quote-is-layout-flow\">\n<p><em>\u00ab Les guerres ne sont rien d\u2019autre qu\u2019un peu de bruit sur beaucoup de silence. \u00bb*&nbsp;<\/em><\/p>\n<\/blockquote>\n\n\n\n<p>Des cercles trac\u00e9s jusqu\u2019\u00e0 \u00e9puisement du poignet. Un soleil qui explose en 23 jours et 299 images. Des ombres qui se r\u00e9inventent pour exister au-del\u00e0 de la vie et de la mort. En creux, la vie des civils, les limites repouss\u00e9es de ce qui est acceptable, les silences.&nbsp;<br>Dans le prolongement de l\u2019essai photographique <em>Les Ruines Circulaires<\/em>, l\u2019installation <em>Un Grand Silence<\/em> propose une exp\u00e9rience visuelle et m\u00e9taphysique au c\u0153ur des dommages collat\u00e9raux des conflits contemporains. Elle se d\u00e9ploie en une recherche documentaire, po\u00e9tique et multim\u00e9dia autour des champs de la contre-information, des repr\u00e9sentations m\u00e9diatiques et des recommencements de l\u2019Histoire. Une guerre peut-elle \u00eatre le r\u00eave d\u2019un monde meilleur? Un journaliste peut-il compter le n\u00e9ant? Briser le cycle de la violence est une qu\u00eate qui se joue dans notre capacit\u00e9 \u00e0 regarder autrement. La question du futur finit toujours par appara\u00eetre dans les silences, qui ne font alors que changer de sens.<br>* Sympathie pour le diable, Paul Marchand. 1997.<\/p>\n<\/div>\n\n\n\n<div class=\"wp-block-uagb-container uagb-block-ef153df1\">\n<div class=\"wp-block-uagb-image uagb-block-b22ada46 wp-block-uagb-image--layout-default wp-block-uagb-image--effect-static wp-block-uagb-image--align-none\"><figure class=\"wp-block-uagb-image__figure\"><img decoding=\"async\" srcset=\"https:\/\/www.cacp-villaperochon.com\/wp-content\/uploads\/2025\/03\/Orianne-Ciantar-Olive_Un-grand-silence_unacceptable-538x700.jpg ,https:\/\/www.cacp-villaperochon.com\/wp-content\/uploads\/2025\/03\/Orianne-Ciantar-Olive_Un-grand-silence_unacceptable.jpg 780w, https:\/\/www.cacp-villaperochon.com\/wp-content\/uploads\/2025\/03\/Orianne-Ciantar-Olive_Un-grand-silence_unacceptable.jpg 360w\" sizes=\"auto, (max-width: 480px) 150px\" src=\"https:\/\/www.cacp-villaperochon.com\/wp-content\/uploads\/2025\/03\/Orianne-Ciantar-Olive_Un-grand-silence_unacceptable-538x700.jpg\" alt=\"\" class=\"uag-image-2129\" width=\"538\" height=\"700\" title=\"Orianne-Ciantar-Olive_Un-grand-silence_(un)acceptable\" loading=\"lazy\" role=\"img\"><\/figure><\/div>\n\n\n\n<div class=\"wp-block-uagb-container uagb-block-501cd339 alignfull uagb-is-root-container\"><div class=\"uagb-container-inner-blocks-wrap\">\n<div class=\"wp-block-uagb-advanced-heading uagb-block-9a0e302c spectra-gbs-h2-classique1741771334061\"><h2 class=\"uagb-heading-text\">Informations pratiques<\/h2><\/div>\n\n\n\n<div class=\"wp-block-uagb-icon-list uagb-block-dbf4f2e0\"><div class=\"uagb-icon-list__wrap\">\n<div class=\"wp-block-uagb-icon-list-child uagb-block-05fd3ed3\"><span class=\"uagb-icon-list__source-wrap\"><svg xmlns=\"https:\/\/www.w3.org\/2000\/svg\" viewBox=\"0 0 320 512\"><path d=\"M96 480c-8.188 0-16.38-3.125-22.62-9.375c-12.5-12.5-12.5-32.75 0-45.25L242.8 256L73.38 86.63c-12.5-12.5-12.5-32.75 0-45.25s32.75-12.5 45.25 0l192 192c12.5 12.5 12.5 32.75 0 45.25l-192 192C112.4 476.9 104.2 480 96 480z\"><\/path><\/svg><\/span><span class=\"uagb-icon-list__label\">Exposition du 5 avril au 25 mai au Pavillon Grappelli<\/span><\/div>\n\n\n\n<div class=\"wp-block-uagb-icon-list-child uagb-block-ad2ee6be\"><span class=\"uagb-icon-list__source-wrap\"><svg xmlns=\"https:\/\/www.w3.org\/2000\/svg\" viewBox=\"0 0 320 512\"><path d=\"M96 480c-8.188 0-16.38-3.125-22.62-9.375c-12.5-12.5-12.5-32.75 0-45.25L242.8 256L73.38 86.63c-12.5-12.5-12.5-32.75 0-45.25s32.75-12.5 45.25 0l192 192c12.5 12.5 12.5 32.75 0 45.25l-192 192C112.4 476.9 104.2 480 96 480z\"><\/path><\/svg><\/span><span class=\"uagb-icon-list__label\">Du mardi au samedi de 13h30 \u00e0 18h30, ferm\u00e9e les jours f\u00e9ri\u00e9s<\/span><\/div>\n\n\n\n<div class=\"wp-block-uagb-icon-list-child uagb-block-ad2cacc6\"><span class=\"uagb-icon-list__source-wrap\"><svg xmlns=\"https:\/\/www.w3.org\/2000\/svg\" viewBox=\"0 0 320 512\"><path d=\"M96 480c-8.188 0-16.38-3.125-22.62-9.375c-12.5-12.5-12.5-32.75 0-45.25L242.8 256L73.38 86.63c-12.5-12.5-12.5-32.75 0-45.25s32.75-12.5 45.25 0l192 192c12.5 12.5 12.5 32.75 0 45.25l-192 192C112.4 476.9 104.2 480 96 480z\"><\/path><\/svg><\/span><span class=\"uagb-icon-list__label\">ENTR\u00c9E LIBRE &amp; GRATUITE<\/span><\/div>\n\n\n\n<div class=\"wp-block-uagb-icon-list-child uagb-block-7a135964\"><span class=\"uagb-icon-list__source-wrap\"><svg xmlns=\"https:\/\/www.w3.org\/2000\/svg\" viewBox=\"0 0 320 512\"><path d=\"M96 480c-8.188 0-16.38-3.125-22.62-9.375c-12.5-12.5-12.5-32.75 0-45.25L242.8 256L73.38 86.63c-12.5-12.5-12.5-32.75 0-45.25s32.75-12.5 45.25 0l192 192c12.5 12.5 12.5 32.75 0 45.25l-192 192C112.4 476.9 104.2 480 96 480z\"><\/path><\/svg><\/span><span class=\"uagb-icon-list__label\">Rencontre avec Orianne Ciantar Olive vendredi 11 avril \u00e0 16h \u00e0 l&#8217;auditorium de la m\u00e9diath\u00e8que Pierre-Moinot<\/span><\/div>\n<\/div><\/div>\n<\/div><\/div>\n<\/div>\n<\/div><\/div>\n\n\n\n<div class=\"wp-block-uagb-container uagb-block-e7efb62f alignfull uagb-is-root-container\"><div class=\"uagb-container-inner-blocks-wrap\">\n<div class=\"wp-block-uagb-container uagb-block-4951837a\">\n<div class=\"wp-block-uagb-image uagb-block-48b86912 wp-block-uagb-image--layout-default wp-block-uagb-image--effect-static wp-block-uagb-image--align-none\"><figure class=\"wp-block-uagb-image__figure\"><img decoding=\"async\" srcset=\"https:\/\/www.cacp-villaperochon.com\/wp-content\/uploads\/2025\/03\/Orianne-Ciantar-Olive_portrait.jpg ,https:\/\/www.cacp-villaperochon.com\/wp-content\/uploads\/2025\/03\/Orianne-Ciantar-Olive_portrait.jpg 780w, https:\/\/www.cacp-villaperochon.com\/wp-content\/uploads\/2025\/03\/Orianne-Ciantar-Olive_portrait.jpg 360w\" sizes=\"auto, (max-width: 480px) 150px\" src=\"https:\/\/www.cacp-villaperochon.com\/wp-content\/uploads\/2025\/03\/Orianne-Ciantar-Olive_portrait.jpg\" alt=\"\" class=\"uag-image-2130\" width=\"1000\" height=\"1500\" title=\"Orianne-Ciantar-Olive_portrait\" loading=\"lazy\" role=\"img\"><\/figure><\/div>\n<\/div>\n\n\n\n<div class=\"wp-block-uagb-container uagb-block-e244ae8a\">\n<div class=\"wp-block-uagb-advanced-heading uagb-block-9411df85\"><h2 class=\"uagb-heading-text\">Biographie<\/h2><\/div>\n\n\n\n<p>Orianne Ciantar Olive est une artiste multidisciplinaire dont la pratique est bas\u00e9e sur la recherche. Ses travaux s\u2019appuient sur la photographie et l\u2019\u00e9criture po\u00e9tique comme supports principaux, articul\u00e9s avec de la vid\u00e9o, du son et l\u2019utilisation de nouvelles technologies. Dipl\u00f4m\u00e9e en cin\u00e9matographie, en criminologie et en journalisme, elle d\u00e9veloppe tr\u00e8s t\u00f4t un rapport sensible au visuel et un go\u00fbt prononc\u00e9 pour l\u2019enqu\u00eate. Apr\u00e8s plusieurs ann\u00e9es dans diff\u00e9rents m\u00e9dias, elle d\u00e9missionne de ses fonctions en r\u00e9action aux crises successives de la presse et du lectorat. Sa pratique artistique se construit en r\u00e9action face \u00e0 des enjeux contemporains qui lui apparaissent ignor\u00e9s ou sous trait\u00e9s. Ses \u0153uvres, \u00e0 mi-chemin entre documentaire, essai et anticipation, s\u2019articulent autour des champs de la contre-information et des repr\u00e9sentations m\u00e9diatiques du monde. Elle exerce un principe de renversement\/d\u00e9centrement qui est devenu sa marque de fabrique. Elle d\u00e9veloppe une pratique engag\u00e9e et ancr\u00e9e dans les zones de conflits, qu\u2019ils soient politiques, soci\u00e9taux, territoriaux ou existentiels.<br>Ses travaux, expositions et lectures perform\u00e9es, ont \u00e9t\u00e9 montr\u00e9s au Centre Pompidou, \u00e0 la Biennale d\u2019Architecture de Venise, \u00e0 Paris Photo, au salon Polyptyque, au Bal, \u00e0 Photo Saint-Germain, au Frac sud ou encore au mus\u00e9e MM Gerdau au Br\u00e9sil. Elle est l\u2019auteure de deux livres, <em>Stuck In Here<\/em> aux \u00e9ditions Revers (US), et <em>Les Ruines Circulaires<\/em> aux \u00e9ditions Dunes (FR).<\/p>\n\n\n\n<p><a href=\"http:\/\/www.orianneciantarolive.format.com\" target=\"_blank\" rel=\"noreferrer noopener\">Site d&#8217;Orianne Ciantar Olive<\/a><\/p>\n<\/div>\n<\/div><\/div>\n","protected":false},"excerpt":{"rendered":"<p>Des cercles trac\u00e9s jusqu\u2019\u00e0 \u00e9puisement du poignet. Un soleil qui explose en 23 jours et 299 images. Des ombres qui se r\u00e9inventent pour exister au-del\u00e0 de la vie et de la mort. En creux, la vie des civils, les limites repouss\u00e9es de ce qui est acceptable, les silences.\u00a0<\/p>\n","protected":false},"featured_media":2079,"template":"","meta":{"inline_featured_image":false,"_uag_custom_page_level_css":"","site-sidebar-layout":"default","site-content-layout":"","ast-site-content-layout":"default","site-content-style":"default","site-sidebar-style":"default","ast-global-header-display":"","ast-banner-title-visibility":"","ast-main-header-display":"","ast-hfb-above-header-display":"","ast-hfb-below-header-display":"","ast-hfb-mobile-header-display":"","site-post-title":"","ast-breadcrumbs-content":"","ast-featured-img":"","footer-sml-layout":"","ast-disable-related-posts":"","theme-transparent-header-meta":"","adv-header-id-meta":"","stick-header-meta":"","header-above-stick-meta":"","header-main-stick-meta":"","header-below-stick-meta":"","astra-migrate-meta-layouts":"default","ast-page-background-enabled":"default","ast-page-background-meta":{"desktop":{"background-color":"var(--ast-global-color-4)","background-image":"","background-repeat":"repeat","background-position":"center center","background-size":"auto","background-attachment":"scroll","background-type":"","background-media":"","overlay-type":"","overlay-color":"","overlay-opacity":"","overlay-gradient":""},"tablet":{"background-color":"","background-image":"","background-repeat":"repeat","background-position":"center center","background-size":"auto","background-attachment":"scroll","background-type":"","background-media":"","overlay-type":"","overlay-color":"","overlay-opacity":"","overlay-gradient":""},"mobile":{"background-color":"","background-image":"","background-repeat":"repeat","background-position":"center center","background-size":"auto","background-attachment":"scroll","background-type":"","background-media":"","overlay-type":"","overlay-color":"","overlay-opacity":"","overlay-gradient":""}},"ast-content-background-meta":{"desktop":{"background-color":"var(--ast-global-color-5)","background-image":"","background-repeat":"repeat","background-position":"center center","background-size":"auto","background-attachment":"scroll","background-type":"","background-media":"","overlay-type":"","overlay-color":"","overlay-opacity":"","overlay-gradient":""},"tablet":{"background-color":"var(--ast-global-color-5)","background-image":"","background-repeat":"repeat","background-position":"center center","background-size":"auto","background-attachment":"scroll","background-type":"","background-media":"","overlay-type":"","overlay-color":"","overlay-opacity":"","overlay-gradient":""},"mobile":{"background-color":"var(--ast-global-color-5)","background-image":"","background-repeat":"repeat","background-position":"center center","background-size":"auto","background-attachment":"scroll","background-type":"","background-media":"","overlay-type":"","overlay-color":"","overlay-opacity":"","overlay-gradient":""}}},"categorie-agenda":[14,6],"categorie-public":[15],"annee":[23],"class_list":["post-2127","agenda","type-agenda","status-publish","has-post-thumbnail","hentry","categorie-agenda-rjpi","categorie-agenda-expositions","categorie-public-rjpi","annee-23"],"uagb_featured_image_src":{"full":["https:\/\/www.cacp-villaperochon.com\/wp-content\/uploads\/2025\/03\/orianne-vignette-agenda.jpg",400,400,false],"thumbnail":["https:\/\/www.cacp-villaperochon.com\/wp-content\/uploads\/2025\/03\/orianne-vignette-agenda-150x150.jpg",150,150,true],"medium":["https:\/\/www.cacp-villaperochon.com\/wp-content\/uploads\/2025\/03\/orianne-vignette-agenda.jpg",400,400,false],"medium_large":["https:\/\/www.cacp-villaperochon.com\/wp-content\/uploads\/2025\/03\/orianne-vignette-agenda.jpg",400,400,false],"large":["https:\/\/www.cacp-villaperochon.com\/wp-content\/uploads\/2025\/03\/orianne-vignette-agenda.jpg",400,400,false],"1536x1536":["https:\/\/www.cacp-villaperochon.com\/wp-content\/uploads\/2025\/03\/orianne-vignette-agenda.jpg",400,400,false],"2048x2048":["https:\/\/www.cacp-villaperochon.com\/wp-content\/uploads\/2025\/03\/orianne-vignette-agenda.jpg",400,400,false]},"uagb_author_info":{"display_name":"Virginie Odiard","author_link":"https:\/\/www.cacp-villaperochon.com\/en\/author\/"},"uagb_comment_info":0,"uagb_excerpt":"Des cercles trac\u00e9s jusqu\u2019\u00e0 \u00e9puisement du poignet. Un soleil qui explose en 23 jours et 299 images. Des ombres qui se r\u00e9inventent pour exister au-del\u00e0 de la vie et de la mort. En creux, la vie des civils, les limites repouss\u00e9es de ce qui est acceptable, les silences.\u00a0","_links":{"self":[{"href":"https:\/\/www.cacp-villaperochon.com\/en\/wp-json\/wp\/v2\/agenda\/2127","targetHints":{"allow":["GET"]}}],"collection":[{"href":"https:\/\/www.cacp-villaperochon.com\/en\/wp-json\/wp\/v2\/agenda"}],"about":[{"href":"https:\/\/www.cacp-villaperochon.com\/en\/wp-json\/wp\/v2\/types\/agenda"}],"wp:featuredmedia":[{"embeddable":true,"href":"https:\/\/www.cacp-villaperochon.com\/en\/wp-json\/wp\/v2\/media\/2079"}],"wp:attachment":[{"href":"https:\/\/www.cacp-villaperochon.com\/en\/wp-json\/wp\/v2\/media?parent=2127"}],"wp:term":[{"taxonomy":"categorie-agenda","embeddable":true,"href":"https:\/\/www.cacp-villaperochon.com\/en\/wp-json\/wp\/v2\/categorie-agenda?post=2127"},{"taxonomy":"categorie-public","embeddable":true,"href":"https:\/\/www.cacp-villaperochon.com\/en\/wp-json\/wp\/v2\/categorie-public?post=2127"},{"taxonomy":"annee","embeddable":true,"href":"https:\/\/www.cacp-villaperochon.com\/en\/wp-json\/wp\/v2\/annee?post=2127"}],"curies":[{"name":"wp","href":"https:\/\/api.w.org\/{rel}","templated":true}]}}