{"id":2118,"date":"2025-03-21T15:52:01","date_gmt":"2025-03-21T14:52:01","guid":{"rendered":"https:\/\/www.cacp-villaperochon.com\/agenda\/gabarit-agenda-3\/"},"modified":"2025-12-31T10:42:36","modified_gmt":"2025-12-31T09:42:36","slug":"rjpi-jeanne-lucas","status":"publish","type":"agenda","link":"https:\/\/www.cacp-villaperochon.com\/en\/agenda\/rjpi-jeanne-lucas\/","title":{"rendered":"Jeanne Lucas &#8211; Jeunesse niortaise #1"},"content":{"rendered":"\n<div class=\"wp-block-uagb-container uagb-block-c12b1b56 alignfull uagb-is-root-container\"><div class=\"uagb-container-inner-blocks-wrap\">\n<div class=\"wp-block-uagb-container uagb-block-bcb3c903\">\n<div class=\"wp-block-uagb-advanced-heading uagb-block-b0a44478\"><h1 class=\"uagb-heading-text\"><strong>Jeanne Lucas<\/strong><br>Jeunesse niortaise<\/h1><\/div>\n<\/div>\n\n\n\n<div class=\"wp-block-uagb-container uagb-block-2dc94297\"><div class=\"formatage-date-agenda\">From 05 April <br> To 25 May<\/div>\n<\/div>\n<\/div><\/div>\n\n\n\n<div class=\"wp-block-uagb-container uagb-block-4a819f27 alignfull uagb-is-root-container\"><div class=\"uagb-container-inner-blocks-wrap\">\n<div class=\"wp-block-toolset-blocks-container tb-container\" data-toolset-blocks-container=\"b48ec6c7c740ce0cdc84b02bf4a3c997\" data-bg=\"https:\/\/www.cacp-villaperochon.com\/wp-content\/uploads\/2025\/03\/lucas-banniere-agenda.jpg\"><\/div>\n<\/div><\/div>\n\n\n\n<div class=\"wp-block-uagb-container uagb-block-3874ef24 alignfull uagb-is-root-container\"><div class=\"uagb-container-inner-blocks-wrap\">\n<div class=\"wp-block-uagb-advanced-heading uagb-block-9411df85\"><h2 class=\"uagb-heading-text\">Cr\u00e9ation in\u00e9dite<\/h2><\/div>\n\n\n\n<blockquote class=\"wp-block-quote is-layout-flow wp-block-quote-is-layout-flow\" style=\"margin-right:0px;margin-left:0px;padding-top:0;padding-right:20px;padding-bottom:0;padding-left:20px\">\n<p class=\"has-medium-font-size\"><em>&nbsp;\u00ab&nbsp;J\u2019avais envie de conna\u00eetre la relation des jeunes \u00e0 la ville, d\u00e9couvrir si celle-ci avait \u00e9volu\u00e9 d\u2019une g\u00e9n\u00e9ration \u00e0 l\u2019autre. Ce projet est un plongeon dans mes 17 ans pour retrouver ce sentiment qui m\u2019a pouss\u00e9 \u00e0 quitter Niort (et \u00e0 y revenir.)&nbsp;\u00bb<\/em> Jeanne Lucas<\/p>\n<\/blockquote>\n\n\n\n<div class=\"wp-block-uagb-container uagb-layout-grid uagb-block-069f7f7c\">\n<div class=\"wp-block-uagb-container uagb-block-b6f989ab\">\n<div class=\"wp-block-uagb-advanced-heading uagb-block-2ff5c533\"><p class=\"uagb-heading-text\"><strong>Cette exposition in\u00e9dite est le fruit d\u2019une carte blanche confi\u00e9e par Philippe Guionie \u00e0 Jeanne Lucas. Elle est le premier \u00e9pisode d\u2019une saga sur trois ans permettant au public de suivre la g\u00e9n\u00e9ration des 15-18 ans.&nbsp;<\/strong><br><br>Niort est class\u00e9e comme l\u2019une des villes de France les plus agr\u00e9ables \u00e0 vivre pour les familles. Si les adultes louent sans ciller la qualit\u00e9 de vie qu\u2019ils y trouvent, cette affirmation fait-elle l\u2019unanimit\u00e9 aupr\u00e8s de leurs enfants ? \u00c0 l\u2019\u00e2ge o\u00f9 l\u2019on r\u00eave d\u2019aventures et de nouveaut\u00e9s, Niort serait-elle la ville de l\u2019ennui ?<br>\u00c0 travers la s\u00e9rie Jeunesse niortaise la photographe Jeanne Lucas raconte le quotidien et l\u2019intime d\u2019une quinzaine d\u2019adolescent\u00b7es de 14 \u00e0 18 ans habitant\u00b7es ou scolaris\u00e9\u00b7es dans \u00ab&nbsp;la capitale des assurances&nbsp;\u00bb. Du secret de leur chambre aux coulisses de leurs soir\u00e9es, elle nous plonge dans l\u2019univers inexplor\u00e9 de la g\u00e9n\u00e9ration alpha. Une g\u00e9n\u00e9ration qui sait mettre des mots sur ses maux et se m\u00e9fie des r\u00e9seaux sociaux. De la place de la Br\u00e8che \u00e0 la piscine du Pr\u00e9 Leroy, du Conservatoire au coll\u00e8ge Fontanes en passant par le lyc\u00e9e Jean Mac\u00e9, on (re)d\u00e9couvre des lieux niortais embl\u00e9matiques \u00e0 travers les yeux des jeunes qui les fr\u00e9quentent.<br>Par ce travail artistique et documentaire, Jeanne Lucas, photographe d\u2019origine niortaise, se plonge elle-m\u00eame dans ses souvenirs d\u2019adolescente et questionne le rapport d\u2019amour-r\u00e9pulsion qu\u2019elle entretient depuis toujours avec la ville qui l\u2019a vue grandir.<\/p><\/div>\n\n\n\n<div class=\"wp-block-uagb-container uagb-block-501cd339 alignfull uagb-is-root-container\"><div class=\"uagb-container-inner-blocks-wrap\">\n<div class=\"wp-block-uagb-advanced-heading uagb-block-2e04da83 spectra-gbs-h2-classique1741771334061\"><h2 class=\"uagb-heading-text\">Informations pratiques<\/h2><\/div>\n\n\n\n<div class=\"wp-block-uagb-icon-list uagb-block-ec667e08\"><div class=\"uagb-icon-list__wrap\">\n<div class=\"wp-block-uagb-icon-list-child uagb-block-2d726a54\"><span class=\"uagb-icon-list__source-wrap\"><svg xmlns=\"https:\/\/www.w3.org\/2000\/svg\" viewBox=\"0 0 320 512\"><path d=\"M96 480c-8.188 0-16.38-3.125-22.62-9.375c-12.5-12.5-12.5-32.75 0-45.25L242.8 256L73.38 86.63c-12.5-12.5-12.5-32.75 0-45.25s32.75-12.5 45.25 0l192 192c12.5 12.5 12.5 32.75 0 45.25l-192 192C112.4 476.9 104.2 480 96 480z\"><\/path><\/svg><\/span><span class=\"uagb-icon-list__label\">Exposition du 5 avril au 25 mai dans le jardin de la Villa P\u00e9rochon<\/span><\/div>\n\n\n\n<div class=\"wp-block-uagb-icon-list-child uagb-block-04597b8d\"><span class=\"uagb-icon-list__source-wrap\"><svg xmlns=\"https:\/\/www.w3.org\/2000\/svg\" viewBox=\"0 0 320 512\"><path d=\"M96 480c-8.188 0-16.38-3.125-22.62-9.375c-12.5-12.5-12.5-32.75 0-45.25L242.8 256L73.38 86.63c-12.5-12.5-12.5-32.75 0-45.25s32.75-12.5 45.25 0l192 192c12.5 12.5 12.5 32.75 0 45.25l-192 192C112.4 476.9 104.2 480 96 480z\"><\/path><\/svg><\/span><span class=\"uagb-icon-list__label\">Du mardi au samedi de 13h30 \u00e0 18h30, ferm\u00e9e les jours f\u00e9ri\u00e9s<\/span><\/div>\n\n\n\n<div class=\"wp-block-uagb-icon-list-child uagb-block-78452008\"><span class=\"uagb-icon-list__source-wrap\"><svg xmlns=\"https:\/\/www.w3.org\/2000\/svg\" viewBox=\"0 0 320 512\"><path d=\"M96 480c-8.188 0-16.38-3.125-22.62-9.375c-12.5-12.5-12.5-32.75 0-45.25L242.8 256L73.38 86.63c-12.5-12.5-12.5-32.75 0-45.25s32.75-12.5 45.25 0l192 192c12.5 12.5 12.5 32.75 0 45.25l-192 192C112.4 476.9 104.2 480 96 480z\"><\/path><\/svg><\/span><span class=\"uagb-icon-list__label\">ENTR\u00c9E LIBRE &amp; GRATUITE<\/span><\/div>\n<\/div><\/div>\n<\/div><\/div>\n<\/div>\n\n\n\t\t\t\t\t<div\n\t\t\t\t\t\tclass=\"wp-block-uagb-image-gallery uagb-block-265ff587     \"\n\t\t\t\t\t\tstyle=\"\"\n\t\t\t\t\t>\n\t\t\t\t\t\t\t\t\t\t\t<div class=\"spectra-image-gallery spectra-image-gallery__layout--tiled spectra-image-gallery__layout--tiled-col-2 spectra-image-gallery__layout--tiled-col-tab-3 spectra-image-gallery__layout--tiled-col-mob-2\">\n\t\t\t\t\t\t\t\t\t\t\t<div class='spectra-image-gallery__media-wrapper' data-spectra-gallery-image-id='2122' tabindex=\"0\">\n\t\t\t\t\t\t\t<div class=\"spectra-image-gallery__media spectra-image-gallery__media--tiled\">\n\t\t\t\t<picture>\n\t\t\t\t\t<source media=\"(min-width: 1024px)\" srcset=\"https:\/\/www.cacp-villaperochon.com\/wp-content\/uploads\/2025\/03\/\u00a9Jeanne-Lucas-Jeunesse-niortaise-3-467x700.jpg\">\n\t\t\t\t\t<source media=\"(min-width: 768px)\" srcset=\"https:\/\/www.cacp-villaperochon.com\/wp-content\/uploads\/2025\/03\/\u00a9Jeanne-Lucas-Jeunesse-niortaise-3-467x700.jpg\">\n\t\t\t\t\t<img decoding=\"async\" class=\"spectra-image-gallery__media-thumbnail spectra-image-gallery__media-thumbnail--tiled\" src=\"https:\/\/www.cacp-villaperochon.com\/wp-content\/uploads\/2025\/03\/\u00a9Jeanne-Lucas-Jeunesse-niortaise-3-267x400.jpg\" alt=\"\" loading=\"lazy\" title=\"\">\n\t\t\t\t<\/picture>\n\t\t\t\t<div class=\"spectra-image-gallery__media-thumbnail-blurrer\"><\/div>\n\t\t\t\t\t\t\t\t\t\t\t<div class=\"spectra-image-gallery__media-thumbnail-caption-wrapper spectra-image-gallery__media-thumbnail-caption-wrapper--overlay\">\n\t\t\t\t\t\t\t\t\t\t\t<div class=\"spectra-image-gallery__media-thumbnail-caption spectra-image-gallery__media-thumbnail-caption--overlay\">\n\t\t\t\t\t\u00a9 Jeanne Lucas, Jeunesse niortaise\t\t\t\t<\/div>\n\t\t\t\t\t\t\t\t\t\t<\/div>\n\t\t\t\t\t\t\t\t\t<\/div>\n\t\t\t\t\t\t<\/div>\n\t\t\t\t\t\t<div class='spectra-image-gallery__media-wrapper' data-spectra-gallery-image-id='2120' tabindex=\"0\">\n\t\t\t\t\t\t\t<div class=\"spectra-image-gallery__media spectra-image-gallery__media--tiled\">\n\t\t\t\t<picture>\n\t\t\t\t\t<source media=\"(min-width: 1024px)\" srcset=\"https:\/\/www.cacp-villaperochon.com\/wp-content\/uploads\/2025\/03\/\u00a9Jeanne-Lucas-Jeunesse-niortaise-1-467x700.jpg\">\n\t\t\t\t\t<source media=\"(min-width: 768px)\" srcset=\"https:\/\/www.cacp-villaperochon.com\/wp-content\/uploads\/2025\/03\/\u00a9Jeanne-Lucas-Jeunesse-niortaise-1-467x700.jpg\">\n\t\t\t\t\t<img decoding=\"async\" class=\"spectra-image-gallery__media-thumbnail spectra-image-gallery__media-thumbnail--tiled\" src=\"https:\/\/www.cacp-villaperochon.com\/wp-content\/uploads\/2025\/03\/\u00a9Jeanne-Lucas-Jeunesse-niortaise-1-267x400.jpg\" alt=\"\" loading=\"lazy\" title=\"\">\n\t\t\t\t<\/picture>\n\t\t\t\t<div class=\"spectra-image-gallery__media-thumbnail-blurrer\"><\/div>\n\t\t\t\t\t\t\t\t\t\t\t<div class=\"spectra-image-gallery__media-thumbnail-caption-wrapper spectra-image-gallery__media-thumbnail-caption-wrapper--overlay\">\n\t\t\t\t\t\t\t\t\t\t\t<div class=\"spectra-image-gallery__media-thumbnail-caption spectra-image-gallery__media-thumbnail-caption--overlay\">\n\t\t\t\t\t\u00a9 Jeanne Lucas, Jeunesse niortaise\t\t\t\t<\/div>\n\t\t\t\t\t\t\t\t\t\t<\/div>\n\t\t\t\t\t\t\t\t\t<\/div>\n\t\t\t\t\t\t<\/div>\n\t\t\t\t\t\t<div class='spectra-image-gallery__media-wrapper spectra-image-gallery__media-wrapper--focus' data-spectra-gallery-image-id='2121' tabindex=\"0\">\n\t\t\t\t\t\t\t<div class=\"spectra-image-gallery__media spectra-image-gallery__media--tiled\">\n\t\t\t\t<picture>\n\t\t\t\t\t<source media=\"(min-width: 1024px)\" srcset=\"https:\/\/www.cacp-villaperochon.com\/wp-content\/uploads\/2025\/03\/\u00a9Jeanne-Lucas-Jeunesse-niortaise-2.jpg\">\n\t\t\t\t\t<source media=\"(min-width: 768px)\" srcset=\"https:\/\/www.cacp-villaperochon.com\/wp-content\/uploads\/2025\/03\/\u00a9Jeanne-Lucas-Jeunesse-niortaise-2.jpg\">\n\t\t\t\t\t<img decoding=\"async\" class=\"spectra-image-gallery__media-thumbnail spectra-image-gallery__media-thumbnail--tiled\" src=\"https:\/\/www.cacp-villaperochon.com\/wp-content\/uploads\/2025\/03\/\u00a9Jeanne-Lucas-Jeunesse-niortaise-2-400x267.jpg\" alt=\"\" loading=\"lazy\" title=\"\">\n\t\t\t\t<\/picture>\n\t\t\t\t<div class=\"spectra-image-gallery__media-thumbnail-blurrer\"><\/div>\n\t\t\t\t\t\t\t\t\t\t\t<div class=\"spectra-image-gallery__media-thumbnail-caption-wrapper spectra-image-gallery__media-thumbnail-caption-wrapper--overlay\">\n\t\t\t\t\t\t\t\t\t\t\t<div class=\"spectra-image-gallery__media-thumbnail-caption spectra-image-gallery__media-thumbnail-caption--overlay\">\n\t\t\t\t\t\u00a9 Jeanne Lucas, Jeunesse niortaise\t\t\t\t<\/div>\n\t\t\t\t\t\t\t\t\t\t<\/div>\n\t\t\t\t\t\t\t\t\t<\/div>\n\t\t\t\t\t\t<\/div>\n\t\t\t\t\t\t\t\t\t\t\t<div class=\"spectra-image-gallery__media-sizer\"><\/div>\n\t\t\t\t\t\t\t<\/div>\n\t\t\t\t\t\t\t\t\t\t\t<\/div>\n\t\t\t\t\t\t\t\t\t\t\t<div class='spectra-image-gallery__control-lightbox' tabindex='0'>\n\t\t\t\t\t\t\t\t\t\t\t<div class=\"swiper spectra-image-gallery__control-lightbox--main\" dir=\"\">\n\t\t\t\t\t<div class=\"swiper-wrapper\">\n\t\t\t\t\t\t\t\t\t\t\t\t\t\n\t\t\t\t\t\t\t<div class=\"swiper-slide\">\n\t\t\t\t\t\t\t\t<img class=\"swiper-lazy\" data-src=\"https:\/\/www.cacp-villaperochon.com\/wp-content\/uploads\/2025\/03\/\u00a9Jeanne-Lucas-Jeunesse-niortaise-3.jpg\" alt=\"\"\/>\n\t\t\t\t\t\t\t\t<div class=\"swiper-lazy-preloader swiper-lazy-preloader-white\"><\/div>\n\t\t\t\t\t\t\t\t\t\t\t\t\t\t\t<\/div>\n\t\t\t\t\t\t\t\t\t\t\t\t\t\n\t\t\t\t\t\t\t<div class=\"swiper-slide\">\n\t\t\t\t\t\t\t\t<img class=\"swiper-lazy\" data-src=\"https:\/\/www.cacp-villaperochon.com\/wp-content\/uploads\/2025\/03\/\u00a9Jeanne-Lucas-Jeunesse-niortaise-1.jpg\" alt=\"\"\/>\n\t\t\t\t\t\t\t\t<div class=\"swiper-lazy-preloader swiper-lazy-preloader-white\"><\/div>\n\t\t\t\t\t\t\t\t\t\t\t\t\t\t\t<\/div>\n\t\t\t\t\t\t\t\t\t\t\t\t\t\n\t\t\t\t\t\t\t<div class=\"swiper-slide\">\n\t\t\t\t\t\t\t\t<img class=\"swiper-lazy\" data-src=\"https:\/\/www.cacp-villaperochon.com\/wp-content\/uploads\/2025\/03\/\u00a9Jeanne-Lucas-Jeunesse-niortaise-2.jpg\" alt=\"\"\/>\n\t\t\t\t\t\t\t\t<div class=\"swiper-lazy-preloader swiper-lazy-preloader-white\"><\/div>\n\t\t\t\t\t\t\t\t\t\t\t\t\t\t\t<\/div>\n\t\t\t\t\t\t\t\t\t\t\t<\/div>\n\t\t\t\t\t<div class=\"swiper-button-next\"><\/div>\n\t\t\t\t\t<div class=\"swiper-button-prev\"><\/div>\n\t\t\t\t<\/div>\t\t\t\n\t\t\t\t\t\t\t\t\t\t\t\t\t\t\t\t\t\t\t\t\t\t\t\t\t\t\t\t\t\t\t\t<button class='spectra-image-gallery__control-lightbox--close' aria-label=\"Close\">\n\t\t\t\t\t\t\t\t\t\t\t\t\t<svg xmlns=\"https:\/\/www.w3.org\/2000\/svg\" viewBox= \"0 0 320 512\"><path d=\"M310.6 361.4c12.5 12.5 12.5 32.75 0 45.25C304.4 412.9 296.2 416 288 416s-16.38-3.125-22.62-9.375L160 301.3L54.63 406.6C48.38 412.9 40.19 416 32 416S15.63 412.9 9.375 406.6c-12.5-12.5-12.5-32.75 0-45.25l105.4-105.4L9.375 150.6c-12.5-12.5-12.5-32.75 0-45.25s32.75-12.5 45.25 0L160 210.8l105.4-105.4c12.5-12.5 32.75-12.5 45.25 0s12.5 32.75 0 45.25l-105.4 105.4L310.6 361.4z\"><\/path><\/svg>\n\t\t\t\t\t\t\t\t\t\t\t\t<\/button>\n\t\t\t\t\t\t\t\t\t\t\t\t\t<\/div>\n\t\t\t\t\t\t\t\t\t<\/div>\n<\/div><\/div>\n\n\n\n<div class=\"wp-block-uagb-container uagb-block-e7efb62f alignfull uagb-is-root-container\"><div class=\"uagb-container-inner-blocks-wrap\">\n<div class=\"wp-block-uagb-container uagb-block-4951837a\">\n<div class=\"wp-block-uagb-image aligncenter uagb-block-48b86912 wp-block-uagb-image--layout-default wp-block-uagb-image--effect-static wp-block-uagb-image--align-center\"><figure class=\"wp-block-uagb-image__figure\"><img decoding=\"async\" srcset=\"https:\/\/www.cacp-villaperochon.com\/wp-content\/uploads\/2025\/03\/portrait-jeanne-lucas.jpg ,https:\/\/www.cacp-villaperochon.com\/wp-content\/uploads\/2025\/03\/portrait-jeanne-lucas.jpg 780w, https:\/\/www.cacp-villaperochon.com\/wp-content\/uploads\/2025\/03\/portrait-jeanne-lucas.jpg 360w\" sizes=\"auto, (max-width: 480px) 150px\" src=\"https:\/\/www.cacp-villaperochon.com\/wp-content\/uploads\/2025\/03\/portrait-jeanne-lucas.jpg\" alt=\"\" class=\"uag-image-2123\" width=\"1000\" height=\"1250\" title=\"portrait-jeanne-lucas\" loading=\"lazy\" role=\"img\"><\/figure><\/div>\n<\/div>\n\n\n\n<div class=\"wp-block-uagb-container uagb-block-e244ae8a\">\n<div class=\"wp-block-uagb-advanced-heading uagb-block-1b288e17\"><h2 class=\"uagb-heading-text\">Biographie<\/h2><\/div>\n\n\n\n<p>Jeanne, photographe originaire de Niort et bas\u00e9e \u00e0 Paris, m\u00eale documentaire et mode pour explorer des sujets qui la passionnent. Elle recherche l\u2019authenticit\u00e9 dans ses choix de casting et sa direction artistique, brouillant les fronti\u00e8res entre mise en sc\u00e8ne et r\u00e9alit\u00e9.<br>Elle d\u00e9couvre la photographie \u00e0 13 ans en photographiant ses amies et en organisant des shootings inspir\u00e9s de campagnes de mode. Tr\u00e8s vite, elle s\u2019initie \u00e0 d\u2019autres pratiques, notamment au Camji pour la photographie de concert, et aupr\u00e8s de St\u00e9phane Atlas, magicien itin\u00e9rant, qui lui ouvre la voie de la photographie de reportage.<br>Apr\u00e8s des \u00e9tudes \u00e0 l\u2019ETPA de Toulouse puis aux Gobelins \u00e0 Paris, Jeanne forge son style en m\u00ealant photographie documentaire et mode. En studio, elle fait la rencontre de son \u00e9quipe o\u00f9 elle trouve sa signature artistique.<br>Depuis 2022, ses \u00e9ditoriaux paraissent dans des magazines comme Vogue Ukraine, Gala, PUSSPUSS ou Odda. Aujourd\u2019hui, elle continue d\u2019affiner son regard en racontant des histoires universelles, alliant une direction artistique exigeante \u00e0 une approche r\u00e9aliste. Elle est repr\u00e9sent\u00e9e par <a href=\"https:\/\/denise-agency.com\" target=\"_blank\" rel=\"noreferrer noopener\">Denise Agency<\/a>.<\/p>\n\n\n\n<p><a href=\"https:\/\/www.jeannelucas.com\" target=\"_blank\" rel=\"noreferrer noopener\">Site de Jeanne Lucas<\/a><\/p>\n<\/div>\n<\/div><\/div>\n","protected":false},"excerpt":{"rendered":"<p>Cette exposition in\u00e9dite est le fruit d\u2019une carte blanche confi\u00e9e par Philippe Guionie \u00e0 Jeanne Lucas. Elle est le premier \u00e9pisode d\u2019une saga sur trois ans permettant au public de suivre la g\u00e9n\u00e9ration des 15-18 ans.\u00a0<\/p>\n","protected":false},"featured_media":2075,"template":"","meta":{"inline_featured_image":false,"_uag_custom_page_level_css":"","site-sidebar-layout":"default","site-content-layout":"","ast-site-content-layout":"default","site-content-style":"default","site-sidebar-style":"default","ast-global-header-display":"","ast-banner-title-visibility":"","ast-main-header-display":"","ast-hfb-above-header-display":"","ast-hfb-below-header-display":"","ast-hfb-mobile-header-display":"","site-post-title":"","ast-breadcrumbs-content":"","ast-featured-img":"","footer-sml-layout":"","ast-disable-related-posts":"","theme-transparent-header-meta":"","adv-header-id-meta":"","stick-header-meta":"","header-above-stick-meta":"","header-main-stick-meta":"","header-below-stick-meta":"","astra-migrate-meta-layouts":"default","ast-page-background-enabled":"default","ast-page-background-meta":{"desktop":{"background-color":"var(--ast-global-color-4)","background-image":"","background-repeat":"repeat","background-position":"center center","background-size":"auto","background-attachment":"scroll","background-type":"","background-media":"","overlay-type":"","overlay-color":"","overlay-opacity":"","overlay-gradient":""},"tablet":{"background-color":"","background-image":"","background-repeat":"repeat","background-position":"center center","background-size":"auto","background-attachment":"scroll","background-type":"","background-media":"","overlay-type":"","overlay-color":"","overlay-opacity":"","overlay-gradient":""},"mobile":{"background-color":"","background-image":"","background-repeat":"repeat","background-position":"center center","background-size":"auto","background-attachment":"scroll","background-type":"","background-media":"","overlay-type":"","overlay-color":"","overlay-opacity":"","overlay-gradient":""}},"ast-content-background-meta":{"desktop":{"background-color":"var(--ast-global-color-5)","background-image":"","background-repeat":"repeat","background-position":"center center","background-size":"auto","background-attachment":"scroll","background-type":"","background-media":"","overlay-type":"","overlay-color":"","overlay-opacity":"","overlay-gradient":""},"tablet":{"background-color":"var(--ast-global-color-5)","background-image":"","background-repeat":"repeat","background-position":"center center","background-size":"auto","background-attachment":"scroll","background-type":"","background-media":"","overlay-type":"","overlay-color":"","overlay-opacity":"","overlay-gradient":""},"mobile":{"background-color":"var(--ast-global-color-5)","background-image":"","background-repeat":"repeat","background-position":"center center","background-size":"auto","background-attachment":"scroll","background-type":"","background-media":"","overlay-type":"","overlay-color":"","overlay-opacity":"","overlay-gradient":""}}},"categorie-agenda":[14,6],"categorie-public":[15],"annee":[23],"class_list":["post-2118","agenda","type-agenda","status-publish","has-post-thumbnail","hentry","categorie-agenda-rjpi","categorie-agenda-expositions","categorie-public-rjpi","annee-23"],"uagb_featured_image_src":{"full":["https:\/\/www.cacp-villaperochon.com\/wp-content\/uploads\/2025\/03\/lucas-vignette-agenda.jpg",400,400,false],"thumbnail":["https:\/\/www.cacp-villaperochon.com\/wp-content\/uploads\/2025\/03\/lucas-vignette-agenda-150x150.jpg",150,150,true],"medium":["https:\/\/www.cacp-villaperochon.com\/wp-content\/uploads\/2025\/03\/lucas-vignette-agenda.jpg",400,400,false],"medium_large":["https:\/\/www.cacp-villaperochon.com\/wp-content\/uploads\/2025\/03\/lucas-vignette-agenda.jpg",400,400,false],"large":["https:\/\/www.cacp-villaperochon.com\/wp-content\/uploads\/2025\/03\/lucas-vignette-agenda.jpg",400,400,false],"1536x1536":["https:\/\/www.cacp-villaperochon.com\/wp-content\/uploads\/2025\/03\/lucas-vignette-agenda.jpg",400,400,false],"2048x2048":["https:\/\/www.cacp-villaperochon.com\/wp-content\/uploads\/2025\/03\/lucas-vignette-agenda.jpg",400,400,false]},"uagb_author_info":{"display_name":"Virginie Odiard","author_link":"https:\/\/www.cacp-villaperochon.com\/en\/author\/"},"uagb_comment_info":0,"uagb_excerpt":"Cette exposition in\u00e9dite est le fruit d\u2019une carte blanche confi\u00e9e par Philippe Guionie \u00e0 Jeanne Lucas. Elle est le premier \u00e9pisode d\u2019une saga sur trois ans permettant au public de suivre la g\u00e9n\u00e9ration des 15-18 ans.\u00a0","_links":{"self":[{"href":"https:\/\/www.cacp-villaperochon.com\/en\/wp-json\/wp\/v2\/agenda\/2118","targetHints":{"allow":["GET"]}}],"collection":[{"href":"https:\/\/www.cacp-villaperochon.com\/en\/wp-json\/wp\/v2\/agenda"}],"about":[{"href":"https:\/\/www.cacp-villaperochon.com\/en\/wp-json\/wp\/v2\/types\/agenda"}],"wp:featuredmedia":[{"embeddable":true,"href":"https:\/\/www.cacp-villaperochon.com\/en\/wp-json\/wp\/v2\/media\/2075"}],"wp:attachment":[{"href":"https:\/\/www.cacp-villaperochon.com\/en\/wp-json\/wp\/v2\/media?parent=2118"}],"wp:term":[{"taxonomy":"categorie-agenda","embeddable":true,"href":"https:\/\/www.cacp-villaperochon.com\/en\/wp-json\/wp\/v2\/categorie-agenda?post=2118"},{"taxonomy":"categorie-public","embeddable":true,"href":"https:\/\/www.cacp-villaperochon.com\/en\/wp-json\/wp\/v2\/categorie-public?post=2118"},{"taxonomy":"annee","embeddable":true,"href":"https:\/\/www.cacp-villaperochon.com\/en\/wp-json\/wp\/v2\/annee?post=2118"}],"curies":[{"name":"wp","href":"https:\/\/api.w.org\/{rel}","templated":true}]}}