{"id":2056,"date":"2025-03-21T11:51:49","date_gmt":"2025-03-21T10:51:49","guid":{"rendered":"https:\/\/www.cacp-villaperochon.com\/?post_type=agenda&#038;p=2056"},"modified":"2025-12-30T17:33:07","modified_gmt":"2025-12-30T16:33:07","slug":"rjpi-exposition-kourtney-roy","status":"publish","type":"agenda","link":"https:\/\/www.cacp-villaperochon.com\/en\/agenda\/rjpi-exposition-kourtney-roy\/","title":{"rendered":"Kourtney Roy &#8211; Vertigo"},"content":{"rendered":"\n<div class=\"wp-block-uagb-container uagb-block-88d39cc3 alignfull uagb-is-root-container\"><div class=\"uagb-container-inner-blocks-wrap\">\n<div class=\"wp-block-uagb-container uagb-block-ac5223d1\">\n<div class=\"wp-block-uagb-advanced-heading uagb-block-31e59f7f\"><h1 class=\"uagb-heading-text\"><strong>Kourtney ROY<\/strong><br>Vertigo<\/h1><\/div>\n<\/div>\n\n\n\n<div class=\"wp-block-uagb-container uagb-block-4c93ecde\"><div class=\"formatage-date-agenda\">From 05 April <br> To 25 May<\/div>\n<\/div>\n<\/div><\/div>\n\n\n\n<div class=\"wp-block-uagb-container uagb-block-4a819f27 alignfull uagb-is-root-container\"><div class=\"uagb-container-inner-blocks-wrap\">\n<div class=\"wp-block-toolset-blocks-container tb-container\" data-toolset-blocks-container=\"84f55d5898292f54dfec6d35e434a71c\" data-bg=\"https:\/\/www.cacp-villaperochon.com\/wp-content\/uploads\/2025\/03\/kourtney-banniere-agenda.jpg\"><\/div>\n<\/div><\/div>\n\n\n\n<div class=\"wp-block-uagb-container uagb-block-c12b1b56 alignfull uagb-is-root-container\"><div class=\"uagb-container-inner-blocks-wrap\">\n<div class=\"wp-block-uagb-container uagb-block-bcb3c903 alignfull uagb-is-root-container\"><div class=\"uagb-container-inner-blocks-wrap\">\n<div class=\"wp-block-uagb-advanced-heading uagb-block-073357df\"><h2 class=\"uagb-heading-text\">Invit\u00e9e d&#8217;honneur<\/h2><\/div>\n\n\n\n<div class=\"wp-block-uagb-advanced-heading uagb-block-9e8d64cb\"><p class=\"uagb-heading-text\"><strong>L\u2019exposition Vertigo de Kourtney Roy est une plong\u00e9e immersive dans l\u2019univers captivant et troublant de l\u2019artiste o\u00f9 les th\u00e8mes de l\u2019identit\u00e9 et de la perception sont explor\u00e9s \u00e0 travers une s\u00e9rie d\u2019\u0153uvres saisissantes.<\/strong><\/p><\/div>\n\n\n\n<div class=\"wp-block-uagb-advanced-heading uagb-block-3d0128bb\"><p class=\"uagb-heading-text\">Cette exposition transversale in\u00e9dite pr\u00e9sente plusieurs s\u00e9ries successives r\u00e9alis\u00e9es sur une p\u00e9riode de plus de dix ann\u00e9es. Elle nous invite \u00e0 naviguer entre la r\u00e9alit\u00e9 et la fiction, tout en mettant en lumi\u00e8re la complexit\u00e9 des \u00e9motions humaines. Kourtney Roy utilise sa propre image comme point de d\u00e9part pour des mises en sc\u00e8nes audacieuses, jouant avec les codes visuels de la culture pop et du cin\u00e9ma. Les photographies pr\u00e9sent\u00e9es sont \u00e0 la fois des portraits intimes et des r\u00e9cits visuels qui interrogent les notions de beaut\u00e9, de vuln\u00e9rabilit\u00e9 et d\u2019auto-repr\u00e9sentation. Vertigo alterne atmosph\u00e8re hypnotique et d\u00e9rangeante, tel un vertige audacieux face \u00e0 l\u2019illusion et \u00e0 la r\u00e9alit\u00e9. Chacun\u00b7e est invit\u00e9\u00b7e \u00e0 se questionner sur son propre rapport \u00e0 l\u2019image et \u00e0 l\u2019identit\u00e9, \u00e0 r\u00e9fl\u00e9chir sur les multiples facettes de son existence et sur la mani\u00e8re dont nous nous construisons \u00e0 travers les regards des autres. Vertigo est une invitation \u00e0 explorer les profondeurs de l\u2019\u00e2me humaine.&nbsp;<br><br><strong>Last Paradise<\/strong> est une \u0153uvre multim\u00e9dia innovante cr\u00e9\u00e9e par la photographe et r\u00e9alisatrice Kourtney Roy et le compositeur Mathias Delplanque, laur\u00e9ats de la 6<sup>e<\/sup> \u00e9dition du<a href=\"https:\/\/www.swisslife.fr\/home\/le-groupe\/Fondation-Swiss-Life\/Soutenir-la-creation\/Presentation-du-Prix-Swiss-Life-a-4-mains.html\" target=\"_blank\" rel=\"noreferrer noopener\"> <strong>Prix Swiss Life \u00e0 4 mains<\/strong><\/a>. Ce projet fusionne photographie et musique pour raconter le voyage fictif d\u2019une femme excentrique \u00e0 travers un paysage baln\u00e9aire d\u00e9sert\u00e9, inspir\u00e9 de la c\u00f4te adriatique italienne autour de Rimini en Italie. Les images de Kourtney Roy, marqu\u00e9es par des couleurs satur\u00e9es et des contrastes saisissants, capturent la beaut\u00e9 m\u00e9lancolique de ces lieux hors saison, tandis que la musique de Mathias Delplanque, compos\u00e9e \u00e0 partir de synth\u00e9tiseurs vintage locaux, \u00e9voque une ambiance vaporeuse et d\u00e9cal\u00e9e. Ensemble, ils explorent des th\u00e8mes tels que la solitude, le passage du temps et la nostalgie d\u2019un monde perdu.<br><br><strong>Enter as Fiction <\/strong>est une s\u00e9rie photographique o\u00f9 Kourtney Roy se met en sc\u00e8ne dans des autoportraits cin\u00e9matographiques. \u00c0 travers des mises en sc\u00e8ne minutieuses dans des lieux banals tels que des motels ou des piscines, elle cr\u00e9e des images \u00e9voquant les films des ann\u00e9es 1950. Son travail explore la fronti\u00e8re entre le r\u00e9el et le fantastique, transformant le quotidien en quelque chose d\u2019\u00e9trange et d\u2019inattendu.&nbsp;<br><br><strong>In Between<\/strong> est une exploration des lieux de transition et des espaces interm\u00e9diaires, avec des moments suspendus entre r\u00e9alit\u00e9 et fiction. Ses autoportraits cin\u00e9matographiques \u00e0 l\u2019esth\u00e9tique hyperr\u00e9aliste plongent le spectateur dans&nbsp;une narration sensorielle o\u00f9 la m\u00e9lancolie c\u00f4toie le myst\u00e8re. Kourtney Roy interroge la banalit\u00e9 du quotidien en le transformant en sc\u00e8nes intrigantes et po\u00e9tiques.<br><br><strong>Sorry, No Vacancy<\/strong> est un corpus sur des lieux marginaux et transitoires du sud-ouest du Texas : routes isol\u00e9es, arr\u00eats touristiques abandonn\u00e9s et villes solitaires. Kourtney Roy \u00e9voque l\u2019iconographie am\u00e9ricaine, la mythologie et le folklore. La r\u00e9alit\u00e9 quotidienne est transform\u00e9e en un univers parall\u00e8le o\u00f9 l\u2019imaginaire se superpose au monde p\u00e9riph\u00e9rique, pour une vision \u00e0 la fois \u00e9trange et famili\u00e8re de l\u2019Am\u00e9rique rurale.<\/p><\/div>\n\n\n\n<div class=\"wp-block-uagb-container uagb-block-3cba3b1c alignfull uagb-is-root-container\"><div class=\"uagb-container-inner-blocks-wrap\">\n<div class=\"wp-block-uagb-advanced-heading uagb-block-9a0e302c spectra-gbs-h2-classique1741771334061\"><h2 class=\"uagb-heading-text\">Infos pratiques<\/h2><\/div>\n\n\n\n<div class=\"wp-block-uagb-container uagb-block-017ca215\">\n<div class=\"wp-block-uagb-icon-list uagb-block-dbf4f2e0\"><div class=\"uagb-icon-list__wrap\">\n<div class=\"wp-block-uagb-icon-list-child uagb-block-05fd3ed3\"><span class=\"uagb-icon-list__source-wrap\"><svg xmlns=\"https:\/\/www.w3.org\/2000\/svg\" viewBox=\"0 0 320 512\"><path d=\"M96 480c-8.188 0-16.38-3.125-22.62-9.375c-12.5-12.5-12.5-32.75 0-45.25L242.8 256L73.38 86.63c-12.5-12.5-12.5-32.75 0-45.25s32.75-12.5 45.25 0l192 192c12.5 12.5 12.5 32.75 0 45.25l-192 192C112.4 476.9 104.2 480 96 480z\"><\/path><\/svg><\/span><span class=\"uagb-icon-list__label\">Expositions du 5 avril au 25 mai \u00e0 la Villa P\u00e9rochon<\/span><\/div>\n\n\n\n<div class=\"wp-block-uagb-icon-list-child uagb-block-ad2ee6be\"><span class=\"uagb-icon-list__source-wrap\"><svg xmlns=\"https:\/\/www.w3.org\/2000\/svg\" viewBox=\"0 0 320 512\"><path d=\"M96 480c-8.188 0-16.38-3.125-22.62-9.375c-12.5-12.5-12.5-32.75 0-45.25L242.8 256L73.38 86.63c-12.5-12.5-12.5-32.75 0-45.25s32.75-12.5 45.25 0l192 192c12.5 12.5 12.5 32.75 0 45.25l-192 192C112.4 476.9 104.2 480 96 480z\"><\/path><\/svg><\/span><span class=\"uagb-icon-list__label\">du mardi au samedi de 13h30 \u00e0 18h30, ferm\u00e9e les jours f\u00e9ri\u00e9s<\/span><\/div>\n\n\n\n<div class=\"wp-block-uagb-icon-list-child uagb-block-ad2cacc6\"><span class=\"uagb-icon-list__source-wrap\"><svg xmlns=\"https:\/\/www.w3.org\/2000\/svg\" viewBox=\"0 0 320 512\"><path d=\"M96 480c-8.188 0-16.38-3.125-22.62-9.375c-12.5-12.5-12.5-32.75 0-45.25L242.8 256L73.38 86.63c-12.5-12.5-12.5-32.75 0-45.25s32.75-12.5 45.25 0l192 192c12.5 12.5 12.5 32.75 0 45.25l-192 192C112.4 476.9 104.2 480 96 480z\"><\/path><\/svg><\/span><span class=\"uagb-icon-list__label\">ENTR\u00c9E LIBRE &amp; GRATUITE<\/span><\/div>\n\n\n\n<div class=\"wp-block-uagb-icon-list-child uagb-block-11ab9ae4\"><span class=\"uagb-icon-list__source-wrap\"><svg xmlns=\"https:\/\/www.w3.org\/2000\/svg\" viewBox=\"0 0 320 512\"><path d=\"M96 480c-8.188 0-16.38-3.125-22.62-9.375c-12.5-12.5-12.5-32.75 0-45.25L242.8 256L73.38 86.63c-12.5-12.5-12.5-32.75 0-45.25s32.75-12.5 45.25 0l192 192c12.5 12.5 12.5 32.75 0 45.25l-192 192C112.4 476.9 104.2 480 96 480z\"><\/path><\/svg><\/span><span class=\"uagb-icon-list__label\">Rencontre avec Kourtney Roy vendredi 11 avril \u00e0 14h<\/span><\/div>\n<\/div><\/div>\n<\/div>\n\n\n\n<div class=\"wp-block-uagb-advanced-heading uagb-block-2a6de605 spectra-gbs-h2-classique1741771334061\"><h2 class=\"uagb-heading-text\">Ouverture exceptionnelle<\/h2><\/div>\n\n\n\n<div class=\"wp-block-uagb-icon-list uagb-block-0ae03afd\"><div class=\"uagb-icon-list__wrap\">\n<div class=\"wp-block-uagb-icon-list-child uagb-block-7e4da2af\"><span class=\"uagb-icon-list__source-wrap\"><svg xmlns=\"https:\/\/www.w3.org\/2000\/svg\" viewBox=\"0 0 320 512\"><path d=\"M96 480c-8.188 0-16.38-3.125-22.62-9.375c-12.5-12.5-12.5-32.75 0-45.25L242.8 256L73.38 86.63c-12.5-12.5-12.5-32.75 0-45.25s32.75-12.5 45.25 0l192 192c12.5 12.5 12.5 32.75 0 45.25l-192 192C112.4 476.9 104.2 480 96 480z\"><\/path><\/svg><\/span><span class=\"uagb-icon-list__label\">samedi 17 mai jusqu&#8217;\u00e0 22h30 \u00e0 l&#8217;occasion de la Nuit Europ\u00e9enne des Mus\u00e9es<\/span><\/div>\n\n\n\n<div class=\"wp-block-uagb-icon-list-child uagb-block-56823609\"><span class=\"uagb-icon-list__source-wrap\"><svg xmlns=\"https:\/\/www.w3.org\/2000\/svg\" viewBox=\"0 0 320 512\"><path d=\"M96 480c-8.188 0-16.38-3.125-22.62-9.375c-12.5-12.5-12.5-32.75 0-45.25L242.8 256L73.38 86.63c-12.5-12.5-12.5-32.75 0-45.25s32.75-12.5 45.25 0l192 192c12.5 12.5 12.5 32.75 0 45.25l-192 192C112.4 476.9 104.2 480 96 480z\"><\/path><\/svg><\/span><span class=\"uagb-icon-list__label\">dimanche 25 mai de 10h \u00e0 18h dans le cadre du Tr\u00e8s Grand Conseil Mondial des Clowns<\/span><\/div>\n<\/div><\/div>\n<\/div><\/div>\n<\/div><\/div>\n\n\n\t\t\t\t\t<div\n\t\t\t\t\t\tclass=\"wp-block-uagb-image-gallery uagb-block-a28bc2f2     \"\n\t\t\t\t\t\tstyle=\"\"\n\t\t\t\t\t>\n\t\t\t\t\t\t\t\t\t\t\t<div class=\"spectra-image-gallery spectra-image-gallery__layout--tiled spectra-image-gallery__layout--tiled-col-2 spectra-image-gallery__layout--tiled-col-tab-3 spectra-image-gallery__layout--tiled-col-mob-2\">\n\t\t\t\t\t\t\t\t\t\t\t<div class='spectra-image-gallery__media-wrapper spectra-image-gallery__media-wrapper--focus' data-spectra-gallery-image-id='2100' tabindex=\"0\">\n\t\t\t\t\t\t\t<div class=\"spectra-image-gallery__media spectra-image-gallery__media--tiled\">\n\t\t\t\t<picture>\n\t\t\t\t\t<source media=\"(min-width: 1024px)\" srcset=\"https:\/\/www.cacp-villaperochon.com\/wp-content\/uploads\/2025\/03\/\u00a9Kourtney-Roy-N\u00b01-de-Sorry-No-Vacancy-2017.jpg\">\n\t\t\t\t\t<source media=\"(min-width: 768px)\" srcset=\"https:\/\/www.cacp-villaperochon.com\/wp-content\/uploads\/2025\/03\/\u00a9Kourtney-Roy-N\u00b01-de-Sorry-No-Vacancy-2017.jpg\">\n\t\t\t\t\t<img decoding=\"async\" class=\"spectra-image-gallery__media-thumbnail spectra-image-gallery__media-thumbnail--tiled\" src=\"https:\/\/www.cacp-villaperochon.com\/wp-content\/uploads\/2025\/03\/\u00a9Kourtney-Roy-N\u00b01-de-Sorry-No-Vacancy-2017-400x267.jpg\" alt=\"\" title=\"\">\n\t\t\t\t<\/picture>\n\t\t\t\t<div class=\"spectra-image-gallery__media-thumbnail-blurrer\"><\/div>\n\t\t\t\t\t\t\t\t\t\t\t<div class=\"spectra-image-gallery__media-thumbnail-caption-wrapper spectra-image-gallery__media-thumbnail-caption-wrapper--overlay\">\n\t\t\t\t\t\t\t\t\t\t\t<div class=\"spectra-image-gallery__media-thumbnail-caption spectra-image-gallery__media-thumbnail-caption--overlay\">\n\t\t\t\t\t\u00a9 Kourtney Roy, N\u00b01 de Sorry, No Vacancy, 2017\t\t\t\t<\/div>\n\t\t\t\t\t\t\t\t\t\t<\/div>\n\t\t\t\t\t\t\t\t\t<\/div>\n\t\t\t\t\t\t<\/div>\n\t\t\t\t\t\t<div class='spectra-image-gallery__media-wrapper' data-spectra-gallery-image-id='2099' tabindex=\"0\">\n\t\t\t\t\t\t\t<div class=\"spectra-image-gallery__media spectra-image-gallery__media--tiled\">\n\t\t\t\t<picture>\n\t\t\t\t\t<source media=\"(min-width: 1024px)\" srcset=\"https:\/\/www.cacp-villaperochon.com\/wp-content\/uploads\/2025\/03\/\u00a9Kourtney-Roy-pour-le-Prix-Swiss-Life-a-4-mains-Waterslide-de-Last-Paradise-2024.jpg\">\n\t\t\t\t\t<source media=\"(min-width: 768px)\" srcset=\"https:\/\/www.cacp-villaperochon.com\/wp-content\/uploads\/2025\/03\/\u00a9Kourtney-Roy-pour-le-Prix-Swiss-Life-a-4-mains-Waterslide-de-Last-Paradise-2024.jpg\">\n\t\t\t\t\t<img decoding=\"async\" class=\"spectra-image-gallery__media-thumbnail spectra-image-gallery__media-thumbnail--tiled\" src=\"https:\/\/www.cacp-villaperochon.com\/wp-content\/uploads\/2025\/03\/\u00a9Kourtney-Roy-pour-le-Prix-Swiss-Life-a-4-mains-Waterslide-de-Last-Paradise-2024-400x267.jpg\" alt=\"\" title=\"\">\n\t\t\t\t<\/picture>\n\t\t\t\t<div class=\"spectra-image-gallery__media-thumbnail-blurrer\"><\/div>\n\t\t\t\t\t\t\t\t\t\t\t<div class=\"spectra-image-gallery__media-thumbnail-caption-wrapper spectra-image-gallery__media-thumbnail-caption-wrapper--overlay\">\n\t\t\t\t\t\t\t\t\t\t\t<div class=\"spectra-image-gallery__media-thumbnail-caption spectra-image-gallery__media-thumbnail-caption--overlay\">\n\t\t\t\t\t\u00a9Kourtney Roy pour le Prix Swiss Life \u00e0 4 mains, Waterslide, s\u00e9rie Last Paradise, 2024\t\t\t\t<\/div>\n\t\t\t\t\t\t\t\t\t\t<\/div>\n\t\t\t\t\t\t\t\t\t<\/div>\n\t\t\t\t\t\t<\/div>\n\t\t\t\t\t\t<div class='spectra-image-gallery__media-wrapper' data-spectra-gallery-image-id='2098' tabindex=\"0\">\n\t\t\t\t\t\t\t<div class=\"spectra-image-gallery__media spectra-image-gallery__media--tiled\">\n\t\t\t\t<picture>\n\t\t\t\t\t<source media=\"(min-width: 1024px)\" srcset=\"https:\/\/www.cacp-villaperochon.com\/wp-content\/uploads\/2025\/03\/\u00a9-Kourtney-Roy-N\u00b04-de-Sorry-No-Vacancy-2017.jpg\">\n\t\t\t\t\t<source media=\"(min-width: 768px)\" srcset=\"https:\/\/www.cacp-villaperochon.com\/wp-content\/uploads\/2025\/03\/\u00a9-Kourtney-Roy-N\u00b04-de-Sorry-No-Vacancy-2017.jpg\">\n\t\t\t\t\t<img decoding=\"async\" class=\"spectra-image-gallery__media-thumbnail spectra-image-gallery__media-thumbnail--tiled\" src=\"https:\/\/www.cacp-villaperochon.com\/wp-content\/uploads\/2025\/03\/\u00a9-Kourtney-Roy-N\u00b04-de-Sorry-No-Vacancy-2017-400x267.jpg\" alt=\"\" title=\"\">\n\t\t\t\t<\/picture>\n\t\t\t\t<div class=\"spectra-image-gallery__media-thumbnail-blurrer\"><\/div>\n\t\t\t\t\t\t\t\t\t\t\t<div class=\"spectra-image-gallery__media-thumbnail-caption-wrapper spectra-image-gallery__media-thumbnail-caption-wrapper--overlay\">\n\t\t\t\t\t\t\t\t\t\t\t<div class=\"spectra-image-gallery__media-thumbnail-caption spectra-image-gallery__media-thumbnail-caption--overlay\">\n\t\t\t\t\t\u00a9 Kourtney Roy, N\u00b04 de Sorry, No Vacancy, 2017\t\t\t\t<\/div>\n\t\t\t\t\t\t\t\t\t\t<\/div>\n\t\t\t\t\t\t\t\t\t<\/div>\n\t\t\t\t\t\t<\/div>\n\t\t\t\t\t\t<div class='spectra-image-gallery__media-wrapper' data-spectra-gallery-image-id='2097' tabindex=\"0\">\n\t\t\t\t\t\t\t<div class=\"spectra-image-gallery__media spectra-image-gallery__media--tiled\">\n\t\t\t\t<picture>\n\t\t\t\t\t<source media=\"(min-width: 1024px)\" srcset=\"https:\/\/www.cacp-villaperochon.com\/wp-content\/uploads\/2025\/03\/\u00a9-Kourtney-Roy-Mer-brumeuse-de-Entre-deux-mondes-2022-Grande-commande-photojournalisme.jpg\">\n\t\t\t\t\t<source media=\"(min-width: 768px)\" srcset=\"https:\/\/www.cacp-villaperochon.com\/wp-content\/uploads\/2025\/03\/\u00a9-Kourtney-Roy-Mer-brumeuse-de-Entre-deux-mondes-2022-Grande-commande-photojournalisme.jpg\">\n\t\t\t\t\t<img decoding=\"async\" class=\"spectra-image-gallery__media-thumbnail spectra-image-gallery__media-thumbnail--tiled\" src=\"https:\/\/www.cacp-villaperochon.com\/wp-content\/uploads\/2025\/03\/\u00a9-Kourtney-Roy-Mer-brumeuse-de-Entre-deux-mondes-2022-Grande-commande-photojournalisme-400x267.jpg\" alt=\"\" title=\"\">\n\t\t\t\t<\/picture>\n\t\t\t\t<div class=\"spectra-image-gallery__media-thumbnail-blurrer\"><\/div>\n\t\t\t\t\t\t\t\t\t\t\t<div class=\"spectra-image-gallery__media-thumbnail-caption-wrapper spectra-image-gallery__media-thumbnail-caption-wrapper--overlay\">\n\t\t\t\t\t\t\t\t\t\t\t<div class=\"spectra-image-gallery__media-thumbnail-caption spectra-image-gallery__media-thumbnail-caption--overlay\">\n\t\t\t\t\t\u00a9 Kourtney Roy, Mer brumeuse de Entre deux mondes, 2022 \/ Grande commande photojournalisme\t\t\t\t<\/div>\n\t\t\t\t\t\t\t\t\t\t<\/div>\n\t\t\t\t\t\t\t\t\t<\/div>\n\t\t\t\t\t\t<\/div>\n\t\t\t\t\t\t<div class='spectra-image-gallery__media-wrapper' data-spectra-gallery-image-id='2096' tabindex=\"0\">\n\t\t\t\t\t\t\t<div class=\"spectra-image-gallery__media spectra-image-gallery__media--tiled\">\n\t\t\t\t<picture>\n\t\t\t\t\t<source media=\"(min-width: 1024px)\" srcset=\"https:\/\/www.cacp-villaperochon.com\/wp-content\/uploads\/2025\/03\/\u00a9-Kourtney-Roy-Les-Fleurs-du-port-de-Entre-deux-mondes-2022-Grande-commande-photojournalisme.jpg\">\n\t\t\t\t\t<source media=\"(min-width: 768px)\" srcset=\"https:\/\/www.cacp-villaperochon.com\/wp-content\/uploads\/2025\/03\/\u00a9-Kourtney-Roy-Les-Fleurs-du-port-de-Entre-deux-mondes-2022-Grande-commande-photojournalisme.jpg\">\n\t\t\t\t\t<img decoding=\"async\" class=\"spectra-image-gallery__media-thumbnail spectra-image-gallery__media-thumbnail--tiled\" src=\"https:\/\/www.cacp-villaperochon.com\/wp-content\/uploads\/2025\/03\/\u00a9-Kourtney-Roy-Les-Fleurs-du-port-de-Entre-deux-mondes-2022-Grande-commande-photojournalisme-400x267.jpg\" alt=\"\" title=\"\">\n\t\t\t\t<\/picture>\n\t\t\t\t<div class=\"spectra-image-gallery__media-thumbnail-blurrer\"><\/div>\n\t\t\t\t\t\t\t\t\t\t\t<div class=\"spectra-image-gallery__media-thumbnail-caption-wrapper spectra-image-gallery__media-thumbnail-caption-wrapper--overlay\">\n\t\t\t\t\t\t\t\t\t\t\t<div class=\"spectra-image-gallery__media-thumbnail-caption spectra-image-gallery__media-thumbnail-caption--overlay\">\n\t\t\t\t\t\u00a9Kourtney Roy, Les Fleurs du port de Entre deux mondes, 2022 Grande commande photojournalisme\t\t\t\t<\/div>\n\t\t\t\t\t\t\t\t\t\t<\/div>\n\t\t\t\t\t\t\t\t\t<\/div>\n\t\t\t\t\t\t<\/div>\n\t\t\t\t\t\t<div class='spectra-image-gallery__media-wrapper spectra-image-gallery__media-wrapper--focus' data-spectra-gallery-image-id='2095' tabindex=\"0\">\n\t\t\t\t\t\t\t<div class=\"spectra-image-gallery__media spectra-image-gallery__media--tiled\">\n\t\t\t\t<picture>\n\t\t\t\t\t<source media=\"(min-width: 1024px)\" srcset=\"https:\/\/www.cacp-villaperochon.com\/wp-content\/uploads\/2025\/03\/\u00a9-Kourtney-Roy-pour-le-Prix-Swiss-Life-a-4-mains-Cigarette-and-Rain-Bonnet-de-Last-Paradise-2024.jpg\">\n\t\t\t\t\t<source media=\"(min-width: 768px)\" srcset=\"https:\/\/www.cacp-villaperochon.com\/wp-content\/uploads\/2025\/03\/\u00a9-Kourtney-Roy-pour-le-Prix-Swiss-Life-a-4-mains-Cigarette-and-Rain-Bonnet-de-Last-Paradise-2024.jpg\">\n\t\t\t\t\t<img decoding=\"async\" class=\"spectra-image-gallery__media-thumbnail spectra-image-gallery__media-thumbnail--tiled\" src=\"https:\/\/www.cacp-villaperochon.com\/wp-content\/uploads\/2025\/03\/\u00a9-Kourtney-Roy-pour-le-Prix-Swiss-Life-a-4-mains-Cigarette-and-Rain-Bonnet-de-Last-Paradise-2024-400x267.jpg\" alt=\"\" title=\"\">\n\t\t\t\t<\/picture>\n\t\t\t\t<div class=\"spectra-image-gallery__media-thumbnail-blurrer\"><\/div>\n\t\t\t\t\t\t\t\t\t\t\t<div class=\"spectra-image-gallery__media-thumbnail-caption-wrapper spectra-image-gallery__media-thumbnail-caption-wrapper--overlay\">\n\t\t\t\t\t\t\t\t\t\t\t<div class=\"spectra-image-gallery__media-thumbnail-caption spectra-image-gallery__media-thumbnail-caption--overlay\">\n\t\t\t\t\t\u00a9 Kourtney Roy pour le Prix Swiss Life \u00e0 4 mains, Cigarette and Rain Bonnet, s\u00e9rie Last Paradise, 2024\t\t\t\t<\/div>\n\t\t\t\t\t\t\t\t\t\t<\/div>\n\t\t\t\t\t\t\t\t\t<\/div>\n\t\t\t\t\t\t<\/div>\n\t\t\t\t\t\t\t\t\t\t\t<div class=\"spectra-image-gallery__media-sizer\"><\/div>\n\t\t\t\t\t\t\t<\/div>\n\t\t\t\t\t\t\t\t\t\t\t<\/div>\n\t\t\t\t\t\t\t\t\t\t\t<div class='spectra-image-gallery__control-lightbox' tabindex='0'>\n\t\t\t\t\t\t\t\t\t\t\t<div class=\"swiper spectra-image-gallery__control-lightbox--main\" dir=\"\">\n\t\t\t\t\t<div class=\"swiper-wrapper\">\n\t\t\t\t\t\t\t\t\t\t\t\t\t\n\t\t\t\t\t\t\t<div class=\"swiper-slide\">\n\t\t\t\t\t\t\t\t<img class=\"swiper-lazy\" data-src=\"https:\/\/www.cacp-villaperochon.com\/wp-content\/uploads\/2025\/03\/\u00a9Kourtney-Roy-N\u00b01-de-Sorry-No-Vacancy-2017.jpg\" alt=\"\"\/>\n\t\t\t\t\t\t\t\t<div class=\"swiper-lazy-preloader swiper-lazy-preloader-white\"><\/div>\n\t\t\t\t\t\t\t\t\t\t\t\t\t\t\t<\/div>\n\t\t\t\t\t\t\t\t\t\t\t\t\t\n\t\t\t\t\t\t\t<div class=\"swiper-slide\">\n\t\t\t\t\t\t\t\t<img class=\"swiper-lazy\" data-src=\"https:\/\/www.cacp-villaperochon.com\/wp-content\/uploads\/2025\/03\/\u00a9Kourtney-Roy-pour-le-Prix-Swiss-Life-a-4-mains-Waterslide-de-Last-Paradise-2024.jpg\" alt=\"\"\/>\n\t\t\t\t\t\t\t\t<div class=\"swiper-lazy-preloader swiper-lazy-preloader-white\"><\/div>\n\t\t\t\t\t\t\t\t\t\t\t\t\t\t\t<\/div>\n\t\t\t\t\t\t\t\t\t\t\t\t\t\n\t\t\t\t\t\t\t<div class=\"swiper-slide\">\n\t\t\t\t\t\t\t\t<img class=\"swiper-lazy\" data-src=\"https:\/\/www.cacp-villaperochon.com\/wp-content\/uploads\/2025\/03\/\u00a9-Kourtney-Roy-N\u00b04-de-Sorry-No-Vacancy-2017.jpg\" alt=\"\"\/>\n\t\t\t\t\t\t\t\t<div class=\"swiper-lazy-preloader swiper-lazy-preloader-white\"><\/div>\n\t\t\t\t\t\t\t\t\t\t\t\t\t\t\t<\/div>\n\t\t\t\t\t\t\t\t\t\t\t\t\t\n\t\t\t\t\t\t\t<div class=\"swiper-slide\">\n\t\t\t\t\t\t\t\t<img class=\"swiper-lazy\" data-src=\"https:\/\/www.cacp-villaperochon.com\/wp-content\/uploads\/2025\/03\/\u00a9-Kourtney-Roy-Mer-brumeuse-de-Entre-deux-mondes-2022-Grande-commande-photojournalisme.jpg\" alt=\"\"\/>\n\t\t\t\t\t\t\t\t<div class=\"swiper-lazy-preloader swiper-lazy-preloader-white\"><\/div>\n\t\t\t\t\t\t\t\t\t\t\t\t\t\t\t<\/div>\n\t\t\t\t\t\t\t\t\t\t\t\t\t\n\t\t\t\t\t\t\t<div class=\"swiper-slide\">\n\t\t\t\t\t\t\t\t<img class=\"swiper-lazy\" data-src=\"https:\/\/www.cacp-villaperochon.com\/wp-content\/uploads\/2025\/03\/\u00a9-Kourtney-Roy-Les-Fleurs-du-port-de-Entre-deux-mondes-2022-Grande-commande-photojournalisme.jpg\" alt=\"\"\/>\n\t\t\t\t\t\t\t\t<div class=\"swiper-lazy-preloader swiper-lazy-preloader-white\"><\/div>\n\t\t\t\t\t\t\t\t\t\t\t\t\t\t\t<\/div>\n\t\t\t\t\t\t\t\t\t\t\t\t\t\n\t\t\t\t\t\t\t<div class=\"swiper-slide\">\n\t\t\t\t\t\t\t\t<img class=\"swiper-lazy\" data-src=\"https:\/\/www.cacp-villaperochon.com\/wp-content\/uploads\/2025\/03\/\u00a9-Kourtney-Roy-pour-le-Prix-Swiss-Life-a-4-mains-Cigarette-and-Rain-Bonnet-de-Last-Paradise-2024.jpg\" alt=\"\"\/>\n\t\t\t\t\t\t\t\t<div class=\"swiper-lazy-preloader swiper-lazy-preloader-white\"><\/div>\n\t\t\t\t\t\t\t\t\t\t\t\t\t\t\t<\/div>\n\t\t\t\t\t\t\t\t\t\t\t<\/div>\n\t\t\t\t\t<div class=\"swiper-button-next\"><\/div>\n\t\t\t\t\t<div class=\"swiper-button-prev\"><\/div>\n\t\t\t\t<\/div>\t\t\t\n\t\t\t\t\t\t\t\t\t\t\t\t\t\t\t\t\t\t\t\t\t\t\t\t\t\t\t\t\t\t\t\t<button class='spectra-image-gallery__control-lightbox--close' aria-label=\"Close\">\n\t\t\t\t\t\t\t\t\t\t\t\t\t<svg xmlns=\"https:\/\/www.w3.org\/2000\/svg\" viewBox= \"0 0 320 512\"><path d=\"M310.6 361.4c12.5 12.5 12.5 32.75 0 45.25C304.4 412.9 296.2 416 288 416s-16.38-3.125-22.62-9.375L160 301.3L54.63 406.6C48.38 412.9 40.19 416 32 416S15.63 412.9 9.375 406.6c-12.5-12.5-12.5-32.75 0-45.25l105.4-105.4L9.375 150.6c-12.5-12.5-12.5-32.75 0-45.25s32.75-12.5 45.25 0L160 210.8l105.4-105.4c12.5-12.5 32.75-12.5 45.25 0s12.5 32.75 0 45.25l-105.4 105.4L310.6 361.4z\"><\/path><\/svg>\n\t\t\t\t\t\t\t\t\t\t\t\t<\/button>\n\t\t\t\t\t\t\t\t\t\t\t\t\t<\/div>\n\t\t\t\t\t\t\t\t\t<\/div><\/div>\n\n\n\n<div class=\"wp-block-uagb-container uagb-block-ff670974 alignfull uagb-is-root-container\"><div class=\"uagb-container-inner-blocks-wrap\">\n<div class=\"wp-block-uagb-container uagb-block-5d104ecb\">\n<div class=\"wp-block-uagb-image uagb-block-38275ebb wp-block-uagb-image--layout-default wp-block-uagb-image--effect-static wp-block-uagb-image--align-none\"><figure class=\"wp-block-uagb-image__figure\"><img decoding=\"async\" srcset=\"https:\/\/www.cacp-villaperochon.com\/wp-content\/uploads\/2025\/03\/portrait_KROY-700x700.jpg ,https:\/\/www.cacp-villaperochon.com\/wp-content\/uploads\/2025\/03\/portrait_KROY.jpg 780w, https:\/\/www.cacp-villaperochon.com\/wp-content\/uploads\/2025\/03\/portrait_KROY.jpg 360w\" sizes=\"auto, (max-width: 480px) 150px\" src=\"https:\/\/www.cacp-villaperochon.com\/wp-content\/uploads\/2025\/03\/portrait_KROY-700x700.jpg\" alt=\"\" class=\"uag-image-2101\" width=\"700\" height=\"700\" title=\"Portrait Kourtney Roy\" loading=\"lazy\" role=\"img\"><\/figure><\/div>\n<\/div>\n\n\n\n<div class=\"wp-block-uagb-container uagb-block-dac54a64\">\n<div class=\"wp-block-uagb-advanced-heading uagb-block-dd4e7d87\"><h2 class=\"uagb-heading-text\">Biographie<\/h2><\/div>\n\n\n\n<p>Kourtney est n\u00e9e dans les zones recul\u00e9es du nord de l\u2019Ontario au Canada. Apr\u00e8s des \u00e9tudes aux Beaux-Arts de Vancouver o\u00f9 elle se r\u00eave peintre, elle d\u00e9couvre le potentiel fantastique de la photographie, vient habiter \u00e0 Paris et int\u00e8gre l\u2019\u00e9cole nationale sup\u00e9rieure des Beaux-Arts. Ses photographies ont \u00e9t\u00e9 r\u00e9compens\u00e9es par de nombreux prix et bourses, dont le Prix Picto en 2007, le Prix Emily ECUAD en 2012, le Prix Carte Blanche PMU\/Le Bal en 2013 et la Carte Blanche de Pernod Ricard en 2018. Elle a \u00e9galement \u00e9t\u00e9 laur\u00e9ate d\u2019une bourse du Centre national des arts plastiques (2018) et de la commande photographique de la BnF en 2022. En 2020, son livre, The Other End Of The Rainbow, a remport\u00e9 la mention sp\u00e9ciale du prix du livre factice des Rencontres Luma et le Prix des libraires du livre de photographie. En 2019, elle a remport\u00e9 le prix du meilleur film exp\u00e9rimental au Festival europ\u00e9en du court m\u00e9trage de Brest avec son court m\u00e9trage Morning, Vegas. Son premier long-m\u00e9trage, Kryptic, a \u00e9t\u00e9 pr\u00e9sent\u00e9 au festival SXSW \u00e0 Austin, Texas, en mars 2024. Son travail a fait l\u2019objet de nombreuses \u00e9ditions : entre autres, avec les Editions Andr\u00e9 Fr\u00e8re, les \u00c9ditions Filigranes, les \u00c9ditions Louis Vuitton, les \u00c9ditions La Pionni\u00e8re\u2026<br>Ses \u0153uvres sont pr\u00e9sentes dans des collections publiques et priv\u00e9es. Son travail a \u00e9t\u00e9 largement expos\u00e9 en France et \u00e0 l\u2019\u00e9tranger : Galerie Les Filles du Calvaire, Festival Portrait(s) de Vichy, Festival du Regard \u00e0 Cergy-Pontoise, Mus\u00e9e Nic\u00e9phore Ni\u00e9pce \u00e0 Chalon-sur-Sa\u00f4ne, etc.<br>\u00c0 travers ses images, elle imagine un univers ambigu et cin\u00e9matographique, \u00e0 la fronti\u00e8re du r\u00e9el et du fantastique. Utilisant sa propre image comme sujet principal de son travail, elle dessine un univers fascinant et intime habit\u00e9 par une multitude de personnages qui explorent des th\u00e8mes \u00e9nigmatiques. Ses \u0153uvres explorent la d\u00e9mesure et la solitude de l\u2019\u00e2me, faisant \u00e9cho \u00e0 Guy Bourdin et David Lynch.<\/p>\n\n\n\n<p><a href=\"https:\/\/www.kourtneyroy.com\" target=\"_blank\" rel=\"noreferrer noopener\">Site de Kourtney Roy<\/a><\/p>\n<\/div>\n<\/div><\/div>\n","protected":false},"excerpt":{"rendered":"<p>L\u2019exposition Vertigo de Kourtney Roy est une plong\u00e9e immersive dans l\u2019univers captivant et troublant de l\u2019artiste o\u00f9 les th\u00e8mes de l\u2019identit\u00e9 et de la perception sont explor\u00e9s \u00e0 travers une s\u00e9rie d\u2019\u0153uvres saisissantes.<\/p>\n","protected":false},"featured_media":2073,"template":"","meta":{"inline_featured_image":false,"_uag_custom_page_level_css":"","site-sidebar-layout":"default","site-content-layout":"","ast-site-content-layout":"default","site-content-style":"default","site-sidebar-style":"default","ast-global-header-display":"","ast-banner-title-visibility":"","ast-main-header-display":"","ast-hfb-above-header-display":"","ast-hfb-below-header-display":"","ast-hfb-mobile-header-display":"","site-post-title":"","ast-breadcrumbs-content":"","ast-featured-img":"","footer-sml-layout":"","ast-disable-related-posts":"","theme-transparent-header-meta":"","adv-header-id-meta":"","stick-header-meta":"","header-above-stick-meta":"","header-main-stick-meta":"","header-below-stick-meta":"","astra-migrate-meta-layouts":"default","ast-page-background-enabled":"default","ast-page-background-meta":{"desktop":{"background-color":"var(--ast-global-color-4)","background-image":"","background-repeat":"repeat","background-position":"center center","background-size":"auto","background-attachment":"scroll","background-type":"","background-media":"","overlay-type":"","overlay-color":"","overlay-opacity":"","overlay-gradient":""},"tablet":{"background-color":"","background-image":"","background-repeat":"repeat","background-position":"center center","background-size":"auto","background-attachment":"scroll","background-type":"","background-media":"","overlay-type":"","overlay-color":"","overlay-opacity":"","overlay-gradient":""},"mobile":{"background-color":"","background-image":"","background-repeat":"repeat","background-position":"center center","background-size":"auto","background-attachment":"scroll","background-type":"","background-media":"","overlay-type":"","overlay-color":"","overlay-opacity":"","overlay-gradient":""}},"ast-content-background-meta":{"desktop":{"background-color":"var(--ast-global-color-5)","background-image":"","background-repeat":"repeat","background-position":"center center","background-size":"auto","background-attachment":"scroll","background-type":"","background-media":"","overlay-type":"","overlay-color":"","overlay-opacity":"","overlay-gradient":""},"tablet":{"background-color":"var(--ast-global-color-5)","background-image":"","background-repeat":"repeat","background-position":"center center","background-size":"auto","background-attachment":"scroll","background-type":"","background-media":"","overlay-type":"","overlay-color":"","overlay-opacity":"","overlay-gradient":""},"mobile":{"background-color":"var(--ast-global-color-5)","background-image":"","background-repeat":"repeat","background-position":"center center","background-size":"auto","background-attachment":"scroll","background-type":"","background-media":"","overlay-type":"","overlay-color":"","overlay-opacity":"","overlay-gradient":""}}},"categorie-agenda":[14,6],"categorie-public":[15],"annee":[23],"class_list":["post-2056","agenda","type-agenda","status-publish","has-post-thumbnail","hentry","categorie-agenda-rjpi","categorie-agenda-expositions","categorie-public-rjpi","annee-23"],"uagb_featured_image_src":{"full":["https:\/\/www.cacp-villaperochon.com\/wp-content\/uploads\/2025\/03\/kourtney-vignette-agenda.jpg",400,400,false],"thumbnail":["https:\/\/www.cacp-villaperochon.com\/wp-content\/uploads\/2025\/03\/kourtney-vignette-agenda-150x150.jpg",150,150,true],"medium":["https:\/\/www.cacp-villaperochon.com\/wp-content\/uploads\/2025\/03\/kourtney-vignette-agenda.jpg",400,400,false],"medium_large":["https:\/\/www.cacp-villaperochon.com\/wp-content\/uploads\/2025\/03\/kourtney-vignette-agenda.jpg",400,400,false],"large":["https:\/\/www.cacp-villaperochon.com\/wp-content\/uploads\/2025\/03\/kourtney-vignette-agenda.jpg",400,400,false],"1536x1536":["https:\/\/www.cacp-villaperochon.com\/wp-content\/uploads\/2025\/03\/kourtney-vignette-agenda.jpg",400,400,false],"2048x2048":["https:\/\/www.cacp-villaperochon.com\/wp-content\/uploads\/2025\/03\/kourtney-vignette-agenda.jpg",400,400,false]},"uagb_author_info":{"display_name":"Virginie Odiard","author_link":"https:\/\/www.cacp-villaperochon.com\/en\/author\/"},"uagb_comment_info":0,"uagb_excerpt":"L\u2019exposition Vertigo de Kourtney Roy est une plong\u00e9e immersive dans l\u2019univers captivant et troublant de l\u2019artiste o\u00f9 les th\u00e8mes de l\u2019identit\u00e9 et de la perception sont explor\u00e9s \u00e0 travers une s\u00e9rie d\u2019\u0153uvres saisissantes.","_links":{"self":[{"href":"https:\/\/www.cacp-villaperochon.com\/en\/wp-json\/wp\/v2\/agenda\/2056","targetHints":{"allow":["GET"]}}],"collection":[{"href":"https:\/\/www.cacp-villaperochon.com\/en\/wp-json\/wp\/v2\/agenda"}],"about":[{"href":"https:\/\/www.cacp-villaperochon.com\/en\/wp-json\/wp\/v2\/types\/agenda"}],"wp:featuredmedia":[{"embeddable":true,"href":"https:\/\/www.cacp-villaperochon.com\/en\/wp-json\/wp\/v2\/media\/2073"}],"wp:attachment":[{"href":"https:\/\/www.cacp-villaperochon.com\/en\/wp-json\/wp\/v2\/media?parent=2056"}],"wp:term":[{"taxonomy":"categorie-agenda","embeddable":true,"href":"https:\/\/www.cacp-villaperochon.com\/en\/wp-json\/wp\/v2\/categorie-agenda?post=2056"},{"taxonomy":"categorie-public","embeddable":true,"href":"https:\/\/www.cacp-villaperochon.com\/en\/wp-json\/wp\/v2\/categorie-public?post=2056"},{"taxonomy":"annee","embeddable":true,"href":"https:\/\/www.cacp-villaperochon.com\/en\/wp-json\/wp\/v2\/annee?post=2056"}],"curies":[{"name":"wp","href":"https:\/\/api.w.org\/{rel}","templated":true}]}}